{"id":26092,"date":"2024-10-24T10:27:02","date_gmt":"2024-10-24T08:27:02","guid":{"rendered":"https:\/\/www.zoomfestival.org\/seccions-zoom"},"modified":"2025-11-03T11:37:22","modified_gmt":"2025-11-03T10:37:22","slug":"seccions-zoom","status":"publish","type":"page","link":"https:\/\/www.zoomfestival.org\/en\/seccions-zoom","title":{"rendered":"SECCIONS ZOOM 2025"},"content":{"rendered":"[vc_row full_width=&#8221;stretch_row_content_no_spaces&#8221;][vc_column][rev_slider_vc alias=&#8221;HOME-SLIDE&#8221;][\/vc_column][\/vc_row][vc_row][vc_column][vc_column_text]\n[\/vc_column_text][\/vc_column][\/vc_row][vc_row][vc_column]<div class=\"vcex-spacing\" style=\"height:60px\"><\/div>[vc_column_text]\n<h1 style=\"text-align: left;\">Zoom Festival Sections<\/h1>\n[\/vc_column_text][\/vc_column][\/vc_row][vc_row][vc_column][vc_raw_html]JTNDc3BhbiUyMGlkJTNEJTIyc2VjY2lvLW9maWNpYWwtMjAyMCUyMiUzRSUzQyUyRnNwYW4lM0U=[\/vc_raw_html]<div class=\"vcex-spacing\" style=\"height:60px\"><\/div>[vc_column_text]\n<div class=\"et_pb_column et_pb_column_3_4 et_pb_column_1 et-last-child\">\n<div class=\"et_pb_text et_pb_module et_pb_bg_layout_light et_pb_text_align_left et_pb_text_0\">\n<div class=\"et_pb_text_inner\">\n<h1>Oficial sections 2025<\/h1>\n<\/div>\n<\/div>\n<\/div>\n[\/vc_column_text][\/vc_column][\/vc_row][vc_row][vc_column][vc_column_text]\n<div class=\"et_pb_column et_pb_column_3_4 et_pb_column_1 et-last-child\">\n<div class=\"et_pb_text et_pb_module et_pb_bg_layout_light et_pb_text_align_left et_pb_text_0\">\n<div class=\"et_pb_text_inner\">\n<h3>Fiction TV-Movies<\/h3>\n<\/div>\n<\/div>\n<\/div>\n[\/vc_column_text]<div class=\"vcex-spacing\" style=\"height:30px\"><\/div><div class=\"vcex-module vcex-portfolio-grid-wrap wpex-clr\"><div class=\"wpex-row vcex-portfolio-grid wpex-clr entries gap-20\" data-transition-duration=\"0.0\"><div class=\"portfolio-entry entry-has-details span_1_of_4 col col-1 post-25116 entry type-portfolio has-media cat-357 cat-347 translation_priority-255\"><div class=\"portfolio-entry-inner entry-inner wpex-clr\"><div class=\"portfolio-entry-media entry-media wpex-clr\"><a href=\"https:\/\/www.zoomfestival.org\/en\/portfolio-item\/alone-at-sea\" title=\"Alone at sea\" class=\"portfolio-entry-media-link\"><img class=\"portfolio-entry-img\" src=\"https:\/\/www.zoomfestival.org\/wp-content\/uploads\/2025\/10\/Alone-2-e1761726511908-300x300.png\" data-no-retina width=\"300\" height=\"300\" \/><\/a><\/div><div class=\"portfolio-entry-details entry-details wpex-clr\"><h2 class=\"portfolio-entry-title entry-title\"><a href=\"https:\/\/www.zoomfestival.org\/en\/portfolio-item\/alone-at-sea\" title=\"Alone at sea\">Alone at sea<\/a><\/h2><div class=\"portfolio-entry-categories entry-categories wpex-clr\"><a href=\"https:\/\/www.zoomfestival.org\/en\/portfolio-category\/fiction-tv-movie\" title=\"FICTION TV MOVIE\" class=\"term-357\">FICTION TV MOVIE<\/a><\/div><div class=\"portfolio-entry-excerpt entry-excerpt wpex-clr\"><p>Direction: Pierre Isoard Production: High Sea Country: France Year: 2024 Genre\/sub-genre: Adventures Cast: Samuel Le&hellip;<\/p><\/div><\/div><\/div><\/div><div class=\"portfolio-entry entry-has-details span_1_of_4 col col-2 post-25090 entry type-portfolio has-media cat-357 cat-347 translation_priority-255\"><div class=\"portfolio-entry-inner entry-inner wpex-clr\"><div class=\"portfolio-entry-media entry-media wpex-clr\"><a href=\"https:\/\/www.zoomfestival.org\/en\/portfolio-item\/champagne-peppino-di-capri\" title=\"Champagne &#8211; Peppino Di Capri\" class=\"portfolio-entry-media-link\"><img class=\"portfolio-entry-img\" src=\"https:\/\/www.zoomfestival.org\/wp-content\/uploads\/2025\/10\/1536x2048_label-e1761728599512-300x300.jpg\" data-no-retina width=\"300\" height=\"300\" \/><\/a><\/div><div class=\"portfolio-entry-details entry-details wpex-clr\"><h2 class=\"portfolio-entry-title entry-title\"><a href=\"https:\/\/www.zoomfestival.org\/en\/portfolio-item\/champagne-peppino-di-capri\" title=\"Champagne &#8211; Peppino Di Capri\">Champagne &#8211; Peppino Di Capri<\/a><\/h2><div class=\"portfolio-entry-categories entry-categories wpex-clr\"><a href=\"https:\/\/www.zoomfestival.org\/en\/portfolio-category\/fiction-tv-movie\" title=\"FICTION TV MOVIE\" class=\"term-357\">FICTION TV MOVIE<\/a><\/div><div class=\"portfolio-entry-excerpt entry-excerpt wpex-clr\"><p>Direction: Cinzia TH Torrini Production\/TV: Rai Radiotelevisione Italiana and O'Groove Production Country: Italy Year: 2024&hellip;<\/p><\/div><\/div><\/div><\/div><div class=\"portfolio-entry entry-has-details span_1_of_4 col col-3 post-25100 entry type-portfolio has-media cat-357 cat-347 translation_priority-255\"><div class=\"portfolio-entry-inner entry-inner wpex-clr\"><div class=\"portfolio-entry-media entry-media wpex-clr\"><a href=\"https:\/\/www.zoomfestival.org\/en\/portfolio-item\/die-nichte-des-polizisten\" title=\"Die Nichte des Polizisten\" class=\"portfolio-entry-media-link\"><img class=\"portfolio-entry-img\" src=\"https:\/\/www.zoomfestival.org\/wp-content\/uploads\/2025\/10\/10_Die_Nichte_des_Polizisten-scaled-e1761726072596-300x300.jpg\" data-no-retina width=\"300\" height=\"300\" \/><\/a><\/div><div class=\"portfolio-entry-details entry-details wpex-clr\"><h2 class=\"portfolio-entry-title entry-title\"><a href=\"https:\/\/www.zoomfestival.org\/en\/portfolio-item\/die-nichte-des-polizisten\" title=\"Die Nichte des Polizisten\">Die Nichte des Polizisten<\/a><\/h2><div class=\"portfolio-entry-categories entry-categories wpex-clr\"><a href=\"https:\/\/www.zoomfestival.org\/en\/portfolio-category\/fiction-tv-movie\" title=\"FICTION TV MOVIE\" class=\"term-357\">FICTION TV MOVIE<\/a><\/div><div class=\"portfolio-entry-excerpt entry-excerpt wpex-clr\"><p>Direction: Dustin Loose Production: Wiedemann & Berg, SWR Country: Germany Year: 2025 Genre\/sub-genre: Thriller Cast:&hellip;<\/p><\/div><\/div><\/div><\/div><div class=\"portfolio-entry entry-has-details span_1_of_4 col col-4 post-25107 entry type-portfolio has-media cat-357 cat-347 translation_priority-255\"><div class=\"portfolio-entry-inner entry-inner wpex-clr\"><div class=\"portfolio-entry-media entry-media wpex-clr\"><a href=\"https:\/\/www.zoomfestival.org\/en\/portfolio-item\/the-wish-swap\" title=\"The Wish Swap\" class=\"portfolio-entry-media-link\"><img class=\"portfolio-entry-img\" src=\"https:\/\/www.zoomfestival.org\/wp-content\/uploads\/2025\/10\/Emily-TennantCasey2-scaled-e1761726288776-300x300.jpg\" data-no-retina width=\"300\" height=\"300\" \/><\/a><\/div><div class=\"portfolio-entry-details entry-details wpex-clr\"><h2 class=\"portfolio-entry-title entry-title\"><a href=\"https:\/\/www.zoomfestival.org\/en\/portfolio-item\/the-wish-swap\" title=\"The Wish Swap\">The Wish Swap<\/a><\/h2><div class=\"portfolio-entry-categories entry-categories wpex-clr\"><a href=\"https:\/\/www.zoomfestival.org\/en\/portfolio-category\/fiction-tv-movie\" title=\"FICTION TV MOVIE\" class=\"term-357\">FICTION TV MOVIE<\/a><\/div><div class=\"portfolio-entry-excerpt entry-excerpt wpex-clr\"><p>Director: David I. Strasser Production: Muse Entertainment Country: Canada Year: 2025 Genre\/sub-genre: Romance Cast: Emily&hellip;<\/p><\/div><\/div><\/div><\/div><div class=\"portfolio-entry entry-has-details span_1_of_4 col col-1 post-25083 entry type-portfolio has-media cat-357 cat-347 translation_priority-255\"><div class=\"portfolio-entry-inner entry-inner wpex-clr\"><div class=\"portfolio-entry-media entry-media wpex-clr\"><a href=\"https:\/\/www.zoomfestival.org\/en\/portfolio-item\/volver-a-ver\" title=\"Volver a ver\" class=\"portfolio-entry-media-link\"><img class=\"portfolio-entry-img\" src=\"https:\/\/www.zoomfestival.org\/wp-content\/uploads\/2025\/10\/VAV_FRAME_06-1-e1761728787795-300x300.png\" data-no-retina width=\"300\" height=\"300\" \/><\/a><\/div><div class=\"portfolio-entry-details entry-details wpex-clr\"><h2 class=\"portfolio-entry-title entry-title\"><a href=\"https:\/\/www.zoomfestival.org\/en\/portfolio-item\/volver-a-ver\" title=\"Volver a ver\">Volver a ver<\/a><\/h2><div class=\"portfolio-entry-categories entry-categories wpex-clr\"><a href=\"https:\/\/www.zoomfestival.org\/en\/portfolio-category\/fiction-tv-movie\" title=\"FICTION TV MOVIE\" class=\"term-357\">FICTION TV MOVIE<\/a><\/div><div class=\"portfolio-entry-excerpt entry-excerpt wpex-clr\"><p>Direction: Dani Zarandieta Production: Alex Llana Country: Spain Year: 2024 Genre\/sub-genre: Suspense Cast: Carmen Baena,&hellip;<\/p><\/div><\/div><\/div><\/div><\/div><\/div>[\/vc_column][vc_column][vc_column_text]\n<div class=\"et_pb_column et_pb_column_3_4 et_pb_column_1 et-last-child\">\n<div class=\"et_pb_text et_pb_module et_pb_bg_layout_light et_pb_text_align_left et_pb_text_0\">\n<div class=\"et_pb_text_inner\">\n<h3>Fiction Series<\/h3>\n<\/div>\n<\/div>\n<\/div>\n[\/vc_column_text]<div class=\"vcex-spacing\" style=\"height:30px\"><\/div><div class=\"vcex-module vcex-portfolio-grid-wrap wpex-clr\"><div class=\"wpex-row vcex-portfolio-grid wpex-clr entries gap-20\" data-transition-duration=\"0.0\"><div class=\"portfolio-entry entry-has-details span_1_of_4 col col-1 post-25152 entry type-portfolio has-media cat-355 cat-347 cat-347 translation_priority-255\"><div class=\"portfolio-entry-inner entry-inner wpex-clr\"><div class=\"portfolio-entry-media entry-media wpex-clr\"><a href=\"https:\/\/www.zoomfestival.org\/en\/portfolio-item\/black-tide-island\" title=\"Black Tide Island\" class=\"portfolio-entry-media-link\"><img class=\"portfolio-entry-img\" src=\"https:\/\/www.zoomfestival.org\/wp-content\/uploads\/2025\/10\/DSC07052-e1761729871747-300x300.jpg\" data-no-retina width=\"300\" height=\"300\" \/><\/a><\/div><div class=\"portfolio-entry-details entry-details wpex-clr\"><h2 class=\"portfolio-entry-title entry-title\"><a href=\"https:\/\/www.zoomfestival.org\/en\/portfolio-item\/black-tide-island\" title=\"Black Tide Island\">Black Tide Island<\/a><\/h2><div class=\"portfolio-entry-categories entry-categories wpex-clr\"><a href=\"https:\/\/www.zoomfestival.org\/en\/portfolio-category\/fiction-miniseries\" title=\"FICTION MINISERIES\" class=\"term-355\">FICTION MINISERIES<\/a>, <a href=\"https:\/\/www.zoomfestival.org\/en\/portfolio-category\/official-section-2025\" title=\"OFFICIAL SECTION 2025\" class=\"term-347\">OFFICIAL SECTION 2025<\/a><\/div><div class=\"portfolio-entry-excerpt entry-excerpt wpex-clr\"><p>Direction: Jim Wang Production: Hakka TV Country: Taiwan Year: 2025 Genre\/sub-genre: Drama Cast: Shih-Sian Wang,&hellip;<\/p><\/div><\/div><\/div><\/div><div class=\"portfolio-entry entry-has-details span_1_of_4 col col-2 post-25124 entry type-portfolio has-media cat-355 cat-347 translation_priority-255\"><div class=\"portfolio-entry-inner entry-inner wpex-clr\"><div class=\"portfolio-entry-media entry-media wpex-clr\"><a href=\"https:\/\/www.zoomfestival.org\/en\/portfolio-item\/com-si-fos-ahir-t8\" title=\"Com si fos ahir (T8)\" class=\"portfolio-entry-media-link\"><img class=\"portfolio-entry-img\" src=\"https:\/\/www.zoomfestival.org\/wp-content\/uploads\/2025\/10\/Com-si-fos-ahir-1-300x300.png\" data-no-retina width=\"300\" height=\"300\" \/><\/a><\/div><div class=\"portfolio-entry-details entry-details wpex-clr\"><h2 class=\"portfolio-entry-title entry-title\"><a href=\"https:\/\/www.zoomfestival.org\/en\/portfolio-item\/com-si-fos-ahir-t8\" title=\"Com si fos ahir (T8)\">Com si fos ahir (T8)<\/a><\/h2><div class=\"portfolio-entry-categories entry-categories wpex-clr\"><a href=\"https:\/\/www.zoomfestival.org\/en\/portfolio-category\/fiction-miniseries\" title=\"FICTION MINISERIES\" class=\"term-355\">FICTION MINISERIES<\/a><\/div><div class=\"portfolio-entry-excerpt entry-excerpt wpex-clr\"><p>Direction: S\u00f2nia S\u00e1nchez Production: 3Cat Country: Spain Year: 2025 Genre\/sub-genre: Drama Cast: Eduard Farelo as&hellip;<\/p><\/div><\/div><\/div><\/div><div class=\"portfolio-entry entry-has-details span_1_of_4 col col-3 post-25163 entry type-portfolio has-media cat-355 cat-347 translation_priority-255\"><div class=\"portfolio-entry-inner entry-inner wpex-clr\"><div class=\"portfolio-entry-media entry-media wpex-clr\"><a href=\"https:\/\/www.zoomfestival.org\/en\/portfolio-item\/george-untamed-spirit\" title=\"George, Untamed Spirit\" class=\"portfolio-entry-media-link\"><img class=\"portfolio-entry-img\" src=\"https:\/\/www.zoomfestival.org\/wp-content\/uploads\/2025\/10\/george-\u2014-untamed-spirit-e1761726889753-300x300.jpg\" data-no-retina width=\"300\" height=\"300\" \/><\/a><\/div><div class=\"portfolio-entry-details entry-details wpex-clr\"><h2 class=\"portfolio-entry-title entry-title\"><a href=\"https:\/\/www.zoomfestival.org\/en\/portfolio-item\/george-untamed-spirit\" title=\"George, Untamed Spirit\">George, Untamed Spirit<\/a><\/h2><div class=\"portfolio-entry-categories entry-categories wpex-clr\"><a href=\"https:\/\/www.zoomfestival.org\/en\/portfolio-category\/fiction-miniseries\" title=\"FICTION MINISERIES\" class=\"term-355\">FICTION MINISERIES<\/a><\/div><div class=\"portfolio-entry-excerpt entry-excerpt wpex-clr\"><p>Direction: Rodolphe Tissot Production\/TV: Si\u00e8cle Production, Umedia Country: France Year: 2025 Genre\/sub-genre: Feminist drama Cast:&hellip;<\/p><\/div><\/div><\/div><\/div><div class=\"portfolio-entry entry-has-details span_1_of_4 col col-4 post-25139 entry type-portfolio has-media cat-355 cat-347 translation_priority-255\"><div class=\"portfolio-entry-inner entry-inner wpex-clr\"><div class=\"portfolio-entry-media entry-media wpex-clr\"><a href=\"https:\/\/www.zoomfestival.org\/en\/portfolio-item\/la-cancion\" title=\"La canci\u00f3n\" class=\"portfolio-entry-media-link\"><img class=\"portfolio-entry-img\" src=\"https:\/\/www.zoomfestival.org\/wp-content\/uploads\/2025\/10\/LaCancion_Still_Carolina-1-e1761729284139-300x300.jpg\" data-no-retina width=\"300\" height=\"300\" \/><\/a><\/div><div class=\"portfolio-entry-details entry-details wpex-clr\"><h2 class=\"portfolio-entry-title entry-title\"><a href=\"https:\/\/www.zoomfestival.org\/en\/portfolio-item\/la-cancion\" title=\"La canci\u00f3n\">La canci\u00f3n<\/a><\/h2><div class=\"portfolio-entry-categories entry-categories wpex-clr\"><a href=\"https:\/\/www.zoomfestival.org\/en\/portfolio-category\/fiction-miniseries\" title=\"FICTION MINISERIES\" class=\"term-355\">FICTION MINISERIES<\/a><\/div><div class=\"portfolio-entry-excerpt entry-excerpt wpex-clr\"><p>Direction: Alejandro Mar\u00edn Production: Movistar Plus+, in collaboration with Buend\u00eda Estudios Country: Spain Year: 2025&hellip;<\/p><\/div><\/div><\/div><\/div><div class=\"portfolio-entry entry-has-details span_1_of_4 col col-1 post-25157 entry type-portfolio has-media cat-355 cat-347 translation_priority-255\"><div class=\"portfolio-entry-inner entry-inner wpex-clr\"><div class=\"portfolio-entry-media entry-media wpex-clr\"><a href=\"https:\/\/www.zoomfestival.org\/en\/portfolio-item\/los-100-dias-de-aleja\" title=\"Los 100 d\u00edas de Aleja\" class=\"portfolio-entry-media-link\"><img class=\"portfolio-entry-img\" src=\"https:\/\/www.zoomfestival.org\/wp-content\/uploads\/2025\/10\/Aleja-2-e1761730050586-300x300.jpeg\" data-no-retina width=\"300\" height=\"300\" \/><\/a><\/div><div class=\"portfolio-entry-details entry-details wpex-clr\"><h2 class=\"portfolio-entry-title entry-title\"><a href=\"https:\/\/www.zoomfestival.org\/en\/portfolio-item\/los-100-dias-de-aleja\" title=\"Los 100 d\u00edas de Aleja\">Los 100 d\u00edas de Aleja<\/a><\/h2><div class=\"portfolio-entry-categories entry-categories wpex-clr\"><a href=\"https:\/\/www.zoomfestival.org\/en\/portfolio-category\/fiction-miniseries\" title=\"FICTION MINISERIES\" class=\"term-355\">FICTION MINISERIES<\/a><\/div><div class=\"portfolio-entry-excerpt entry-excerpt wpex-clr\"><p>Direction: Diego Valencia Production: Canal Trece, Torneos Colombia SAS Country: Colombia Year: 2024 Genre\/sub-genre: Drama&hellip;<\/p><\/div><\/div><\/div><\/div><div class=\"portfolio-entry entry-has-details span_1_of_4 col col-2 post-25133 entry type-portfolio has-media cat-355 cat-347 translation_priority-255\"><div class=\"portfolio-entry-inner entry-inner wpex-clr\"><div class=\"portfolio-entry-media entry-media wpex-clr\"><a href=\"https:\/\/www.zoomfestival.org\/en\/portfolio-item\/los-sin-nombre\" title=\"Los sin nombre\" class=\"portfolio-entry-media-link\"><img class=\"portfolio-entry-img\" src=\"https:\/\/www.zoomfestival.org\/wp-content\/uploads\/2025\/10\/LosSinNombre_MirenIbarguren-1-e1761729157146-300x300.jpg\" data-no-retina width=\"300\" height=\"300\" \/><\/a><\/div><div class=\"portfolio-entry-details entry-details wpex-clr\"><h2 class=\"portfolio-entry-title entry-title\"><a href=\"https:\/\/www.zoomfestival.org\/en\/portfolio-item\/los-sin-nombre\" title=\"Los sin nombre\">Los sin nombre<\/a><\/h2><div class=\"portfolio-entry-categories entry-categories wpex-clr\"><a href=\"https:\/\/www.zoomfestival.org\/en\/portfolio-category\/fiction-miniseries\" title=\"FICTION MINISERIES\" class=\"term-355\">FICTION MINISERIES<\/a><\/div><div class=\"portfolio-entry-excerpt entry-excerpt wpex-clr\"><p>Direction: Pau Freixas Production: Movistar Plus+ collaborating with Filmax Country: Spain Year: 2025 Genre\/sub-genre: Psychological&hellip;<\/p><\/div><\/div><\/div><\/div><div class=\"portfolio-entry entry-has-details span_1_of_4 col col-3 post-25145 entry type-portfolio has-media cat-355 cat-347 translation_priority-255\"><div class=\"portfolio-entry-inner entry-inner wpex-clr\"><div class=\"portfolio-entry-media entry-media wpex-clr\"><a href=\"https:\/\/www.zoomfestival.org\/en\/portfolio-item\/spuren\" title=\"Spuren\" class=\"portfolio-entry-media-link\"><img class=\"portfolio-entry-img\" src=\"https:\/\/www.zoomfestival.org\/wp-content\/uploads\/2025\/10\/Spuren_Lailaps_LuisZenoKuhn-6282-scaled-e1761726707646-300x300.jpg\" data-no-retina width=\"300\" height=\"300\" \/><\/a><\/div><div class=\"portfolio-entry-details entry-details wpex-clr\"><h2 class=\"portfolio-entry-title entry-title\"><a href=\"https:\/\/www.zoomfestival.org\/en\/portfolio-item\/spuren\" title=\"Spuren\">Spuren<\/a><\/h2><div class=\"portfolio-entry-categories entry-categories wpex-clr\"><a href=\"https:\/\/www.zoomfestival.org\/en\/portfolio-category\/fiction-miniseries\" title=\"FICTION MINISERIES\" class=\"term-355\">FICTION MINISERIES<\/a><\/div><div class=\"portfolio-entry-excerpt entry-excerpt wpex-clr\"><p>Direction: Stefan Krohmer Production: SWR, Lailaps Films GmbH Country: Germany Year: 2025 Genre\/sub-genre: Crime Cast:&hellip;<\/p><\/div><\/div><\/div><\/div><\/div><\/div>[\/vc_column][\/vc_row][vc_row][vc_column][vc_column_text]\n<div class=\"et_pb_column et_pb_column_3_4 et_pb_column_1 et-last-child\">\n<div class=\"et_pb_text et_pb_module et_pb_bg_layout_light et_pb_text_align_left et_pb_text_0\">\n<div class=\"et_pb_text_inner\">\n<h3>Cultural<\/h3>\n<\/div>\n<\/div>\n<\/div>\n[\/vc_column_text]<div class=\"vcex-spacing\" style=\"height:30px\"><\/div><div class=\"vcex-module vcex-portfolio-grid-wrap wpex-clr\"><div class=\"wpex-row vcex-portfolio-grid wpex-clr entries gap-20\" data-transition-duration=\"0.0\"><div class=\"portfolio-entry entry-has-details span_1_of_4 col col-1 post-25255 entry type-portfolio has-media cat-349 cat-347 translation_priority-255\"><div class=\"portfolio-entry-inner entry-inner wpex-clr\"><div class=\"portfolio-entry-media entry-media wpex-clr\"><a href=\"https:\/\/www.zoomfestival.org\/en\/portfolio-item\/alhambra-el-tesoro-del-ultimo-emirato-andalusi\" title=\"Alhambra, el tesoro del \u00faltimo emirato andalus\u00ed\" class=\"portfolio-entry-media-link\"><img class=\"portfolio-entry-img\" src=\"https:\/\/www.zoomfestival.org\/wp-content\/uploads\/2025\/10\/PLAN-LARGE-DRONE-ALCAZABA-e1761736506601-300x300.png\" data-no-retina width=\"300\" height=\"300\" \/><\/a><\/div><div class=\"portfolio-entry-details entry-details wpex-clr\"><h2 class=\"portfolio-entry-title entry-title\"><a href=\"https:\/\/www.zoomfestival.org\/en\/portfolio-item\/alhambra-el-tesoro-del-ultimo-emirato-andalusi\" title=\"Alhambra, el tesoro del \u00faltimo emirato andalus\u00ed\">Alhambra, el tesoro del \u00faltimo emirato andalus\u00ed<\/a><\/h2><div class=\"portfolio-entry-categories entry-categories wpex-clr\"><a href=\"https:\/\/www.zoomfestival.org\/en\/portfolio-category\/culture-en-4\" title=\"CULTURE\" class=\"term-349\">CULTURE<\/a><\/div><div class=\"portfolio-entry-excerpt entry-excerpt wpex-clr\"><p>Direction: Marc Jampolsky Production\/TV: FutureMarsMediaWW, RTVE and Arte France Country: Spain Year: 2024 Genre\/sub-genre: Documentary&hellip;<\/p><\/div><\/div><\/div><\/div><div class=\"portfolio-entry entry-has-details span_1_of_4 col col-2 post-25248 entry type-portfolio has-media cat-349 cat-347 translation_priority-255\"><div class=\"portfolio-entry-inner entry-inner wpex-clr\"><div class=\"portfolio-entry-media entry-media wpex-clr\"><a href=\"https:\/\/www.zoomfestival.org\/en\/portfolio-item\/carles-porta-true-crime-programmes\" title=\"Carles Porta True Crime programmes\" class=\"portfolio-entry-media-link\"><img class=\"portfolio-entry-img\" src=\"https:\/\/www.zoomfestival.org\/wp-content\/uploads\/2025\/10\/NDP_LUZ_EN_LA_OSCURIDAD_T2_800x408-e1761736412254-300x300.jpg\" data-no-retina width=\"300\" height=\"300\" \/><\/a><\/div><div class=\"portfolio-entry-details entry-details wpex-clr\"><h2 class=\"portfolio-entry-title entry-title\"><a href=\"https:\/\/www.zoomfestival.org\/en\/portfolio-item\/carles-porta-true-crime-programmes\" title=\"Carles Porta True Crime programmes\">Carles Porta True Crime programmes<\/a><\/h2><div class=\"portfolio-entry-categories entry-categories wpex-clr\"><a href=\"https:\/\/www.zoomfestival.org\/en\/portfolio-category\/culture-en-4\" title=\"CULTURE\" class=\"term-349\">CULTURE<\/a><\/div><div class=\"portfolio-entry-excerpt entry-excerpt wpex-clr\"><p>Direction: Carles Porta Production\/TV: Movistar Plus+ in collaboration with True Crime Factory and Goroka Country:&hellip;<\/p><\/div><\/div><\/div><\/div><div class=\"portfolio-entry entry-has-details span_1_of_4 col col-3 post-25264 entry type-portfolio has-media cat-349 cat-347 translation_priority-255\"><div class=\"portfolio-entry-inner entry-inner wpex-clr\"><div class=\"portfolio-entry-media entry-media wpex-clr\"><a href=\"https:\/\/www.zoomfestival.org\/en\/portfolio-item\/emocionari-il%c2%b7lustrat\" title=\"Emocionari il\u00b7lustrat\" class=\"portfolio-entry-media-link\"><img class=\"portfolio-entry-img\" src=\"https:\/\/www.zoomfestival.org\/wp-content\/uploads\/2025\/10\/POSTER-EMOCIONARI_ILLUSTRAT-e1761736698384-300x300.png\" data-no-retina width=\"300\" height=\"300\" \/><\/a><\/div><div class=\"portfolio-entry-details entry-details wpex-clr\"><h2 class=\"portfolio-entry-title entry-title\"><a href=\"https:\/\/www.zoomfestival.org\/en\/portfolio-item\/emocionari-il%c2%b7lustrat\" title=\"Emocionari il\u00b7lustrat\">Emocionari il\u00b7lustrat<\/a><\/h2><div class=\"portfolio-entry-categories entry-categories wpex-clr\"><a href=\"https:\/\/www.zoomfestival.org\/en\/portfolio-category\/culture-en-4\" title=\"CULTURE\" class=\"term-349\">CULTURE<\/a><\/div><div class=\"portfolio-entry-excerpt entry-excerpt wpex-clr\"><p>Direction: Gemma Sanz and Anna Llarch Production\/TV: Teidees Audiovisuals and 3Cat Country: Spain Year: 2025&hellip;<\/p><\/div><\/div><\/div><\/div><div class=\"portfolio-entry entry-has-details span_1_of_4 col col-4 post-25909 entry type-portfolio has-media cat-349 cat-347\"><div class=\"portfolio-entry-inner entry-inner wpex-clr\"><div class=\"portfolio-entry-media entry-media wpex-clr\"><a href=\"https:\/\/www.zoomfestival.org\/en\/portfolio-item\/from-cirque-du-soleil-to-the-great-dream-franco-dragone\" title=\"From Cirque du Soleil to the Great Dream: Franco Dragone\" class=\"portfolio-entry-media-link\"><img class=\"portfolio-entry-img\" src=\"https:\/\/www.zoomfestival.org\/wp-content\/uploads\/2025\/10\/Spettacolo-Cina-e1761737292773-300x300.png\" data-no-retina width=\"300\" height=\"300\" \/><\/a><\/div><div class=\"portfolio-entry-details entry-details wpex-clr\"><h2 class=\"portfolio-entry-title entry-title\"><a href=\"https:\/\/www.zoomfestival.org\/en\/portfolio-item\/from-cirque-du-soleil-to-the-great-dream-franco-dragone\" title=\"From Cirque du Soleil to the Great Dream: Franco Dragone\">From Cirque du Soleil to the Great Dream: Franco Dragone<\/a><\/h2><div class=\"portfolio-entry-categories entry-categories wpex-clr\"><a href=\"https:\/\/www.zoomfestival.org\/en\/portfolio-category\/culture-en-4\" title=\"CULTURE\" class=\"term-349\">CULTURE<\/a><\/div><div class=\"portfolio-entry-excerpt entry-excerpt wpex-clr\"><p>Direction: Salvatore Braca Productiin\/TV: RAI Radiotelevisione Italiana Country: Italia Year: 2025 Genre\/sub-genre: Documental Channel: Rai&hellip;<\/p><\/div><\/div><\/div><\/div><div class=\"portfolio-entry entry-has-details span_1_of_4 col col-1 post-25234 entry type-portfolio has-media cat-349 cat-347 translation_priority-255\"><div class=\"portfolio-entry-inner entry-inner wpex-clr\"><div class=\"portfolio-entry-media entry-media wpex-clr\"><a href=\"https:\/\/www.zoomfestival.org\/en\/portfolio-item\/leon-de-peru\" title=\"Le\u00f3n de Per\u00fa\" class=\"portfolio-entry-media-link\"><img class=\"portfolio-entry-img\" src=\"https:\/\/www.zoomfestival.org\/wp-content\/uploads\/2025\/10\/LEON-DE-PERU-2-scaled-e1761736306815-300x300.jpg\" data-no-retina width=\"300\" height=\"300\" \/><\/a><\/div><div class=\"portfolio-entry-details entry-details wpex-clr\"><h2 class=\"portfolio-entry-title entry-title\"><a href=\"https:\/\/www.zoomfestival.org\/en\/portfolio-item\/leon-de-peru\" title=\"Le\u00f3n de Per\u00fa\">Le\u00f3n de Per\u00fa<\/a><\/h2><div class=\"portfolio-entry-categories entry-categories wpex-clr\"><a href=\"https:\/\/www.zoomfestival.org\/en\/portfolio-category\/culture-en-4\" title=\"CULTURE\" class=\"term-349\">CULTURE<\/a><\/div><div class=\"portfolio-entry-excerpt entry-excerpt wpex-clr\"><p>Direction: Salvatore Cernuzio, Jaime Vizca\u00edno Haro and Felipe Herrera-Espaliat Production\/TV: Vatican News, Radio Vaticana and&hellip;<\/p><\/div><\/div><\/div><\/div><div class=\"portfolio-entry entry-has-details span_1_of_4 col col-2 post-26110 entry type-portfolio has-media cat-349 cat-347 translation_priority-255\"><div class=\"portfolio-entry-inner entry-inner wpex-clr\"><div class=\"portfolio-entry-media entry-media wpex-clr\"><a href=\"https:\/\/www.zoomfestival.org\/en\/portfolio-item\/les-formes-infinites-lluis-castaldo-essencia-i-existencia-dun-ceramista\" title=\"Les formes infinites. Llu\u00eds Castaldo: ess\u00e8ncia i exist\u00e8ncia d\u2019un ceramista\" class=\"portfolio-entry-media-link\"><img class=\"portfolio-entry-img\" src=\"https:\/\/www.zoomfestival.org\/wp-content\/uploads\/2025\/10\/Foto1-e1761737209955-300x300.jpg\" data-no-retina width=\"300\" height=\"300\" \/><\/a><\/div><div class=\"portfolio-entry-details entry-details wpex-clr\"><h2 class=\"portfolio-entry-title entry-title\"><a href=\"https:\/\/www.zoomfestival.org\/en\/portfolio-item\/les-formes-infinites-lluis-castaldo-essencia-i-existencia-dun-ceramista\" title=\"Les formes infinites. Llu\u00eds Castaldo: ess\u00e8ncia i exist\u00e8ncia d\u2019un ceramista\">Les formes infinites. Llu\u00eds Castaldo: ess\u00e8ncia i exist\u00e8ncia d\u2019un ceramista<\/a><\/h2><div class=\"portfolio-entry-categories entry-categories wpex-clr\"><a href=\"https:\/\/www.zoomfestival.org\/en\/portfolio-category\/culture-en-4\" title=\"CULTURE\" class=\"term-349\">CULTURE<\/a><\/div><div class=\"portfolio-entry-excerpt entry-excerpt wpex-clr\"><p>Direction: Guillem Dey\u00e0 Production\/TV: Espiral Producciones TV SL and IB3 Country: Spain Year: 2025 Genre\/sub-genre:&hellip;<\/p><\/div><\/div><\/div><\/div><div class=\"portfolio-entry entry-has-details span_1_of_4 col col-3 post-26073 entry type-portfolio has-media cat-349 cat-347 translation_priority-255\"><div class=\"portfolio-entry-inner entry-inner wpex-clr\"><div class=\"portfolio-entry-media entry-media wpex-clr\"><a href=\"https:\/\/www.zoomfestival.org\/en\/portfolio-item\/maquis-a-les-muntanyes-de-prades\" title=\"Maquis a les muntanyes de Prades\" class=\"portfolio-entry-media-link\"><img class=\"portfolio-entry-img\" src=\"https:\/\/www.zoomfestival.org\/wp-content\/uploads\/2025\/10\/Logo_Maquis-e1761728439244-300x300.png\" data-no-retina width=\"300\" height=\"300\" \/><\/a><\/div><div class=\"portfolio-entry-details entry-details wpex-clr\"><h2 class=\"portfolio-entry-title entry-title\"><a href=\"https:\/\/www.zoomfestival.org\/en\/portfolio-item\/maquis-a-les-muntanyes-de-prades\" title=\"Maquis a les muntanyes de Prades\">Maquis a les muntanyes de Prades<\/a><\/h2><div class=\"portfolio-entry-categories entry-categories wpex-clr\"><a href=\"https:\/\/www.zoomfestival.org\/en\/portfolio-category\/culture-en-4\" title=\"CULTURE\" class=\"term-349\">CULTURE<\/a><\/div><div class=\"portfolio-entry-excerpt entry-excerpt wpex-clr\"><p>Direction: Toni Orensanz Production\/TV: Canal Reus and La Xarxa+ Country: Spain Any: 2024 Genre\/sub-genre: Documental&hellip;<\/p><\/div><\/div><\/div><\/div><div class=\"portfolio-entry entry-has-details span_1_of_4 col col-4 post-26108 entry type-portfolio has-media cat-349 cat-347 translation_priority-255\"><div class=\"portfolio-entry-inner entry-inner wpex-clr\"><div class=\"portfolio-entry-media entry-media wpex-clr\"><a href=\"https:\/\/www.zoomfestival.org\/en\/portfolio-item\/plat-en-blanc\" title=\"Plat en blanc\" class=\"portfolio-entry-media-link\"><img class=\"portfolio-entry-img\" src=\"https:\/\/www.zoomfestival.org\/wp-content\/uploads\/2025\/10\/Mateu-Casan\u0303as-xef-del-Disfrutar-e1761737078966-300x300.png\" data-no-retina width=\"300\" height=\"300\" \/><\/a><\/div><div class=\"portfolio-entry-details entry-details wpex-clr\"><h2 class=\"portfolio-entry-title entry-title\"><a href=\"https:\/\/www.zoomfestival.org\/en\/portfolio-item\/plat-en-blanc\" title=\"Plat en blanc\">Plat en blanc<\/a><\/h2><div class=\"portfolio-entry-categories entry-categories wpex-clr\"><a href=\"https:\/\/www.zoomfestival.org\/en\/portfolio-category\/culture-en-4\" title=\"CULTURE\" class=\"term-349\">CULTURE<\/a><\/div><div class=\"portfolio-entry-excerpt entry-excerpt wpex-clr\"><p>Direction: Alan F\u00e0bregas and Ramon Pardina Production\/TV: Abacus and 3Cat Country: Spain Year: 2025 Genre\/sub-genre:&hellip;<\/p><\/div><\/div><\/div><\/div><\/div><\/div>[\/vc_column][\/vc_row][vc_row][vc_column][vc_column_text]\n<div class=\"et_pb_column et_pb_column_3_4 et_pb_column_1 et-last-child\">\n<div class=\"et_pb_text et_pb_module et_pb_bg_layout_light et_pb_text_align_left et_pb_text_0\">\n<div class=\"et_pb_text_inner\">\n<h3>Entertainment<\/h3>\n<\/div>\n<\/div>\n<\/div>\n[\/vc_column_text]<div class=\"vcex-spacing\" style=\"height:30px\"><\/div><div class=\"vcex-module vcex-portfolio-grid-wrap wpex-clr\"><div class=\"wpex-row vcex-portfolio-grid wpex-clr entries gap-20\" data-transition-duration=\"0.0\"><div class=\"portfolio-entry entry-has-details span_1_of_4 col col-1 post-25202 entry type-portfolio has-media cat-351 cat-347 translation_priority-255\"><div class=\"portfolio-entry-inner entry-inner wpex-clr\"><div class=\"portfolio-entry-media entry-media wpex-clr\"><a href=\"https:\/\/www.zoomfestival.org\/en\/portfolio-item\/al-cielo-con-ella\" title=\"Al cielo con ella\" class=\"portfolio-entry-media-link\"><img class=\"portfolio-entry-img\" src=\"https:\/\/www.zoomfestival.org\/wp-content\/uploads\/2025\/10\/alcieloconella_cartelhorizontal-1-e1761735985335-300x300.jpg\" data-no-retina width=\"300\" height=\"300\" \/><\/a><\/div><div class=\"portfolio-entry-details entry-details wpex-clr\"><h2 class=\"portfolio-entry-title entry-title\"><a href=\"https:\/\/www.zoomfestival.org\/en\/portfolio-item\/al-cielo-con-ella\" title=\"Al cielo con ella\">Al cielo con ella<\/a><\/h2><div class=\"portfolio-entry-categories entry-categories wpex-clr\"><a href=\"https:\/\/www.zoomfestival.org\/en\/portfolio-category\/entertainment-en-4\" title=\"ENTERTAINMENT\" class=\"term-351\">ENTERTAINMENT<\/a><\/div><div class=\"portfolio-entry-excerpt entry-excerpt wpex-clr\"><p>Direction: Henar \u00c1lvarez and Javier Dur\u00e1n Production\/TV: Producciones del Barrio Country: Spain Year: 2025 Genre\/sub-genre:&hellip;<\/p><\/div><\/div><\/div><\/div><div class=\"portfolio-entry entry-has-details span_1_of_4 col col-2 post-25212 entry type-portfolio has-media cat-351 cat-347 translation_priority-255\"><div class=\"portfolio-entry-inner entry-inner wpex-clr\"><div class=\"portfolio-entry-media entry-media wpex-clr\"><a href=\"https:\/\/www.zoomfestival.org\/en\/portfolio-item\/anatomia-de\" title=\"Anatom\u00eda de&#8230;\" class=\"portfolio-entry-media-link\"><img class=\"portfolio-entry-img\" src=\"https:\/\/www.zoomfestival.org\/wp-content\/uploads\/2025\/10\/MASTER_ANT_MAINAT_PPD-3B-1-scaled-e1761736051268-300x300.jpg\" data-no-retina width=\"300\" height=\"300\" \/><\/a><\/div><div class=\"portfolio-entry-details entry-details wpex-clr\"><h2 class=\"portfolio-entry-title entry-title\"><a href=\"https:\/\/www.zoomfestival.org\/en\/portfolio-item\/anatomia-de\" title=\"Anatom\u00eda de&#8230;\">Anatom\u00eda de&#8230;<\/a><\/h2><div class=\"portfolio-entry-categories entry-categories wpex-clr\"><a href=\"https:\/\/www.zoomfestival.org\/en\/portfolio-category\/entertainment-en-4\" title=\"ENTERTAINMENT\" class=\"term-351\">ENTERTAINMENT<\/a><\/div><div class=\"portfolio-entry-excerpt entry-excerpt wpex-clr\"><p>Direction: Mamen Mendiz\u00e1bal and Rosa Olucha Production\/TV: Producciones del Barrio Country: Spain Year: 2025 Genre\/sub-genre:&hellip;<\/p><\/div><\/div><\/div><\/div><div class=\"portfolio-entry entry-has-details span_1_of_4 col col-3 post-25170 entry type-portfolio has-media cat-351 cat-347 translation_priority-255\"><div class=\"portfolio-entry-inner entry-inner wpex-clr\"><div class=\"portfolio-entry-media entry-media wpex-clr\"><a href=\"https:\/\/www.zoomfestival.org\/en\/portfolio-item\/barcelona-confidencial-va-passar-aqui\" title=\"Barcelona Confidencial (Va passar aqu\u00ed)\" class=\"portfolio-entry-media-link\"><img class=\"portfolio-entry-img\" src=\"https:\/\/www.zoomfestival.org\/wp-content\/uploads\/2025\/10\/BCNconfidencial_01_beteve-2-e1761728140180-300x300.jpg\" data-no-retina width=\"300\" height=\"300\" \/><\/a><\/div><div class=\"portfolio-entry-details entry-details wpex-clr\"><h2 class=\"portfolio-entry-title entry-title\"><a href=\"https:\/\/www.zoomfestival.org\/en\/portfolio-item\/barcelona-confidencial-va-passar-aqui\" title=\"Barcelona Confidencial (Va passar aqu\u00ed)\">Barcelona Confidencial (Va passar aqu\u00ed)<\/a><\/h2><div class=\"portfolio-entry-categories entry-categories wpex-clr\"><a href=\"https:\/\/www.zoomfestival.org\/en\/portfolio-category\/entertainment-en-4\" title=\"ENTERTAINMENT\" class=\"term-351\">ENTERTAINMENT<\/a><\/div><div class=\"portfolio-entry-excerpt entry-excerpt wpex-clr\"><p>Direction: Carles Bonmat\u00ed Production\/TV: Visiona TV Country: Spain Year: 2025 Genre\/sub-genre: True Crime Channel: Betev\u00e9&hellip;<\/p><\/div><\/div><\/div><\/div><div class=\"portfolio-entry entry-has-details span_1_of_4 col col-4 post-25219 entry type-portfolio has-media cat-351 cat-347 translation_priority-255\"><div class=\"portfolio-entry-inner entry-inner wpex-clr\"><div class=\"portfolio-entry-media entry-media wpex-clr\"><a href=\"https:\/\/www.zoomfestival.org\/en\/portfolio-item\/chefs-unexpected-landing-hakka-kitchen\" title=\"Chef\u2019s Unexpected Landing: Hakka Kitchen\" class=\"portfolio-entry-media-link\"><img class=\"portfolio-entry-img\" src=\"https:\/\/www.zoomfestival.org\/wp-content\/uploads\/2025\/10\/IMG_2695_\u4fee-scaled-e1761736135734-300x300.jpg\" data-no-retina width=\"300\" height=\"300\" \/><\/a><\/div><div class=\"portfolio-entry-details entry-details wpex-clr\"><h2 class=\"portfolio-entry-title entry-title\"><a href=\"https:\/\/www.zoomfestival.org\/en\/portfolio-item\/chefs-unexpected-landing-hakka-kitchen\" title=\"Chef\u2019s Unexpected Landing: Hakka Kitchen\">Chef\u2019s Unexpected Landing: Hakka Kitchen<\/a><\/h2><div class=\"portfolio-entry-categories entry-categories wpex-clr\"><a href=\"https:\/\/www.zoomfestival.org\/en\/portfolio-category\/entertainment-en-4\" title=\"ENTERTAINMENT\" class=\"term-351\">ENTERTAINMENT<\/a><\/div><div class=\"portfolio-entry-excerpt entry-excerpt wpex-clr\"><p>Direction: Lee Jin-hyuk Production\/TV: 3Y CORPORATION and Hakka TV Country: Taiwan Year: 2025 Genre\/sub-genre: Reality&hellip;<\/p><\/div><\/div><\/div><\/div><div class=\"portfolio-entry entry-has-details span_1_of_4 col col-1 post-25179 entry type-portfolio has-media cat-351 cat-347 translation_priority-255\"><div class=\"portfolio-entry-inner entry-inner wpex-clr\"><div class=\"portfolio-entry-media entry-media wpex-clr\"><a href=\"https:\/\/www.zoomfestival.org\/en\/portfolio-item\/hospital-de-proximitat\" title=\"Hospital de proximitat\" class=\"portfolio-entry-media-link\"><img class=\"portfolio-entry-img\" src=\"https:\/\/www.zoomfestival.org\/wp-content\/uploads\/2025\/10\/Fotografia2_Hospital-de-proximitat-e1761730235379-300x300.jpg\" data-no-retina width=\"300\" height=\"300\" \/><\/a><\/div><div class=\"portfolio-entry-details entry-details wpex-clr\"><h2 class=\"portfolio-entry-title entry-title\"><a href=\"https:\/\/www.zoomfestival.org\/en\/portfolio-item\/hospital-de-proximitat\" title=\"Hospital de proximitat\">Hospital de proximitat<\/a><\/h2><div class=\"portfolio-entry-categories entry-categories wpex-clr\"><a href=\"https:\/\/www.zoomfestival.org\/en\/portfolio-category\/entertainment-en-4\" title=\"ENTERTAINMENT\" class=\"term-351\">ENTERTAINMENT<\/a><\/div><div class=\"portfolio-entry-excerpt entry-excerpt wpex-clr\"><p>Direction: David Figueroa Production\/TV: Tvmatar\u00f3 and La Xarxa Country: Spain Year: 2024 Genre\/sub\u2011genre: Docuserie Channel:&hellip;<\/p><\/div><\/div><\/div><\/div><div class=\"portfolio-entry entry-has-details span_1_of_4 col col-2 post-25228 entry type-portfolio has-media cat-351 cat-347 translation_priority-255\"><div class=\"portfolio-entry-inner entry-inner wpex-clr\"><div class=\"portfolio-entry-media entry-media wpex-clr\"><a href=\"https:\/\/www.zoomfestival.org\/en\/portfolio-item\/la-travessa-expedicio-mediterrani\" title=\"La Travessa: Expedici\u00f3 Mediterrani\" class=\"portfolio-entry-media-link\"><img class=\"portfolio-entry-img\" src=\"https:\/\/www.zoomfestival.org\/wp-content\/uploads\/2025\/10\/La-Travessa-2-e1761727519293-300x300.jpg\" data-no-retina width=\"300\" height=\"300\" \/><\/a><\/div><div class=\"portfolio-entry-details entry-details wpex-clr\"><h2 class=\"portfolio-entry-title entry-title\"><a href=\"https:\/\/www.zoomfestival.org\/en\/portfolio-item\/la-travessa-expedicio-mediterrani\" title=\"La Travessa: Expedici\u00f3 Mediterrani\">La Travessa: Expedici\u00f3 Mediterrani<\/a><\/h2><div class=\"portfolio-entry-categories entry-categories wpex-clr\"><a href=\"https:\/\/www.zoomfestival.org\/en\/portfolio-category\/entertainment-en-4\" title=\"ENTERTAINMENT\" class=\"term-351\">ENTERTAINMENT<\/a><\/div><div class=\"portfolio-entry-excerpt entry-excerpt wpex-clr\"><p>Direction: Ruy Bala\u00f1\u00e1 Production\/TV: Aguacate & Calabaza Films and 3Cat Country: Spain Year: 2024 Genre\/sub-genre:&hellip;<\/p><\/div><\/div><\/div><\/div><div class=\"portfolio-entry entry-has-details span_1_of_4 col col-3 post-25186 entry type-portfolio has-media cat-351 cat-347 translation_priority-255\"><div class=\"portfolio-entry-inner entry-inner wpex-clr\"><div class=\"portfolio-entry-media entry-media wpex-clr\"><a href=\"https:\/\/www.zoomfestival.org\/en\/portfolio-item\/las-berrocal\" title=\"Las Berrocal\" class=\"portfolio-entry-media-link\"><img class=\"portfolio-entry-img\" src=\"https:\/\/www.zoomfestival.org\/wp-content\/uploads\/2025\/10\/LasBerrocal_still_10-scaled-e1761735880485-300x300.jpg\" data-no-retina width=\"300\" height=\"300\" \/><\/a><\/div><div class=\"portfolio-entry-details entry-details wpex-clr\"><h2 class=\"portfolio-entry-title entry-title\"><a href=\"https:\/\/www.zoomfestival.org\/en\/portfolio-item\/las-berrocal\" title=\"Las Berrocal\">Las Berrocal<\/a><\/h2><div class=\"portfolio-entry-categories entry-categories wpex-clr\"><a href=\"https:\/\/www.zoomfestival.org\/en\/portfolio-category\/entertainment-en-4\" title=\"ENTERTAINMENT\" class=\"term-351\">ENTERTAINMENT<\/a><\/div><div class=\"portfolio-entry-excerpt entry-excerpt wpex-clr\"><p>Direction: Txuca Pereira Production\/TV: Movistar Plus+ in collaboration with The Pool Country: Spain Year: 2025&hellip;<\/p><\/div><\/div><\/div><\/div><div class=\"portfolio-entry entry-has-details span_1_of_4 col col-4 post-25192 entry type-portfolio has-media cat-351 cat-347 translation_priority-255\"><div class=\"portfolio-entry-inner entry-inner wpex-clr\"><div class=\"portfolio-entry-media entry-media wpex-clr\"><a href=\"https:\/\/www.zoomfestival.org\/en\/portfolio-item\/traitors-espana\" title=\"Traitors Espa\u00f1a\" class=\"portfolio-entry-media-link\"><img class=\"portfolio-entry-img\" src=\"https:\/\/www.zoomfestival.org\/wp-content\/uploads\/2025\/10\/Traitors-Espana-Juanra-Bonet-V-scaled-e1761727133444-300x300.jpg\" data-no-retina width=\"300\" height=\"300\" \/><\/a><\/div><div class=\"portfolio-entry-details entry-details wpex-clr\"><h2 class=\"portfolio-entry-title entry-title\"><a href=\"https:\/\/www.zoomfestival.org\/en\/portfolio-item\/traitors-espana\" title=\"Traitors Espa\u00f1a\">Traitors Espa\u00f1a<\/a><\/h2><div class=\"portfolio-entry-categories entry-categories wpex-clr\"><a href=\"https:\/\/www.zoomfestival.org\/en\/portfolio-category\/entertainment-en-4\" title=\"ENTERTAINMENT\" class=\"term-351\">ENTERTAINMENT<\/a><\/div><div class=\"portfolio-entry-excerpt entry-excerpt wpex-clr\"><p>Direction: Nia Sanju\u00e1n Production\/TV: Atresmedia Televisi\u00f3n in collaboration with Gestmusic (Banijay Iberia) Country: Spain Year:&hellip;<\/p><\/div><\/div><\/div><\/div><\/div><\/div>[\/vc_column][\/vc_row][vc_row][vc_column][vc_column_text]\n<div class=\"et_pb_column et_pb_column_3_4 et_pb_column_1 et-last-child\">\n<div class=\"et_pb_text et_pb_module et_pb_bg_layout_light et_pb_text_align_left et_pb_text_0\">\n<div class=\"et_pb_text_inner\">\n<h3>Informatives<\/h3>\n<\/div>\n<\/div>\n<\/div>\n[\/vc_column_text]<div class=\"vcex-spacing\" style=\"height:30px\"><\/div><div class=\"vcex-module vcex-portfolio-grid-wrap wpex-clr\"><div class=\"wpex-row vcex-portfolio-grid wpex-clr entries gap-20\" data-transition-duration=\"0.0\"><div class=\"portfolio-entry entry-has-details span_1_of_4 col col-1 post-26116 entry type-portfolio has-media cat-364 cat-347 translation_priority-255\"><div class=\"portfolio-entry-inner entry-inner wpex-clr\"><div class=\"portfolio-entry-media entry-media wpex-clr\"><a href=\"https:\/\/www.zoomfestival.org\/en\/portfolio-item\/el-negre-te-nom\" title=\"El negre t\u00e9 nom\" class=\"portfolio-entry-media-link\"><img class=\"portfolio-entry-img\" src=\"https:\/\/www.zoomfestival.org\/wp-content\/uploads\/2025\/10\/ElNegreTeNom_2-e1761737582448-300x300.jpg\" data-no-retina width=\"300\" height=\"300\" \/><\/a><\/div><div class=\"portfolio-entry-details entry-details wpex-clr\"><h2 class=\"portfolio-entry-title entry-title\"><a href=\"https:\/\/www.zoomfestival.org\/en\/portfolio-item\/el-negre-te-nom\" title=\"El negre t\u00e9 nom\">El negre t\u00e9 nom<\/a><\/h2><div class=\"portfolio-entry-categories entry-categories wpex-clr\"><a href=\"https:\/\/www.zoomfestival.org\/en\/portfolio-category\/informative-en-3\" title=\"INFORMATIVE\" class=\"term-364\">INFORMATIVE<\/a><\/div><div class=\"portfolio-entry-excerpt entry-excerpt wpex-clr\"><p>Direction: F\u00e8lix Colomer Vall\u00e8s Production\/TV: 3Cat in collaboration with Producciones del K.O. Country: Spain Year:&hellip;<\/p><\/div><\/div><\/div><\/div><div class=\"portfolio-entry entry-has-details span_1_of_4 col col-2 post-26119 entry type-portfolio has-media cat-359 cat-347 cat-364 cat-347 translation_priority-255\"><div class=\"portfolio-entry-inner entry-inner wpex-clr\"><div class=\"portfolio-entry-media entry-media wpex-clr\"><a href=\"https:\/\/www.zoomfestival.org\/en\/portfolio-item\/et-faran-un-home\" title=\"Et faran un home\" class=\"portfolio-entry-media-link\"><img class=\"portfolio-entry-img\" src=\"https:\/\/www.zoomfestival.org\/wp-content\/uploads\/2025\/10\/ET-FARAN-UN-HOME_1-scaled-e1761737649379-300x300.jpg\" data-no-retina width=\"300\" height=\"300\" \/><\/a><\/div><div class=\"portfolio-entry-details entry-details wpex-clr\"><h2 class=\"portfolio-entry-title entry-title\"><a href=\"https:\/\/www.zoomfestival.org\/en\/portfolio-item\/et-faran-un-home\" title=\"Et faran un home\">Et faran un home<\/a><\/h2><div class=\"portfolio-entry-categories entry-categories wpex-clr\"><a href=\"https:\/\/www.zoomfestival.org\/en\/portfolio-category\/equality\" title=\"EQUALITY\" class=\"term-359\">EQUALITY<\/a>, <a href=\"https:\/\/www.zoomfestival.org\/en\/portfolio-category\/informative-en-3\" title=\"INFORMATIVE\" class=\"term-364\">INFORMATIVE<\/a><\/div><div class=\"portfolio-entry-excerpt entry-excerpt wpex-clr\"><p>Direction: Mireia Prats i Riera and Joan Torrents Puigvert Production\/TV: 3Cat Country: Spain Year: 2024&hellip;<\/p><\/div><\/div><\/div><\/div><div class=\"portfolio-entry entry-has-details span_1_of_4 col col-3 post-26122 entry type-portfolio has-media cat-364 cat-347 translation_priority-255\"><div class=\"portfolio-entry-inner entry-inner wpex-clr\"><div class=\"portfolio-entry-media entry-media wpex-clr\"><a href=\"https:\/\/www.zoomfestival.org\/en\/portfolio-item\/falsos-culpables\" title=\"Falsos culpables\" class=\"portfolio-entry-media-link\"><img class=\"portfolio-entry-img\" src=\"https:\/\/www.zoomfestival.org\/wp-content\/uploads\/2025\/10\/Falsos-CULPABLES-2-1-e1761737742826-300x300.png\" data-no-retina width=\"300\" height=\"300\" \/><\/a><\/div><div class=\"portfolio-entry-details entry-details wpex-clr\"><h2 class=\"portfolio-entry-title entry-title\"><a href=\"https:\/\/www.zoomfestival.org\/en\/portfolio-item\/falsos-culpables\" title=\"Falsos culpables\">Falsos culpables<\/a><\/h2><div class=\"portfolio-entry-categories entry-categories wpex-clr\"><a href=\"https:\/\/www.zoomfestival.org\/en\/portfolio-category\/informative-en-3\" title=\"INFORMATIVE\" class=\"term-364\">INFORMATIVE<\/a><\/div><div class=\"portfolio-entry-excerpt entry-excerpt wpex-clr\"><p>Direcci\u00f3: Teresa Mart\u00edn Saez Producci\u00f3\/TV: RTVE Pa\u00eds: Espanya Any: 2025 G\u00e8nere\/subg\u00e8nere: Documental Canal: LA 2&hellip;<\/p><\/div><\/div><\/div><\/div><div class=\"portfolio-entry entry-has-details span_1_of_4 col col-4 post-26113 entry type-portfolio has-media cat-364 cat-347 translation_priority-255\"><div class=\"portfolio-entry-inner entry-inner wpex-clr\"><div class=\"portfolio-entry-media entry-media wpex-clr\"><a href=\"https:\/\/www.zoomfestival.org\/en\/portfolio-item\/la-bona-mort\" title=\"La Bona Mort\" class=\"portfolio-entry-media-link\"><img class=\"portfolio-entry-img\" src=\"https:\/\/www.zoomfestival.org\/wp-content\/uploads\/2025\/10\/imatge_labonamort2-e1761737400981-300x300.jpg\" data-no-retina width=\"300\" height=\"300\" \/><\/a><\/div><div class=\"portfolio-entry-details entry-details wpex-clr\"><h2 class=\"portfolio-entry-title entry-title\"><a href=\"https:\/\/www.zoomfestival.org\/en\/portfolio-item\/la-bona-mort\" title=\"La Bona Mort\">La Bona Mort<\/a><\/h2><div class=\"portfolio-entry-categories entry-categories wpex-clr\"><a href=\"https:\/\/www.zoomfestival.org\/en\/portfolio-category\/informative-en-3\" title=\"INFORMATIVE\" class=\"term-364\">INFORMATIVE<\/a><\/div><div class=\"portfolio-entry-excerpt entry-excerpt wpex-clr\"><p>Direction: Bego\u00f1a Grigelmo Miguel and Xavier Brichs Production\/TV: 3Cat Country: Spain Year: 2025 Genre\/subgenre: Report&hellip;<\/p><\/div><\/div><\/div><\/div><div class=\"portfolio-entry entry-has-details span_1_of_4 col col-1 post-26125 entry type-portfolio has-media cat-364 cat-347 translation_priority-255\"><div class=\"portfolio-entry-inner entry-inner wpex-clr\"><div class=\"portfolio-entry-media entry-media wpex-clr\"><a href=\"https:\/\/www.zoomfestival.org\/en\/portfolio-item\/lebanon-without-peace\" title=\"Lebanon without Peace\" class=\"portfolio-entry-media-link\"><img class=\"portfolio-entry-img\" src=\"https:\/\/www.zoomfestival.org\/wp-content\/uploads\/2025\/10\/LIBANO-SENZA-PACE1-e1761737813569-300x300.jpg\" data-no-retina width=\"300\" height=\"300\" \/><\/a><\/div><div class=\"portfolio-entry-details entry-details wpex-clr\"><h2 class=\"portfolio-entry-title entry-title\"><a href=\"https:\/\/www.zoomfestival.org\/en\/portfolio-item\/lebanon-without-peace\" title=\"Lebanon without Peace\">Lebanon without Peace<\/a><\/h2><div class=\"portfolio-entry-categories entry-categories wpex-clr\"><a href=\"https:\/\/www.zoomfestival.org\/en\/portfolio-category\/informative-en-3\" title=\"INFORMATIVE\" class=\"term-364\">INFORMATIVE<\/a><\/div><div class=\"portfolio-entry-excerpt entry-excerpt wpex-clr\"><p>Direction: Giulia Bosetti Production\/TV: RAI Radiotelevisione Italiana Country: Italy Year: 2025 Genre\/subgenre: Documental Channel: RaiPlay&hellip;<\/p><\/div><\/div><\/div><\/div><\/div><\/div>[\/vc_column][\/vc_row][vc_row][vc_column][vc_column_text]\n<div class=\"et_pb_column et_pb_column_3_4 et_pb_column_1 et-last-child\">\n<div class=\"et_pb_text et_pb_module et_pb_bg_layout_light et_pb_text_align_left et_pb_text_0\">\n<div class=\"et_pb_text_inner\">\n<h3>Sportives<\/h3>\n<\/div>\n<\/div>\n<\/div>\n[\/vc_column_text]<div class=\"vcex-spacing\" style=\"height:30px\"><\/div><div class=\"vcex-module vcex-portfolio-grid-wrap wpex-clr\"><div class=\"wpex-row vcex-portfolio-grid wpex-clr entries gap-20\" data-transition-duration=\"0.0\"><div class=\"portfolio-entry entry-has-details span_1_of_4 col col-1 post-26136 entry type-portfolio has-media cat-353 cat-347 translation_priority-255\"><div class=\"portfolio-entry-inner entry-inner wpex-clr\"><div class=\"portfolio-entry-media entry-media wpex-clr\"><a href=\"https:\/\/www.zoomfestival.org\/en\/portfolio-item\/el-metode-fuentes\" title=\"El M\u00e8tode Fuentes\" class=\"portfolio-entry-media-link\"><img class=\"portfolio-entry-img\" src=\"https:\/\/www.zoomfestival.org\/wp-content\/uploads\/2025\/10\/elmetodefuentes3-e1762444093943.jpg\" data-no-retina width=\"311\" height=\"162\" \/><\/a><\/div><div class=\"portfolio-entry-details entry-details wpex-clr\"><h2 class=\"portfolio-entry-title entry-title\"><a href=\"https:\/\/www.zoomfestival.org\/en\/portfolio-item\/el-metode-fuentes\" title=\"El M\u00e8tode Fuentes\">El M\u00e8tode Fuentes<\/a><\/h2><div class=\"portfolio-entry-categories entry-categories wpex-clr\"><a href=\"https:\/\/www.zoomfestival.org\/en\/portfolio-category\/sports-en-5\" title=\"SPORTS\" class=\"term-353\">SPORTS<\/a><\/div><div class=\"portfolio-entry-excerpt entry-excerpt wpex-clr\"><p>Direction: Mireia Vicente Production\/TV: 3Cat Country: Spain Year: 2025 Genre\/sub-genre: Documental Channel: TV3 and 3Cat&hellip;<\/p><\/div><\/div><\/div><\/div><div class=\"portfolio-entry entry-has-details span_1_of_4 col col-2 post-26139 entry type-portfolio has-media cat-353 cat-347 translation_priority-255\"><div class=\"portfolio-entry-inner entry-inner wpex-clr\"><div class=\"portfolio-entry-media entry-media wpex-clr\"><a href=\"https:\/\/www.zoomfestival.org\/en\/portfolio-item\/ligualada-etern-la-llegenda-continua\" title=\"L&#8217;Igualada etern, la llegenda continua\" class=\"portfolio-entry-media-link\"><img class=\"portfolio-entry-img\" src=\"https:\/\/www.zoomfestival.org\/wp-content\/uploads\/2025\/10\/FOTO-2-e1761738162404-300x300.png\" data-no-retina width=\"300\" height=\"300\" \/><\/a><\/div><div class=\"portfolio-entry-details entry-details wpex-clr\"><h2 class=\"portfolio-entry-title entry-title\"><a href=\"https:\/\/www.zoomfestival.org\/en\/portfolio-item\/ligualada-etern-la-llegenda-continua\" title=\"L&#8217;Igualada etern, la llegenda continua\">L&#8217;Igualada etern, la llegenda continua<\/a><\/h2><div class=\"portfolio-entry-categories entry-categories wpex-clr\"><a href=\"https:\/\/www.zoomfestival.org\/en\/portfolio-category\/sports-en-5\" title=\"SPORTS\" class=\"term-353\">SPORTS<\/a><\/div><div class=\"portfolio-entry-excerpt entry-excerpt wpex-clr\"><p>Direction: Marina Garcia Paco Production\/TV: R\u00e0dio Igualada Country: Spain Year: 2025 Genre\/sub-genre: Sportive documental Channel:&hellip;<\/p><\/div><\/div><\/div><\/div><div class=\"portfolio-entry entry-has-details span_1_of_4 col col-3 post-26133 entry type-portfolio has-media cat-353 cat-347 translation_priority-255\"><div class=\"portfolio-entry-inner entry-inner wpex-clr\"><div class=\"portfolio-entry-media entry-media wpex-clr\"><a href=\"https:\/\/www.zoomfestival.org\/en\/portfolio-item\/morata-no-saben-quien-soy\" title=\"Morata: no saben qui\u00e9n soy\" class=\"portfolio-entry-media-link\"><img class=\"portfolio-entry-img\" src=\"https:\/\/www.zoomfestival.org\/wp-content\/uploads\/2025\/10\/4016691_M-Documentales_MORATA-NO-SABEN-QUIEN-SOY2-scaled-1-e1761738043907-300x300.jpg\" data-no-retina width=\"300\" height=\"300\" \/><\/a><\/div><div class=\"portfolio-entry-details entry-details wpex-clr\"><h2 class=\"portfolio-entry-title entry-title\"><a href=\"https:\/\/www.zoomfestival.org\/en\/portfolio-item\/morata-no-saben-quien-soy\" title=\"Morata: no saben qui\u00e9n soy\">Morata: no saben qui\u00e9n soy<\/a><\/h2><div class=\"portfolio-entry-categories entry-categories wpex-clr\"><a href=\"https:\/\/www.zoomfestival.org\/en\/portfolio-category\/sports-en-5\" title=\"SPORTS\" class=\"term-353\">SPORTS<\/a><\/div><div class=\"portfolio-entry-excerpt entry-excerpt wpex-clr\"><p>Direction: \u00c1lvaro Garc\u00eda Cuesta Production\/TV: FJX Media and The City Talking Country: Spain Year: 2025&hellip;<\/p><\/div><\/div><\/div><\/div><div class=\"portfolio-entry entry-has-details span_1_of_4 col col-4 post-26128 entry type-portfolio has-media cat-353 cat-347 translation_priority-255\"><div class=\"portfolio-entry-inner entry-inner wpex-clr\"><div class=\"portfolio-entry-media entry-media wpex-clr\"><a href=\"https:\/\/www.zoomfestival.org\/en\/portfolio-item\/revolucio-304\" title=\"Revoluci\u00f3 304\" class=\"portfolio-entry-media-link\"><img class=\"portfolio-entry-img\" src=\"https:\/\/www.zoomfestival.org\/wp-content\/uploads\/2025\/10\/verticalrevolucio304-e1761737914390-x.jpg\" data-no-retina \/><\/a><\/div><div class=\"portfolio-entry-details entry-details wpex-clr\"><h2 class=\"portfolio-entry-title entry-title\"><a href=\"https:\/\/www.zoomfestival.org\/en\/portfolio-item\/revolucio-304\" title=\"Revoluci\u00f3 304\">Revoluci\u00f3 304<\/a><\/h2><div class=\"portfolio-entry-categories entry-categories wpex-clr\"><a href=\"https:\/\/www.zoomfestival.org\/en\/portfolio-category\/sports-en-5\" title=\"SPORTS\" class=\"term-353\">SPORTS<\/a><\/div><div class=\"portfolio-entry-excerpt entry-excerpt wpex-clr\"><p>Direction: Xavi Torres, Jes\u00fas Mu\u00f1oz and Santi Padr\u00f3 Production\/TV: 3Cat Country: Spain Year: 2025 Genre\/sub-genre:&hellip;<\/p><\/div><\/div><\/div><\/div><div class=\"portfolio-entry entry-has-details span_1_of_4 col col-1 post-26130 entry type-portfolio has-media cat-353 cat-347 translation_priority-255\"><div class=\"portfolio-entry-inner entry-inner wpex-clr\"><div class=\"portfolio-entry-media entry-media wpex-clr\"><a href=\"https:\/\/www.zoomfestival.org\/en\/portfolio-item\/sylvie-frechette-la-memoria-submergida\" title=\"Sylvie Fr\u00e9chette, la mem\u00f2ria submergida\" class=\"portfolio-entry-media-link\"><img class=\"portfolio-entry-img\" src=\"https:\/\/www.zoomfestival.org\/wp-content\/uploads\/2025\/10\/Sylvie-Frechette2-e1761737960724.jpg\" data-no-retina width=\"300\" height=\"168\" \/><\/a><\/div><div class=\"portfolio-entry-details entry-details wpex-clr\"><h2 class=\"portfolio-entry-title entry-title\"><a href=\"https:\/\/www.zoomfestival.org\/en\/portfolio-item\/sylvie-frechette-la-memoria-submergida\" title=\"Sylvie Fr\u00e9chette, la mem\u00f2ria submergida\">Sylvie Fr\u00e9chette, la mem\u00f2ria submergida<\/a><\/h2><div class=\"portfolio-entry-categories entry-categories wpex-clr\"><a href=\"https:\/\/www.zoomfestival.org\/en\/portfolio-category\/sports-en-5\" title=\"SPORTS\" class=\"term-353\">SPORTS<\/a><\/div><div class=\"portfolio-entry-excerpt entry-excerpt wpex-clr\"><p>Direction: Marc Serra and Mireia Vicente Production\/TV: 3Cat Country: Spain Year: 2025 Genre\/subgenre: Report Channel:&hellip;<\/p><\/div><\/div><\/div><\/div><\/div><\/div>[\/vc_column][\/vc_row][vc_row][vc_column][vc_column_text]\n<div class=\"et_pb_column et_pb_column_3_4 et_pb_column_1 et-last-child\">\n<div class=\"et_pb_text et_pb_module et_pb_bg_layout_light et_pb_text_align_left et_pb_text_0\">\n<div class=\"et_pb_text_inner\">\n<h3>Children and youth<\/h3>\n<\/div>\n<\/div>\n<\/div>\n[\/vc_column_text]<div class=\"vcex-spacing\" style=\"height:30px\"><\/div><div class=\"vcex-module vcex-portfolio-grid-wrap wpex-clr\"><div class=\"wpex-row vcex-portfolio-grid wpex-clr entries gap-20\" data-transition-duration=\"0.0\"><div class=\"portfolio-entry entry-has-details span_1_of_4 col col-1 post-26052 entry type-portfolio has-media cat-362 cat-347 translation_priority-255\"><div class=\"portfolio-entry-inner entry-inner wpex-clr\"><div class=\"portfolio-entry-media entry-media wpex-clr\"><a href=\"https:\/\/www.zoomfestival.org\/en\/portfolio-item\/gent-eva\" title=\"Gent Eva\" class=\"portfolio-entry-media-link\"><img class=\"portfolio-entry-img\" src=\"https:\/\/www.zoomfestival.org\/wp-content\/uploads\/2025\/10\/3.Still_Alba_Parejo-e1761738898548-300x300.png\" data-no-retina width=\"300\" height=\"300\" \/><\/a><\/div><div class=\"portfolio-entry-details entry-details wpex-clr\"><h2 class=\"portfolio-entry-title entry-title\"><a href=\"https:\/\/www.zoomfestival.org\/en\/portfolio-item\/gent-eva\" title=\"Gent Eva\">Gent Eva<\/a><\/h2><div class=\"portfolio-entry-categories entry-categories wpex-clr\"><a href=\"https:\/\/www.zoomfestival.org\/en\/portfolio-category\/children-youth\" title=\"CHILDREN YOUTH\" class=\"term-362\">CHILDREN YOUTH<\/a><\/div><div class=\"portfolio-entry-excerpt entry-excerpt wpex-clr\"><p>Direction: Albert Pons Production\/TV: 3Cat in collaboration with Carmel Country: Spain Year: 2025 Genre\/sub-genre: Documental&hellip;<\/p><\/div><\/div><\/div><\/div><div class=\"portfolio-entry entry-has-details span_1_of_4 col col-2 post-26164 entry type-portfolio has-media cat-362 cat-347 translation_priority-255\"><div class=\"portfolio-entry-inner entry-inner wpex-clr\"><div class=\"portfolio-entry-media entry-media wpex-clr\"><a href=\"https:\/\/www.zoomfestival.org\/en\/portfolio-item\/lo-repte\" title=\"Lo Repte\" class=\"portfolio-entry-media-link\"><img class=\"portfolio-entry-img\" src=\"https:\/\/www.zoomfestival.org\/wp-content\/uploads\/2025\/10\/PVC03099-1-e1761739272603-300x300.jpeg\" data-no-retina width=\"300\" height=\"300\" \/><\/a><\/div><div class=\"portfolio-entry-details entry-details wpex-clr\"><h2 class=\"portfolio-entry-title entry-title\"><a href=\"https:\/\/www.zoomfestival.org\/en\/portfolio-item\/lo-repte\" title=\"Lo Repte\">Lo Repte<\/a><\/h2><div class=\"portfolio-entry-categories entry-categories wpex-clr\"><a href=\"https:\/\/www.zoomfestival.org\/en\/portfolio-category\/children-youth\" title=\"CHILDREN YOUTH\" class=\"term-362\">CHILDREN YOUTH<\/a><\/div><div class=\"portfolio-entry-excerpt entry-excerpt wpex-clr\"><p>Direction: Marc Gabernet and Alba Surrall\u00e9s Production\/TV: La Bombilla Media and 3Cat Country: Spain Year:&hellip;<\/p><\/div><\/div><\/div><\/div><div class=\"portfolio-entry entry-has-details span_1_of_4 col col-3 post-26162 entry type-portfolio has-media cat-362 cat-347 translation_priority-255\"><div class=\"portfolio-entry-inner entry-inner wpex-clr\"><div class=\"portfolio-entry-media entry-media wpex-clr\"><a href=\"https:\/\/www.zoomfestival.org\/en\/portfolio-item\/rally-steam\" title=\"Rally STEAM\" class=\"portfolio-entry-media-link\"><img class=\"portfolio-entry-img\" src=\"https:\/\/www.zoomfestival.org\/wp-content\/uploads\/2025\/10\/Rally-steam-1-e1761739180690-300x300.jpeg\" data-no-retina width=\"300\" height=\"300\" \/><\/a><\/div><div class=\"portfolio-entry-details entry-details wpex-clr\"><h2 class=\"portfolio-entry-title entry-title\"><a href=\"https:\/\/www.zoomfestival.org\/en\/portfolio-item\/rally-steam\" title=\"Rally STEAM\">Rally STEAM<\/a><\/h2><div class=\"portfolio-entry-categories entry-categories wpex-clr\"><a href=\"https:\/\/www.zoomfestival.org\/en\/portfolio-category\/children-youth\" title=\"CHILDREN YOUTH\" class=\"term-362\">CHILDREN YOUTH<\/a><\/div><div class=\"portfolio-entry-excerpt entry-excerpt wpex-clr\"><p>Direction: Eduardo Mu\u00f1oz Production\/TV: Canal Trece, BAQIN Country: Colombia Year: 2024 Genre\/sub-genere: Educative Channel: Canal&hellip;<\/p><\/div><\/div><\/div><\/div><div class=\"portfolio-entry entry-has-details span_1_of_4 col col-4 post-26159 entry type-portfolio has-media cat-362 cat-347 translation_priority-255\"><div class=\"portfolio-entry-inner entry-inner wpex-clr\"><div class=\"portfolio-entry-media entry-media wpex-clr\"><a href=\"https:\/\/www.zoomfestival.org\/en\/portfolio-item\/supercampus\" title=\"SuperCampus\" class=\"portfolio-entry-media-link\"><img class=\"portfolio-entry-img\" src=\"https:\/\/www.zoomfestival.org\/wp-content\/uploads\/2025\/10\/SCrodatge1-e1761739050397-300x300.jpeg\" data-no-retina width=\"300\" height=\"300\" \/><\/a><\/div><div class=\"portfolio-entry-details entry-details wpex-clr\"><h2 class=\"portfolio-entry-title entry-title\"><a href=\"https:\/\/www.zoomfestival.org\/en\/portfolio-item\/supercampus\" title=\"SuperCampus\">SuperCampus<\/a><\/h2><div class=\"portfolio-entry-categories entry-categories wpex-clr\"><a href=\"https:\/\/www.zoomfestival.org\/en\/portfolio-category\/children-youth\" title=\"CHILDREN YOUTH\" class=\"term-362\">CHILDREN YOUTH<\/a><\/div><div class=\"portfolio-entry-excerpt entry-excerpt wpex-clr\"><p>Direction: Albert Segura and Cristina Vill\u00e0 Production\u00f3\/TV: 3Cat + Benec\u00e9, Minoria Absoluta, Broadcaster, Alguna Pregunta,&hellip;<\/p><\/div><\/div><\/div><\/div><div class=\"portfolio-entry entry-has-details span_1_of_4 col col-1 post-25903 entry type-portfolio has-media cat-362 cat-347 translation_priority-255\"><div class=\"portfolio-entry-inner entry-inner wpex-clr\"><div class=\"portfolio-entry-media entry-media wpex-clr\"><a href=\"https:\/\/www.zoomfestival.org\/en\/portfolio-item\/tito\" title=\"Tit\u00f3\" class=\"portfolio-entry-media-link\"><img class=\"portfolio-entry-img\" src=\"https:\/\/www.zoomfestival.org\/wp-content\/uploads\/2025\/10\/maxresdefault-e1761738800184-300x300.jpg\" data-no-retina width=\"300\" height=\"300\" \/><\/a><\/div><div class=\"portfolio-entry-details entry-details wpex-clr\"><h2 class=\"portfolio-entry-title entry-title\"><a href=\"https:\/\/www.zoomfestival.org\/en\/portfolio-item\/tito\" title=\"Tit\u00f3\">Tit\u00f3<\/a><\/h2><div class=\"portfolio-entry-categories entry-categories wpex-clr\"><a href=\"https:\/\/www.zoomfestival.org\/en\/portfolio-category\/children-youth\" title=\"CHILDREN YOUTH\" class=\"term-362\">CHILDREN YOUTH<\/a><\/div><div class=\"portfolio-entry-excerpt entry-excerpt wpex-clr\"><p>Direction: Cristina Jim\u00e9nez Production\/TV: 3Cat Country: Spain Year: 2025 Genre\/sub-genre: Children's entertainment and humor Channel:&hellip;<\/p><\/div><\/div><\/div><\/div><\/div><\/div>[\/vc_column][\/vc_row][vc_row][vc_column][vc_raw_html]JTNDc3BhbiUyMGlkJTNEJTIycGFub3JhbWEtMjAyMSUyMiUzRSUzQyUyRnNwYW4lM0U=[\/vc_raw_html]<div class=\"vcex-spacing\" style=\"height:60px\"><\/div>[vc_column_text]\n<div class=\"et_pb_column et_pb_column_3_4 et_pb_column_1 et-last-child\">\n<div class=\"et_pb_text et_pb_module et_pb_bg_layout_light et_pb_text_align_left et_pb_text_0\">\n<div class=\"et_pb_text_inner\">\n<h1>Zoom KM0<\/h1>\n<\/div>\n<\/div>\n<\/div>\n[\/vc_column_text]<div class=\"vcex-spacing\" style=\"height:32px\"><\/div><div class=\"vcex-module vcex-portfolio-grid-wrap wpex-clr\"><div class=\"wpex-row vcex-portfolio-grid wpex-clr entries\" data-transition-duration=\"0.0\"><div class=\"portfolio-entry entry-has-details span_1_of_4 col col-1 post-26172 entry type-portfolio has-media cat-365 cat-347 cat-347 translation_priority-255\"><div class=\"portfolio-entry-inner entry-inner wpex-clr\"><div class=\"portfolio-entry-media entry-media wpex-clr\"><a href=\"https:\/\/www.zoomfestival.org\/en\/portfolio-item\/un-ligue-de-emergencia\" title=\"Un ligue de emergencia\" class=\"portfolio-entry-media-link\"><img width=\"1123\" height=\"1587\" src=\"https:\/\/www.zoomfestival.org\/wp-content\/uploads\/2025\/10\/Un-ligue-de-emergencia_Cartel-e1761815104132.jpg\" class=\"portfolio-entry-img\" alt=\"\" loading=\"lazy\" \/><\/a><\/div><div class=\"portfolio-entry-details entry-details wpex-clr\"><h2 class=\"portfolio-entry-title entry-title\"><a href=\"https:\/\/www.zoomfestival.org\/en\/portfolio-item\/un-ligue-de-emergencia\" title=\"Un ligue de emergencia\">Un ligue de emergencia<\/a><\/h2><div class=\"portfolio-entry-excerpt entry-excerpt wpex-clr\"><p>Direction: David Canto Production\/TV: Patricia Romera and Claudia Gastulo Country: Spain Year: 2025 Genre\/sub-genre: Comedy&hellip;<\/p><\/div><\/div><\/div><\/div><div class=\"portfolio-entry entry-has-details span_1_of_4 col col-2 post-26167 entry type-portfolio has-media cat-365 cat-347 cat-347 translation_priority-255\"><div class=\"portfolio-entry-inner entry-inner wpex-clr\"><div class=\"portfolio-entry-media entry-media wpex-clr\"><a href=\"https:\/\/www.zoomfestival.org\/en\/portfolio-item\/oriol\" title=\"Barcelona &#8211; Ciutat del Cap en moto\" class=\"portfolio-entry-media-link\"><img width=\"1276\" height=\"926\" src=\"https:\/\/www.zoomfestival.org\/wp-content\/uploads\/2025\/10\/Ciutat-del-Cap-en-moto-1.jpg\" class=\"portfolio-entry-img\" alt=\"\" loading=\"lazy\" srcset=\"https:\/\/www.zoomfestival.org\/wp-content\/uploads\/2025\/10\/Ciutat-del-Cap-en-moto-1.jpg 1276w, https:\/\/www.zoomfestival.org\/wp-content\/uploads\/2025\/10\/Ciutat-del-Cap-en-moto-1-300x218.jpg 300w, https:\/\/www.zoomfestival.org\/wp-content\/uploads\/2025\/10\/Ciutat-del-Cap-en-moto-1-1024x743.jpg 1024w, https:\/\/www.zoomfestival.org\/wp-content\/uploads\/2025\/10\/Ciutat-del-Cap-en-moto-1-768x557.jpg 768w\" sizes=\"(max-width: 1276px) 100vw, 1276px\" \/><\/a><\/div><div class=\"portfolio-entry-details entry-details wpex-clr\"><h2 class=\"portfolio-entry-title entry-title\"><a href=\"https:\/\/www.zoomfestival.org\/en\/portfolio-item\/oriol\" title=\"Barcelona &#8211; Ciutat del Cap en moto\">Barcelona &#8211; Ciutat del Cap en moto<\/a><\/h2><div class=\"portfolio-entry-excerpt entry-excerpt wpex-clr\"><p>Direction: Jaume Llansana Production\/TV: Rodam\u00f3n Country: Spain Year: 1975 Genre\/sub-genre: Adventures documental Canal: Durada: 45&hellip;<\/p><\/div><\/div><\/div><\/div><div class=\"portfolio-entry entry-has-details span_1_of_4 col col-3 post-26174 entry type-portfolio has-media cat-365 cat-347 cat-347 translation_priority-255\"><div class=\"portfolio-entry-inner entry-inner wpex-clr\"><div class=\"portfolio-entry-media entry-media wpex-clr\"><a href=\"https:\/\/www.zoomfestival.org\/en\/portfolio-item\/las-guardianas-del-lago\" title=\"Las guardianas del lago\" class=\"portfolio-entry-media-link\"><img width=\"1390\" height=\"987\" src=\"https:\/\/www.zoomfestival.org\/wp-content\/uploads\/2025\/10\/Lago.png\" class=\"portfolio-entry-img\" alt=\"\" loading=\"lazy\" srcset=\"https:\/\/www.zoomfestival.org\/wp-content\/uploads\/2025\/10\/Lago.png 1390w, https:\/\/www.zoomfestival.org\/wp-content\/uploads\/2025\/10\/Lago-300x213.png 300w, https:\/\/www.zoomfestival.org\/wp-content\/uploads\/2025\/10\/Lago-1024x727.png 1024w, https:\/\/www.zoomfestival.org\/wp-content\/uploads\/2025\/10\/Lago-768x545.png 768w\" sizes=\"(max-width: 1390px) 100vw, 1390px\" \/><\/a><\/div><div class=\"portfolio-entry-details entry-details wpex-clr\"><h2 class=\"portfolio-entry-title entry-title\"><a href=\"https:\/\/www.zoomfestival.org\/en\/portfolio-item\/las-guardianas-del-lago\" title=\"Las guardianas del lago\">Las guardianas del lago<\/a><\/h2><div class=\"portfolio-entry-excerpt entry-excerpt wpex-clr\"><p>Direction: Jose Ferulli Production\/TV: Nancy Gonz\u00e1lez and Josu\u00e9 Chavajay Country: Spain Year: 2024 Genre\/sub-genre: Documental&hellip;<\/p><\/div><\/div><\/div><\/div><div class=\"portfolio-entry entry-has-details span_1_of_4 col col-4 post-26170 entry type-portfolio has-media cat-365 cat-347 cat-347 translation_priority-255\"><div class=\"portfolio-entry-inner entry-inner wpex-clr\"><div class=\"portfolio-entry-media entry-media wpex-clr\"><a href=\"https:\/\/www.zoomfestival.org\/en\/portfolio-item\/contrapla\" title=\"Contrapl\u00e0\" class=\"portfolio-entry-media-link\"><img width=\"1920\" height=\"1080\" src=\"https:\/\/www.zoomfestival.org\/wp-content\/uploads\/2025\/10\/contrapla-f001957.png\" class=\"portfolio-entry-img\" alt=\"\" loading=\"lazy\" srcset=\"https:\/\/www.zoomfestival.org\/wp-content\/uploads\/2025\/10\/contrapla-f001957.png 1920w, https:\/\/www.zoomfestival.org\/wp-content\/uploads\/2025\/10\/contrapla-f001957-300x169.png 300w, https:\/\/www.zoomfestival.org\/wp-content\/uploads\/2025\/10\/contrapla-f001957-1024x576.png 1024w, https:\/\/www.zoomfestival.org\/wp-content\/uploads\/2025\/10\/contrapla-f001957-768x432.png 768w, https:\/\/www.zoomfestival.org\/wp-content\/uploads\/2025\/10\/contrapla-f001957-1536x864.png 1536w\" sizes=\"(max-width: 1920px) 100vw, 1920px\" \/><\/a><\/div><div class=\"portfolio-entry-details entry-details wpex-clr\"><h2 class=\"portfolio-entry-title entry-title\"><a href=\"https:\/\/www.zoomfestival.org\/en\/portfolio-item\/contrapla\" title=\"Contrapl\u00e0\">Contrapl\u00e0<\/a><\/h2><div class=\"portfolio-entry-excerpt entry-excerpt wpex-clr\"><p>Direction: Production\/TV: Country: Spain Year: 2025 Genre\/sub-genre: Channel: Duration: 5 min<\/p><\/div><\/div><\/div><\/div><\/div><\/div>[\/vc_column][\/vc_row][vc_row][vc_column][vc_raw_html]JTNDc3BhbiUyMGlkJTNEJTIycGFub3JhbWEtMjAyMSUyMiUzRSUzQyUyRnNwYW4lM0U=[\/vc_raw_html]<div class=\"vcex-spacing\" style=\"height:60px\"><\/div>[vc_column_text]\n<div class=\"et_pb_column et_pb_column_3_4 et_pb_column_1 et-last-child\">\n<div class=\"et_pb_text et_pb_module et_pb_bg_layout_light et_pb_text_align_left et_pb_text_0\">\n<div class=\"et_pb_text_inner\">\n<h1>Best Format for Gender Equality selectioned<\/h1>\n<\/div>\n<\/div>\n<\/div>\n[\/vc_column_text]<div class=\"vcex-spacing\" style=\"height:30px\"><\/div><div class=\"vcex-module vcex-portfolio-grid-wrap wpex-clr\"><div class=\"wpex-row vcex-portfolio-grid wpex-clr entries\" data-transition-duration=\"0.0\"><div class=\"portfolio-entry entry-has-details span_1_of_4 col col-1 post-26154 entry type-portfolio has-media cat-359 cat-347 translation_priority-255\"><div class=\"portfolio-entry-inner entry-inner wpex-clr\"><div class=\"portfolio-entry-media entry-media wpex-clr\"><a href=\"https:\/\/www.zoomfestival.org\/en\/portfolio-item\/tejiendo-rebeldias-mujeres-en-lucha\" title=\"Tejiendo rebeld\u00edas. Mujeres en lucha\" class=\"portfolio-entry-media-link\"><img width=\"1600\" height=\"1200\" src=\"https:\/\/www.zoomfestival.org\/wp-content\/uploads\/2025\/10\/Tejiendo-1-e1761738694258.jpg\" class=\"portfolio-entry-img\" alt=\"\" loading=\"lazy\" \/><\/a><\/div><div class=\"portfolio-entry-details entry-details wpex-clr\"><h2 class=\"portfolio-entry-title entry-title\"><a href=\"https:\/\/www.zoomfestival.org\/en\/portfolio-item\/tejiendo-rebeldias-mujeres-en-lucha\" title=\"Tejiendo rebeld\u00edas. Mujeres en lucha\">Tejiendo rebeld\u00edas. Mujeres en lucha<\/a><\/h2><div class=\"portfolio-entry-excerpt entry-excerpt wpex-clr\"><p>Direction: Pau Soler Domenech Production\/TV: Gruxofilms Country: Spain and Colombia Year: 2025 Genre\/sub-genre: Gender documental&hellip;<\/p><\/div><\/div><\/div><\/div><div class=\"portfolio-entry entry-has-details span_1_of_4 col col-2 post-26152 entry type-portfolio has-media cat-359 cat-347 translation_priority-255\"><div class=\"portfolio-entry-inner entry-inner wpex-clr\"><div class=\"portfolio-entry-media entry-media wpex-clr\"><a href=\"https:\/\/www.zoomfestival.org\/en\/portfolio-item\/natividad-zaro-en-voz-alta\" title=\"Natividad Zaro. En voz alta\" class=\"portfolio-entry-media-link\"><img width=\"1920\" height=\"1080\" src=\"https:\/\/www.zoomfestival.org\/wp-content\/uploads\/2025\/10\/NATIVIDAD-ZARO.-EN-VOZ-ALTA.-TITULO-e1761738616255.png\" class=\"portfolio-entry-img\" alt=\"\" loading=\"lazy\" \/><\/a><\/div><div class=\"portfolio-entry-details entry-details wpex-clr\"><h2 class=\"portfolio-entry-title entry-title\"><a href=\"https:\/\/www.zoomfestival.org\/en\/portfolio-item\/natividad-zaro-en-voz-alta\" title=\"Natividad Zaro. En voz alta\">Natividad Zaro. En voz alta<\/a><\/h2><div class=\"portfolio-entry-excerpt entry-excerpt wpex-clr\"><p>Direction: Vicky Calavia Production\/TV: Caladoc Producciones Country: Spain Year: 2024 Genre\/sub-genre: Documental Channel: Festivales Duration:&hellip;<\/p><\/div><\/div><\/div><\/div><div class=\"portfolio-entry entry-has-details span_1_of_4 col col-3 post-26150 entry type-portfolio has-media cat-359 cat-347 translation_priority-255\"><div class=\"portfolio-entry-inner entry-inner wpex-clr\"><div class=\"portfolio-entry-media entry-media wpex-clr\"><a href=\"https:\/\/www.zoomfestival.org\/en\/portfolio-item\/mis-ojos-de-china-en-portada\" title=\"Mis ojos de China &#8211; En Portada\" class=\"portfolio-entry-media-link\"><img width=\"1920\" height=\"1080\" src=\"https:\/\/www.zoomfestival.org\/wp-content\/uploads\/2025\/10\/MIS-OJOS-DE-CHINA-1-1-e1761738511167.png\" class=\"portfolio-entry-img\" alt=\"\" loading=\"lazy\" \/><\/a><\/div><div class=\"portfolio-entry-details entry-details wpex-clr\"><h2 class=\"portfolio-entry-title entry-title\"><a href=\"https:\/\/www.zoomfestival.org\/en\/portfolio-item\/mis-ojos-de-china-en-portada\" title=\"Mis ojos de China &#8211; En Portada\">Mis ojos de China &#8211; En Portada<\/a><\/h2><div class=\"portfolio-entry-excerpt entry-excerpt wpex-clr\"><p>Direction: Teresa Mart\u00edn Saez Production\/TV: RTVE Country: Spain Year: 2025 Genre\/sub-genre: Documental Channel: LA 2&hellip;<\/p><\/div><\/div><\/div><\/div><div class=\"portfolio-entry entry-has-details span_1_of_4 col col-4 post-26119 entry type-portfolio has-media cat-359 cat-347 cat-364 cat-347 translation_priority-255\"><div class=\"portfolio-entry-inner entry-inner wpex-clr\"><div class=\"portfolio-entry-media entry-media wpex-clr\"><a href=\"https:\/\/www.zoomfestival.org\/en\/portfolio-item\/et-faran-un-home\" title=\"Et faran un home\" class=\"portfolio-entry-media-link\"><img width=\"2560\" height=\"1440\" src=\"https:\/\/www.zoomfestival.org\/wp-content\/uploads\/2025\/10\/ET-FARAN-UN-HOME_1-scaled-e1761737649379.jpg\" class=\"portfolio-entry-img\" alt=\"\" loading=\"lazy\" \/><\/a><\/div><div class=\"portfolio-entry-details entry-details wpex-clr\"><h2 class=\"portfolio-entry-title entry-title\"><a href=\"https:\/\/www.zoomfestival.org\/en\/portfolio-item\/et-faran-un-home\" title=\"Et faran un home\">Et faran un home<\/a><\/h2><div class=\"portfolio-entry-excerpt entry-excerpt wpex-clr\"><p>Direction: Mireia Prats i Riera and Joan Torrents Puigvert Production\/TV: 3Cat Country: Spain Year: 2024&hellip;<\/p><\/div><\/div><\/div><\/div><div class=\"portfolio-entry entry-has-details span_1_of_4 col col-1 post-26142 entry type-portfolio has-media cat-359 cat-347 translation_priority-255\"><div class=\"portfolio-entry-inner entry-inner wpex-clr\"><div class=\"portfolio-entry-media entry-media wpex-clr\"><a href=\"https:\/\/www.zoomfestival.org\/en\/portfolio-item\/ellas-en-la-ciudad\" title=\"Ellas en la ciudad\" class=\"portfolio-entry-media-link\"><img width=\"1920\" height=\"1280\" src=\"https:\/\/www.zoomfestival.org\/wp-content\/uploads\/2025\/10\/EELC-13-09-2024_JUANI-172-e1761738278926.jpg\" class=\"portfolio-entry-img\" alt=\"\" loading=\"lazy\" \/><\/a><\/div><div class=\"portfolio-entry-details entry-details wpex-clr\"><h2 class=\"portfolio-entry-title entry-title\"><a href=\"https:\/\/www.zoomfestival.org\/en\/portfolio-item\/ellas-en-la-ciudad\" title=\"Ellas en la ciudad\">Ellas en la ciudad<\/a><\/h2><div class=\"portfolio-entry-excerpt entry-excerpt wpex-clr\"><p>Direction: Reyes Gallegos Prodction\/TV: Movistar Plus+ Country: Spain Year: 2025 Genre\/sub-genre: Documental Channel: Movistar Plus+&hellip;<\/p><\/div><\/div><\/div><\/div><div class=\"portfolio-entry entry-has-details span_1_of_4 col col-2 post-26145 entry type-portfolio has-media cat-359 cat-347 translation_priority-255\"><div class=\"portfolio-entry-inner entry-inner wpex-clr\"><div class=\"portfolio-entry-media entry-media wpex-clr\"><a href=\"https:\/\/www.zoomfestival.org\/en\/portfolio-item\/dones-en-lluita-la-serie\" title=\"Dones en lluita (la s\u00e8rie)\" class=\"portfolio-entry-media-link\"><img width=\"467\" height=\"684\" src=\"https:\/\/www.zoomfestival.org\/wp-content\/uploads\/2025\/10\/Dones-en-lluita-1poster-vertical-e1761738407946.jpg\" class=\"portfolio-entry-img\" alt=\"\" loading=\"lazy\" \/><\/a><\/div><div class=\"portfolio-entry-details entry-details wpex-clr\"><h2 class=\"portfolio-entry-title entry-title\"><a href=\"https:\/\/www.zoomfestival.org\/en\/portfolio-item\/dones-en-lluita-la-serie\" title=\"Dones en lluita (la s\u00e8rie)\">Dones en lluita (la s\u00e8rie)<\/a><\/h2><div class=\"portfolio-entry-excerpt entry-excerpt wpex-clr\"><p>Direction: Txell Feixas Torras Production\/TV: 3Cat production, produced by The Mediapro Studio, with the Development&hellip;<\/p><\/div><\/div><\/div><\/div><\/div><\/div>[\/vc_column][\/vc_row][vc_row][vc_column][vc_raw_html]JTNDc3BhbiUyMGlkJTNEJTIycGFub3JhbWEtMjAyMSUyMiUzRSUzQyUyRnNwYW4lM0U=[\/vc_raw_html]<div class=\"vcex-spacing\" style=\"height:60px\"><\/div>[vc_column_text]\n<div class=\"et_pb_column et_pb_column_3_4 et_pb_column_1 et-last-child\">\n<div class=\"et_pb_text et_pb_module et_pb_bg_layout_light et_pb_text_align_left et_pb_text_0\">\n<div class=\"et_pb_text_inner\">\n<h1>Showcase Short Forms<\/h1>\n<\/div>\n<\/div>\n<\/div>\n[\/vc_column_text][\/vc_column][\/vc_row][vc_row][vc_column width=&#8221;1\/4&#8243;][vc_column_text]\n<h3>Pol i Obe<\/h3>\n<p>Robert Abecasis<\/p>\n[\/vc_column_text]<div class=\"vcex-spacing\" style=\"height:30px\"><\/div>[\/vc_column][vc_column width=&#8221;1\/4&#8243;][vc_column_text]\n<h3>Josemi Online Animado<\/h3>\n<p>Josemi Online<\/p>\n[\/vc_column_text][\/vc_column][vc_column width=&#8221;1\/4&#8243;][vc_column_text]\n<h3>(<3)<\/h3>\n<p>Norbert Palaz\u00f3n<\/p>\n[\/vc_column_text][\/vc_column][vc_column width=&#8221;1\/4&#8243;][vc_column_text]\n<h3>Storytellings amb l\u2019Emma<\/h3>\n<p>Emma Soler<\/p>\n[\/vc_column_text][\/vc_column][\/vc_row][vc_row full_width=&#8221;stretch_row_content_no_spaces&#8221;][vc_column]<div class=\"vcex-spacing\" style=\"height:30px\"><\/div>[vc_separator][\/vc_column][\/vc_row]\n","protected":false},"excerpt":{"rendered":"<p>[vc_row full_width=&#8221;stretch_row_content_no_spaces&#8221;][vc_column][rev_slider_vc alias=&#8221;HOME-SLIDE&#8221;][\/vc_column][\/vc_row][vc_row][vc_column][vc_column_text] [\/vc_column_text][\/vc_column][\/vc_row][vc_row][vc_column][vc_column_text] Zoom Festival Sections [\/vc_column_text][\/vc_column][\/vc_row][vc_row][vc_column][vc_raw_html]JTNDc3BhbiUyMGlkJTNEJTIyc2VjY2lvLW9maWNpYWwtMjAyMCUyMiUzRSUzQyUyRnNwYW4lM0U=[\/vc_raw_html][vc_column_text] Oficial sections 2025 [\/vc_column_text][\/vc_column][\/vc_row][vc_row][vc_column][vc_column_text] Fiction TV-Movies [\/vc_column_text][\/vc_column][vc_column][vc_column_text] Fiction Series [\/vc_column_text][\/vc_column][\/vc_row][vc_row][vc_column][vc_column_text] Cultural [\/vc_column_text][\/vc_column][\/vc_row][vc_row][vc_column][vc_column_text] Entertainment [\/vc_column_text][\/vc_column][\/vc_row][vc_row][vc_column][vc_column_text] Informatives [\/vc_column_text][\/vc_column][\/vc_row][vc_row][vc_column][vc_column_text] Sportives [\/vc_column_text][\/vc_column][\/vc_row][vc_row][vc_column][vc_column_text] Children and youth [\/vc_column_text][\/vc_column][\/vc_row][vc_row][vc_column][vc_raw_html]JTNDc3BhbiUyMGlkJTNEJTIycGFub3JhbWEtMjAyMSUyMiUzRSUzQyUyRnNwYW4lM0U=[\/vc_raw_html][vc_column_text] Zoom KM0 [\/vc_column_text][\/vc_column][\/vc_row][vc_row][vc_column][vc_raw_html]JTNDc3BhbiUyMGlkJTNEJTIycGFub3JhbWEtMjAyMSUyMiUzRSUzQyUyRnNwYW4lM0U=[\/vc_raw_html][vc_column_text] Best Format for Gender Equality selectioned [\/vc_column_text][\/vc_column][\/vc_row][vc_row][vc_column][vc_raw_html]JTNDc3BhbiUyMGlkJTNEJTIycGFub3JhbWEtMjAyMSUyMiUzRSUzQyUyRnNwYW4lM0U=[\/vc_raw_html][vc_column_text]&hellip;<\/p>\n","protected":false},"author":8,"featured_media":0,"parent":0,"menu_order":0,"comment_status":"closed","ping_status":"closed","template":"templates\/no-sidebar.php","meta":{"_mi_skip_tracking":false},"_links":{"self":[{"href":"https:\/\/www.zoomfestival.org\/en\/wp-json\/wp\/v2\/pages\/26092"}],"collection":[{"href":"https:\/\/www.zoomfestival.org\/en\/wp-json\/wp\/v2\/pages"}],"about":[{"href":"https:\/\/www.zoomfestival.org\/en\/wp-json\/wp\/v2\/types\/page"}],"author":[{"embeddable":true,"href":"https:\/\/www.zoomfestival.org\/en\/wp-json\/wp\/v2\/users\/8"}],"replies":[{"embeddable":true,"href":"https:\/\/www.zoomfestival.org\/en\/wp-json\/wp\/v2\/comments?post=26092"}],"version-history":[{"count":2,"href":"https:\/\/www.zoomfestival.org\/en\/wp-json\/wp\/v2\/pages\/26092\/revisions"}],"predecessor-version":[{"id":26094,"href":"https:\/\/www.zoomfestival.org\/en\/wp-json\/wp\/v2\/pages\/26092\/revisions\/26094"}],"wp:attachment":[{"href":"https:\/\/www.zoomfestival.org\/en\/wp-json\/wp\/v2\/media?parent=26092"}],"curies":[{"name":"wp","href":"https:\/\/api.w.org\/{rel}","templated":true}]}}