{"id":9516,"date":"2018-07-10T16:09:47","date_gmt":"2018-07-10T14:09:47","guid":{"rendered":"https:\/\/www.zoomfestival.org\/arxiu\/palmares-historic\/"},"modified":"2025-02-21T10:40:52","modified_gmt":"2025-02-21T09:40:52","slug":"palmares-historic","status":"publish","type":"page","link":"https:\/\/www.zoomfestival.org\/en\/archive\/palmares-historic","title":{"rendered":"Palmar\u00e8s hist\u00f2ric"},"content":{"rendered":"[vc_row][vc_column]<div class=\"vcex-spacing\" style=\"height:40px\"><\/div>[vc_column_text]\n<h1 style=\"text-align: center;\">Palmar\u00e8s hist\u00f2ric<\/h1>\n[\/vc_column_text]<div class=\"vcex-spacing\" style=\"height:30px\"><\/div>[\/vc_column][\/vc_row][vc_row full_width=&#8221;stretch_row_content_no_spaces&#8221;][vc_column][vc_separator color=&#8221;black&#8221;]<div class=\"vcex-spacing\" style=\"height:30px\"><\/div>[\/vc_column][\/vc_row][vc_row][vc_column width=&#8221;1\/6&#8243;]<div class=\"vcex-spacing\" style=\"height:15px\"><\/div>[vc_column_text]\n<h2><strong>\u00a02024<\/strong><\/h2>\n<p>\n[\/vc_column_text][\/vc_column][vc_column width=&#8221;5\/6&#8243;]<div class=\"vcex-spacing\" style=\"height:15px\"><\/div>[vc_column_text]\n<h2>Palmar\u00e8s Premis Zoom |<strong> 22a edici\u00f3<\/strong><\/h2>\n<p>\n[\/vc_column_text]<div class=\"vcex-spacing\" style=\"height:30px\"><\/div>[\/vc_column][\/vc_row][vc_row][vc_column width=&#8221;2\/3&#8243;][vc_column_text]\n<h3>Premis de la Secci\u00f3 Oficial:<\/h3>\n<p><strong>Millor TV-Movie de Ficci\u00f3:<\/strong> <em>The Divine Madness Off Alda Merini<\/em> (Rai Italia, Jean Vigo)<br \/>\n<strong>Millor S\u00e8rie de Ficci\u00f3:<\/strong> <em>Rapa<\/em> (Movistar Plus+, Portocabo). Menci\u00f3 especial:<em> Dieciocho<\/em><br \/>\n<strong>Millor Programa d&#8217;Entreteniment: <\/strong><em>El consultorio de Berto<\/em> (Movistar Plus+, El Terrat &#8211; Grup Mediapro)<br \/>\n<strong>Millor Programa Cultural i Divulgatiu: <\/strong><em>Megamix Brutal<\/em> (Producciones del Barrio, 3Cat i RTVE). Menci\u00f3 especial:<em> More than a Museum<\/em><br \/>\n<strong>Millor Programa Informatiu:<\/strong> <em>Sense Ficci\u00f3: All\u00e0 on fa m\u00e9s mal <\/em>(3Cat). Menci\u00f3 especial:<em> Sense Ficci\u00f3: La fugida<\/em><br \/>\n<strong>Millor Programa Esportiu<\/strong>: <em>Selecci\u00f3n F: De clandestinas a campeonas <\/em>(RTVE)<\/p>\n<h3>Premis Zoom d&#8217;Honor:<\/h3>\n<p>M\u00f2nica Terribas i Santi Mill\u00e1n<\/p>\n<h3>Premi DO Catalunya al Millor Format de TV en catal\u00e0:<\/h3>\n<p><em>Hist\u00f2ries de la prim\u00e0ria<\/em> (3Cat, Inc\u00eds Films)<\/p>\n<h3>Premi al Millor Format per la Igualtat de G\u00e8nere: <\/h3>\n<p><em>Selecci\u00f3n F: De clandestinas a campeonas<\/em> (RTVE)<\/p>\n<h3>Premi Showcase Short Forms: <\/h3>\n<p><em>Trabajos Invisibles <\/em>(Santa Penya)<br \/>\n[\/vc_column_text]<div class=\"vcex-spacing\" style=\"height:30px\"><\/div>[\/vc_column][vc_column width=&#8221;1\/3&#8243;][vc_single_image image=&#8221;23856&#8243; css=&#8221;.vc_custom_1733130090105{padding-top: 10px !important;padding-bottom: 10px !important;}&#8221;][vc_single_image image=&#8221;24406&#8243; css=&#8221;.vc_custom_1733130116593{padding-top: 10px !important;padding-bottom: 10px !important;}&#8221;][vc_single_image image=&#8221;24323&#8243; css=&#8221;.vc_custom_1733130136041{padding-top: 10px !important;padding-bottom: 10px !important;}&#8221;][vc_single_image image=&#8221;24126&#8243; css=&#8221;.vc_custom_1733130154449{padding-top: 10px !important;padding-bottom: 10px !important;}&#8221;]<div class=\"vcex-spacing\" style=\"height:30px\"><\/div>[\/vc_column][\/vc_row][vc_row full_width=&#8221;stretch_row_content_no_spaces&#8221;][vc_column][vc_separator color=&#8221;black&#8221;]<div class=\"vcex-spacing\" style=\"height:30px\"><\/div>[\/vc_column][\/vc_row][vc_row][vc_column width=&#8221;1\/6&#8243;]<div class=\"vcex-spacing\" style=\"height:15px\"><\/div>[vc_column_text]\n<h2><strong>\u00a02023<\/strong><\/h2>\n[\/vc_column_text][\/vc_column][vc_column width=&#8221;5\/6&#8243;]<div class=\"vcex-spacing\" style=\"height:15px\"><\/div>[vc_column_text]\n<h2>Palmar\u00e8s Premis Zoom |<strong> 21a edici\u00f3<\/strong><\/h2>\n[\/vc_column_text]<div class=\"vcex-spacing\" style=\"height:30px\"><\/div>[\/vc_column][\/vc_row][vc_row][vc_column width=&#8221;2\/3&#8243;][vc_column_text]\n<h3>Premis de la Secci\u00f3 Oficial:<\/h3>\n<p><strong>MILLOR FORMAT FICCI\u00d3 TV-MOVIE:<\/strong><em> Mir\u00f3 <\/em>(Setm\u00e0gic Auiovidual, 3Cat, IB3 i \u00c0 Punt)<\/p>\n<p><strong>MILLOR FORMAT FICCI\u00d3 S\u00c8RIE:<\/strong><em> Cites Barcelona <\/em>(3Cat i Arca Audiovisual)<\/p>\n<p><strong>MILLOR FORMAT D&#8217;INFORMATIUS:<\/strong><em> Don\u2019t Come Back <\/em>(RAI, ARTE, Yuzu Productions, Indyca i ARPA Films)<\/p>\n<p><strong>MILLOR FORMAT CULTURAL I DIVULGATIU:<\/strong><em> Il\u00b7luminats<\/em> (3Cat).<strong> Menci\u00f3 especial:<\/strong><em> Mapes Mentals <\/em>(Inc\u00eds Films i RTVE Catalunya)<\/p>\n<p><strong>MILLOR FORMAT D&#8217;ESPORTS:<\/strong> <em>Unzu\u00e9, l\u2019\u00faltim equip del Juancar<\/em> (3Cat i A Contracorriente Films)<\/p>\n<p><strong>MILLOR FORMAT D&#8217;ENTRETENIMENT:<\/strong> <em>Quanta guerra!<\/em> (3cat). <strong>Menci\u00f3 especial:<\/strong><em> Aix\u00f2 no \u00e9s una can\u00e7\u00f3 <\/em>(3Cat i Brutal Media)<\/p>\n<h3>Premis Zoom d&#8217;Honor:<\/h3>\n<p>Jos\u00e9 Corbacho i Nina<\/p>\n<h3>Premi DO Catalunya al Millor Format de TV en catal\u00e0:<\/h3>\n<p><em>Mapes Mentals<\/em> (RTVE Catalunya i Inc\u00eds Films)<\/p>\n<h3>3r Premi CIMA-Festival Zoom per la igualtat de g\u00e8nere:<\/h3>\n<p><em>Sense ficci\u00f3: Bruixes, la gran mentida <\/em>(3Cat i S\u00e0piens)<\/p>\n<h3>Premis del 10\u00e8 Showcase de Pilots de Ficci\u00f3:<\/h3>\n<p><strong>PREMI DEL P\u00daBLIC-POPITAS: <\/strong><em>Encontrar la calma<\/em> d&#8217;Alex Ayres<\/p>\n<p><strong>PREMI DEL JURAT-DAMA: <\/strong>Exaequo <em>A Arte de ser (mal) pai<\/em> de Porco Brav\u00fa i<em> Trippieconte <\/em>de Santa Penya<\/p>\n<p><strong>PREMI ANTAVIANA:<\/strong> <em>Bruno&#038;Co<\/em>, d\u2019Alejo Levis i Bruno Oro.<\/p>\n[\/vc_column_text]<div class=\"vcex-spacing\" style=\"height:30px\"><\/div>[\/vc_column][vc_column width=&#8221;1\/3&#8243;][vc_single_image image=&#8221;22791&#8243; css=&#8221;.vc_custom_1701095415789{padding-top: 10px !important;padding-bottom: 10px !important;}&#8221;][vc_single_image image=&#8221;22622&#8243; css=&#8221;.vc_custom_1701095437861{padding-top: 10px !important;padding-bottom: 10px !important;}&#8221;][vc_single_image image=&#8221;22842&#8243; css=&#8221;.vc_custom_1701095521783{padding-top: 10px !important;padding-bottom: 10px !important;}&#8221;][vc_single_image image=&#8221;22826&#8243; css=&#8221;.vc_custom_1701095499589{padding-top: 10px !important;padding-bottom: 10px !important;}&#8221;][vc_single_image image=&#8221;22572&#8243; css=&#8221;.vc_custom_1701095461655{padding-top: 10px !important;padding-bottom: 10px !important;}&#8221;]<div class=\"vcex-spacing\" style=\"height:30px\"><\/div>[\/vc_column][\/vc_row][vc_row full_width=&#8221;stretch_row_content_no_spaces&#8221;][vc_column][vc_separator color=&#8221;black&#8221;]<div class=\"vcex-spacing\" style=\"height:30px\"><\/div>[\/vc_column][\/vc_row][vc_row][vc_column width=&#8221;1\/6&#8243;]<div class=\"vcex-spacing\" style=\"height:15px\"><\/div>[vc_column_text]\n<h2><strong>\u00a02022<\/strong><\/h2>\n[\/vc_column_text][\/vc_column][vc_column width=&#8221;5\/6&#8243;]<div class=\"vcex-spacing\" style=\"height:15px\"><\/div>[vc_column_text]\n<h2>Palmar\u00e8s Zoom Festival |<strong> 20a edici\u00f3<\/strong><\/h2>\n[\/vc_column_text]<div class=\"vcex-spacing\" style=\"height:30px\"><\/div>[\/vc_column][\/vc_row][vc_row][vc_column width=&#8221;2\/3&#8243;][vc_column_text]\n<h3>Premis de la Secci\u00f3 Oficial:<\/h3>\n<p><strong>MILLOR FORMAT FICCI\u00d3:<\/strong><em> Martha Liebermann <\/em>(2022, Stefan B\u00fchling).<\/p>\n<p><strong>MILLOR FORMAT D&#8217;INFORMATIUS:<\/strong><em> Balandrau, infern gla\u00e7at <\/em>(2021, TV3, Gorokoa i Lastor Media)<\/p>\n<p><strong>MILLOR FORMAT CULTURAL I DIVULGATIU:<\/strong><em> Caminos del Flamenco<\/em> (2022, RTVE).<strong> Menci\u00f3 especial:<\/strong><em> Anticossos <\/em>(2022, TV3)<\/p>\n<p><strong>MILLOR FORMAT D&#8217;ESPORTS:<\/strong> <em>T\u00f2fol Castanyer<\/em> (2022, Solworks i IB3)<\/p>\n<p><strong>MILLOR FORMAT D&#8217;ENTRETENIMENT:<\/strong> <em>Euf\u00f2ria<\/em> (2022, TV3 i Veranda). <strong>Menci\u00f3 especial:<\/strong><em> El Llop <\/em>(2022, Turru\u00e0 Ll\u00e0cer)<\/p>\n<p><strong>MILLOR VIDEOJOC:<\/strong> <em>Endling \u2013 Extinction is Forever<\/em> (2022, Herobeat Studios)<\/p>\n<h3>Premis Zoom d&#8217;Honor:<\/h3>\n<p>Antoni Bassas i Olga Viza<\/p>\n<h3>Premi DO Catalunya al Millor Format de TV en catal\u00e0:<\/h3>\n<p><em>Pica Lletres<\/em> (La Xarxa i Ant\u00e0rtida TV)<\/p>\n<h3>Premi CIMA-Festival Zoom per la igualtat de g\u00e8nere:<\/h3>\n<p><em>Femin\u00edstic <\/em>(Fibracat TV)<\/p>\n<h3>Premis del 9\u00e8 Showcase de Pilots de Ficci\u00f3:<\/h3>\n<p><strong>PREMI DEL P\u00daBLIC: <\/strong><em>Pocos, buenos y seguros<\/em> de Gorka Lasaosa i Ales Pay\u00e1<br \/>\n<strong>PREMI DEL JURAT: <\/strong><em>Pocos, buenos y seguros<\/em> de Gorka Lasaosa i Ales Pay\u00e1<\/p>\n[\/vc_column_text]<div class=\"vcex-spacing\" style=\"height:30px\"><\/div>[\/vc_column][vc_column width=&#8221;1\/3&#8243;][vc_single_image image=&#8221;20129&#8243; css=&#8221;.vc_custom_1669628133671{padding-top: 10px !important;padding-bottom: 10px !important;}&#8221;][vc_single_image image=&#8221;20340&#8243; css=&#8221;.vc_custom_1669628151528{padding-top: 10px !important;padding-bottom: 10px !important;}&#8221;][vc_single_image image=&#8221;20496&#8243; css=&#8221;.vc_custom_1669628257896{padding-top: 10px !important;padding-bottom: 10px !important;}&#8221;][vc_single_image image=&#8221;20413&#8243; css=&#8221;.vc_custom_1669628209775{padding-top: 10px !important;padding-bottom: 10px !important;}&#8221;][vc_single_image image=&#8221;20173&#8243; css=&#8221;.vc_custom_1669628233839{padding-top: 10px !important;padding-bottom: 10px !important;}&#8221;]<div class=\"vcex-spacing\" style=\"height:30px\"><\/div>[\/vc_column][\/vc_row][vc_row full_width=&#8221;stretch_row_content_no_spaces&#8221;][vc_column][vc_separator color=&#8221;black&#8221;]<div class=\"vcex-spacing\" style=\"height:30px\"><\/div>[\/vc_column][\/vc_row][vc_row][vc_column width=&#8221;1\/6&#8243;]<div class=\"vcex-spacing\" style=\"height:15px\"><\/div>[vc_column_text]\n<h2><strong>\u00a02021<\/strong><\/h2>\n[\/vc_column_text][\/vc_column][vc_column width=&#8221;5\/6&#8243;]<div class=\"vcex-spacing\" style=\"height:15px\"><\/div>[vc_column_text]\n<h2>Palmar\u00e8s Zoom Festival |<strong> 19a edici\u00f3<\/strong><\/h2>\n[\/vc_column_text]<div class=\"vcex-spacing\" style=\"height:30px\"><\/div>[\/vc_column][\/vc_row][vc_row][vc_column width=&#8221;2\/3&#8243;][vc_column_text]\n<h4>Premis de la Secci\u00f3 Oficial:<\/h4>\n<p><strong>MILLOR FORMAT FICCI\u00d3:<\/strong> <em>Carosello Carosone <\/em>(2021, Lucio Pellegrini). <strong>Menci\u00f3 especial:<\/strong> Help (2021, Marc Munden)<\/p>\n<p><strong>MILLOR FORMAT D&#8217;INFORMATIUS I ESPORTS:<\/strong> <em>Gen Playz <\/em>(2021, RTVE i The Story Lab).<\/p>\n<p><strong>MILLOR FORMAT CULTURAL I DIVULGATIU:<\/strong><em> El condensador de Fluzo <\/em>(2021, RTVE i Lacoproductora)<\/p>\n<p><strong>MILLOR FORMAT D&#8217;ENTRETENIMENT:<\/strong> <em>BSO con Emilio Arag\u00f3n<\/em> (2021, Caribe Estudio i Movistar +). <strong>Menci\u00f3 especial:<\/strong> <em>Radio Gaga<\/em> (2021, Movistar +)<\/p>\n<p><strong>MILLOR VIDEOJOC:<\/strong> <em>Hell of an Office<\/em> (2022, 43 Studios). <strong>Menci\u00f3 especial: <\/strong><em>CodedArena\u2122 <\/em>(2021, Coded People)<\/p>\n<h4>Premis Zoom d&#8217;Honor:<\/h4>\n<p>Joan Pera, Xavier Sard\u00e0 i la productora Kosmos Studios<\/p>\n<h4>Premi DO Catalunya al Millor Format de TV en catal\u00e0:<\/h4>\n<p><em>Cover <\/em>(2020, Mamba Media i TV3)<\/p>\n<h4>Premi CIMA-Festival Zoom per la igualtat de g\u00e8nere:<\/h4>\n<p><em>Oh my goig!<\/em> (Betev\u00e9 i Camille Zonca). <strong>Menci\u00f3 especial: <\/strong><em>Fibracat TV<\/em><\/p>\n<h4>Premis del 8\u00e8 Showcase de Pilots de Ficci\u00f3:<\/h4>\n<p><strong>Premi del P\u00fablic: <\/strong><em>Lourdes y Concha <\/em>(Mar\u00eda G\u00f3mez-Comino) i <strong>Premi del Jurat: <\/strong><em>Querida Conchi<\/em> (Rafael Esteban Trujillo, \u2018Rafillo\u2019)<\/p>\n<h4>Premi al Millor Streamer de l\u2019Any:<\/h4>\n<p>Ibai Llanos<\/p>\n<h4>Premi del Campionat de League of Legends:<\/h4>\n<p>Gaming Barcelona[\/vc_column_text]<div class=\"vcex-spacing\" style=\"height:30px\"><\/div>[\/vc_column][vc_column width=&#8221;1\/3&#8243;][vc_single_image image=&#8221;18557&#8243; css=&#8221;.vc_custom_1638187141855{padding-top: 10px !important;padding-bottom: 10px !important;}&#8221;][vc_single_image image=&#8221;18513&#8243; css=&#8221;.vc_custom_1638187592895{padding-top: 10px !important;padding-bottom: 10px !important;}&#8221;][vc_single_image image=&#8221;18177&#8243; css=&#8221;.vc_custom_1638187612286{padding-top: 10px !important;padding-bottom: 10px !important;}&#8221;][vc_single_image image=&#8221;17876&#8243; css=&#8221;.vc_custom_1638187638766{padding-top: 10px !important;padding-bottom: 10px !important;}&#8221;][vc_single_image image=&#8221;18048&#8243; css=&#8221;.vc_custom_1638187672257{padding-top: 10px !important;padding-bottom: 10px !important;}&#8221;]<div class=\"vcex-spacing\" style=\"height:30px\"><\/div>[\/vc_column][\/vc_row][vc_row full_width=&#8221;stretch_row_content_no_spaces&#8221;][vc_column][vc_separator color=&#8221;black&#8221;]<div class=\"vcex-spacing\" style=\"height:30px\"><\/div>[\/vc_column][\/vc_row][vc_row][vc_column width=&#8221;1\/6&#8243;]<div class=\"vcex-spacing\" style=\"height:15px\"><\/div>[vc_column_text]\n<h2><strong>\u00a02020<\/strong><\/h2>\n[\/vc_column_text][\/vc_column][vc_column width=&#8221;5\/6&#8243;]<div class=\"vcex-spacing\" style=\"height:15px\"><\/div>[vc_column_text]\n<h2>Palmar\u00e8s Zoom Festival |<strong> 18a edici\u00f3<\/strong><\/h2>\n[\/vc_column_text]<div class=\"vcex-spacing\" style=\"height:30px\"><\/div>[\/vc_column][\/vc_row][vc_row][vc_column width=&#8221;2\/3&#8243;][vc_column_text]\n<h4>Premis de la Secci\u00f3 Oficial:<\/h4>\n<p><strong>MILLOR FORMAT FICCI\u00d3:\u00a0<\/strong><em>Permette? Alberto Sordi<\/em>(It\u00e0lia, 2020)<strong><br \/>\nMenci\u00f3 especial<\/strong>: <em>Lockdown (<\/em>Pa\u00efsos Baixos, 2020)<\/p>\n<p><strong>MILLOR FORMAT INFORMATIU:<\/strong> <em>Cobertura especial \u2013 Mobilitizacions a Barcelona arran de la sent\u00e8ncia de l\u20191 d\u2019octubre<\/em>\u00a0(2019, betev\u00e9)<strong><br \/>\nMenci\u00f3 especial:<\/strong> <em>Senza Respiro<\/em> (2020, Rai Italia)<\/p>\n<p><strong>MILLOR FORMAT CULTURAL I DIVULGATIU:<\/strong><em> Eta, el final del silencio<\/em> (2019, Movistar+)<br \/>\n<strong>\u00a0 \u00a0 \u00a0 Menci\u00f3 especial<\/strong>:\u00a0<em>T\u00e9ntol<\/em> (2020, IB3)<strong><\/p>\n<p>MILLOR FORMAT ENTRETENIMENT:\u00a0<\/strong><em>Tab\u00fas\u00a0<\/em>(2020, TV3 i El Terrat)<\/p>\n<p><strong>MILLOR FORMAT ESPORTIU:<\/strong> <em>100&#215;100 Tito<\/em> (2020, Bar\u00e7a Studios)<br \/>\n<strong>\u00a0 \u00a0 \u00a0Menci\u00f3 especial:<\/strong> <em>NBA al dia<\/em> (Movistar+)<\/p>\n<h4>Premi d&#8217;Honor:<\/h4>\n<p>Jordi \u00c9vole<\/p>\n<h4>Premis dels estudiants:<\/h4>\n<p><strong>PREMI MILLOR YOUTUBER:<\/strong> Adolescentscat<br \/>\n<strong>PREMI MILLOR INSTAGRAMER:<\/strong> Stay Homas<\/p>\n<h4>Premi D.O. Catalunya al Millor Format de TV catal\u00e0:<\/h4>\n<p><em>Territori Contemporani<\/em> de Vall\u00e8s Oriental Televisi\u00f3<\/p>\n<h4>Premis del 7\u00e8 Showcase de Pilots de Ficci\u00f3:<\/h4>\n<p><strong>PREMI DEL P\u00daBLIC I PREMI DEL JURAT: <\/strong><em>Deivid&#038;Lisa<\/em>, d\u2019Alessandro di Rezo.<\/p>\n<h4>Premi Zoom a la Millor Producci\u00f3 Audiovisual del Confinament<\/h4>\n<p><em>Covid-19 Prison<\/em>, de Laura Cah\u00eds S\u00e1nchez<\/p>\n<h4>Premi \u201cConfinats en curt\u201d d\u2019\u00d2mnium Cultural<\/h4>\n<p><em>Confinats amb una nena de 4 anys<\/em> de Pol Mallafr\u00e9<\/p>\n[\/vc_column_text]<div class=\"vcex-spacing\" style=\"height:30px\"><\/div>[\/vc_column][vc_column width=&#8221;1\/3&#8243;][vc_single_image image=&#8221;14806&#8243; css=&#8221;.vc_custom_1606733905501{padding-top: 10px !important;padding-bottom: 10px !important;}&#8221;][vc_single_image image=&#8221;15171&#8243; css=&#8221;.vc_custom_1606733933549{padding-top: 10px !important;padding-bottom: 10px !important;}&#8221;][vc_single_image image=&#8221;16215&#8243; css=&#8221;.vc_custom_1606733962099{padding-top: 10px !important;padding-bottom: 10px !important;}&#8221;][vc_single_image image=&#8221;15127&#8243; css=&#8221;.vc_custom_1606733983614{padding-top: 10px !important;padding-bottom: 10px !important;}&#8221;][vc_single_image image=&#8221;16092&#8243; css=&#8221;.vc_custom_1606734017742{padding-top: 10px !important;padding-bottom: 10px !important;}&#8221;]<div class=\"vcex-spacing\" style=\"height:30px\"><\/div>[\/vc_column][\/vc_row][vc_row full_width=&#8221;stretch_row_content_no_spaces&#8221;][vc_column][vc_separator color=&#8221;black&#8221;]<div class=\"vcex-spacing\" style=\"height:30px\"><\/div>[\/vc_column][\/vc_row][vc_row][vc_column width=&#8221;1\/6&#8243;]<div class=\"vcex-spacing\" style=\"height:15px\"><\/div>[vc_column_text]\n<h2><strong>\u00a02019<\/strong><\/h2>\n[\/vc_column_text][\/vc_column][vc_column width=&#8221;5\/6&#8243;]<div class=\"vcex-spacing\" style=\"height:15px\"><\/div>[vc_column_text]\n<h2>Palmar\u00e8s Zoom Festival |<strong> 17a edici\u00f3<\/strong><\/h2>\n[\/vc_column_text]<div class=\"vcex-spacing\" style=\"height:30px\"><\/div>[\/vc_column][\/vc_row][vc_row][vc_column width=&#8221;2\/3&#8243;][vc_column_text]\n<h4>Premis de la Secci\u00f3 Oficial:<\/h4>\n<p><strong>MILLOR FORMAT FICCI\u00d3:\u00a0<\/strong><em>Rufmord <\/em>(Alemanya, 2018)<br \/>\n<strong>\u00a0 \u00a0 \u00a0 Menci\u00f3 especial<\/strong>: <em>La compagnia del cigno (<\/em>Rai)<br \/>\n<strong>MILLOR FORMAT INFORMATIU:<\/strong> <em>30 minuts<\/em>\u00a0(TV3)<br \/>\n<strong>MILLOR FORMAT CULTURAL I DIVULGATIU:<\/strong><em> Oh my goig, la s\u00e8rie<\/em> (Betev\u00e9)<br \/>\n<strong>\u00a0 \u00a0 \u00a0 Menci\u00f3 especial<\/strong>:\u00a0<em>M\u00f3nica y el sexo<\/em> (Cuatro)<strong><br \/>\nMILLOR FORMAT ENTRETENIMENT:\u00a0<\/strong><em>Drag Sos\u00a0<\/em>(Hattrick Entertainment i Channel 4) i <em>El cielo puede esperar<\/em> (Movistar+ i Lacoproductora)<br \/>\n<strong>MILLOR FORMAT ESPORTIU:<\/strong> <em>Le ragazze Mondiali<\/em> (Rai)<br \/>\n<strong>\u00a0 \u00a0 \u00a0Menci\u00f3 especial:<\/strong> <em>Informe Robinson<\/em> (Movistar+)<\/p>\n<h4>Premi d&#8217;Honor:<\/h4>\n<p>Mari Pau Huguet<br \/>\nCanal #0 de Movistar+<\/p>\n<h4>Premi Auguri Sita Murt:<\/h4>\n<p>Candela Figueras<\/p>\n<h4>Premis dels estudiants:<\/h4>\n<p><strong>PREMI MILLOR YOUTUBER:<\/strong> Luc Lor\u00e9n<br \/>\n<strong>PREMI MILLOR INSTAGRAMER:<\/strong> Pau Clavero<\/p>\n<h4>Premi D.O. Catalunya al Millor Format de TV catal\u00e0:<\/h4>\n<p><em>El Brot, 25 passejades liter\u00e0ries<\/em> (RTV Vilafranca + L&#8217;Odissea)<\/p>\n<h4>Premis del 6\u00e8 Showcase de Pilots de Ficci\u00f3:<\/h4>\n<p><strong>PREMI DEL P\u00daBLIC:<\/strong> <em>Com a casa<\/em> de Pol Masvidal i Sergi Ricart<br \/>\n<strong>PREMI DEL JURAT:<\/strong> <em>Nunca nos dijeron la verdad<\/em> de Rosa Blas i <em>La vieja estrella<\/em> de Marc Gonz\u00e1lez[\/vc_column_text]<div class=\"vcex-spacing\" style=\"height:30px\"><\/div>[\/vc_column][vc_column width=&#8221;1\/3&#8243;][vc_single_image image=&#8221;12122&#8243; css=&#8221;.vc_custom_1575300647237{padding-top: 10px !important;padding-bottom: 10px !important;}&#8221;][vc_single_image image=&#8221;12600&#8243; css=&#8221;.vc_custom_1575300719001{padding-top: 10px !important;padding-bottom: 10px !important;}&#8221;][vc_single_image image=&#8221;12482&#8243; css=&#8221;.vc_custom_1575300747927{padding-top: 10px !important;padding-bottom: 10px !important;}&#8221;][vc_single_image image=&#8221;12485&#8243; css=&#8221;.vc_custom_1575300801935{padding-top: 10px !important;padding-bottom: 10px !important;}&#8221;][vc_single_image image=&#8221;12620&#8243; css=&#8221;.vc_custom_1575300823743{padding-top: 10px !important;padding-bottom: 10px !important;}&#8221;]<div class=\"vcex-spacing\" style=\"height:30px\"><\/div>[\/vc_column][\/vc_row][vc_row full_width=&#8221;stretch_row_content_no_spaces&#8221;][vc_column]<div class=\"vcex-spacing\" style=\"height:60px\"><\/div>[vc_separator color=&#8221;black&#8221;][\/vc_column][\/vc_row][vc_row el_id=&#8221;palmares-2018&#8243;][vc_column width=&#8221;1\/6&#8243;]<div class=\"vcex-spacing\" style=\"height:15px\"><\/div>[vc_column_text]\n<h2><strong>\u00a02018<\/strong><\/h2>\n[\/vc_column_text][\/vc_column][vc_column width=&#8221;5\/6&#8243;]<div class=\"vcex-spacing\" style=\"height:15px\"><\/div>[vc_column_text]\n<h2>Palmar\u00e8s Zoom Festival |<strong> 16a edici\u00f3<\/strong><\/h2>\n[\/vc_column_text][\/vc_column][\/vc_row][vc_row][vc_column]<div class=\"vcex-spacing\" style=\"height:30px\"><\/div>[\/vc_column][\/vc_row][vc_row][vc_column width=&#8221;1\/2&#8243;]<div class=\"vcex-spacing\" style=\"height:10px\"><\/div>[vc_column_text]\n<h3><strong>Premi Millor Pel\u00b7l\u00edcula del jurat oficial<\/strong><\/h3>\n<p><strong>LE TEMPS DES \u00c9GAR\u00c9S<\/strong><strong>\u00a0<\/strong>(Fran\u00e7a, 2017) de <strong>Virginie Sauveur<\/strong> \u00e9s\u00a0una ficci\u00f3 dram\u00e0tica que s\u2019endinsa en una realitat ben real i actual: el drama dels refugiats des de l\u2019\u00f2ptica de Fran\u00e7a.\u00a0La Sira \u00e9s una ex refugiada, parla sis idiomes i treballa com a traductora per OFPRA, l\u2019Oficina Francesa per a la Protecci\u00f3 de Refugiats i Ap\u00e0trides, responsable d\u2019aplicar els dictats de la Convenci\u00f3 de Ginebra. Malgrat tot, no dubta a extorsionar enormes quantitats de diners dels refugiats que busquen asil a Fran\u00e7a. Si b\u00e9 la hist\u00f2ria \u00e9s fict\u00edcia, el dram\u00e0tic dest\u00ed i la crueltat imposada als refugiats s\u2019aborden amb gran precisi\u00f3.[\/vc_column_text]<div class=\"vcex-spacing\" style=\"height:30px\"><\/div>[\/vc_column][vc_column width=&#8221;1\/2&#8243;]<div class=\"vcex-spacing\" style=\"height:60px\"><\/div>[vc_single_image image=&#8221;11483&#8243;]<div class=\"vcex-spacing\" style=\"height:30px\"><\/div>[\/vc_column][\/vc_row][vc_row][vc_column][vc_column_text]<strong>PREMI MILLOR DIRECCI\u00d3 DEL JURAT OFICIAL:<\/strong> Attila Sz\u00e1sz per\u00a0<em>\u00d6r\u00f6k t\u00e9l<\/em><br \/>\n<strong>PREMI MILLOR GUI\u00d3 DEL JURAT OFICIAL: <\/strong>Max Eipp i Mark Monheim per\u00a0<em>Alles Isy<\/em><br \/>\n<strong>PREMI MILLOR INTERPRETACI\u00d3 DEL JURAT OFICIAL: <\/strong>Claudia Tagbo per\u00a0<em>Le temps des \u00e9gar\u00e9s<\/em><br \/>\n<strong>PREMI DO CATALUNYA:\u00a0<\/strong><em>La dona del segle <\/em>de S\u00edlvia Quer<br \/>\n<strong>PREMI ZOOM DE FORMATS DE TV A LA MILLOR CONDUCCI\u00d3 DE PROGRAMA: <\/strong>Laura Rosel<br \/>\n<strong>PREMI ZOOM DE FORMATS DE TV AL MILLOR FORMAT CONSOLIDAT: <\/strong><em>Pol\u00f2nia<\/em><br \/>\n<strong>PREMI ZOOM DE FORMATS DE TV AL MILLOR NOU FORMAT: <\/strong><em>La Resistencia<\/em><br \/>\n<strong>PREMI D&#8217;HONOR:<\/strong> Mercedes Mil\u00e0<br \/>\n<strong>PREMI D&#8217;HONOR: <\/strong>Canal ARTE<br \/>\n<strong>PREMI SERVISIM\u00d3 TU ETS LA TELE<\/strong><strong>:\u00a0<\/strong><em>Cu\u00e9ntame c\u00f3mo pas\u00f3<br \/>\n<\/em><strong>PREMI AUGURI SITA MURT: <\/strong><em>Candela Serrat<\/em><br \/>\n<strong>PREMI DEL JURAT DEL SHOWCASE AL MILLOR PILOT DE FICCI\u00d3:\u00a0<\/strong><em>Yo no soy esa<br \/>\n<\/em><strong>PREMI DEL P\u00daBLIC DEL SHOWCASE AL MILLOR PILOT DE FICCI\u00d3:\u00a0<\/strong><em>La Libertaria<br \/>\n<\/em><strong>PREMI DEL JURAT VELL A LA MILLOR PEL\u00cdCULA:\u00a0<\/strong><em>Le temps des \u00e9gar\u00e9s <\/em>de Virginie Sauveur<em><br \/>\n<\/em><strong>PREMI DEL JURAT JOVE A LA MILLOR PEL\u00cdCULA:\u00a0<\/strong><em>La dona del segle<\/em>\u00a0<em>de S\u00edlvia Quer<br \/>\n<\/em>[\/vc_column_text][\/vc_column][\/vc_row][vc_row full_width=&#8221;stretch_row_content_no_spaces&#8221;][vc_column]<div class=\"vcex-spacing\" style=\"height:60px\"><\/div>[vc_separator color=&#8221;black&#8221;][\/vc_column][\/vc_row][vc_row][vc_column width=&#8221;1\/6&#8243;]<div class=\"vcex-spacing\" style=\"height:15px\"><\/div>[vc_column_text]\n<h2><strong>\u00a02017<\/strong><\/h2>\n[\/vc_column_text][\/vc_column][vc_column width=&#8221;5\/6&#8243;]<div class=\"vcex-spacing\" style=\"height:15px\"><\/div>[vc_column_text]\n<h2>Palmar\u00e8s Zoom Festival |<strong> 15a edici\u00f3<\/strong><\/h2>\n[\/vc_column_text][\/vc_column][\/vc_row][vc_row][vc_column width=&#8221;1\/2&#8243;]<div class=\"vcex-spacing\" style=\"height:10px\"><\/div>[vc_column_text]\n<h3><strong>Premi Millor Pel\u00b7l\u00edcula del jurat oficial<\/strong><\/h3>\n<p><a href=\"https:\/\/www.zoomfestival.org\/portfolio-item\/charite\" target=\"_blank\" rel=\"noopener noreferrer\"><strong>CHARIT\u00c9<\/strong><\/a><strong>\u00a0<\/strong>(Rep\u00fablica Txeca, 2016) de\u00a0<strong>S\u00f6nke Wortmann<\/strong>\u00a0\u00e9s una minis\u00e8rie\u00a0d\u2019\u00e8poca ambientada l\u2019any 1888 que narra hist\u00f2ries de pacients i treballadors del Berlin Charit\u00e9. Aquest\u00a0centre m\u00e8dic\u00a0acull, entre d\u2019altres, l\u2019Ida Lenze, una jove mainadera amb apendicitis aguda, que se sotmet a una nova i perillosa operaci\u00f3 i el pr\u00edncep Friedrich, que ha de fer front a un\u00a0possible c\u00e0ncer de laringe.[\/vc_column_text]<div class=\"vcex-spacing\" style=\"height:30px\"><\/div>[\/vc_column][vc_column width=&#8221;1\/2&#8243;]<div class=\"vcex-spacing\" style=\"height:60px\"><\/div>[vc_single_image image=&#8221;9522&#8243;]<div class=\"vcex-spacing\" style=\"height:30px\"><\/div>[\/vc_column][\/vc_row][vc_row][vc_column][vc_column_text]<strong>PREMI MILLOR DIRECCI\u00d3 DEL JURAT OFICIAL:<\/strong> Silvia Munt\u00a0per\u00a0<em><a href=\"https:\/\/www.zoomfestival.org\/portfolio-item\/vida-privada\" target=\"_blank\" rel=\"noopener noreferrer\">Vida Privada<\/a><\/em>\u00a0(Espanya, 2017)<br \/>\n<strong>PREMI MILLOR GUI\u00d3 DEL JURAT OFICIAL: <\/strong>Luca Manfredi, Elio Germano i Dido Castelliper\u00a0<em><a href=\"https:\/\/www.zoomfestival.org\/portfolio-item\/in-arte-nino\" target=\"_blank\" rel=\"noopener noreferrer\">In arte Nino<\/a><\/em>\u00a0(It\u00e0lia, 2016)<br \/>\n<strong>PREMI MILLOR INTERPRETACI\u00d3 DEL JURAT OFICIAL: <\/strong>Pablo Derqui\u00a0per\u00a0<a href=\"https:\/\/www.zoomfestival.org\/portfolio-item\/vida-privada\" target=\"_blank\" rel=\"noopener noreferrer\"><em>Vida Privada<\/em><\/a>\u00a0(Espanya, 2017)<br \/>\n<strong>PREMI SERVISIM\u00d3 A LA MILLOR S\u00c8RIE ESPANYOLA: <\/strong><em>Nit i Dia<\/em>\u00a0dels creadors\u00a0Jordi Galceran i Llu\u00eds Arcarazo, dirigida per\u00a0Manuel Huerga<br \/>\n<strong>PREMI D\u2019HONOR: <\/strong>\u00c0ngel Casas<br \/>\n<strong>PREMI TU ETS LA TELE: <\/strong>programa <em>Saber y ganar<\/em>, presentat per\u00a0Jordi Hurtado<br \/>\n<strong>PREMI AUGURI SITA MURT: <\/strong>Bruna Cus\u00ed<br \/>\n<strong>PREMI DO A LA MILLOR COPRODUCCI\u00d3 CATALANA: <\/strong><em>La Llum d\u2019Elna<\/em>\u00a0de\u00a0S\u00edlvia Quer.<br \/>\n<strong>PREMI DEL JURAT DEL SHOWCASE DE PILOTS DE FICCI\u00d3, PATROCINAT PER ULTRAMAGIC BALLOONS: <\/strong><em>Berlineses<\/em> de\u00a0Pedro Deltell, Paula Galimberti i\u00a0Gonzalo Pi\u00f1\u00e1n.<br \/>\n<strong>PREMI DEL PUBLIC DEL SHOWCASE DE PILOTS DE FICCI\u00d3, PAROCINAT PER FILMIN: <\/strong><em>Clito<\/em> de\u00a0Pol L\u00f3pez<br \/>\n<strong>PREMI DEL JURAT JOVE A LA MILLOR PEL\u00cdCULA DE LA SECCI\u00d3 OFICIAL: <\/strong><a href=\"https:\/\/www.zoomfestival.org\/portfolio-item\/charite\" target=\"_blank\" rel=\"noopener noreferrer\"><em>Charit\u00e9<\/em>\u00a0<\/a>de\u00a0S\u00f6nke Wortmann<br \/>\n<strong>PREMI DE LA SECCI\u00d3 ZOOM JOVE:\u00a0<\/strong><em><a href=\"https:\/\/www.zoomfestival.org\/zoom-jove-2017\/\" target=\"_blank\" rel=\"noopener noreferrer\">Les nenes bones<\/a><\/em>\u00a0de\u00a0Clara Roquet[\/vc_column_text][\/vc_column][\/vc_row][vc_row full_width=&#8221;stretch_row_content_no_spaces&#8221;][vc_column]<div class=\"vcex-spacing\" style=\"height:60px\"><\/div>[vc_separator color=&#8221;black&#8221;][\/vc_column][\/vc_row][vc_row][vc_column][vc_column_text]\n[\/vc_column_text][\/vc_column][\/vc_row][vc_row el_id=&#8221;palmares-2016&#8243;][vc_column width=&#8221;1\/6&#8243;]<div class=\"vcex-spacing\" style=\"height:15px\"><\/div>[vc_column_text]\n<h2><strong>\u00a02016<\/strong><\/h2>\n[\/vc_column_text][\/vc_column][vc_column width=&#8221;5\/6&#8243;]<div class=\"vcex-spacing\" style=\"height:15px\"><\/div>[vc_column_text]\n<h2>Palmar\u00e8s Zoom Festival |<strong> 14a edici\u00f3<\/strong><\/h2>\n[\/vc_column_text][\/vc_column][\/vc_row][vc_row][vc_column]<div class=\"vcex-spacing\" style=\"height:30px\"><\/div>[\/vc_column][\/vc_row][vc_row][vc_column width=&#8221;1\/2&#8243;]<div class=\"vcex-spacing\" style=\"height:10px\"><\/div>[vc_column_text]\n<h3><strong>Premi Millor Pel\u00b7l\u00edcula del jurat oficial<\/strong><\/h3>\n<p><strong>FREISTATT <\/strong>(2015), de <strong>Marc Brummund. <\/strong>Pel\u00b7l\u00edcula basada en fets reals, sobre la lluita d\u2019un nen per salvar les restes d\u2019humanitat i dignitat en un sistema social opressiu. Mentre Alemanya entra en una nova era de llibertat, en Wolfgang, un noi rebel de catorze anys, \u00e9s enviat a Freistatt, un internat per a nens dif\u00edcils. All\u00e0 ser\u00e0 \u201ceducat\u201d per convertir-se en un noi decent. En Wolfgang es resisteix enfront de les brutals condicions i els p\u00e8rfids m\u00e8todes educatius dels tutors. No deixar\u00e0 que el sotmetin. Per\u00f2 quant de temps podr\u00e0 suportar aquesta resist\u00e8ncia enfront del sistema de viol\u00e8ncia i opressi\u00f3 sense tornar-se inhum\u00e0?[\/vc_column_text]<div class=\"vcex-spacing\" style=\"height:30px\"><\/div>[\/vc_column][vc_column width=&#8221;1\/2&#8243;]<div class=\"vcex-spacing\" style=\"height:60px\"><\/div>[vc_single_image image=&#8221;1743&#8243;]<div class=\"vcex-spacing\" style=\"height:30px\"><\/div>[\/vc_column][\/vc_row][vc_row][vc_column]<div class=\"vcex-spacing\" style=\"height:30px\"><\/div>[\/vc_column][\/vc_row][vc_row][vc_column][vc_column_text]<strong>PREMI AL MILLOR CURTMETRATGE: <\/strong>Infesto.<br \/>\n<strong>PREMI DEL JURAT AL MILLOR PILOT DE FICCI\u00d3: <\/strong>Showbusiness.<br \/>\n<strong>PREMI DEL P\u00daBLIC AL MILLOR PILOT DE FICCI\u00d3: <\/strong>La Leyenda de la Princesa Tetasuko.<br \/>\n<strong>PREMI AUGURI SITA MURT: <\/strong>J\u00falia Molins.<br \/>\n<strong>PREMI D\u2019HONOR: <\/strong>Club S\u00faper 3.<br \/>\n<strong>PREMI D\u2019HONOR: <\/strong>M\u00f2nica Randall.<br \/>\n<strong>PREMI DO CATALUNYA: <\/strong>Laia.<br \/>\n<strong>PREMI JURAT JOVE A LA MILLOR PEL\u00b7L\u00cdCULA PER TV: <\/strong>Birthday.<br \/>\n<strong>PREMI A LA MILLOR S\u00c8RIE ESPANYOLA: <\/strong>Merl\u00ed.<br \/>\n<strong>PREMI AL MILLOR GUI\u00d3: <\/strong>Birthday.<br \/>\n<strong>PREMI A LA MILLOR INTERPRETACI\u00d3: <\/strong>F\u00e9lvil\u00e1g | Premi EX AEQUO per a Patricia K\u00f3vacs i Dorka Gryullus.<br \/>\n<strong>PREMI AL MILLOR DIRECTOR: <\/strong>Rom\u00e1n Parrado per a Ebre, Del Bressol a la Batalla.[\/vc_column_text][\/vc_column][\/vc_row][vc_row full_width=&#8221;stretch_row_content_no_spaces&#8221;][vc_column]<div class=\"vcex-spacing\" style=\"height:60px\"><\/div>[vc_separator color=&#8221;black&#8221;][\/vc_column][\/vc_row][vc_row el_id=&#8221;palmares-2015&#8243;][vc_column width=&#8221;1\/6&#8243;]<div class=\"vcex-spacing\" style=\"height:15px\"><\/div>[vc_column_text]\n<h2><strong>\u00a02015<\/strong><\/h2>\n[\/vc_column_text][\/vc_column][vc_column width=&#8221;5\/6&#8243;]<div class=\"vcex-spacing\" style=\"height:15px\"><\/div>[vc_column_text]\n<h2>Palmar\u00e8s Zoom Festival |<strong> 13a edici\u00f3<\/strong><\/h2>\n[\/vc_column_text][\/vc_column][\/vc_row][vc_row][vc_column]<div class=\"vcex-spacing\" style=\"height:30px\"><\/div>[\/vc_column][\/vc_row][vc_row][vc_column width=&#8221;1\/2&#8243;]<div class=\"vcex-spacing\" style=\"height:10px\"><\/div>[vc_column_text]\n<h3><strong>Premi Millor Pel\u00b7l\u00edcula del jurat oficial<\/strong><\/h3>\n<p><strong>CLARA IMMERWAHR <\/strong>(\u00c0ustria-Alemanya, 2014) del director <strong>Harald Sicheritz<\/strong>, \u00e9s una pell\u00edcula biogr\u00e0fica que explica la vida de la primera dona de la Universitat de Breslau que va obtenir un doctorat, la Clara Immerwahr. Tot i que se suposava que el seu lloc era a la cuina, ella va perseguir el seu somni de convertir-se en cient\u00edfica. Per\u00f2, en casar-se amb el qu\u00edmic Fritz Haber, la seva vida comen\u00e7a a caure en una crisi existencial perqu\u00e8 es converteix en una simple assistent d\u2019ell. A m\u00e9s Haber traeix el seu objectiu d\u2019utilitzar la qu\u00edmica per al b\u00e9 de la humanitat i desenvolupa un gas verin\u00f3s emprat per l\u2019ex\u00e8rcit alemany en la I Guerra Mundial. El film mostra com Clara Immerwahr fou una dona pionera, pacifista i activista dels drets de les dones. Motius que la van portar a enfrontar-se al seu marit i a ser considerada una tra\u00efdora de la p\u00e0tria.[\/vc_column_text]<div class=\"vcex-spacing\" style=\"height:30px\"><\/div>[\/vc_column][vc_column width=&#8221;1\/2&#8243;]<div class=\"vcex-spacing\" style=\"height:60px\"><\/div>[vc_single_image image=&#8221;1753&#8243;]<div class=\"vcex-spacing\" style=\"height:30px\"><\/div>[\/vc_column][\/vc_row][vc_row][vc_column]<div class=\"vcex-spacing\" style=\"height:30px\"><\/div>[\/vc_column][\/vc_row][vc_row][vc_column][vc_column_text]<strong>PREMI DEL JURAT AL MILLOR PILOT DE FICCI\u00d3: <\/strong><strong>Air<\/strong>, de DS media \/ Filasexta. Escrita y dirigida por Carlos Mart\u00edn Pazo.<br \/>\n<strong>PREMI DEL P\u00daBLIC AL MILLOR PILOT DE FICCI\u00d3: <\/strong><strong>Mediocrity<\/strong>, de Pep Feliu (Malvo Films).<br \/>\n<strong>PREMI AUGURI SITA MURT: <\/strong>Alba Ribas.<br \/>\n<strong>PREMI D\u2019HONOR: <\/strong>Ramon Gener.<br \/>\n<strong>PREMI DO CATALUNYA:\u00a0<\/strong><strong>La Xirgu<\/strong> (Espanya, 2015) de <strong>S\u00edlvia Quer<\/strong>.<br \/>\n<strong>PREMI ZOOM JOVE MILLOR CURTMETRATGE: <\/strong><strong>Caf\u00e9 para llevar<\/strong> (Espanya, 2014) de<strong> Patr\u00edcia Font<\/strong> i produ\u00efda per Escac Films.<br \/>\n<strong>PREMI JURAT JOVE A LA MILLOR PEL\u00b7L\u00cdCULA PER TV: <\/strong><strong>Peter Pan Man<\/strong> (Holanda, 2015) de Michiel Ten Horn.<br \/>\n<strong>PREMI ZOOM JOVE A LA MILLOR WEBSERIE: Zero<\/strong> (Espanya, 2015) de <strong>David Victori<\/strong>, produ\u00efda per Ridley Scott i Michael Fassbender.<br \/>\n<strong>PREMI MILLOR S\u00c8RIE ESPANYOLA: <\/strong><strong>El Ministerio del Tiempo<\/strong> del director<strong> Marc Vigil<\/strong>, amb gui\u00f3 de <strong>Javier i Pablo Olivares<\/strong>.<br \/>\n<strong>PREMI AL MILLOR GUI\u00d3: <\/strong><strong>Pere Riera<\/strong> i<strong> Care Santos<\/strong> per <strong>Habitaciones cerradas<\/strong> (Espanya, 2015).<br \/>\n<strong>PREMI A LA MILLOR INTERPRETACI\u00d3: <\/strong><strong>Laia Marull<\/strong> per <strong>La Xirgu<\/strong> (Espanya, 2015) de<strong> S\u00edlvia Quer<\/strong>.<br \/>\n<strong>PREMI AL MILLOR DIRECTOR:\u00a0<\/strong><strong>Brendan Cowell<\/strong> per <strong>The Outlaw Michael Howe<\/strong> (Austr\u00e0lia, 2013).[\/vc_column_text][\/vc_column][\/vc_row][vc_row full_width=&#8221;stretch_row_content_no_spaces&#8221;][vc_column]<div class=\"vcex-spacing\" style=\"height:60px\"><\/div>[vc_separator color=&#8221;black&#8221;][\/vc_column][\/vc_row][vc_row el_id=&#8221;palmares-2014&#8243;][vc_column width=&#8221;1\/6&#8243;]<div class=\"vcex-spacing\" style=\"height:15px\"><\/div>[vc_column_text]\n<h2><strong>\u00a02014<\/strong><\/h2>\n[\/vc_column_text][\/vc_column][vc_column width=&#8221;5\/6&#8243;]<div class=\"vcex-spacing\" style=\"height:15px\"><\/div>[vc_column_text]\n<h2>Palmar\u00e8s Zoom Festival |<strong> 12a edici\u00f3<\/strong><\/h2>\n[\/vc_column_text][\/vc_column][\/vc_row][vc_row][vc_column]<div class=\"vcex-spacing\" style=\"height:30px\"><\/div>[\/vc_column][\/vc_row][vc_row][vc_column width=&#8221;1\/2&#8243;]<div class=\"vcex-spacing\" style=\"height:10px\"><\/div>[vc_column_text]\n<h3><strong>Premi Millor Pel\u00b7l\u00edcula del jurat oficial<\/strong><\/h3>\n<div id=\"gt-res-content\">\n<div id=\"gt-res-dir-ctr\" class=\"trans-verified-button-small\" dir=\"ltr\"><span id=\"result_box\" class=\"\" lang=\"ca\"><span title=\"Die auserw\u00e4hlten (TV) \">Die Auserw\u00e4hlten (TV)<\/span> <span title=\"2014 \">2014, <\/span><span title=\"Duraci\u00f3n \u00a0\u00a0\u00a0\u00a0\">durada de <\/span><span title=\"90 min. \">90 min (<\/span><span title=\"Alemania Alemania \">Alemanya) dirigida per<\/span> <span title=\"Christoph R\u00f6hl \">Christoph R\u00f6hl<\/span><span title=\"Guion \u00a0\u00a0\u00a0\u00a0\">. Gui\u00f3 de <\/span><span title=\"Sylvia Leuker, Benedikt R\u00f6skau \">Sylvia Leuker i Benedikt R\u00f6skau. <\/span><span title=\"G\u00e9nero \u00a0\u00a0\u00a0\u00a0\">G\u00e8nere: <\/span><span title=\"Drama |\">drama | <\/span><span title=\"Basado en hechos reales.\">Basat en fets reals. <\/span><span title=\"A\u00f1os 70. Telefilm \">Anys 70. Telefilm. <\/span><span title=\"A finales de 1970 Petra Grust entra a trabajar como profesora en la Escuela de Odenwald, una escuela famosa por su educaci\u00f3n progresiva.\">A la fi de 1970 Petra Grust entra a treballar com a professora a l&#8217;Escola d&#8217;Odenwald, una escola famosa per la seva educaci\u00f3 progressiva. <\/span><span title=\"Pero algunos hechos en el internado la inquietan: alumnos y profesores de ambos sexos duchandose juntos en duchas comunitarias, alumnos menores de edad bebiendio alcohol y fumando ante la permisividad de los profesores, un maestro que mantiene relaciones sexuales con un alumno\u2026 Sus sospechas se confirman\">Per\u00f2 alguns fets a l&#8217;internat la inquieten: alumnes i professors de tots dos sexes dutxant junts en dutxes comunit\u00e0ries, alumnes menors d&#8217;edat bebiendio alcohol i fumant davant la permissivitat dels professors, un mestre que mant\u00e9 relacions sexuals amb un alumne &#8230; Les seves sospites es confirmen <\/span><span title=\"al ver un profesor y un ni\u00f1o desnudo juntos en un bosque cercano, y al director de la escuela dejar a un alumno angustiado en la sala de duchas.\">en veure un professor i un nen nu junts en un bosc proper, i al director de l&#8217;escola deixar a un alumne angoixat a la sala de dutxes.<\/span><\/span><\/div>\n<\/div>\n<div id=\"gt-res-tools\">\n<div id=\"gt-res-tools-l\">\n<div id=\"gt-pb-star\"><\/div>\n<\/div>\n<\/div>\n<div id=\"gt-main\">\n<div id=\"gt-text-c\">\n<div id=\"gt-text-top\">\n<div id=\"gt-res-c\" class=\"g-unit\">\n<div id=\"gt-res-p\">\n<div id=\"gt-res-data\">\n<div id=\"gt-res-wrap\">\n<div id=\"gt-res-tools\">\n<div id=\"gt-res-tools-r\"><\/div>\n<\/div>\n<\/div>\n<div id=\"gt-community-card-c\"><\/div>\n<div id=\"res-translit\" class=\"translit\" dir=\"ltr\"><\/div>\n<\/div>\n<\/div>\n<\/div>\n<div id=\"gt-promo-lr\"><\/div>\n<\/div>\n<div id=\"gt-ft\"><\/div>\n<\/div>\n<\/div>\n[\/vc_column_text]<div class=\"vcex-spacing\" style=\"height:30px\"><\/div>[\/vc_column][vc_column width=&#8221;1\/2&#8243;]<div class=\"vcex-spacing\" style=\"height:60px\"><\/div>[vc_single_image image=&#8221;1761&#8243;]<div class=\"vcex-spacing\" style=\"height:30px\"><\/div>[\/vc_column][\/vc_row][vc_row][vc_column]<div class=\"vcex-spacing\" style=\"height:30px\"><\/div>[\/vc_column][\/vc_row][vc_row][vc_column][vc_column_text]<strong>MILLOR PEL\u00b7L\u00cdCULA:<\/strong> <strong>Die Auserw\u00e4hlten<\/strong> (<em>The Chosen ones;<\/em> Alemanya, 2014) dirigida per Christoph R\u00f6hl.<br \/>\n<strong>PREMI AL MILLOR DIRECTOR:<\/strong> <strong>El Caf\u00e8 de la Marina <\/strong>(Espanya, 2014). S\u00edlvia Munt.<br \/>\n<strong>PREMI AL MILLOR GUI\u00d3:<\/strong> <strong>Les nenes no haurien de jugar a futbol <\/strong><span class=\"nb\">(Espanya, 2014). Marta Buchaca.<\/span><br \/>\n<strong>PREMI D\u2019HONOR:<\/strong> Emma Vilarasau, Manel Fuentes i GestMusic.<br \/>\n<strong>PREMI AUGURI SITA MURT:<\/strong> Diana G\u00f3mez.<br \/>\n<strong>PREMI JURAT JOVE A LA MILLOR PEL\u00b7L\u00cdCULA PER A TV:<\/strong> <strong>Die Auserw\u00e4hlten<\/strong> (<em>The Chosen ones;<\/em> Alemanya, 2014). Christoph R\u00f6hl.<br \/>\n<strong>PREMI ZOOM JOVE MILLOR CURTMETRATGE:<\/strong> <strong>Eskiper <\/strong>(Espanya, 2012). Pedro Collantes.<br \/>\n<strong>PREMI ZOOM JOVE A LA MILLOR WEBSERIE:<\/strong> <strong>Entre pipas <\/strong>(Espanya, 2014). Jorge Cassinello.<br \/>\n<strong>PREMI MILLOR S\u00c8RIE ESPANYOLA:<\/strong> <strong>El tiempo entre costuras <\/strong>(Espanya, 2013). Ignacio Mercero, I\u00f1aki Pe\u00f1afiel, Norberto L\u00f3pez Amado.<br \/>\n<strong>PREMI DO CATALUNYA:<\/strong> <strong>L\u2019\u00faltim ball<\/strong> de Carmen Amaya, Judith Colell (Espanya, 2014).<br \/>\n<strong>PREMI JOAN POCH DE MALLERICH:<\/strong> Lloren\u00e7 Miquel.<br \/>\n<strong>PREMI DEL JURAT AL MILLOR PILOT DE FICCI\u00d3: El mort viu.<\/strong> Adri\u00e0 Esp\u00ed (Universitat Pompeu Fabra). <strong>VHS,<\/strong> Escac Films.<br \/>\n<strong>PREMI DEL P\u00daBLIC AL MILLOR PILOT DE FICCI\u00d3: VHS,<\/strong> Escac Films.[\/vc_column_text][\/vc_column][\/vc_row][vc_row full_width=&#8221;stretch_row_content_no_spaces&#8221;][vc_column]<div class=\"vcex-spacing\" style=\"height:60px\"><\/div>[vc_separator color=&#8221;black&#8221;][\/vc_column][\/vc_row][vc_row][vc_column][vc_widget_sidebar sidebar_id=&#8221;caixesbotons&#8221;][\/vc_column][\/vc_row]\n","protected":false},"excerpt":{"rendered":"<p>[vc_row][vc_column][vc_column_text] Palmar\u00e8s hist\u00f2ric [\/vc_column_text][\/vc_column][\/vc_row][vc_row full_width=&#8221;stretch_row_content_no_spaces&#8221;][vc_column][vc_separator color=&#8221;black&#8221;][\/vc_column][\/vc_row][vc_row][vc_column width=&#8221;1\/6&#8243;][vc_column_text] \u00a02024 [\/vc_column_text][\/vc_column][vc_column width=&#8221;5\/6&#8243;][vc_column_text] Palmar\u00e8s Premis Zoom | 22a edici\u00f3 [\/vc_column_text][\/vc_column][\/vc_row][vc_row][vc_column width=&#8221;2\/3&#8243;][vc_column_text] Premis de la Secci\u00f3 Oficial: Millor TV-Movie de Ficci\u00f3: The Divine Madness Off Alda Merini (Rai Italia, Jean Vigo) Millor S\u00e8rie de&hellip;<\/p>\n","protected":false},"author":2,"featured_media":0,"parent":9143,"menu_order":0,"comment_status":"closed","ping_status":"closed","template":"templates\/no-sidebar.php","meta":{"_mi_skip_tracking":false},"_links":{"self":[{"href":"https:\/\/www.zoomfestival.org\/en\/wp-json\/wp\/v2\/pages\/9516"}],"collection":[{"href":"https:\/\/www.zoomfestival.org\/en\/wp-json\/wp\/v2\/pages"}],"about":[{"href":"https:\/\/www.zoomfestival.org\/en\/wp-json\/wp\/v2\/types\/page"}],"author":[{"embeddable":true,"href":"https:\/\/www.zoomfestival.org\/en\/wp-json\/wp\/v2\/users\/2"}],"replies":[{"embeddable":true,"href":"https:\/\/www.zoomfestival.org\/en\/wp-json\/wp\/v2\/comments?post=9516"}],"version-history":[{"count":17,"href":"https:\/\/www.zoomfestival.org\/en\/wp-json\/wp\/v2\/pages\/9516\/revisions"}],"predecessor-version":[{"id":24827,"href":"https:\/\/www.zoomfestival.org\/en\/wp-json\/wp\/v2\/pages\/9516\/revisions\/24827"}],"up":[{"embeddable":true,"href":"https:\/\/www.zoomfestival.org\/en\/wp-json\/wp\/v2\/pages\/9143"}],"wp:attachment":[{"href":"https:\/\/www.zoomfestival.org\/en\/wp-json\/wp\/v2\/media?parent=9516"}],"curies":[{"name":"wp","href":"https:\/\/api.w.org\/{rel}","templated":true}]}}