{"id":17781,"date":"2021-10-27T13:42:19","date_gmt":"2021-10-27T11:42:19","guid":{"rendered":"https:\/\/www.zoomfestival.org\/?page_id=17781"},"modified":"2022-10-18T17:54:15","modified_gmt":"2022-10-18T15:54:15","slug":"secciones-zoom-2021","status":"publish","type":"page","link":"https:\/\/www.zoomfestival.org\/es\/secciones-zoom-2021","title":{"rendered":"SECCIONES 2021"},"content":{"rendered":"[vc_row full_width=\u00bbstretch_row_content_no_spaces\u00bb][vc_column][rev_slider_vc alias=\u00bbHOME-SLIDE\u00bb][\/vc_column][\/vc_row][vc_row][vc_column]<div class=\"vcex-spacing\" style=\"height:60px\"><\/div>[vc_column_text]\n<h1 style=\"text-align: left;\">Secciones Zoom Festival<\/h1>\n[\/vc_column_text]<div class=\"vcex-spacing\" style=\"height:60px\"><\/div>[\/vc_column][\/vc_row][vc_row][vc_column][vc_raw_html]JTNDc3BhbiUyMGlkJTNEJTIyc2VjY2lvLW9maWNpYWwtMjAyMCUyMiUzRSUzQyUyRnNwYW4lM0U=[\/vc_raw_html][vc_column_text]\n<div class=\"et_pb_column et_pb_column_3_4 et_pb_column_1 et-last-child\">\n<div class=\"et_pb_text et_pb_module et_pb_bg_layout_light et_pb_text_align_left et_pb_text_0\">\n<div class=\"et_pb_text_inner\">\n<h1>Secci\u00f3n oficial 2021<\/h1>\n<\/div>\n<\/div>\n<\/div>\n[\/vc_column_text][\/vc_column][\/vc_row][vc_row][vc_column][vc_column_text]\n<div class=\"et_pb_column et_pb_column_3_4 et_pb_column_1 et-last-child\">\n<div class=\"et_pb_text et_pb_module et_pb_bg_layout_light et_pb_text_align_left et_pb_text_0\">\n<div class=\"et_pb_text_inner\">\n<h3>Ficci\u00f3n<\/h3>\n<\/div>\n<\/div>\n<\/div>\n[\/vc_column_text]<div class=\"vcex-spacing\" style=\"height:30px\"><\/div><div class=\"vcex-module vcex-portfolio-grid-wrap wpex-clr\"><div class=\"wpex-row vcex-portfolio-grid wpex-clr entries gap-20\" data-transition-duration=\"0.0\"><div class=\"portfolio-entry entry-has-details span_1_of_4 col col-1 post-18674 entry type-portfolio has-media cat-217 cat-211\"><div class=\"portfolio-entry-inner entry-inner wpex-clr\"><div class=\"portfolio-entry-media entry-media wpex-clr\"><a href=\"https:\/\/www.zoomfestival.org\/es\/portfolio-item\/berenaveu-a-les-fosques\" title=\"Beren\u00e0veu a les fosques\" class=\"portfolio-entry-media-link\"><img class=\"portfolio-entry-img\" src=\"https:\/\/www.zoomfestival.org\/wp-content\/uploads\/2021\/11\/berenaveu-2-x.jpg\" data-no-retina \/><\/a><\/div><div class=\"portfolio-entry-details entry-details wpex-clr\"><h2 class=\"portfolio-entry-title entry-title\"><a href=\"https:\/\/www.zoomfestival.org\/es\/portfolio-item\/berenaveu-a-les-fosques\" title=\"Beren\u00e0veu a les fosques\">Beren\u00e0veu a les fosques<\/a><\/h2><div class=\"portfolio-entry-categories entry-categories wpex-clr\"><a href=\"https:\/\/www.zoomfestival.org\/es\/portfolio-category\/ficcion-seccion-oficial-2021\" title=\"Ficci\u00f3n\" class=\"term-217\">Ficci\u00f3n<\/a><\/div><div class=\"portfolio-entry-excerpt entry-excerpt wpex-clr\"><p>Direcci\u00f3n: Silvia Quer Producci\u00f3n: NewCo Audiovisual \/ Televisi\u00f3 de Catalunya Pa\u00eds: Espa\u00f1a A\u00f1o: 2021 G\u00e9nero\/subg\u00e9nero:&hellip;<\/p><\/div><\/div><\/div><\/div><div class=\"portfolio-entry entry-has-details span_1_of_4 col col-2 post-18680 entry type-portfolio has-media cat-217 cat-211\"><div class=\"portfolio-entry-inner entry-inner wpex-clr\"><div class=\"portfolio-entry-media entry-media wpex-clr\"><a href=\"https:\/\/www.zoomfestival.org\/es\/portfolio-item\/carosello-carosone\" title=\"Carosello Carosone\" class=\"portfolio-entry-media-link\"><img class=\"portfolio-entry-img\" src=\"https:\/\/www.zoomfestival.org\/wp-content\/uploads\/2021\/11\/Rai-Carosello-Carosone-1-x.jpg\" data-no-retina \/><\/a><\/div><div class=\"portfolio-entry-details entry-details wpex-clr\"><h2 class=\"portfolio-entry-title entry-title\"><a href=\"https:\/\/www.zoomfestival.org\/es\/portfolio-item\/carosello-carosone\" title=\"Carosello Carosone\">Carosello Carosone<\/a><\/h2><div class=\"portfolio-entry-categories entry-categories wpex-clr\"><a href=\"https:\/\/www.zoomfestival.org\/es\/portfolio-category\/ficcion-seccion-oficial-2021\" title=\"Ficci\u00f3n\" class=\"term-217\">Ficci\u00f3n<\/a><\/div><div class=\"portfolio-entry-excerpt entry-excerpt wpex-clr\"><p>Direcci\u00f3n: Lucio Pellegrini Producci\u00f3n: Rai Fiction, Groenlandia Pa\u00eds: Italia A\u00f1o: 2021 G\u00e9nero\/subg\u00e9nero: Versi\u00f3n\/idioma proyecci\u00f3n: Italiano&hellip;<\/p><\/div><\/div><\/div><\/div><div class=\"portfolio-entry entry-has-details span_1_of_4 col col-3 post-18686 entry type-portfolio has-media cat-217 cat-211\"><div class=\"portfolio-entry-inner entry-inner wpex-clr\"><div class=\"portfolio-entry-media entry-media wpex-clr\"><a href=\"https:\/\/www.zoomfestival.org\/es\/portfolio-item\/cloister\" title=\"Cloister\" class=\"portfolio-entry-media-link\"><img class=\"portfolio-entry-img\" src=\"https:\/\/www.zoomfestival.org\/wp-content\/uploads\/2021\/11\/cloister-1-x.jpg\" data-no-retina \/><\/a><\/div><div class=\"portfolio-entry-details entry-details wpex-clr\"><h2 class=\"portfolio-entry-title entry-title\"><a href=\"https:\/\/www.zoomfestival.org\/es\/portfolio-item\/cloister\" title=\"Cloister\">Cloister<\/a><\/h2><div class=\"portfolio-entry-categories entry-categories wpex-clr\"><a href=\"https:\/\/www.zoomfestival.org\/es\/portfolio-category\/ficcion-seccion-oficial-2021\" title=\"Ficci\u00f3n\" class=\"term-217\">Ficci\u00f3n<\/a><\/div><div class=\"portfolio-entry-excerpt entry-excerpt wpex-clr\"><p>Direcci\u00f3n: Alexander Veledinsky Producci\u00f3n: Valery Todorovsky Production Company Pa\u00eds: R\u00fasia A\u00f1o: 2021 G\u00e9nero\/subg\u00e9nero: Versi\u00f3n\/idioma proyecci\u00f3n:&hellip;<\/p><\/div><\/div><\/div><\/div><div class=\"portfolio-entry entry-has-details span_1_of_4 col col-4 post-18693 entry type-portfolio has-media cat-217 cat-211\"><div class=\"portfolio-entry-inner entry-inner wpex-clr\"><div class=\"portfolio-entry-media entry-media wpex-clr\"><a href=\"https:\/\/www.zoomfestival.org\/es\/portfolio-item\/el-metralla\" title=\"El Metralla\" class=\"portfolio-entry-media-link\"><img class=\"portfolio-entry-img\" src=\"https:\/\/www.zoomfestival.org\/wp-content\/uploads\/2021\/11\/elmetralla_2.jpg\" data-no-retina width=\"300\" height=\"299\" \/><\/a><\/div><div class=\"portfolio-entry-details entry-details wpex-clr\"><h2 class=\"portfolio-entry-title entry-title\"><a href=\"https:\/\/www.zoomfestival.org\/es\/portfolio-item\/el-metralla\" title=\"El Metralla\">El Metralla<\/a><\/h2><div class=\"portfolio-entry-categories entry-categories wpex-clr\"><a href=\"https:\/\/www.zoomfestival.org\/es\/portfolio-category\/ficcion-seccion-oficial-2021\" title=\"Ficci\u00f3n\" class=\"term-217\">Ficci\u00f3n<\/a><\/div><div class=\"portfolio-entry-excerpt entry-excerpt wpex-clr\"><p>Direcci\u00f3n: Jordi Roig\u00e9 Producci\u00f3n: La Drecera Produccions y TV3 Pa\u00eds: Espa\u00f1a A\u00f1o: 2021 G\u00e9nero\/subg\u00e9nero: Versi\u00f3n\/idioma&hellip;<\/p><\/div><\/div><\/div><\/div><div class=\"portfolio-entry entry-has-details span_1_of_4 col col-1 post-18700 entry type-portfolio has-media cat-217 cat-211\"><div class=\"portfolio-entry-inner entry-inner wpex-clr\"><div class=\"portfolio-entry-media entry-media wpex-clr\"><a href=\"https:\/\/www.zoomfestival.org\/es\/portfolio-item\/exit\" title=\"Exit\" class=\"portfolio-entry-media-link\"><img class=\"portfolio-entry-img\" src=\"https:\/\/www.zoomfestival.org\/wp-content\/uploads\/2021\/11\/1_Exit-x.jpg\" data-no-retina \/><\/a><\/div><div class=\"portfolio-entry-details entry-details wpex-clr\"><h2 class=\"portfolio-entry-title entry-title\"><a href=\"https:\/\/www.zoomfestival.org\/es\/portfolio-item\/exit\" title=\"Exit\">Exit<\/a><\/h2><div class=\"portfolio-entry-categories entry-categories wpex-clr\"><a href=\"https:\/\/www.zoomfestival.org\/es\/portfolio-category\/ficcion-seccion-oficial-2021\" title=\"Ficci\u00f3n\" class=\"term-217\">Ficci\u00f3n<\/a><\/div><div class=\"portfolio-entry-excerpt entry-excerpt wpex-clr\"><p>Direcci\u00f3n: Sebastian Marka Producci\u00f3n: Sommerhaus Filmproduktion GmbH Pa\u00eds: Alemania A\u00f1o: 2020 G\u00e9nero\/subg\u00e9nero: Entretenimiento Versi\u00f3n\/idioma proyecci\u00f3n:&hellip;<\/p><\/div><\/div><\/div><\/div><div class=\"portfolio-entry entry-has-details span_1_of_4 col col-2 post-18707 entry type-portfolio has-media cat-217 cat-211\"><div class=\"portfolio-entry-inner entry-inner wpex-clr\"><div class=\"portfolio-entry-media entry-media wpex-clr\"><a href=\"https:\/\/www.zoomfestival.org\/es\/portfolio-item\/furia\" title=\"F\u00faria\" class=\"portfolio-entry-media-link\"><img class=\"portfolio-entry-img\" src=\"https:\/\/www.zoomfestival.org\/wp-content\/uploads\/2021\/11\/FOTOGRAMA-03_FURIA-x.jpg\" data-no-retina \/><\/a><\/div><div class=\"portfolio-entry-details entry-details wpex-clr\"><h2 class=\"portfolio-entry-title entry-title\"><a href=\"https:\/\/www.zoomfestival.org\/es\/portfolio-item\/furia\" title=\"F\u00faria\">F\u00faria<\/a><\/h2><div class=\"portfolio-entry-categories entry-categories wpex-clr\"><a href=\"https:\/\/www.zoomfestival.org\/es\/portfolio-category\/ficcion-seccion-oficial-2021\" title=\"Ficci\u00f3n\" class=\"term-217\">Ficci\u00f3n<\/a><\/div><div class=\"portfolio-entry-excerpt entry-excerpt wpex-clr\"><p>Direcci\u00f3n: Toni Bestard Producci\u00f3n: IB3 y CEF Producciones Pa\u00eds: Espa\u00f1a A\u00f1o: 2021 G\u00e9nero\/subg\u00e9nero: Versi\u00f3n\/idioma proyecci\u00f3n:&hellip;<\/p><\/div><\/div><\/div><\/div><div class=\"portfolio-entry entry-has-details span_1_of_4 col col-3 post-18714 entry type-portfolio has-media cat-217 cat-211\"><div class=\"portfolio-entry-inner entry-inner wpex-clr\"><div class=\"portfolio-entry-media entry-media wpex-clr\"><a href=\"https:\/\/www.zoomfestival.org\/es\/portfolio-item\/help\" title=\"Help\" class=\"portfolio-entry-media-link\"><img class=\"portfolio-entry-img\" src=\"https:\/\/www.zoomfestival.org\/wp-content\/uploads\/2021\/11\/Help_S01_Stephen-Graham-as-Tony-Jodie-Comer-as-Sarah-\u00a9-The-Forge-All3Media-International-1-x.jpg\" data-no-retina \/><\/a><\/div><div class=\"portfolio-entry-details entry-details wpex-clr\"><h2 class=\"portfolio-entry-title entry-title\"><a href=\"https:\/\/www.zoomfestival.org\/es\/portfolio-item\/help\" title=\"Help\">Help<\/a><\/h2><div class=\"portfolio-entry-categories entry-categories wpex-clr\"><a href=\"https:\/\/www.zoomfestival.org\/es\/portfolio-category\/ficcion-seccion-oficial-2021\" title=\"Ficci\u00f3n\" class=\"term-217\">Ficci\u00f3n<\/a><\/div><div class=\"portfolio-entry-excerpt entry-excerpt wpex-clr\"><p>Direcci\u00f3n: Marc Munden Producci\u00f3n: The Forge Pa\u00eds: Reino Unido A\u00f1o: 2021 G\u00e9nero\/subg\u00e9nero: Drama Versi\u00f3n\/idioma proyecci\u00f3n:&hellip;<\/p><\/div><\/div><\/div><\/div><div class=\"portfolio-entry entry-has-details span_1_of_4 col col-4 post-18722 entry type-portfolio has-media cat-217 cat-211\"><div class=\"portfolio-entry-inner entry-inner wpex-clr\"><div class=\"portfolio-entry-media entry-media wpex-clr\"><a href=\"https:\/\/www.zoomfestival.org\/es\/portfolio-item\/three-families\" title=\"Three Families\" class=\"portfolio-entry-media-link\"><img class=\"portfolio-entry-img\" src=\"https:\/\/www.zoomfestival.org\/wp-content\/uploads\/2021\/11\/ThreeFamilies_S01E01_Sinead-Keenan-as-Theresa-\u00a9-Studio-Lambert-and-A3MI-1-x.jpg\" data-no-retina \/><\/a><\/div><div class=\"portfolio-entry-details entry-details wpex-clr\"><h2 class=\"portfolio-entry-title entry-title\"><a href=\"https:\/\/www.zoomfestival.org\/es\/portfolio-item\/three-families\" title=\"Three Families\">Three Families<\/a><\/h2><div class=\"portfolio-entry-categories entry-categories wpex-clr\"><a href=\"https:\/\/www.zoomfestival.org\/es\/portfolio-category\/ficcion-seccion-oficial-2021\" title=\"Ficci\u00f3n\" class=\"term-217\">Ficci\u00f3n<\/a><\/div><div class=\"portfolio-entry-excerpt entry-excerpt wpex-clr\"><p>Direcci\u00f3n: Alex Kalymnios Producci\u00f3n: Studio Lambert Pa\u00eds: Reino Unido A\u00f1o: 2021 G\u00e9nero\/subg\u00e9nero: Drama Versi\u00f3n\/idioma proyecci\u00f3n:&hellip;<\/p><\/div><\/div><\/div><\/div><div class=\"portfolio-entry entry-has-details span_1_of_4 col col-1 post-18728 entry type-portfolio has-media cat-217 cat-211\"><div class=\"portfolio-entry-inner entry-inner wpex-clr\"><div class=\"portfolio-entry-media entry-media wpex-clr\"><a href=\"https:\/\/www.zoomfestival.org\/es\/portfolio-item\/un-mundo-para-julius\" title=\"Un mundo para Julius\" class=\"portfolio-entry-media-link\"><img class=\"portfolio-entry-img\" src=\"https:\/\/www.zoomfestival.org\/wp-content\/uploads\/2021\/11\/UNMUNDOPARAJULIUS-10-1-x.jpg\" data-no-retina \/><\/a><\/div><div class=\"portfolio-entry-details entry-details wpex-clr\"><h2 class=\"portfolio-entry-title entry-title\"><a href=\"https:\/\/www.zoomfestival.org\/es\/portfolio-item\/un-mundo-para-julius\" title=\"Un mundo para Julius\">Un mundo para Julius<\/a><\/h2><div class=\"portfolio-entry-categories entry-categories wpex-clr\"><a href=\"https:\/\/www.zoomfestival.org\/es\/portfolio-category\/ficcion-seccion-oficial-2021\" title=\"Ficci\u00f3n\" class=\"term-217\">Ficci\u00f3n<\/a><\/div><div class=\"portfolio-entry-excerpt entry-excerpt wpex-clr\"><p>Direcci\u00f3n: Rossana D\u00ed\u00adaz Costa Producci\u00f3n: Coproducci\u00f3n de RTVE con VisionaTV y las productoras Tombukt\u00fa Films&hellip;<\/p><\/div><\/div><\/div><\/div><\/div><\/div>[\/vc_column][vc_column][vc_column_text]\n<div class=\"et_pb_column et_pb_column_3_4 et_pb_column_1 et-last-child\">\n<div class=\"et_pb_text et_pb_module et_pb_bg_layout_light et_pb_text_align_left et_pb_text_0\">\n<div class=\"et_pb_text_inner\">\n<h3>Entretenimiento<\/h3>\n<\/div>\n<\/div>\n<\/div>\n[\/vc_column_text]<div class=\"vcex-spacing\" style=\"height:30px\"><\/div><div class=\"vcex-module vcex-portfolio-grid-wrap wpex-clr\"><div class=\"wpex-row vcex-portfolio-grid wpex-clr entries gap-20\" data-transition-duration=\"0.0\"><div class=\"portfolio-entry entry-has-details span_1_of_4 col col-1 post-18286 entry type-portfolio has-media cat-215 cat-211\"><div class=\"portfolio-entry-inner entry-inner wpex-clr\"><div class=\"portfolio-entry-media entry-media wpex-clr\"><a href=\"https:\/\/www.zoomfestival.org\/es\/portfolio-item\/a2veus\" title=\"A2Veus\" class=\"portfolio-entry-media-link\"><img class=\"portfolio-entry-img\" src=\"https:\/\/www.zoomfestival.org\/wp-content\/uploads\/2021\/11\/A2Veus-1-x.jpg\" data-no-retina \/><\/a><\/div><div class=\"portfolio-entry-details entry-details wpex-clr\"><h2 class=\"portfolio-entry-title entry-title\"><a href=\"https:\/\/www.zoomfestival.org\/es\/portfolio-item\/a2veus\" title=\"A2Veus\">A2Veus<\/a><\/h2><div class=\"portfolio-entry-categories entry-categories wpex-clr\"><a href=\"https:\/\/www.zoomfestival.org\/es\/portfolio-category\/entretenimiento-seccio-oficial-2021-es\" title=\"Entretenimiento\" class=\"term-215\">Entretenimiento<\/a><\/div><div class=\"portfolio-entry-excerpt entry-excerpt wpex-clr\"><p>Direcci\u00f3n: Amaia Saldise Producci\u00f3n: Inc\u00eds Films SL Pa\u00eds: Espa\u00f1a A\u00f1o: 2021 G\u00e9nero\/subg\u00e9nero: Talent show musical&hellip;<\/p><\/div><\/div><\/div><\/div><div class=\"portfolio-entry entry-has-details span_1_of_4 col col-2 post-18293 entry type-portfolio has-media cat-215 cat-211\"><div class=\"portfolio-entry-inner entry-inner wpex-clr\"><div class=\"portfolio-entry-media entry-media wpex-clr\"><a href=\"https:\/\/www.zoomfestival.org\/es\/portfolio-item\/bso-con-emilio-aragon\" title=\"BSO con Emilio Arag\u00f3n\" class=\"portfolio-entry-media-link\"><img class=\"portfolio-entry-img\" src=\"https:\/\/www.zoomfestival.org\/wp-content\/uploads\/2021\/11\/BSO-1-x.jpg\" data-no-retina \/><\/a><\/div><div class=\"portfolio-entry-details entry-details wpex-clr\"><h2 class=\"portfolio-entry-title entry-title\"><a href=\"https:\/\/www.zoomfestival.org\/es\/portfolio-item\/bso-con-emilio-aragon\" title=\"BSO con Emilio Arag\u00f3n\">BSO con Emilio Arag\u00f3n<\/a><\/h2><div class=\"portfolio-entry-categories entry-categories wpex-clr\"><a href=\"https:\/\/www.zoomfestival.org\/es\/portfolio-category\/entretenimiento-seccio-oficial-2021-es\" title=\"Entretenimiento\" class=\"term-215\">Entretenimiento<\/a><\/div><div class=\"portfolio-entry-excerpt entry-excerpt wpex-clr\"><p>Direcci\u00f3n: Emilio Arag\u00f3n Producci\u00f3n: Caribe Estudio en col\u00b7laboraci\u00f3 amb Movistar + Pa\u00eds: Espanya A\u00f1o: 2021&hellip;<\/p><\/div><\/div><\/div><\/div><div class=\"portfolio-entry entry-has-details span_1_of_4 col col-3 post-18299 entry type-portfolio has-media cat-215 cat-211\"><div class=\"portfolio-entry-inner entry-inner wpex-clr\"><div class=\"portfolio-entry-media entry-media wpex-clr\"><a href=\"https:\/\/www.zoomfestival.org\/es\/portfolio-item\/canvi-de-xip\" title=\"Canvi de Xip\" class=\"portfolio-entry-media-link\"><img class=\"portfolio-entry-img\" src=\"https:\/\/www.zoomfestival.org\/wp-content\/uploads\/2021\/11\/CanviDeXip-1-x.jpg\" data-no-retina \/><\/a><\/div><div class=\"portfolio-entry-details entry-details wpex-clr\"><h2 class=\"portfolio-entry-title entry-title\"><a href=\"https:\/\/www.zoomfestival.org\/es\/portfolio-item\/canvi-de-xip\" title=\"Canvi de Xip\">Canvi de Xip<\/a><\/h2><div class=\"portfolio-entry-categories entry-categories wpex-clr\"><a href=\"https:\/\/www.zoomfestival.org\/es\/portfolio-category\/entretenimiento-seccio-oficial-2021-es\" title=\"Entretenimiento\" class=\"term-215\">Entretenimiento<\/a><\/div><div class=\"portfolio-entry-excerpt entry-excerpt wpex-clr\"><p>Direcci\u00f3n: Nia Sanju\u00e1n Producci\u00f3n: Gestmusic Pa\u00eds: Espa\u00f1a A\u00f1o: 2021 G\u00e9nero\/subg\u00e9nero: Factual Versi\u00f3n\/idioma proyecci\u00f3n: Catalan Duraci\u00f3n:&hellip;<\/p><\/div><\/div><\/div><\/div><div class=\"portfolio-entry entry-has-details span_1_of_4 col col-4 post-18304 entry type-portfolio has-media cat-215 cat-211\"><div class=\"portfolio-entry-inner entry-inner wpex-clr\"><div class=\"portfolio-entry-media entry-media wpex-clr\"><a href=\"https:\/\/www.zoomfestival.org\/es\/portfolio-item\/cover\" title=\"Cover\" class=\"portfolio-entry-media-link\"><img class=\"portfolio-entry-img\" src=\"https:\/\/www.zoomfestival.org\/wp-content\/uploads\/2021\/11\/Cover-2-x.jpg\" data-no-retina \/><\/a><\/div><div class=\"portfolio-entry-details entry-details wpex-clr\"><h2 class=\"portfolio-entry-title entry-title\"><a href=\"https:\/\/www.zoomfestival.org\/es\/portfolio-item\/cover\" title=\"Cover\">Cover<\/a><\/h2><div class=\"portfolio-entry-categories entry-categories wpex-clr\"><a href=\"https:\/\/www.zoomfestival.org\/es\/portfolio-category\/entretenimiento-seccio-oficial-2021-es\" title=\"Entretenimiento\" class=\"term-215\">Entretenimiento<\/a><\/div><div class=\"portfolio-entry-excerpt entry-excerpt wpex-clr\"><p>Direcci\u00f3n: Oriol Garcia Mellado Producci\u00f3n: Mamba Media y TV3 Pa\u00eds: Espa\u00f1a A\u00f1o: 2020 G\u00e9nero\/subg\u00e9nero: Concurso&hellip;<\/p><\/div><\/div><\/div><\/div><div class=\"portfolio-entry entry-has-details span_1_of_4 col col-1 post-18313 entry type-portfolio has-media cat-215 cat-211\"><div class=\"portfolio-entry-inner entry-inner wpex-clr\"><div class=\"portfolio-entry-media entry-media wpex-clr\"><a href=\"https:\/\/www.zoomfestival.org\/es\/portfolio-item\/el-cazador\" title=\"El Grupo\" class=\"portfolio-entry-media-link\"><img class=\"portfolio-entry-img\" src=\"https:\/\/www.zoomfestival.org\/wp-content\/uploads\/2021\/11\/SER_ElGrupo-x.jpg\" data-no-retina \/><\/a><\/div><div class=\"portfolio-entry-details entry-details wpex-clr\"><h2 class=\"portfolio-entry-title entry-title\"><a href=\"https:\/\/www.zoomfestival.org\/es\/portfolio-item\/el-cazador\" title=\"El Grupo\">El Grupo<\/a><\/h2><div class=\"portfolio-entry-categories entry-categories wpex-clr\"><a href=\"https:\/\/www.zoomfestival.org\/es\/portfolio-category\/entretenimiento-seccio-oficial-2021-es\" title=\"Entretenimiento\" class=\"term-215\">Entretenimiento<\/a><\/div><div class=\"portfolio-entry-excerpt entry-excerpt wpex-clr\"><p>Direcci\u00f3n: Silvia Abril y Toni Acosta Producci\u00f3n: El Terrat Pa\u00eds: Espa\u00f1a A\u00f1o: 2020 (2019 primera&hellip;<\/p><\/div><\/div><\/div><\/div><div class=\"portfolio-entry entry-has-details span_1_of_4 col col-2 post-18320 entry type-portfolio has-media cat-215 cat-211\"><div class=\"portfolio-entry-inner entry-inner wpex-clr\"><div class=\"portfolio-entry-media entry-media wpex-clr\"><a href=\"https:\/\/www.zoomfestival.org\/es\/portfolio-item\/el-cazador-2\" title=\"El Cazador\" class=\"portfolio-entry-media-link\"><img class=\"portfolio-entry-img\" src=\"https:\/\/www.zoomfestival.org\/wp-content\/uploads\/2021\/11\/El-Cazador-1-x.jpg\" data-no-retina \/><\/a><\/div><div class=\"portfolio-entry-details entry-details wpex-clr\"><h2 class=\"portfolio-entry-title entry-title\"><a href=\"https:\/\/www.zoomfestival.org\/es\/portfolio-item\/el-cazador-2\" title=\"El Cazador\">El Cazador<\/a><\/h2><div class=\"portfolio-entry-categories entry-categories wpex-clr\"><a href=\"https:\/\/www.zoomfestival.org\/es\/portfolio-category\/entretenimiento-seccio-oficial-2021-es\" title=\"Entretenimiento\" class=\"term-215\">Entretenimiento<\/a><\/div><div class=\"portfolio-entry-excerpt entry-excerpt wpex-clr\"><p>Direcci\u00f3n: Mediacrest Producci\u00f3n: RTVE en colaboraci\u00f3n con Mediacrest Pa\u00eds: Espa\u00f1a A\u00f1o: 2020 G\u00e9nero\/subg\u00e9nero: Game show&hellip;<\/p><\/div><\/div><\/div><\/div><div class=\"portfolio-entry entry-has-details span_1_of_4 col col-3 post-18326 entry type-portfolio has-media cat-215 cat-211\"><div class=\"portfolio-entry-inner entry-inner wpex-clr\"><div class=\"portfolio-entry-media entry-media wpex-clr\"><a href=\"https:\/\/www.zoomfestival.org\/es\/portfolio-item\/nadie-sabe-nada\" title=\"Nadie Sabe Nada\" class=\"portfolio-entry-media-link\"><img class=\"portfolio-entry-img\" src=\"https:\/\/www.zoomfestival.org\/wp-content\/uploads\/2021\/11\/8x04-01-Bienvenidos-x.png\" data-no-retina \/><\/a><\/div><div class=\"portfolio-entry-details entry-details wpex-clr\"><h2 class=\"portfolio-entry-title entry-title\"><a href=\"https:\/\/www.zoomfestival.org\/es\/portfolio-item\/nadie-sabe-nada\" title=\"Nadie Sabe Nada\">Nadie Sabe Nada<\/a><\/h2><div class=\"portfolio-entry-categories entry-categories wpex-clr\"><a href=\"https:\/\/www.zoomfestival.org\/es\/portfolio-category\/entretenimiento-seccio-oficial-2021-es\" title=\"Entretenimiento\" class=\"term-215\">Entretenimiento<\/a><\/div><div class=\"portfolio-entry-excerpt entry-excerpt wpex-clr\"><p>Direcci\u00f3n: Andreu Buenafuente y Berto Romero Producci\u00f3n: El Terrat (The Mediapro Studio) Pa\u00eds: Espa\u00f1a A\u00f1o:&hellip;<\/p><\/div><\/div><\/div><\/div><div class=\"portfolio-entry entry-has-details span_1_of_4 col col-4 post-18331 entry type-portfolio has-media cat-215 cat-211\"><div class=\"portfolio-entry-inner entry-inner wpex-clr\"><div class=\"portfolio-entry-media entry-media wpex-clr\"><a href=\"https:\/\/www.zoomfestival.org\/es\/portfolio-item\/obrim-fil\" title=\"Obrim Fil\" class=\"portfolio-entry-media-link\"><img class=\"portfolio-entry-img\" src=\"https:\/\/www.zoomfestival.org\/wp-content\/uploads\/2021\/11\/ObrimFil-1-1-x.jpg\" data-no-retina \/><\/a><\/div><div class=\"portfolio-entry-details entry-details wpex-clr\"><h2 class=\"portfolio-entry-title entry-title\"><a href=\"https:\/\/www.zoomfestival.org\/es\/portfolio-item\/obrim-fil\" title=\"Obrim Fil\">Obrim Fil<\/a><\/h2><div class=\"portfolio-entry-categories entry-categories wpex-clr\"><a href=\"https:\/\/www.zoomfestival.org\/es\/portfolio-category\/entretenimiento-seccio-oficial-2021-es\" title=\"Entretenimiento\" class=\"term-215\">Entretenimiento<\/a><\/div><div class=\"portfolio-entry-excerpt entry-excerpt wpex-clr\"><p>Direcci\u00f3n: Jordi Roca Producci\u00f3n: Visiona TV Pa\u00eds: Espa\u00f1a A\u00f1o: 2020 G\u00e9nero\/subg\u00e9nero: Debate social Versi\u00f3n\/idioma proyecci\u00f3n:&hellip;<\/p><\/div><\/div><\/div><\/div><div class=\"portfolio-entry entry-has-details span_1_of_4 col col-1 post-18640 entry type-portfolio has-media cat-215 cat-211\"><div class=\"portfolio-entry-inner entry-inner wpex-clr\"><div class=\"portfolio-entry-media entry-media wpex-clr\"><a href=\"https:\/\/www.zoomfestival.org\/es\/portfolio-item\/operacio-paki\" title=\"Operaci\u00f3 Paki\" class=\"portfolio-entry-media-link\"><img class=\"portfolio-entry-img\" src=\"https:\/\/www.zoomfestival.org\/wp-content\/uploads\/2021\/11\/OperacioPaki-3-x.jpg\" data-no-retina \/><\/a><\/div><div class=\"portfolio-entry-details entry-details wpex-clr\"><h2 class=\"portfolio-entry-title entry-title\"><a href=\"https:\/\/www.zoomfestival.org\/es\/portfolio-item\/operacio-paki\" title=\"Operaci\u00f3 Paki\">Operaci\u00f3 Paki<\/a><\/h2><div class=\"portfolio-entry-categories entry-categories wpex-clr\"><a href=\"https:\/\/www.zoomfestival.org\/es\/portfolio-category\/entretenimiento-seccio-oficial-2021-es\" title=\"Entretenimiento\" class=\"term-215\">Entretenimiento<\/a><\/div><div class=\"portfolio-entry-excerpt entry-excerpt wpex-clr\"><p>Direcci\u00f3n: - Producci\u00f3n: Televisi\u00f3 Cardedeu Pa\u00eds: Espa\u00f1a A\u00f1o: 2020 G\u00e9nero\/subg\u00e9nero: Talent show Versi\u00f3n\/idioma proyecci\u00f3n: Catal\u00e1n&hellip;<\/p><\/div><\/div><\/div><\/div><div class=\"portfolio-entry entry-has-details span_1_of_4 col col-2 post-18649 entry type-portfolio has-media cat-215 cat-211\"><div class=\"portfolio-entry-inner entry-inner wpex-clr\"><div class=\"portfolio-entry-media entry-media wpex-clr\"><a href=\"https:\/\/www.zoomfestival.org\/es\/portfolio-item\/radio-gaga\" title=\"Radio Gaga\" class=\"portfolio-entry-media-link\"><img class=\"portfolio-entry-img\" src=\"https:\/\/www.zoomfestival.org\/wp-content\/uploads\/2021\/11\/RADIO-GAGA-1-x.jpg\" data-no-retina \/><\/a><\/div><div class=\"portfolio-entry-details entry-details wpex-clr\"><h2 class=\"portfolio-entry-title entry-title\"><a href=\"https:\/\/www.zoomfestival.org\/es\/portfolio-item\/radio-gaga\" title=\"Radio Gaga\">Radio Gaga<\/a><\/h2><div class=\"portfolio-entry-categories entry-categories wpex-clr\"><a href=\"https:\/\/www.zoomfestival.org\/es\/portfolio-category\/entretenimiento-seccio-oficial-2021-es\" title=\"Entretenimiento\" class=\"term-215\">Entretenimiento<\/a><\/div><div class=\"portfolio-entry-excerpt entry-excerpt wpex-clr\"><p>Direcci\u00f3n: - Producci\u00f3n: Movistar+ en colaboraci\u00f3 con Zeppelin\/DLO Pa\u00eds: Espa\u00f1a A\u00f1o: 2020 G\u00e9nero\/subg\u00e9nero: Factual Versi\u00f3n\/idioma&hellip;<\/p><\/div><\/div><\/div><\/div><div class=\"portfolio-entry entry-has-details span_1_of_4 col col-3 post-18654 entry type-portfolio has-media cat-215 cat-211\"><div class=\"portfolio-entry-inner entry-inner wpex-clr\"><div class=\"portfolio-entry-media entry-media wpex-clr\"><a href=\"https:\/\/www.zoomfestival.org\/es\/portfolio-item\/the-vets-rescuers-with-a-heart-emergency-the-patient-collapses\" title=\"The Vets &#8211; Rescuers with a heart \/ Emergency: The patient collapses!\" class=\"portfolio-entry-media-link\"><img class=\"portfolio-entry-img\" src=\"https:\/\/www.zoomfestival.org\/wp-content\/uploads\/2021\/11\/TheVets-x.jpg\" data-no-retina \/><\/a><\/div><div class=\"portfolio-entry-details entry-details wpex-clr\"><h2 class=\"portfolio-entry-title entry-title\"><a href=\"https:\/\/www.zoomfestival.org\/es\/portfolio-item\/the-vets-rescuers-with-a-heart-emergency-the-patient-collapses\" title=\"The Vets &#8211; Rescuers with a heart \/ Emergency: The patient collapses!\">The Vets &#8211; Rescuers with a heart \/ Emergency: The patient collapses!<\/a><\/h2><div class=\"portfolio-entry-categories entry-categories wpex-clr\"><a href=\"https:\/\/www.zoomfestival.org\/es\/portfolio-category\/entretenimiento-seccio-oficial-2021-es\" title=\"Entretenimiento\" class=\"term-215\">Entretenimiento<\/a><\/div><div class=\"portfolio-entry-excerpt entry-excerpt wpex-clr\"><p>Direcci\u00f3n: Petra Tschumpel, Jeannine Apsel Producci\u00f3n: ARD y NDR Pa\u00eds: Alemania A\u00f1o: 2020 G\u00e9nero\/subg\u00e9nero: Factual&hellip;<\/p><\/div><\/div><\/div><\/div><div class=\"portfolio-entry entry-has-details span_1_of_4 col col-4 post-18663 entry type-portfolio has-media cat-215 cat-211\"><div class=\"portfolio-entry-inner entry-inner wpex-clr\"><div class=\"portfolio-entry-media entry-media wpex-clr\"><a href=\"https:\/\/www.zoomfestival.org\/es\/portfolio-item\/una-historia-una-cancion\" title=\"Una historia, una canci\u00f3n\" class=\"portfolio-entry-media-link\"><img class=\"portfolio-entry-img\" src=\"https:\/\/www.zoomfestival.org\/wp-content\/uploads\/2021\/11\/UNA-HISTORIA-UNA-CANCION-3-x.jpg\" data-no-retina \/><\/a><\/div><div class=\"portfolio-entry-details entry-details wpex-clr\"><h2 class=\"portfolio-entry-title entry-title\"><a href=\"https:\/\/www.zoomfestival.org\/es\/portfolio-item\/una-historia-una-cancion\" title=\"Una historia, una canci\u00f3n\">Una historia, una canci\u00f3n<\/a><\/h2><div class=\"portfolio-entry-categories entry-categories wpex-clr\"><a href=\"https:\/\/www.zoomfestival.org\/es\/portfolio-category\/entretenimiento-seccio-oficial-2021-es\" title=\"Entretenimiento\" class=\"term-215\">Entretenimiento<\/a><\/div><div class=\"portfolio-entry-excerpt entry-excerpt wpex-clr\"><p>Direcci\u00f3n: - Producci\u00f3n: Movistar+ Pa\u00eds: Espa\u00f1a A\u00f1o: 2021 G\u00e9nero\/subg\u00e9nero: Factual Versi\u00f3n\/idioma proyecci\u00f3n: Castellano Duraci\u00f3n: 55\u2019<\/p><\/div><\/div><\/div><\/div><\/div><\/div>[\/vc_column][\/vc_row][vc_row][vc_column][vc_column_text]\n<div class=\"et_pb_column et_pb_column_3_4 et_pb_column_1 et-last-child\">\n<div class=\"et_pb_text et_pb_module et_pb_bg_layout_light et_pb_text_align_left et_pb_text_0\">\n<div class=\"et_pb_text_inner\">\n<h3>Culturales<\/h3>\n<\/div>\n<\/div>\n<\/div>\n[\/vc_column_text]<div class=\"vcex-spacing\" style=\"height:30px\"><\/div><div class=\"vcex-module vcex-portfolio-grid-wrap wpex-clr\"><div class=\"wpex-row vcex-portfolio-grid wpex-clr entries gap-20\" data-transition-duration=\"0.0\"><div class=\"portfolio-entry entry-has-details span_1_of_4 col col-1 post-17971 entry type-portfolio has-media cat-213 cat-211\"><div class=\"portfolio-entry-inner entry-inner wpex-clr\"><div class=\"portfolio-entry-media entry-media wpex-clr\"><a href=\"https:\/\/www.zoomfestival.org\/es\/portfolio-item\/17961\" title=\"Retrats\" class=\"portfolio-entry-media-link\"><img class=\"portfolio-entry-img\" src=\"https:\/\/www.zoomfestival.org\/wp-content\/uploads\/2021\/11\/retrats-1-x.jpg\" data-no-retina \/><\/a><\/div><div class=\"portfolio-entry-details entry-details wpex-clr\"><h2 class=\"portfolio-entry-title entry-title\"><a href=\"https:\/\/www.zoomfestival.org\/es\/portfolio-item\/17961\" title=\"Retrats\">Retrats<\/a><\/h2><div class=\"portfolio-entry-categories entry-categories wpex-clr\"><a href=\"https:\/\/www.zoomfestival.org\/es\/portfolio-category\/cultural-es\" title=\"Cultural\" class=\"term-213\">Cultural<\/a><\/div><div class=\"portfolio-entry-excerpt entry-excerpt wpex-clr\"><p>Direcci\u00f3n: Josep Rocafort Producci\u00f3n: betev\u00e9 Pa\u00eds: Espanya A\u00f1o: 2020-2021 G\u00e9nero\/subg\u00e9nero: Entrevista Versi\u00f3n\/idioma proyecci\u00f3n: Catal\u00e1n Duraci\u00f3n:&hellip;<\/p><\/div><\/div><\/div><\/div><div class=\"portfolio-entry entry-has-details span_1_of_4 col col-2 post-18000 entry type-portfolio has-media cat-213 cat-211\"><div class=\"portfolio-entry-inner entry-inner wpex-clr\"><div class=\"portfolio-entry-media entry-media wpex-clr\"><a href=\"https:\/\/www.zoomfestival.org\/es\/portfolio-item\/17990\" title=\"Unis par la danse\" class=\"portfolio-entry-media-link\"><img class=\"portfolio-entry-img\" src=\"https:\/\/www.zoomfestival.org\/wp-content\/uploads\/2021\/11\/Unis06-x.jpg\" data-no-retina \/><\/a><\/div><div class=\"portfolio-entry-details entry-details wpex-clr\"><h2 class=\"portfolio-entry-title entry-title\"><a href=\"https:\/\/www.zoomfestival.org\/es\/portfolio-item\/17990\" title=\"Unis par la danse\">Unis par la danse<\/a><\/h2><div class=\"portfolio-entry-categories entry-categories wpex-clr\"><a href=\"https:\/\/www.zoomfestival.org\/es\/portfolio-category\/cultural-es\" title=\"Cultural\" class=\"term-213\">Cultural<\/a><\/div><div class=\"portfolio-entry-excerpt entry-excerpt wpex-clr\"><p>Direcci\u00f3n: Olivier Klepatzky Producci\u00f3n: Olivier Klepatzky Pa\u00eds: Francia A\u00f1o: 2020 G\u00e9nero\/subg\u00e9nero: Documental Versi\u00f3n\/idioma proyecci\u00f3n: Franc\u00e8s&hellip;<\/p><\/div><\/div><\/div><\/div><div class=\"portfolio-entry entry-has-details span_1_of_4 col col-3 post-17801 entry type-portfolio has-media cat-213 cat-211\"><div class=\"portfolio-entry-inner entry-inner wpex-clr\"><div class=\"portfolio-entry-media entry-media wpex-clr\"><a href=\"https:\/\/www.zoomfestival.org\/es\/portfolio-item\/5g-the-speed-of-wave\" title=\"5G. The speed of wave\" class=\"portfolio-entry-media-link\"><img class=\"portfolio-entry-img\" src=\"https:\/\/www.zoomfestival.org\/wp-content\/uploads\/2021\/10\/5G.-The-speed-of-wave_2-x.jpg\" data-no-retina \/><\/a><\/div><div class=\"portfolio-entry-details entry-details wpex-clr\"><h2 class=\"portfolio-entry-title entry-title\"><a href=\"https:\/\/www.zoomfestival.org\/es\/portfolio-item\/5g-the-speed-of-wave\" title=\"5G. The speed of wave\">5G. The speed of wave<\/a><\/h2><div class=\"portfolio-entry-categories entry-categories wpex-clr\"><a href=\"https:\/\/www.zoomfestival.org\/es\/portfolio-category\/cultural-es\" title=\"Cultural\" class=\"term-213\">Cultural<\/a><\/div><div class=\"portfolio-entry-excerpt entry-excerpt wpex-clr\"><p>Direcci\u00f3n: Arkadiusz Felicki Producci\u00f3n: Inbornmedia y GH E&M Korea Pa\u00eds: Polonia y Corea del Sur&hellip;<\/p><\/div><\/div><\/div><\/div><div class=\"portfolio-entry entry-has-details span_1_of_4 col col-4 post-17866 entry type-portfolio has-media cat-213 cat-211\"><div class=\"portfolio-entry-inner entry-inner wpex-clr\"><div class=\"portfolio-entry-media entry-media wpex-clr\"><a href=\"https:\/\/www.zoomfestival.org\/es\/portfolio-item\/danz\" title=\"Danz\" class=\"portfolio-entry-media-link\"><img class=\"portfolio-entry-img\" src=\"https:\/\/www.zoomfestival.org\/wp-content\/uploads\/2021\/11\/danz2-x.jpg\" data-no-retina \/><\/a><\/div><div class=\"portfolio-entry-details entry-details wpex-clr\"><h2 class=\"portfolio-entry-title entry-title\"><a href=\"https:\/\/www.zoomfestival.org\/es\/portfolio-item\/danz\" title=\"Danz\">Danz<\/a><\/h2><div class=\"portfolio-entry-categories entry-categories wpex-clr\"><a href=\"https:\/\/www.zoomfestival.org\/es\/portfolio-category\/cultural-es\" title=\"Cultural\" class=\"term-213\">Cultural<\/a><\/div><div class=\"portfolio-entry-excerpt entry-excerpt wpex-clr\"><p>Direcci\u00f3n: Playz Producci\u00f3n: Playz en colaboraci\u00f3n con Goroka Pa\u00eds: Espa\u00f1a A\u00f1o: 2020 G\u00e9nero\/subg\u00e9nero: Documental Versi\u00f3n\/idioma&hellip;<\/p><\/div><\/div><\/div><\/div><div class=\"portfolio-entry entry-has-details span_1_of_4 col col-1 post-17880 entry type-portfolio has-media cat-213 cat-211\"><div class=\"portfolio-entry-inner entry-inner wpex-clr\"><div class=\"portfolio-entry-media entry-media wpex-clr\"><a href=\"https:\/\/www.zoomfestival.org\/es\/portfolio-item\/el-condensador-de-fluzo\" title=\"El condensador de fluzo\" class=\"portfolio-entry-media-link\"><img class=\"portfolio-entry-img\" src=\"https:\/\/www.zoomfestival.org\/wp-content\/uploads\/2021\/11\/El-Condensador-de-Fluzo-\u00a9Jeosm-4-x.jpg\" data-no-retina \/><\/a><\/div><div class=\"portfolio-entry-details entry-details wpex-clr\"><h2 class=\"portfolio-entry-title entry-title\"><a href=\"https:\/\/www.zoomfestival.org\/es\/portfolio-item\/el-condensador-de-fluzo\" title=\"El condensador de fluzo\">El condensador de fluzo<\/a><\/h2><div class=\"portfolio-entry-categories entry-categories wpex-clr\"><a href=\"https:\/\/www.zoomfestival.org\/es\/portfolio-category\/cultural-es\" title=\"Cultural\" class=\"term-213\">Cultural<\/a><\/div><div class=\"portfolio-entry-excerpt entry-excerpt wpex-clr\"><p>Direcci\u00f3n: Aitor Guti\u00e9rrez Producci\u00f3n: RTVE en colaboraci\u00f3n con Lacoproductora Pa\u00eds: Espa\u00f1a A\u00f1o: 2021 G\u00e9nero\/subg\u00e9nero: Divulgaci\u00f3n&hellip;<\/p><\/div><\/div><\/div><\/div><div class=\"portfolio-entry entry-has-details span_1_of_4 col col-2 post-17912 entry type-portfolio has-media cat-213 cat-211\"><div class=\"portfolio-entry-inner entry-inner wpex-clr\"><div class=\"portfolio-entry-media entry-media wpex-clr\"><a href=\"https:\/\/www.zoomfestival.org\/es\/portfolio-item\/gent-de-mercats\" title=\"Gent de mercats\" class=\"portfolio-entry-media-link\"><img class=\"portfolio-entry-img\" src=\"https:\/\/www.zoomfestival.org\/wp-content\/uploads\/2021\/11\/GENT-DE-MERCATS_02-x.jpg\" data-no-retina \/><\/a><\/div><div class=\"portfolio-entry-details entry-details wpex-clr\"><h2 class=\"portfolio-entry-title entry-title\"><a href=\"https:\/\/www.zoomfestival.org\/es\/portfolio-item\/gent-de-mercats\" title=\"Gent de mercats\">Gent de mercats<\/a><\/h2><div class=\"portfolio-entry-categories entry-categories wpex-clr\"><a href=\"https:\/\/www.zoomfestival.org\/es\/portfolio-category\/cultural-es\" title=\"Cultural\" class=\"term-213\">Cultural<\/a><\/div><div class=\"portfolio-entry-excerpt entry-excerpt wpex-clr\"><p>Direcci\u00f3n: Tana Collados Producci\u00f3n: Benec\u00e9 Pa\u00eds: Espa\u00f1a A\u00f1o: 2020 G\u00e9nero\/subg\u00e9nero: Factual Versi\u00f3n\/idioma proyecci\u00f3n: Catal\u00e1n Duraci\u00f3n:&hellip;<\/p><\/div><\/div><\/div><\/div><div class=\"portfolio-entry entry-has-details span_1_of_4 col col-3 post-17924 entry type-portfolio has-media cat-213 cat-211\"><div class=\"portfolio-entry-inner entry-inner wpex-clr\"><div class=\"portfolio-entry-media entry-media wpex-clr\"><a href=\"https:\/\/www.zoomfestival.org\/es\/portfolio-item\/helvetica\" title=\"Helv\u00e8tica\" class=\"portfolio-entry-media-link\"><img class=\"portfolio-entry-img\" src=\"https:\/\/www.zoomfestival.org\/wp-content\/uploads\/2021\/11\/MASTER_HELVETICA_ARQUITECTURA_v14_8CANALS_OSCAR10-x.jpg\" data-no-retina \/><\/a><\/div><div class=\"portfolio-entry-details entry-details wpex-clr\"><h2 class=\"portfolio-entry-title entry-title\"><a href=\"https:\/\/www.zoomfestival.org\/es\/portfolio-item\/helvetica\" title=\"Helv\u00e8tica\">Helv\u00e8tica<\/a><\/h2><div class=\"portfolio-entry-categories entry-categories wpex-clr\"><a href=\"https:\/\/www.zoomfestival.org\/es\/portfolio-category\/cultural-es\" title=\"Cultural\" class=\"term-213\">Cultural<\/a><\/div><div class=\"portfolio-entry-excerpt entry-excerpt wpex-clr\"><p>Direcci\u00f3n: Benec\u00e9 Producci\u00f3n: Benec\u00e9 Pa\u00eds: Espa\u00f1a A\u00f1o: 2020 G\u00e9nero\/subg\u00e9nero: Entrevista, factual Versi\u00f3n\/idioma proyecci\u00f3n: Catalan Duraci\u00f3n:&hellip;<\/p><\/div><\/div><\/div><\/div><div class=\"portfolio-entry entry-has-details span_1_of_4 col col-4 post-17945 entry type-portfolio has-media cat-213 cat-211\"><div class=\"portfolio-entry-inner entry-inner wpex-clr\"><div class=\"portfolio-entry-media entry-media wpex-clr\"><a href=\"https:\/\/www.zoomfestival.org\/es\/portfolio-item\/inaki-y-el-sexo-en-el-futuro\" title=\"I\u00f1aki y&#8230; el sexo en el futuro\" class=\"portfolio-entry-media-link\"><img class=\"portfolio-entry-img\" src=\"https:\/\/www.zoomfestival.org\/wp-content\/uploads\/2021\/11\/INAKI-1-300x300.jpg\" data-no-retina width=\"300\" height=\"300\" \/><\/a><\/div><div class=\"portfolio-entry-details entry-details wpex-clr\"><h2 class=\"portfolio-entry-title entry-title\"><a href=\"https:\/\/www.zoomfestival.org\/es\/portfolio-item\/inaki-y-el-sexo-en-el-futuro\" title=\"I\u00f1aki y&#8230; el sexo en el futuro\">I\u00f1aki y&#8230; el sexo en el futuro<\/a><\/h2><div class=\"portfolio-entry-categories entry-categories wpex-clr\"><a href=\"https:\/\/www.zoomfestival.org\/es\/portfolio-category\/cultural-es\" title=\"Cultural\" class=\"term-213\">Cultural<\/a><\/div><div class=\"portfolio-entry-excerpt entry-excerpt wpex-clr\"><p>Producci\u00f3n: Movistar+ Pa\u00eds: Espa\u00f1a A\u00f1o: 2021 G\u00e9nero\/subg\u00e9nero: Factual Versi\u00f3n\/idioma proyecci\u00f3n: Castellano Duraci\u00f3n: 50\u2019<\/p><\/div><\/div><\/div><\/div><div class=\"portfolio-entry entry-has-details span_1_of_4 col col-1 post-17958 entry type-portfolio has-media cat-213 cat-211\"><div class=\"portfolio-entry-inner entry-inner wpex-clr\"><div class=\"portfolio-entry-media entry-media wpex-clr\"><a href=\"https:\/\/www.zoomfestival.org\/es\/portfolio-item\/off-in-the-distance\" title=\"Off in the distance\" class=\"portfolio-entry-media-link\"><img class=\"portfolio-entry-img\" src=\"https:\/\/www.zoomfestival.org\/wp-content\/uploads\/2021\/11\/offinthedistance-1-x.jpg\" data-no-retina \/><\/a><\/div><div class=\"portfolio-entry-details entry-details wpex-clr\"><h2 class=\"portfolio-entry-title entry-title\"><a href=\"https:\/\/www.zoomfestival.org\/es\/portfolio-item\/off-in-the-distance\" title=\"Off in the distance\">Off in the distance<\/a><\/h2><div class=\"portfolio-entry-categories entry-categories wpex-clr\"><a href=\"https:\/\/www.zoomfestival.org\/es\/portfolio-category\/cultural-es\" title=\"Cultural\" class=\"term-213\">Cultural<\/a><\/div><div class=\"portfolio-entry-excerpt entry-excerpt wpex-clr\"><p>Direcci\u00f3n: Viktoriya Fomina Producci\u00f3n: ANO \"Studio\" Other heavens\" Pa\u00eds: R\u00fassia A\u00f1o: 2021 G\u00e9nero\/subg\u00e9nero: Documental, hist\u00f3rico&hellip;<\/p><\/div><\/div><\/div><\/div><div class=\"portfolio-entry entry-has-details span_1_of_4 col col-2 post-17985 entry type-portfolio has-media cat-213 cat-211\"><div class=\"portfolio-entry-inner entry-inner wpex-clr\"><div class=\"portfolio-entry-media entry-media wpex-clr\"><a href=\"https:\/\/www.zoomfestival.org\/es\/portfolio-item\/revolucio-4-0\" title=\"Revoluci\u00f3 4.0\" class=\"portfolio-entry-media-link\"><img class=\"portfolio-entry-img\" src=\"https:\/\/www.zoomfestival.org\/wp-content\/uploads\/2021\/11\/revolucio4-1-x.jpg\" data-no-retina \/><\/a><\/div><div class=\"portfolio-entry-details entry-details wpex-clr\"><h2 class=\"portfolio-entry-title entry-title\"><a href=\"https:\/\/www.zoomfestival.org\/es\/portfolio-item\/revolucio-4-0\" title=\"Revoluci\u00f3 4.0\">Revoluci\u00f3 4.0<\/a><\/h2><div class=\"portfolio-entry-categories entry-categories wpex-clr\"><a href=\"https:\/\/www.zoomfestival.org\/es\/portfolio-category\/cultural-es\" title=\"Cultural\" class=\"term-213\">Cultural<\/a><\/div><div class=\"portfolio-entry-excerpt entry-excerpt wpex-clr\"><p>Direcci\u00f3n: Xantal Llavina Producci\u00f3n: El Terrat (The Mediapro Studio) Pa\u00eds: Espa\u00f1a A\u00f1o: 2021 G\u00e9nero\/subg\u00e9nero: Divulgaci\u00f3n,&hellip;<\/p><\/div><\/div><\/div><\/div><\/div><\/div>[\/vc_column][\/vc_row][vc_row][vc_column][vc_column_text]\n<div class=\"et_pb_column et_pb_column_3_4 et_pb_column_1 et-last-child\">\n<div class=\"et_pb_text et_pb_module et_pb_bg_layout_light et_pb_text_align_left et_pb_text_0\">\n<div class=\"et_pb_text_inner\">\n<h3>Informativos y deportivos<\/h3>\n<\/div>\n<\/div>\n<\/div>\n[\/vc_column_text]<div class=\"vcex-spacing\" style=\"height:30px\"><\/div><div class=\"vcex-module vcex-portfolio-grid-wrap wpex-clr\"><div class=\"wpex-row vcex-portfolio-grid wpex-clr entries gap-20\" data-transition-duration=\"0.0\"><div class=\"portfolio-entry entry-has-details span_1_of_4 col col-1 post-18875 entry type-portfolio has-media cat-218 cat-211\"><div class=\"portfolio-entry-inner entry-inner wpex-clr\"><div class=\"portfolio-entry-media entry-media wpex-clr\"><a href=\"https:\/\/www.zoomfestival.org\/es\/portfolio-item\/18865\" title=\"En joc\" class=\"portfolio-entry-media-link\"><img class=\"portfolio-entry-img\" src=\"https:\/\/www.zoomfestival.org\/wp-content\/uploads\/2021\/11\/EN-JOC-FOTO-2-x.png\" data-no-retina \/><\/a><\/div><div class=\"portfolio-entry-details entry-details wpex-clr\"><h2 class=\"portfolio-entry-title entry-title\"><a href=\"https:\/\/www.zoomfestival.org\/es\/portfolio-item\/18865\" title=\"En joc\">En joc<\/a><\/h2><div class=\"portfolio-entry-categories entry-categories wpex-clr\"><a href=\"https:\/\/www.zoomfestival.org\/es\/portfolio-category\/informativosdeportes\" title=\"Informativos+Deportes\" class=\"term-218\">Informativos+Deportes<\/a><\/div><div class=\"portfolio-entry-excerpt entry-excerpt wpex-clr\"><p>Direcci\u00f3n: Jordi Pallar\u00e9s Producci\u00f3n: La Xarxa Audiovisual Local SL Pa\u00eds: Espa\u00f1a A\u00f1o: 2020 G\u00e9nero\/subg\u00e9nero: Magazine&hellip;<\/p><\/div><\/div><\/div><\/div><div class=\"portfolio-entry entry-has-details span_1_of_4 col col-2 post-18738 entry type-portfolio has-media cat-218 cat-211\"><div class=\"portfolio-entry-inner entry-inner wpex-clr\"><div class=\"portfolio-entry-media entry-media wpex-clr\"><a href=\"https:\/\/www.zoomfestival.org\/es\/portfolio-item\/dones-en-pandemia\" title=\"Dones en pand\u00e8mia\" class=\"portfolio-entry-media-link\"><img class=\"portfolio-entry-img\" src=\"https:\/\/www.zoomfestival.org\/wp-content\/uploads\/2021\/11\/dones-x.jpg\" data-no-retina \/><\/a><\/div><div class=\"portfolio-entry-details entry-details wpex-clr\"><h2 class=\"portfolio-entry-title entry-title\"><a href=\"https:\/\/www.zoomfestival.org\/es\/portfolio-item\/dones-en-pandemia\" title=\"Dones en pand\u00e8mia\">Dones en pand\u00e8mia<\/a><\/h2><div class=\"portfolio-entry-categories entry-categories wpex-clr\"><a href=\"https:\/\/www.zoomfestival.org\/es\/portfolio-category\/informativosdeportes\" title=\"Informativos+Deportes\" class=\"term-218\">Informativos+Deportes<\/a><\/div><div class=\"portfolio-entry-excerpt entry-excerpt wpex-clr\"><p>Direcci\u00f3n: Susana Soldado C\u00e1liz Producci\u00f3n: Televisi\u00f3 de Badalona Pa\u00eds: Espa\u00f1a A\u00f1o: 2020 G\u00e9nero\/subg\u00e9nero: Documental Versi\u00f3n\/idioma&hellip;<\/p><\/div><\/div><\/div><\/div><div class=\"portfolio-entry entry-has-details span_1_of_4 col col-3 post-18735 entry type-portfolio has-media cat-218 cat-211\"><div class=\"portfolio-entry-inner entry-inner wpex-clr\"><div class=\"portfolio-entry-media entry-media wpex-clr\"><a href=\"https:\/\/www.zoomfestival.org\/es\/portfolio-item\/el-abismo-libio-documentos-tv-informativos-no-diarios\" title=\"El abismo libio, Documentos TV (informativos no diarios)\" class=\"portfolio-entry-media-link\"><img class=\"portfolio-entry-img\" src=\"https:\/\/www.zoomfestival.org\/wp-content\/uploads\/2021\/11\/ABISMO-LIBIO-x.jpg\" data-no-retina \/><\/a><\/div><div class=\"portfolio-entry-details entry-details wpex-clr\"><h2 class=\"portfolio-entry-title entry-title\"><a href=\"https:\/\/www.zoomfestival.org\/es\/portfolio-item\/el-abismo-libio-documentos-tv-informativos-no-diarios\" title=\"El abismo libio, Documentos TV (informativos no diarios)\">El abismo libio, Documentos TV (informativos no diarios)<\/a><\/h2><div class=\"portfolio-entry-categories entry-categories wpex-clr\"><a href=\"https:\/\/www.zoomfestival.org\/es\/portfolio-category\/informativosdeportes\" title=\"Informativos+Deportes\" class=\"term-218\">Informativos+Deportes<\/a><\/div><div class=\"portfolio-entry-excerpt entry-excerpt wpex-clr\"><p>Direcci\u00f3n: Pilar Requena Producci\u00f3n: RTVE Pa\u00eds: Espa\u00f1a A\u00f1o: 2021 G\u00e9nero\/subg\u00e9nero: Documental Versi\u00f3n\/idioma proyecci\u00f3n: Castellano Duraci\u00f3n:&hellip;<\/p><\/div><\/div><\/div><\/div><div class=\"portfolio-entry entry-has-details span_1_of_4 col col-4 post-18747 entry type-portfolio has-media cat-218 cat-211\"><div class=\"portfolio-entry-inner entry-inner wpex-clr\"><div class=\"portfolio-entry-media entry-media wpex-clr\"><a href=\"https:\/\/www.zoomfestival.org\/es\/portfolio-item\/gen-playz\" title=\"Gen Playz\" class=\"portfolio-entry-media-link\"><img class=\"portfolio-entry-img\" src=\"https:\/\/www.zoomfestival.org\/wp-content\/uploads\/2021\/11\/gent-x.jpg\" data-no-retina \/><\/a><\/div><div class=\"portfolio-entry-details entry-details wpex-clr\"><h2 class=\"portfolio-entry-title entry-title\"><a href=\"https:\/\/www.zoomfestival.org\/es\/portfolio-item\/gen-playz\" title=\"Gen Playz\">Gen Playz<\/a><\/h2><div class=\"portfolio-entry-categories entry-categories wpex-clr\"><a href=\"https:\/\/www.zoomfestival.org\/es\/portfolio-category\/informativosdeportes\" title=\"Informativos+Deportes\" class=\"term-218\">Informativos+Deportes<\/a><\/div><div class=\"portfolio-entry-excerpt entry-excerpt wpex-clr\"><p>Direcci\u00f3n: Celia Montalb\u00e1n L\u00f3pez Producci\u00f3n: RTVE en colaboraci\u00f3n con The Story Lab Pa\u00eds: Espa\u00f1a A\u00f1o:&hellip;<\/p><\/div><\/div><\/div><\/div><div class=\"portfolio-entry entry-has-details span_1_of_4 col col-1 post-18750 entry type-portfolio has-media cat-218 cat-211\"><div class=\"portfolio-entry-inner entry-inner wpex-clr\"><div class=\"portfolio-entry-media entry-media wpex-clr\"><a href=\"https:\/\/www.zoomfestival.org\/es\/portfolio-item\/messi-el-dese-art\" title=\"Messi, el des\u00e8 art\" class=\"portfolio-entry-media-link\"><img class=\"portfolio-entry-img\" src=\"https:\/\/www.zoomfestival.org\/wp-content\/uploads\/2021\/11\/Messi-Ramon-Gener-x.jpg\" data-no-retina \/><\/a><\/div><div class=\"portfolio-entry-details entry-details wpex-clr\"><h2 class=\"portfolio-entry-title entry-title\"><a href=\"https:\/\/www.zoomfestival.org\/es\/portfolio-item\/messi-el-dese-art\" title=\"Messi, el des\u00e8 art\">Messi, el des\u00e8 art<\/a><\/h2><div class=\"portfolio-entry-categories entry-categories wpex-clr\"><a href=\"https:\/\/www.zoomfestival.org\/es\/portfolio-category\/informativosdeportes\" title=\"Informativos+Deportes\" class=\"term-218\">Informativos+Deportes<\/a><\/div><div class=\"portfolio-entry-excerpt entry-excerpt wpex-clr\"><p>Direcci\u00f3n: Departament d'Esports de TV3 Producci\u00f3n: Televisi\u00f3 de Catalunya - CCMA SA Pa\u00eds: Espa\u00f1a A\u00f1o:&hellip;<\/p><\/div><\/div><\/div><\/div><div class=\"portfolio-entry entry-has-details span_1_of_4 col col-2 post-18763 entry type-portfolio has-media cat-218 cat-211\"><div class=\"portfolio-entry-inner entry-inner wpex-clr\"><div class=\"portfolio-entry-media entry-media wpex-clr\"><a href=\"https:\/\/www.zoomfestival.org\/es\/portfolio-item\/td-2-especial-la-espana-vaciada-del-25-de-junio-de-2021\" title=\"TD-2 Especial \u00abLa Espa\u00f1a vaciada\u00bb, del 25 de junio de 2021\" class=\"portfolio-entry-media-link\"><img class=\"portfolio-entry-img\" src=\"https:\/\/www.zoomfestival.org\/wp-content\/uploads\/2021\/11\/ARC.TELEDIARIO-ESPANA-VACIADA-x.jpg\" data-no-retina \/><\/a><\/div><div class=\"portfolio-entry-details entry-details wpex-clr\"><h2 class=\"portfolio-entry-title entry-title\"><a href=\"https:\/\/www.zoomfestival.org\/es\/portfolio-item\/td-2-especial-la-espana-vaciada-del-25-de-junio-de-2021\" title=\"TD-2 Especial \u00abLa Espa\u00f1a vaciada\u00bb, del 25 de junio de 2021\">TD-2 Especial \u00abLa Espa\u00f1a vaciada\u00bb, del 25 de junio de 2021<\/a><\/h2><div class=\"portfolio-entry-categories entry-categories wpex-clr\"><a href=\"https:\/\/www.zoomfestival.org\/es\/portfolio-category\/informativosdeportes\" title=\"Informativos+Deportes\" class=\"term-218\">Informativos+Deportes<\/a><\/div><div class=\"portfolio-entry-excerpt entry-excerpt wpex-clr\"><p>Direcci\u00f3n: TD2 de los Servicios Informativos Diarios de TVE (RTVE) Producci\u00f3n: RTVE Pa\u00eds: Espa\u00f1a A\u00f1o:&hellip;<\/p><\/div><\/div><\/div><\/div><div class=\"portfolio-entry entry-has-details span_1_of_4 col col-3 post-18765 entry type-portfolio has-media cat-218 cat-211\"><div class=\"portfolio-entry-inner entry-inner wpex-clr\"><div class=\"portfolio-entry-media entry-media wpex-clr\"><a href=\"https:\/\/www.zoomfestival.org\/es\/portfolio-item\/the-diagnosis-covid-19\" title=\"The diagnosis: COVID-19\" class=\"portfolio-entry-media-link\"><img class=\"portfolio-entry-img\" src=\"https:\/\/www.zoomfestival.org\/wp-content\/uploads\/2021\/11\/TheDiagnosis-3-x.jpg\" data-no-retina \/><\/a><\/div><div class=\"portfolio-entry-details entry-details wpex-clr\"><h2 class=\"portfolio-entry-title entry-title\"><a href=\"https:\/\/www.zoomfestival.org\/es\/portfolio-item\/the-diagnosis-covid-19\" title=\"The diagnosis: COVID-19\">The diagnosis: COVID-19<\/a><\/h2><div class=\"portfolio-entry-categories entry-categories wpex-clr\"><a href=\"https:\/\/www.zoomfestival.org\/es\/portfolio-category\/informativosdeportes\" title=\"Informativos+Deportes\" class=\"term-218\">Informativos+Deportes<\/a><\/div><div class=\"portfolio-entry-excerpt entry-excerpt wpex-clr\"><p>Direcci\u00f3n: Andr\u00e9 Carvalho Ramos Producci\u00f3n: TVI Pa\u00eds: Portugal A\u00f1o: 2021 G\u00e9nero\/subg\u00e9nero: Documental Versi\u00f3n\/idioma proyecci\u00f3n: Portugu\u00e9s&hellip;<\/p><\/div><\/div><\/div><\/div><\/div><\/div>[\/vc_column][\/vc_row][vc_row][vc_column][vc_column_text]\n<div class=\"et_pb_column et_pb_column_3_4 et_pb_column_1 et-last-child\">\n<div class=\"et_pb_text et_pb_module et_pb_bg_layout_light et_pb_text_align_left et_pb_text_0\">\n<div class=\"et_pb_text_inner\">\n<h3>Videojuegos<\/h3>\n<\/div>\n<\/div>\n<\/div>\n[\/vc_column_text]<div class=\"vcex-spacing\" style=\"height:30px\"><\/div><div class=\"vcex-module vcex-portfolio-grid-wrap wpex-clr\"><div class=\"wpex-row vcex-portfolio-grid wpex-clr entries gap-20\" data-transition-duration=\"0.0\"><div class=\"portfolio-entry entry-has-details span_1_of_4 col col-1 post-18015 entry type-portfolio has-media cat-220 cat-211\"><div class=\"portfolio-entry-inner entry-inner wpex-clr\"><div class=\"portfolio-entry-media entry-media wpex-clr\"><a href=\"https:\/\/www.zoomfestival.org\/es\/portfolio-item\/a-tale-of-paper\" title=\"A Tale of Paper\" class=\"portfolio-entry-media-link\"><img class=\"portfolio-entry-img\" src=\"https:\/\/www.zoomfestival.org\/wp-content\/uploads\/2021\/11\/ATOP_HeroArt-x.jpg\" data-no-retina \/><\/a><\/div><div class=\"portfolio-entry-details entry-details wpex-clr\"><h2 class=\"portfolio-entry-title entry-title\"><a href=\"https:\/\/www.zoomfestival.org\/es\/portfolio-item\/a-tale-of-paper\" title=\"A Tale of Paper\">A Tale of Paper<\/a><\/h2><div class=\"portfolio-entry-categories entry-categories wpex-clr\"><a href=\"https:\/\/www.zoomfestival.org\/es\/portfolio-category\/videojuegos\" title=\"Videojuegos\" class=\"term-220\">Videojuegos<\/a><\/div><div class=\"portfolio-entry-excerpt entry-excerpt wpex-clr\"><p>Empresa: Open House Games Distribuci\u00f3n: Digerati Pa\u00eds: Espa\u00f1a A\u00f1o: 2021 G\u00e9nero\/subg\u00e9nero: Scroll lateral 3D, Plataformas,&hellip;<\/p><\/div><\/div><\/div><\/div><div class=\"portfolio-entry entry-has-details span_1_of_4 col col-2 post-18820 entry type-portfolio has-media cat-220 cat-211\"><div class=\"portfolio-entry-inner entry-inner wpex-clr\"><div class=\"portfolio-entry-media entry-media wpex-clr\"><a href=\"https:\/\/www.zoomfestival.org\/es\/portfolio-item\/codedarena\" title=\"CodedArena\u2122\" class=\"portfolio-entry-media-link\"><img class=\"portfolio-entry-img\" src=\"https:\/\/www.zoomfestival.org\/wp-content\/uploads\/2021\/11\/Aula-Coded1-x.jpg\" data-no-retina \/><\/a><\/div><div class=\"portfolio-entry-details entry-details wpex-clr\"><h2 class=\"portfolio-entry-title entry-title\"><a href=\"https:\/\/www.zoomfestival.org\/es\/portfolio-item\/codedarena\" title=\"CodedArena\u2122\">CodedArena\u2122<\/a><\/h2><div class=\"portfolio-entry-categories entry-categories wpex-clr\"><a href=\"https:\/\/www.zoomfestival.org\/es\/portfolio-category\/videojuegos\" title=\"Videojuegos\" class=\"term-220\">Videojuegos<\/a><\/div><div class=\"portfolio-entry-excerpt entry-excerpt wpex-clr\"><p>Empresa: Coded People S.L. Pa\u00eds: A\u00f1o: 2021 G\u00e9nero: Fantasia Idioma:<\/p><\/div><\/div><\/div><\/div><div class=\"portfolio-entry entry-has-details span_1_of_4 col col-3 post-18828 entry type-portfolio has-media cat-220 cat-211\"><div class=\"portfolio-entry-inner entry-inner wpex-clr\"><div class=\"portfolio-entry-media entry-media wpex-clr\"><a href=\"https:\/\/www.zoomfestival.org\/es\/portfolio-item\/crash-bandicoot-on-the-run\" title=\"Crash Bandicoot: on the run!\" class=\"portfolio-entry-media-link\"><img class=\"portfolio-entry-img\" src=\"https:\/\/www.zoomfestival.org\/wp-content\/uploads\/2021\/11\/Crash-2-300x300.png\" data-no-retina width=\"300\" height=\"300\" \/><\/a><\/div><div class=\"portfolio-entry-details entry-details wpex-clr\"><h2 class=\"portfolio-entry-title entry-title\"><a href=\"https:\/\/www.zoomfestival.org\/es\/portfolio-item\/crash-bandicoot-on-the-run\" title=\"Crash Bandicoot: on the run!\">Crash Bandicoot: on the run!<\/a><\/h2><div class=\"portfolio-entry-categories entry-categories wpex-clr\"><a href=\"https:\/\/www.zoomfestival.org\/es\/portfolio-category\/videojuegos\" title=\"Videojuegos\" class=\"term-220\">Videojuegos<\/a><\/div><div class=\"portfolio-entry-excerpt entry-excerpt wpex-clr\"><p>Empresa: King Distribuci\u00f3n: Pa\u00eds: Sweden A\u00f1o: 2021 G\u00e9nero: Runner Idioma: Ingl\u00e9s<\/p><\/div><\/div><\/div><\/div><div class=\"portfolio-entry entry-has-details span_1_of_4 col col-4 post-18030 entry type-portfolio has-media cat-220 cat-211\"><div class=\"portfolio-entry-inner entry-inner wpex-clr\"><div class=\"portfolio-entry-media entry-media wpex-clr\"><a href=\"https:\/\/www.zoomfestival.org\/es\/portfolio-item\/die-after-sunset\" title=\"Die After Sunset\" class=\"portfolio-entry-media-link\"><img class=\"portfolio-entry-img\" src=\"https:\/\/www.zoomfestival.org\/wp-content\/uploads\/2021\/11\/die-after-sunset-2-x.jpg\" data-no-retina \/><\/a><\/div><div class=\"portfolio-entry-details entry-details wpex-clr\"><h2 class=\"portfolio-entry-title entry-title\"><a href=\"https:\/\/www.zoomfestival.org\/es\/portfolio-item\/die-after-sunset\" title=\"Die After Sunset\">Die After Sunset<\/a><\/h2><div class=\"portfolio-entry-categories entry-categories wpex-clr\"><a href=\"https:\/\/www.zoomfestival.org\/es\/portfolio-category\/videojuegos\" title=\"Videojuegos\" class=\"term-220\">Videojuegos<\/a><\/div><div class=\"portfolio-entry-excerpt entry-excerpt wpex-clr\"><p>Empresa: Playstark Games SL Distribuci\u00f3n: PQube Limited Pa\u00eds: Espa\u00f1a A\u00f1o: 2021 G\u00e9nero\/subg\u00e9nero: Rogue-lite 3rd Person&hellip;<\/p><\/div><\/div><\/div><\/div><div class=\"portfolio-entry entry-has-details span_1_of_4 col col-1 post-18043 entry type-portfolio has-media cat-220 cat-211\"><div class=\"portfolio-entry-inner entry-inner wpex-clr\"><div class=\"portfolio-entry-media entry-media wpex-clr\"><a href=\"https:\/\/www.zoomfestival.org\/es\/portfolio-item\/galaction\" title=\"Galacticon\" class=\"portfolio-entry-media-link\"><img class=\"portfolio-entry-img\" src=\"https:\/\/www.zoomfestival.org\/wp-content\/uploads\/2021\/11\/Galacticon_Portada-x.jpg\" data-no-retina \/><\/a><\/div><div class=\"portfolio-entry-details entry-details wpex-clr\"><h2 class=\"portfolio-entry-title entry-title\"><a href=\"https:\/\/www.zoomfestival.org\/es\/portfolio-item\/galaction\" title=\"Galacticon\">Galacticon<\/a><\/h2><div class=\"portfolio-entry-categories entry-categories wpex-clr\"><a href=\"https:\/\/www.zoomfestival.org\/es\/portfolio-category\/videojuegos\" title=\"Videojuegos\" class=\"term-220\">Videojuegos<\/a><\/div><div class=\"portfolio-entry-excerpt entry-excerpt wpex-clr\"><p>Empresa: Radin Games Distribuci\u00f3n: - Pa\u00eds: Espa\u00f1a A\u00f1o: 2022 G\u00e9nero\/subg\u00e9nero: Arcade retro al estilo de&hellip;<\/p><\/div><\/div><\/div><\/div><div class=\"portfolio-entry entry-has-details span_1_of_4 col col-2 post-18056 entry type-portfolio has-media cat-220 cat-211\"><div class=\"portfolio-entry-inner entry-inner wpex-clr\"><div class=\"portfolio-entry-media entry-media wpex-clr\"><a href=\"https:\/\/www.zoomfestival.org\/es\/portfolio-item\/hell-of-an-office\" title=\"Hell of an office\" class=\"portfolio-entry-media-link\"><img class=\"portfolio-entry-img\" src=\"https:\/\/www.zoomfestival.org\/wp-content\/uploads\/2021\/11\/2-x.jpg\" data-no-retina \/><\/a><\/div><div class=\"portfolio-entry-details entry-details wpex-clr\"><h2 class=\"portfolio-entry-title entry-title\"><a href=\"https:\/\/www.zoomfestival.org\/es\/portfolio-item\/hell-of-an-office\" title=\"Hell of an office\">Hell of an office<\/a><\/h2><div class=\"portfolio-entry-categories entry-categories wpex-clr\"><a href=\"https:\/\/www.zoomfestival.org\/es\/portfolio-category\/videojuegos\" title=\"Videojuegos\" class=\"term-220\">Videojuegos<\/a><\/div><div class=\"portfolio-entry-excerpt entry-excerpt wpex-clr\"><p>Empresa: 43 Studios Distribuci\u00f3n: Pay per download en las plataformas online Pa\u00eds: Espa\u00f1a A\u00f1o: 2022&hellip;<\/p><\/div><\/div><\/div><\/div><div class=\"portfolio-entry entry-has-details span_1_of_4 col col-3 post-18837 entry type-portfolio has-media cat-220 cat-211\"><div class=\"portfolio-entry-inner entry-inner wpex-clr\"><div class=\"portfolio-entry-media entry-media wpex-clr\"><a href=\"https:\/\/www.zoomfestival.org\/es\/portfolio-item\/here-be-dragons\" title=\"Here Be Dragons\" class=\"portfolio-entry-media-link\"><img class=\"portfolio-entry-img\" src=\"https:\/\/www.zoomfestival.org\/wp-content\/uploads\/2021\/11\/dragons-3-x.jpg\" data-no-retina \/><\/a><\/div><div class=\"portfolio-entry-details entry-details wpex-clr\"><h2 class=\"portfolio-entry-title entry-title\"><a href=\"https:\/\/www.zoomfestival.org\/es\/portfolio-item\/here-be-dragons\" title=\"Here Be Dragons\">Here Be Dragons<\/a><\/h2><div class=\"portfolio-entry-categories entry-categories wpex-clr\"><a href=\"https:\/\/www.zoomfestival.org\/es\/portfolio-category\/videojuegos\" title=\"Videojuegos\" class=\"term-220\">Videojuegos<\/a><\/div><div class=\"portfolio-entry-excerpt entry-excerpt wpex-clr\"><p>Empresa: Futura Space Pa\u00eds: A\u00f1o: 2020 G\u00e9nero: Aventura Idioma:<\/p><\/div><\/div><\/div><\/div><div class=\"portfolio-entry entry-has-details span_1_of_4 col col-4 post-18068 entry type-portfolio has-media cat-220 cat-211\"><div class=\"portfolio-entry-inner entry-inner wpex-clr\"><div class=\"portfolio-entry-media entry-media wpex-clr\"><a href=\"https:\/\/www.zoomfestival.org\/es\/portfolio-item\/steam-highwayman\" title=\"Steam Highwayman\" class=\"portfolio-entry-media-link\"><img class=\"portfolio-entry-img\" src=\"https:\/\/www.zoomfestival.org\/wp-content\/uploads\/2021\/11\/promo2.jpg\" data-no-retina width=\"300\" height=\"299\" \/><\/a><\/div><div class=\"portfolio-entry-details entry-details wpex-clr\"><h2 class=\"portfolio-entry-title entry-title\"><a href=\"https:\/\/www.zoomfestival.org\/es\/portfolio-item\/steam-highwayman\" title=\"Steam Highwayman\">Steam Highwayman<\/a><\/h2><div class=\"portfolio-entry-categories entry-categories wpex-clr\"><a href=\"https:\/\/www.zoomfestival.org\/es\/portfolio-category\/videojuegos\" title=\"Videojuegos\" class=\"term-220\">Videojuegos<\/a><\/div><div class=\"portfolio-entry-excerpt entry-excerpt wpex-clr\"><p>Empresa: Cubus Games Distribuci\u00f3n: Cubus Games Pa\u00eds: Espa\u00f1a A\u00f1o: 2021 G\u00e9nero\/subg\u00e9nero: Aventuras Idioma: Ingl\u00e9s<\/p><\/div><\/div><\/div><\/div><div class=\"portfolio-entry entry-has-details span_1_of_4 col col-1 post-18847 entry type-portfolio has-media cat-220 cat-211\"><div class=\"portfolio-entry-inner entry-inner wpex-clr\"><div class=\"portfolio-entry-media entry-media wpex-clr\"><a href=\"https:\/\/www.zoomfestival.org\/es\/portfolio-item\/sword-of-the-necromancer\" title=\"Sword of the Necromancer\" class=\"portfolio-entry-media-link\"><img class=\"portfolio-entry-img\" src=\"https:\/\/www.zoomfestival.org\/wp-content\/uploads\/2021\/11\/sword-3-x.jpg\" data-no-retina \/><\/a><\/div><div class=\"portfolio-entry-details entry-details wpex-clr\"><h2 class=\"portfolio-entry-title entry-title\"><a href=\"https:\/\/www.zoomfestival.org\/es\/portfolio-item\/sword-of-the-necromancer\" title=\"Sword of the Necromancer\">Sword of the Necromancer<\/a><\/h2><div class=\"portfolio-entry-categories entry-categories wpex-clr\"><a href=\"https:\/\/www.zoomfestival.org\/es\/portfolio-category\/videojuegos\" title=\"Videojuegos\" class=\"term-220\">Videojuegos<\/a><\/div><div class=\"portfolio-entry-excerpt entry-excerpt wpex-clr\"><p>Empresa: Grimorio of Games Distribuci\u00f3n: Grimorio of Games, JanduSoft SL Pa\u00eds: Espa\u00f1a A\u00f1o: 2021 G\u00e9nero:&hellip;<\/p><\/div><\/div><\/div><\/div><div class=\"portfolio-entry entry-has-details span_1_of_4 col col-2 post-18857 entry type-portfolio has-media cat-220 cat-211\"><div class=\"portfolio-entry-inner entry-inner wpex-clr\"><div class=\"portfolio-entry-media entry-media wpex-clr\"><a href=\"https:\/\/www.zoomfestival.org\/es\/portfolio-item\/tamite\" title=\"Tamite\" class=\"portfolio-entry-media-link\"><img class=\"portfolio-entry-img\" src=\"https:\/\/www.zoomfestival.org\/wp-content\/uploads\/2021\/11\/Tamite_3-x.jpg\" data-no-retina \/><\/a><\/div><div class=\"portfolio-entry-details entry-details wpex-clr\"><h2 class=\"portfolio-entry-title entry-title\"><a href=\"https:\/\/www.zoomfestival.org\/es\/portfolio-item\/tamite\" title=\"Tamite\">Tamite<\/a><\/h2><div class=\"portfolio-entry-categories entry-categories wpex-clr\"><a href=\"https:\/\/www.zoomfestival.org\/es\/portfolio-category\/videojuegos\" title=\"Videojuegos\" class=\"term-220\">Videojuegos<\/a><\/div><div class=\"portfolio-entry-excerpt entry-excerpt wpex-clr\"><p>Company: Eutiquiano Distribuci\u00f3n: Eutiquiano Pa\u00eds: Espa\u00f1a A\u00f1o: 2021 G\u00e9nero: Puzzle Idioma: Catal\u00e1n<\/p><\/div><\/div><\/div><\/div><\/div><\/div>[\/vc_column][\/vc_row][vc_row][vc_column][vc_raw_html]JTNDc3BhbiUyMGlkJTNEJTIycGFub3JhbWEtMjAyMSUyMiUzRSUzQyUyRnNwYW4lM0U=[\/vc_raw_html]<div class=\"vcex-spacing\" style=\"height:60px\"><\/div>[vc_column_text]\n<div class=\"et_pb_column et_pb_column_3_4 et_pb_column_1 et-last-child\">\n<div class=\"et_pb_text et_pb_module et_pb_bg_layout_light et_pb_text_align_left et_pb_text_0\">\n<div class=\"et_pb_text_inner\">\n<h1>Panorama<\/h1>\n<\/div>\n<\/div>\n<\/div>\n[\/vc_column_text]<div class=\"vcex-spacing\" style=\"height:32px\"><\/div>[\/vc_column][\/vc_row][vc_row][vc_column]<div class=\"vcex-module vcex-portfolio-grid-wrap wpex-clr\"><div class=\"wpex-row vcex-portfolio-grid wpex-clr entries gap-20\" data-transition-duration=\"0.0\"><div class=\"portfolio-entry entry-has-details span_1_of_4 col col-1 post-19404 entry type-portfolio has-media cat-236\"><div class=\"portfolio-entry-inner entry-inner wpex-clr\"><div class=\"portfolio-entry-media entry-media wpex-clr\"><a href=\"https:\/\/www.zoomfestival.org\/es\/portfolio-item\/auschwitz-in-33-objects\" title=\"Auschwitz in 33 objects\" class=\"portfolio-entry-media-link\"><img class=\"portfolio-entry-img\" src=\"https:\/\/www.zoomfestival.org\/wp-content\/uploads\/2021\/11\/Auschwitz_1jpg-x.jpg\" data-no-retina \/><\/a><\/div><div class=\"portfolio-entry-details entry-details wpex-clr\"><h2 class=\"portfolio-entry-title entry-title\"><a href=\"https:\/\/www.zoomfestival.org\/es\/portfolio-item\/auschwitz-in-33-objects\" title=\"Auschwitz in 33 objects\">Auschwitz in 33 objects<\/a><\/h2><div class=\"portfolio-entry-categories entry-categories wpex-clr\"><a href=\"https:\/\/www.zoomfestival.org\/es\/portfolio-category\/panorama-2021\" title=\"PANORAMA 2021\" class=\"term-236\">PANORAMA 2021<\/a><\/div><div class=\"portfolio-entry-excerpt entry-excerpt wpex-clr\"><p>Direcci\u00f3n: Marek Zajac Producci\u00f3n: Inbornmedia Pa\u00eds: Polonia A\u00f1o: 2021 G\u00e9nero\/subg\u00e9nero: Documental Versi\u00f3n\/idioma proyecci\u00f3n: Ingl\u00e9s Duraci\u00f3n:&hellip;<\/p><\/div><\/div><\/div><\/div><div class=\"portfolio-entry entry-has-details span_1_of_4 col col-2 post-19255 entry type-portfolio has-media cat-236\"><div class=\"portfolio-entry-inner entry-inner wpex-clr\"><div class=\"portfolio-entry-media entry-media wpex-clr\"><a href=\"https:\/\/www.zoomfestival.org\/es\/portfolio-item\/healers-versus-scienc\" title=\"Heales versus Science\" class=\"portfolio-entry-media-link\"><img class=\"portfolio-entry-img\" src=\"https:\/\/www.zoomfestival.org\/wp-content\/uploads\/2021\/11\/Healers-3-x.jpg\" data-no-retina \/><\/a><\/div><div class=\"portfolio-entry-details entry-details wpex-clr\"><h2 class=\"portfolio-entry-title entry-title\"><a href=\"https:\/\/www.zoomfestival.org\/es\/portfolio-item\/healers-versus-scienc\" title=\"Heales versus Science\">Heales versus Science<\/a><\/h2><div class=\"portfolio-entry-categories entry-categories wpex-clr\"><a href=\"https:\/\/www.zoomfestival.org\/es\/portfolio-category\/panorama-2021\" title=\"PANORAMA 2021\" class=\"term-236\">PANORAMA 2021<\/a><\/div><div class=\"portfolio-entry-excerpt entry-excerpt wpex-clr\"><p>Direcci\u00f3n: Sabine Pirolt y Claudio Tonetti Producci\u00f3n: Akka Films Pa\u00eds: Suiza A\u00f1o: 2021 G\u00e9nero\/subg\u00e9nero: Cultural,&hellip;<\/p><\/div><\/div><\/div><\/div><div class=\"portfolio-entry entry-has-details span_1_of_4 col col-3 post-19262 entry type-portfolio has-media cat-236\"><div class=\"portfolio-entry-inner entry-inner wpex-clr\"><div class=\"portfolio-entry-media entry-media wpex-clr\"><a href=\"https:\/\/www.zoomfestival.org\/es\/portfolio-item\/la-vuelta-de-eva\" title=\"La vuelta de Eva\" class=\"portfolio-entry-media-link\"><img class=\"portfolio-entry-img\" src=\"https:\/\/www.zoomfestival.org\/wp-content\/uploads\/2021\/11\/Fotograma_Vuelta_03-x.jpg\" data-no-retina \/><\/a><\/div><div class=\"portfolio-entry-details entry-details wpex-clr\"><h2 class=\"portfolio-entry-title entry-title\"><a href=\"https:\/\/www.zoomfestival.org\/es\/portfolio-item\/la-vuelta-de-eva\" title=\"La vuelta de Eva\">La vuelta de Eva<\/a><\/h2><div class=\"portfolio-entry-categories entry-categories wpex-clr\"><a href=\"https:\/\/www.zoomfestival.org\/es\/portfolio-category\/panorama-2021\" title=\"PANORAMA 2021\" class=\"term-236\">PANORAMA 2021<\/a><\/div><div class=\"portfolio-entry-excerpt entry-excerpt wpex-clr\"><p>Direcci\u00f3n: Eloi Tom\u00e0s Producci\u00f3n: Eva Gim\u00e9nez, Perico Delgado Pa\u00eds: Espa\u00f1a A\u00f1o: 2020 G\u00e9nero\/subg\u00e9neri: Documental deportivo&hellip;<\/p><\/div><\/div><\/div><\/div><div class=\"portfolio-entry entry-has-details span_1_of_4 col col-4 post-19265 entry type-portfolio has-media cat-236\"><div class=\"portfolio-entry-inner entry-inner wpex-clr\"><div class=\"portfolio-entry-media entry-media wpex-clr\"><a href=\"https:\/\/www.zoomfestival.org\/es\/portfolio-item\/no-sapaguen-les-estreles\" title=\"No s&#8217;apaguen les estreles\" class=\"portfolio-entry-media-link\"><img class=\"portfolio-entry-img\" src=\"https:\/\/www.zoomfestival.org\/wp-content\/uploads\/2021\/11\/vlcsnap--x.jpg\" data-no-retina \/><\/a><\/div><div class=\"portfolio-entry-details entry-details wpex-clr\"><h2 class=\"portfolio-entry-title entry-title\"><a href=\"https:\/\/www.zoomfestival.org\/es\/portfolio-item\/no-sapaguen-les-estreles\" title=\"No s&#8217;apaguen les estreles\">No s&#8217;apaguen les estreles<\/a><\/h2><div class=\"portfolio-entry-categories entry-categories wpex-clr\"><a href=\"https:\/\/www.zoomfestival.org\/es\/portfolio-category\/panorama-2021\" title=\"PANORAMA 2021\" class=\"term-236\">PANORAMA 2021<\/a><\/div><div class=\"portfolio-entry-excerpt entry-excerpt wpex-clr\"><p>Direcci\u00f3n: Xavi Sarri\u00e0 Producci\u00f3n: Tourmalet Pa\u00eds: Espa\u00f1a A\u00f1o: 2021 G\u00e9nero\/subg\u00e9nero: Documental Versi\u00f3n\/idioma proyecci\u00f3n: Catal\u00e1n Duraci\u00f3n:&hellip;<\/p><\/div><\/div><\/div><\/div><div class=\"portfolio-entry entry-has-details span_1_of_4 col col-1 post-19276 entry type-portfolio has-media cat-236\"><div class=\"portfolio-entry-inner entry-inner wpex-clr\"><div class=\"portfolio-entry-media entry-media wpex-clr\"><a href=\"https:\/\/www.zoomfestival.org\/es\/portfolio-item\/ossi-di-seppia-the-sound-of-memory\" title=\"Ossi di Sepia. The Sound of Memory\" class=\"portfolio-entry-media-link\"><img class=\"portfolio-entry-img\" src=\"https:\/\/www.zoomfestival.org\/wp-content\/uploads\/2021\/11\/DIANA-LUCIA-MEDRI-x.jpg\" data-no-retina \/><\/a><\/div><div class=\"portfolio-entry-details entry-details wpex-clr\"><h2 class=\"portfolio-entry-title entry-title\"><a href=\"https:\/\/www.zoomfestival.org\/es\/portfolio-item\/ossi-di-seppia-the-sound-of-memory\" title=\"Ossi di Sepia. The Sound of Memory\">Ossi di Sepia. The Sound of Memory<\/a><\/h2><div class=\"portfolio-entry-categories entry-categories wpex-clr\"><a href=\"https:\/\/www.zoomfestival.org\/es\/portfolio-category\/panorama-2021\" title=\"PANORAMA 2021\" class=\"term-236\">PANORAMA 2021<\/a><\/div><div class=\"portfolio-entry-excerpt entry-excerpt wpex-clr\"><p>Direcci\u00f3n: Producci\u00f3n: RaiPlay, 42\u00b0 Parallelo Pa\u00eds: Italia A\u00f1o: 2021 G\u00e9nero\/subg\u00e9nero: Entrevista, Historia Versi\u00f3n\/idioma proyecci\u00f3n: Italiano&hellip;<\/p><\/div><\/div><\/div><\/div><div class=\"portfolio-entry entry-has-details span_1_of_4 col col-2 post-19278 entry type-portfolio has-media cat-236\"><div class=\"portfolio-entry-inner entry-inner wpex-clr\"><div class=\"portfolio-entry-media entry-media wpex-clr\"><a href=\"https:\/\/www.zoomfestival.org\/es\/portfolio-item\/war-on-the-amazon\" title=\"War on the Amazon\" class=\"portfolio-entry-media-link\"><img class=\"portfolio-entry-img\" src=\"https:\/\/www.zoomfestival.org\/wp-content\/uploads\/2021\/11\/Rai-Amazzonia-10-x.jpg\" data-no-retina \/><\/a><\/div><div class=\"portfolio-entry-details entry-details wpex-clr\"><h2 class=\"portfolio-entry-title entry-title\"><a href=\"https:\/\/www.zoomfestival.org\/es\/portfolio-item\/war-on-the-amazon\" title=\"War on the Amazon\">War on the Amazon<\/a><\/h2><div class=\"portfolio-entry-categories entry-categories wpex-clr\"><a href=\"https:\/\/www.zoomfestival.org\/es\/portfolio-category\/panorama-2021\" title=\"PANORAMA 2021\" class=\"term-236\">PANORAMA 2021<\/a><\/div><div class=\"portfolio-entry-excerpt entry-excerpt wpex-clr\"><p>Direcci\u00f3n: Marcello Brecciaroli Producci\u00f3n: Rai Pa\u00eds:Italia A\u00f1o: 2021 G\u00e9nero\/subg\u00e9nero: Informativo, Reportaje, Investigaci\u00f3n Versi\u00f3n\/idioma proyecci\u00f3n: Italiano&hellip;<\/p><\/div><\/div><\/div><\/div><\/div><\/div><div class=\"vcex-spacing\" style=\"height:60px\"><\/div>[\/vc_column][\/vc_row][vc_row full_width=\u00bbstretch_row_content_no_spaces\u00bb][vc_column]<div class=\"vcex-spacing\" style=\"height:30px\"><\/div>[vc_separator][\/vc_column][\/vc_row]\n","protected":false},"excerpt":{"rendered":"<p>[vc_row full_width=\u00bbstretch_row_content_no_spaces\u00bb][vc_column][rev_slider_vc alias=\u00bbHOME-SLIDE\u00bb][\/vc_column][\/vc_row][vc_row][vc_column][vc_column_text] Secciones Zoom Festival [\/vc_column_text][\/vc_column][\/vc_row][vc_row][vc_column][vc_raw_html]JTNDc3BhbiUyMGlkJTNEJTIyc2VjY2lvLW9maWNpYWwtMjAyMCUyMiUzRSUzQyUyRnNwYW4lM0U=[\/vc_raw_html][vc_column_text] Secci\u00f3n oficial 2021 [\/vc_column_text][\/vc_column][\/vc_row][vc_row][vc_column][vc_column_text] Ficci\u00f3n [\/vc_column_text][\/vc_column][vc_column][vc_column_text] Entretenimiento [\/vc_column_text][\/vc_column][\/vc_row][vc_row][vc_column][vc_column_text] Culturales [\/vc_column_text][\/vc_column][\/vc_row][vc_row][vc_column][vc_column_text] Informativos y deportivos [\/vc_column_text][\/vc_column][\/vc_row][vc_row][vc_column][vc_column_text] Videojuegos [\/vc_column_text][\/vc_column][\/vc_row][vc_row][vc_column][vc_raw_html]JTNDc3BhbiUyMGlkJTNEJTIycGFub3JhbWEtMjAyMSUyMiUzRSUzQyUyRnNwYW4lM0U=[\/vc_raw_html][vc_column_text] Panorama [\/vc_column_text][\/vc_column][\/vc_row][vc_row][vc_column][\/vc_column][\/vc_row][vc_row full_width=\u00bbstretch_row_content_no_spaces\u00bb][vc_column][vc_separator][\/vc_column][\/vc_row]<\/p>\n","protected":false},"author":8,"featured_media":0,"parent":0,"menu_order":0,"comment_status":"closed","ping_status":"closed","template":"templates\/no-sidebar.php","meta":{"_mi_skip_tracking":false},"_links":{"self":[{"href":"https:\/\/www.zoomfestival.org\/es\/wp-json\/wp\/v2\/pages\/17781"}],"collection":[{"href":"https:\/\/www.zoomfestival.org\/es\/wp-json\/wp\/v2\/pages"}],"about":[{"href":"https:\/\/www.zoomfestival.org\/es\/wp-json\/wp\/v2\/types\/page"}],"author":[{"embeddable":true,"href":"https:\/\/www.zoomfestival.org\/es\/wp-json\/wp\/v2\/users\/8"}],"replies":[{"embeddable":true,"href":"https:\/\/www.zoomfestival.org\/es\/wp-json\/wp\/v2\/comments?post=17781"}],"version-history":[{"count":6,"href":"https:\/\/www.zoomfestival.org\/es\/wp-json\/wp\/v2\/pages\/17781\/revisions"}],"predecessor-version":[{"id":20520,"href":"https:\/\/www.zoomfestival.org\/es\/wp-json\/wp\/v2\/pages\/17781\/revisions\/20520"}],"wp:attachment":[{"href":"https:\/\/www.zoomfestival.org\/es\/wp-json\/wp\/v2\/media?parent=17781"}],"curies":[{"name":"wp","href":"https:\/\/api.w.org\/{rel}","templated":true}]}}