{"id":20526,"date":"2022-10-11T13:48:39","date_gmt":"2022-10-11T11:48:39","guid":{"rendered":"https:\/\/www.zoomfestival.org\/seccions-zoom-2022\/"},"modified":"2023-11-21T15:56:57","modified_gmt":"2023-11-21T14:56:57","slug":"secciones-zoom-2023","status":"publish","type":"page","link":"https:\/\/www.zoomfestival.org\/es\/secciones-zoom-2023","title":{"rendered":"SECCIONES ZOOM 2023"},"content":{"rendered":"[vc_row full_width=\u00bbstretch_row_content_no_spaces\u00bb][vc_column][rev_slider_vc alias=\u00bbHOME-SLIDE\u00bb][\/vc_column][\/vc_row][vc_row][vc_column][vc_column_text]\n[\/vc_column_text][\/vc_column][\/vc_row][vc_row][vc_column]<div class=\"vcex-spacing\" style=\"height:60px\"><\/div>[vc_column_text]\n<h1 style=\"text-align: left;\">Secciones Zoom Festival<\/h1>\n[\/vc_column_text][\/vc_column][\/vc_row][vc_row][vc_column][vc_raw_html]JTNDc3BhbiUyMGlkJTNEJTIyc2VjY2lvLW9maWNpYWwtMjAyMCUyMiUzRSUzQyUyRnNwYW4lM0U=[\/vc_raw_html]<div class=\"vcex-spacing\" style=\"height:60px\"><\/div>[vc_column_text]\n<div class=\"et_pb_column et_pb_column_3_4 et_pb_column_1 et-last-child\">\n<div class=\"et_pb_text et_pb_module et_pb_bg_layout_light et_pb_text_align_left et_pb_text_0\">\n<div class=\"et_pb_text_inner\">\n<h1>Secci\u00f3n oficial 2023<\/h1>\n<\/div>\n<\/div>\n<\/div>\n[\/vc_column_text][\/vc_column][\/vc_row][vc_row][vc_column][vc_column_text]\n<div class=\"et_pb_column et_pb_column_3_4 et_pb_column_1 et-last-child\">\n<div class=\"et_pb_text et_pb_module et_pb_bg_layout_light et_pb_text_align_left et_pb_text_0\">\n<div class=\"et_pb_text_inner\">\n<h3>Ficci\u00f3n<\/h3>\n<\/div>\n<\/div>\n<\/div>\n[\/vc_column_text]<div class=\"vcex-spacing\" style=\"height:30px\"><\/div><div class=\"vcex-module vcex-portfolio-grid-wrap wpex-clr\"><div class=\"wpex-row vcex-portfolio-grid wpex-clr entries gap-20\" data-transition-duration=\"0.0\"><div class=\"portfolio-entry entry-has-details span_1_of_4 col col-1 post-23041 entry type-portfolio has-media cat-304 cat-303 translation_priority-256\"><div class=\"portfolio-entry-inner entry-inner wpex-clr\"><div class=\"portfolio-entry-media entry-media wpex-clr\"><a href=\"https:\/\/www.zoomfestival.org\/es\/portfolio-item\/aixo-no-es-suecia\" title=\"Aix\u00f2 no \u00e9s Su\u00e8cia\" class=\"portfolio-entry-media-link\"><img class=\"portfolio-entry-img\" src=\"https:\/\/www.zoomfestival.org\/wp-content\/uploads\/2023\/11\/Aixo-no-es-Suecia-2-x.jpg\" data-no-retina \/><\/a><\/div><div class=\"portfolio-entry-details entry-details wpex-clr\"><h2 class=\"portfolio-entry-title entry-title\"><a href=\"https:\/\/www.zoomfestival.org\/es\/portfolio-item\/aixo-no-es-suecia\" title=\"Aix\u00f2 no \u00e9s Su\u00e8cia\">Aix\u00f2 no \u00e9s Su\u00e8cia<\/a><\/h2><div class=\"portfolio-entry-categories entry-categories wpex-clr\"><a href=\"https:\/\/www.zoomfestival.org\/es\/portfolio-category\/ficcion-es-3\" title=\"Ficci\u00f3n\" class=\"term-304\">Ficci\u00f3n<\/a><\/div><div class=\"portfolio-entry-excerpt entry-excerpt wpex-clr\"><p>Direcci\u00f3n: Aina Clotet, Mar Coll Producci\u00f3n: Nanouk Films, Funicular Films, Anagram Sweden, 3Cat, RTVE, SVT,&hellip;<\/p><\/div><\/div><\/div><\/div><div class=\"portfolio-entry entry-has-details span_1_of_4 col col-2 post-23007 entry type-portfolio has-media cat-304 cat-303 translation_priority-256\"><div class=\"portfolio-entry-inner entry-inner wpex-clr\"><div class=\"portfolio-entry-media entry-media wpex-clr\"><a href=\"https:\/\/www.zoomfestival.org\/es\/portfolio-item\/cites-barcelona\" title=\"Cites Barcelona\" class=\"portfolio-entry-media-link\"><img class=\"portfolio-entry-img\" src=\"https:\/\/www.zoomfestival.org\/wp-content\/uploads\/2023\/11\/CITAS-BARCELONA-8-x.jpg\" data-no-retina \/><\/a><\/div><div class=\"portfolio-entry-details entry-details wpex-clr\"><h2 class=\"portfolio-entry-title entry-title\"><a href=\"https:\/\/www.zoomfestival.org\/es\/portfolio-item\/cites-barcelona\" title=\"Cites Barcelona\">Cites Barcelona<\/a><\/h2><div class=\"portfolio-entry-categories entry-categories wpex-clr\"><a href=\"https:\/\/www.zoomfestival.org\/es\/portfolio-category\/ficcion-es-3\" title=\"Ficci\u00f3n\" class=\"term-304\">Ficci\u00f3n<\/a><\/div><div class=\"portfolio-entry-excerpt entry-excerpt wpex-clr\"><p>Direcci\u00f3n: Pau Freixas, David Selvas, Paco Caballero, Patricia Font y Carles Torrens Producci\u00f3n: AIE, Castelao&hellip;<\/p><\/div><\/div><\/div><\/div><div class=\"portfolio-entry entry-has-details span_1_of_4 col col-3 post-22937 entry type-portfolio has-media cat-304 cat-303 translation_priority-256\"><div class=\"portfolio-entry-inner entry-inner wpex-clr\"><div class=\"portfolio-entry-media entry-media wpex-clr\"><a href=\"https:\/\/www.zoomfestival.org\/es\/portfolio-item\/el-hijo-zurdo\" title=\"El hijo zurdo\" class=\"portfolio-entry-media-link\"><img class=\"portfolio-entry-img\" src=\"https:\/\/www.zoomfestival.org\/wp-content\/uploads\/2023\/11\/Hijo-3-x.png\" data-no-retina \/><\/a><\/div><div class=\"portfolio-entry-details entry-details wpex-clr\"><h2 class=\"portfolio-entry-title entry-title\"><a href=\"https:\/\/www.zoomfestival.org\/es\/portfolio-item\/el-hijo-zurdo\" title=\"El hijo zurdo\">El hijo zurdo<\/a><\/h2><div class=\"portfolio-entry-categories entry-categories wpex-clr\"><a href=\"https:\/\/www.zoomfestival.org\/es\/portfolio-category\/ficcion-es-3\" title=\"Ficci\u00f3n\" class=\"term-304\">Ficci\u00f3n<\/a><\/div><div class=\"portfolio-entry-excerpt entry-excerpt wpex-clr\"><p>Direcci\u00f3: Rafael Cobos Producci\u00f3: Una serie original de Movistar Plus+ en colaboraci\u00f3n con At\u00edpica films&hellip;<\/p><\/div><\/div><\/div><\/div><div class=\"portfolio-entry entry-has-details span_1_of_4 col col-4 post-22917 entry type-portfolio has-media cat-304 cat-303 translation_priority-256\"><div class=\"portfolio-entry-inner entry-inner wpex-clr\"><div class=\"portfolio-entry-media entry-media wpex-clr\"><a href=\"https:\/\/www.zoomfestival.org\/es\/portfolio-item\/la-unidad-kabul\" title=\"La unidad Kabul\" class=\"portfolio-entry-media-link\"><img class=\"portfolio-entry-img\" src=\"https:\/\/www.zoomfestival.org\/wp-content\/uploads\/2023\/11\/Kabul-x.png\" data-no-retina \/><\/a><\/div><div class=\"portfolio-entry-details entry-details wpex-clr\"><h2 class=\"portfolio-entry-title entry-title\"><a href=\"https:\/\/www.zoomfestival.org\/es\/portfolio-item\/la-unidad-kabul\" title=\"La unidad Kabul\">La unidad Kabul<\/a><\/h2><div class=\"portfolio-entry-categories entry-categories wpex-clr\"><a href=\"https:\/\/www.zoomfestival.org\/es\/portfolio-category\/ficcion-es-3\" title=\"Ficci\u00f3n\" class=\"term-304\">Ficci\u00f3n<\/a><\/div><div class=\"portfolio-entry-excerpt entry-excerpt wpex-clr\"><p>Direcci\u00f3n: Dani de la Torre y Oskar Santos Producci\u00f3n: Una serie original de Movistar Plus+&hellip;<\/p><\/div><\/div><\/div><\/div><div class=\"portfolio-entry entry-has-details span_1_of_4 col col-1 post-23122 entry type-portfolio has-media cat-304 cat-303 translation_priority-256\"><div class=\"portfolio-entry-inner entry-inner wpex-clr\"><div class=\"portfolio-entry-media entry-media wpex-clr\"><a href=\"https:\/\/www.zoomfestival.org\/es\/portfolio-item\/miro\" title=\"Mir\u00f3\" class=\"portfolio-entry-media-link\"><img class=\"portfolio-entry-img\" src=\"https:\/\/www.zoomfestival.org\/wp-content\/uploads\/2023\/11\/Miro-TV3.webp\" data-no-retina width=\"300\" height=\"299\" \/><\/a><\/div><div class=\"portfolio-entry-details entry-details wpex-clr\"><h2 class=\"portfolio-entry-title entry-title\"><a href=\"https:\/\/www.zoomfestival.org\/es\/portfolio-item\/miro\" title=\"Mir\u00f3\">Mir\u00f3<\/a><\/h2><div class=\"portfolio-entry-categories entry-categories wpex-clr\"><a href=\"https:\/\/www.zoomfestival.org\/es\/portfolio-category\/ficcion-es-3\" title=\"Ficci\u00f3n\" class=\"term-304\">Ficci\u00f3n<\/a><\/div><div class=\"portfolio-entry-excerpt entry-excerpt wpex-clr\"><p>Direcci\u00f3n: Oriol Ferrer Producci\u00f3n: Set M\u00e0gic Audiovisual y 3Cat con IB3 y \u00c0 punt m\u00e8dia.&hellip;<\/p><\/div><\/div><\/div><\/div><div class=\"portfolio-entry entry-has-details span_1_of_4 col col-2 post-23043 entry type-portfolio has-media cat-304 cat-303 translation_priority-256\"><div class=\"portfolio-entry-inner entry-inner wpex-clr\"><div class=\"portfolio-entry-media entry-media wpex-clr\"><a href=\"https:\/\/www.zoomfestival.org\/es\/portfolio-item\/my-last-love-letter-for-you\" title=\"My Last Love Letter for You\" class=\"portfolio-entry-media-link\"><img class=\"portfolio-entry-img\" src=\"https:\/\/www.zoomfestival.org\/wp-content\/uploads\/2023\/11\/MyLastLoveLetter-2-x.jpg\" data-no-retina \/><\/a><\/div><div class=\"portfolio-entry-details entry-details wpex-clr\"><h2 class=\"portfolio-entry-title entry-title\"><a href=\"https:\/\/www.zoomfestival.org\/es\/portfolio-item\/my-last-love-letter-for-you\" title=\"My Last Love Letter for You\">My Last Love Letter for You<\/a><\/h2><div class=\"portfolio-entry-categories entry-categories wpex-clr\"><a href=\"https:\/\/www.zoomfestival.org\/es\/portfolio-category\/ficcion-es-3\" title=\"Ficci\u00f3n\" class=\"term-304\">Ficci\u00f3n<\/a><\/div><div class=\"portfolio-entry-excerpt entry-excerpt wpex-clr\"><p>Direcci\u00f3n: Nien-tsu Hsieh Producci\u00f3n: Hakka TV Pa\u00eds: Taiwan A\u00f1o: 2023 G\u00e9nero\/subg\u00e9nero: Drama Cast: Xiu-die Yu&hellip;<\/p><\/div><\/div><\/div><\/div><div class=\"portfolio-entry entry-has-details span_1_of_4 col col-3 post-22935 entry type-portfolio has-media cat-304 cat-303 translation_priority-256\"><div class=\"portfolio-entry-inner entry-inner wpex-clr\"><div class=\"portfolio-entry-media entry-media wpex-clr\"><a href=\"https:\/\/www.zoomfestival.org\/es\/portfolio-item\/poquita-fe\" title=\"Poquita Fe\" class=\"portfolio-entry-media-link\"><img class=\"portfolio-entry-img\" src=\"https:\/\/www.zoomfestival.org\/wp-content\/uploads\/2023\/11\/PoquitaFe-2-x.jpg\" data-no-retina \/><\/a><\/div><div class=\"portfolio-entry-details entry-details wpex-clr\"><h2 class=\"portfolio-entry-title entry-title\"><a href=\"https:\/\/www.zoomfestival.org\/es\/portfolio-item\/poquita-fe\" title=\"Poquita Fe\">Poquita Fe<\/a><\/h2><div class=\"portfolio-entry-categories entry-categories wpex-clr\"><a href=\"https:\/\/www.zoomfestival.org\/es\/portfolio-category\/ficcion-es-3\" title=\"Ficci\u00f3n\" class=\"term-304\">Ficci\u00f3n<\/a><\/div><div class=\"portfolio-entry-excerpt entry-excerpt wpex-clr\"><p>Direcci\u00f3n: Pep\u00f3n Montero Producci\u00f3n: Una serie original Movistar Plus+ en colaboraci\u00f3n con Buend\u00eda Estudios Pa\u00eds:&hellip;<\/p><\/div><\/div><\/div><\/div><div class=\"portfolio-entry entry-has-details span_1_of_4 col col-4 post-22922 entry type-portfolio has-media cat-304 cat-303 translation_priority-256\"><div class=\"portfolio-entry-inner entry-inner wpex-clr\"><div class=\"portfolio-entry-media entry-media wpex-clr\"><a href=\"https:\/\/www.zoomfestival.org\/es\/portfolio-item\/shake\" title=\"Shake\" class=\"portfolio-entry-media-link\"><img class=\"portfolio-entry-img\" src=\"https:\/\/www.zoomfestival.org\/wp-content\/uploads\/2023\/11\/Shake-1-x.jpg\" data-no-retina \/><\/a><\/div><div class=\"portfolio-entry-details entry-details wpex-clr\"><h2 class=\"portfolio-entry-title entry-title\"><a href=\"https:\/\/www.zoomfestival.org\/es\/portfolio-item\/shake\" title=\"Shake\">Shake<\/a><\/h2><div class=\"portfolio-entry-categories entry-categories wpex-clr\"><a href=\"https:\/\/www.zoomfestival.org\/es\/portfolio-category\/ficcion-es-3\" title=\"Ficci\u00f3n\" class=\"term-304\">Ficci\u00f3n<\/a><\/div><div class=\"portfolio-entry-excerpt entry-excerpt wpex-clr\"><p>Direcci\u00f3n: Giulia Gandini Producci\u00f3n: Productores RAI: Leonardo Ferrara, Emanuele Cotumaccio, Laura Massacra. Productores: LUCKY RED&hellip;<\/p><\/div><\/div><\/div><\/div><div class=\"portfolio-entry entry-has-details span_1_of_4 col col-1 post-23123 entry type-portfolio has-media cat-304 cat-303 translation_priority-256\"><div class=\"portfolio-entry-inner entry-inner wpex-clr\"><div class=\"portfolio-entry-media entry-media wpex-clr\"><a href=\"https:\/\/www.zoomfestival.org\/es\/portfolio-item\/sorensen-catches-fire\" title=\"S\u00f6rensen catches fire\" class=\"portfolio-entry-media-link\"><img class=\"portfolio-entry-img\" src=\"https:\/\/www.zoomfestival.org\/wp-content\/uploads\/2023\/11\/Sorensen-1-x.jpg\" data-no-retina \/><\/a><\/div><div class=\"portfolio-entry-details entry-details wpex-clr\"><h2 class=\"portfolio-entry-title entry-title\"><a href=\"https:\/\/www.zoomfestival.org\/es\/portfolio-item\/sorensen-catches-fire\" title=\"S\u00f6rensen catches fire\">S\u00f6rensen catches fire<\/a><\/h2><div class=\"portfolio-entry-categories entry-categories wpex-clr\"><a href=\"https:\/\/www.zoomfestival.org\/es\/portfolio-category\/ficcion-es-3\" title=\"Ficci\u00f3n\" class=\"term-304\">Ficci\u00f3n<\/a><\/div><div class=\"portfolio-entry-excerpt entry-excerpt wpex-clr\"><p>Direcci\u00f3n: Bjarne M\u00e4del Producci\u00f3n: Claussen+Putz Filmproduktion GmbH \/ NDR, Norddeutscher Rundfunk Pa\u00eds: Dinamarca\/Alemania A\u00f1o: 2023&hellip;<\/p><\/div><\/div><\/div><\/div><div class=\"portfolio-entry entry-has-details span_1_of_4 col col-2 post-22933 entry type-portfolio has-media cat-304 cat-303 translation_priority-256\"><div class=\"portfolio-entry-inner entry-inner wpex-clr\"><div class=\"portfolio-entry-media entry-media wpex-clr\"><a href=\"https:\/\/www.zoomfestival.org\/es\/portfolio-item\/steeltown-murders\" title=\"Steeltown Murders\" class=\"portfolio-entry-media-link\"><img class=\"portfolio-entry-img\" src=\"https:\/\/www.zoomfestival.org\/wp-content\/uploads\/2023\/11\/Steeltown-Murders_S01_E01_Aneurin-Barnard-as-Joseph-Kappen-\u00a9-Severn-Screen-All3Media-International-1-x.jpg\" data-no-retina \/><\/a><\/div><div class=\"portfolio-entry-details entry-details wpex-clr\"><h2 class=\"portfolio-entry-title entry-title\"><a href=\"https:\/\/www.zoomfestival.org\/es\/portfolio-item\/steeltown-murders\" title=\"Steeltown Murders\">Steeltown Murders<\/a><\/h2><div class=\"portfolio-entry-categories entry-categories wpex-clr\"><a href=\"https:\/\/www.zoomfestival.org\/es\/portfolio-category\/ficcion-es-3\" title=\"Ficci\u00f3n\" class=\"term-304\">Ficci\u00f3n<\/a><\/div><div class=\"portfolio-entry-excerpt entry-excerpt wpex-clr\"><p>Direcci\u00f3n: Marc Evans Producci\u00f3n: Severn Screen Pa\u00eds: Reino Unido A\u00f1o: 2023 G\u00e9nero\/subg\u00e9nero: Drama Cast: Philip&hellip;<\/p><\/div><\/div><\/div><\/div><div class=\"portfolio-entry entry-has-details span_1_of_4 col col-3 post-23059 entry type-portfolio has-media cat-304 cat-303 translation_priority-256\"><div class=\"portfolio-entry-inner entry-inner wpex-clr\"><div class=\"portfolio-entry-media entry-media wpex-clr\"><a href=\"https:\/\/www.zoomfestival.org\/es\/portfolio-item\/the-messenger\" title=\"The Messenger\" class=\"portfolio-entry-media-link\"><img class=\"portfolio-entry-img\" src=\"https:\/\/www.zoomfestival.org\/wp-content\/uploads\/2023\/11\/The_Messenger_S01_E01_Audrey-Alexandra-Jensen-\u00a9-Lingo-Pictures-All3Media-International-1-x.jpg\" data-no-retina \/><\/a><\/div><div class=\"portfolio-entry-details entry-details wpex-clr\"><h2 class=\"portfolio-entry-title entry-title\"><a href=\"https:\/\/www.zoomfestival.org\/es\/portfolio-item\/the-messenger\" title=\"The Messenger\">The Messenger<\/a><\/h2><div class=\"portfolio-entry-categories entry-categories wpex-clr\"><a href=\"https:\/\/www.zoomfestival.org\/es\/portfolio-category\/ficcion-es-3\" title=\"Ficci\u00f3n\" class=\"term-304\">Ficci\u00f3n<\/a><\/div><div class=\"portfolio-entry-excerpt entry-excerpt wpex-clr\"><p>Direcci\u00f3n: Daniel Nettheim, Jennifer Leacey Producci\u00f3n: Lingo Pictures Pa\u00eds: Reino Unido A\u00f1o: 2023 G\u00e9nero\/subg\u00e9nero: Drama&hellip;<\/p><\/div><\/div><\/div><\/div><div class=\"portfolio-entry entry-has-details span_1_of_4 col col-4 post-23119 entry type-portfolio has-media cat-304 cat-303 translation_priority-256\"><div class=\"portfolio-entry-inner entry-inner wpex-clr\"><div class=\"portfolio-entry-media entry-media wpex-clr\"><a href=\"https:\/\/www.zoomfestival.org\/es\/portfolio-item\/the-mimicry\" title=\"The Mimicry\" class=\"portfolio-entry-media-link\"><img class=\"portfolio-entry-img\" src=\"https:\/\/www.zoomfestival.org\/wp-content\/uploads\/2023\/11\/The-Mimicry08-x.jpg\" data-no-retina \/><\/a><\/div><div class=\"portfolio-entry-details entry-details wpex-clr\"><h2 class=\"portfolio-entry-title entry-title\"><a href=\"https:\/\/www.zoomfestival.org\/es\/portfolio-item\/the-mimicry\" title=\"The Mimicry\">The Mimicry<\/a><\/h2><div class=\"portfolio-entry-categories entry-categories wpex-clr\"><a href=\"https:\/\/www.zoomfestival.org\/es\/portfolio-category\/ficcion-es-3\" title=\"Ficci\u00f3n\" class=\"term-304\">Ficci\u00f3n<\/a><\/div><div class=\"portfolio-entry-excerpt entry-excerpt wpex-clr\"><p>Direcci\u00f3n: CHUNG Yu-lin Producci\u00f3n: Julian Lee \/ Mark Chen \/ Hakka TV Pa\u00eds: Taiwan A\u00f1o:&hellip;<\/p><\/div><\/div><\/div><\/div><\/div><\/div>[\/vc_column][vc_column][vc_column_text]\n<div class=\"et_pb_column et_pb_column_3_4 et_pb_column_1 et-last-child\">\n<div class=\"et_pb_text et_pb_module et_pb_bg_layout_light et_pb_text_align_left et_pb_text_0\">\n<div class=\"et_pb_text_inner\">\n<h3>Entretenimiento<\/h3>\n<\/div>\n<\/div>\n<\/div>\n[\/vc_column_text]<div class=\"vcex-spacing\" style=\"height:30px\"><\/div><div class=\"vcex-module vcex-portfolio-grid-wrap wpex-clr\"><div class=\"wpex-row vcex-portfolio-grid wpex-clr entries gap-20\" data-transition-duration=\"0.0\"><div class=\"portfolio-entry entry-has-details span_1_of_4 col col-1 post-22981 entry type-portfolio has-media cat-307 cat-303 translation_priority-256\"><div class=\"portfolio-entry-inner entry-inner wpex-clr\"><div class=\"portfolio-entry-media entry-media wpex-clr\"><a href=\"https:\/\/www.zoomfestival.org\/es\/portfolio-item\/a-meal-and-a-meet-borderland-surviving\" title=\"A meal and A meet: Borderland Surviving\" class=\"portfolio-entry-media-link\"><img class=\"portfolio-entry-img\" src=\"https:\/\/www.zoomfestival.org\/wp-content\/uploads\/2023\/11\/AMealMeet-2-x.jpg\" data-no-retina \/><\/a><\/div><div class=\"portfolio-entry-details entry-details wpex-clr\"><h2 class=\"portfolio-entry-title entry-title\"><a href=\"https:\/\/www.zoomfestival.org\/es\/portfolio-item\/a-meal-and-a-meet-borderland-surviving\" title=\"A meal and A meet: Borderland Surviving\">A meal and A meet: Borderland Surviving<\/a><\/h2><div class=\"portfolio-entry-categories entry-categories wpex-clr\"><a href=\"https:\/\/www.zoomfestival.org\/es\/portfolio-category\/entretenimiento-es-3\" title=\"Entretenimiento\" class=\"term-307\">Entretenimiento<\/a><\/div><div class=\"portfolio-entry-excerpt entry-excerpt wpex-clr\"><p>Direcci\u00f3n: Guan-yu Chen Producci\u00f3n: Hakka TV Pa\u00eds: Taiwan A\u00f1o: 2023 G\u00e9nero\/subg\u00e9nero: Estilo de vida Canal&hellip;<\/p><\/div><\/div><\/div><\/div><div class=\"portfolio-entry entry-has-details span_1_of_4 col col-2 post-22951 entry type-portfolio has-media cat-307 cat-303 translation_priority-256\"><div class=\"portfolio-entry-inner entry-inner wpex-clr\"><div class=\"portfolio-entry-media entry-media wpex-clr\"><a href=\"https:\/\/www.zoomfestival.org\/es\/portfolio-item\/aixo-no-es-una-canco\" title=\"Aix\u00f2 no \u00e9s una can\u00e7\u00f3\" class=\"portfolio-entry-media-link\"><img class=\"portfolio-entry-img\" src=\"https:\/\/www.zoomfestival.org\/wp-content\/uploads\/2023\/11\/aixonoesunacanco-x.jpg\" data-no-retina \/><\/a><\/div><div class=\"portfolio-entry-details entry-details wpex-clr\"><h2 class=\"portfolio-entry-title entry-title\"><a href=\"https:\/\/www.zoomfestival.org\/es\/portfolio-item\/aixo-no-es-una-canco\" title=\"Aix\u00f2 no \u00e9s una can\u00e7\u00f3\">Aix\u00f2 no \u00e9s una can\u00e7\u00f3<\/a><\/h2><div class=\"portfolio-entry-categories entry-categories wpex-clr\"><a href=\"https:\/\/www.zoomfestival.org\/es\/portfolio-category\/entretenimiento-es-3\" title=\"Entretenimiento\" class=\"term-307\">Entretenimiento<\/a><\/div><div class=\"portfolio-entry-excerpt entry-excerpt wpex-clr\"><p>Direcci\u00f3n: Ramon Gener y Gemma Sanz Producci\u00f3n: 3Cat con la colaboraci\u00f3n de Brutal Media Pa\u00eds:&hellip;<\/p><\/div><\/div><\/div><\/div><div class=\"portfolio-entry entry-has-details span_1_of_4 col col-3 post-23015 entry type-portfolio has-media cat-307 cat-303 translation_priority-256\"><div class=\"portfolio-entry-inner entry-inner wpex-clr\"><div class=\"portfolio-entry-media entry-media wpex-clr\"><a href=\"https:\/\/www.zoomfestival.org\/es\/portfolio-item\/alguna-pregunta-mes-apm\" title=\"Alguna Pregunta M\u00e9s? (APM?)\" class=\"portfolio-entry-media-link\"><img class=\"portfolio-entry-img\" src=\"https:\/\/www.zoomfestival.org\/wp-content\/uploads\/2023\/11\/APM-x.jpg\" data-no-retina \/><\/a><\/div><div class=\"portfolio-entry-details entry-details wpex-clr\"><h2 class=\"portfolio-entry-title entry-title\"><a href=\"https:\/\/www.zoomfestival.org\/es\/portfolio-item\/alguna-pregunta-mes-apm\" title=\"Alguna Pregunta M\u00e9s? (APM?)\">Alguna Pregunta M\u00e9s? (APM?)<\/a><\/h2><div class=\"portfolio-entry-categories entry-categories wpex-clr\"><a href=\"https:\/\/www.zoomfestival.org\/es\/portfolio-category\/entretenimiento-es-3\" title=\"Entretenimiento\" class=\"term-307\">Entretenimiento<\/a><\/div><div class=\"portfolio-entry-excerpt entry-excerpt wpex-clr\"><p>Direcci\u00f3n: Aniol Florensa Tort Producci\u00f3n: Alguna Pregunta S.L. y 3Cat Pa\u00eds: Espa\u00f1a A\u00f1o: Desde 2004&hellip;<\/p><\/div><\/div><\/div><\/div><div class=\"portfolio-entry entry-has-details span_1_of_4 col col-4 post-23076 entry type-portfolio has-media cat-307 cat-303 translation_priority-256\"><div class=\"portfolio-entry-inner entry-inner wpex-clr\"><div class=\"portfolio-entry-media entry-media wpex-clr\"><a href=\"https:\/\/www.zoomfestival.org\/es\/portfolio-item\/buskers-dalla-strada-al-palco\" title=\"BUSKERS (Dalla Strada al Palco)\" class=\"portfolio-entry-media-link\"><img class=\"portfolio-entry-img\" src=\"https:\/\/www.zoomfestival.org\/wp-content\/uploads\/2023\/11\/Buskers-2-x.jpg\" data-no-retina \/><\/a><\/div><div class=\"portfolio-entry-details entry-details wpex-clr\"><h2 class=\"portfolio-entry-title entry-title\"><a href=\"https:\/\/www.zoomfestival.org\/es\/portfolio-item\/buskers-dalla-strada-al-palco\" title=\"BUSKERS (Dalla Strada al Palco)\">BUSKERS (Dalla Strada al Palco)<\/a><\/h2><div class=\"portfolio-entry-categories entry-categories wpex-clr\"><a href=\"https:\/\/www.zoomfestival.org\/es\/portfolio-category\/entretenimiento-es-3\" title=\"Entretenimiento\" class=\"term-307\">Entretenimiento<\/a><\/div><div class=\"portfolio-entry-excerpt entry-excerpt wpex-clr\"><p>Direcci\u00f3n: Sergio Colabona Producci\u00f3n: RAI en colaboraci\u00f3n con Stand by Me Pa\u00eds: Italia A\u00f1o: 2023&hellip;<\/p><\/div><\/div><\/div><\/div><div class=\"portfolio-entry entry-has-details span_1_of_4 col col-1 post-22953 entry type-portfolio has-media cat-307 cat-303 translation_priority-256\"><div class=\"portfolio-entry-inner entry-inner wpex-clr\"><div class=\"portfolio-entry-media entry-media wpex-clr\"><a href=\"https:\/\/www.zoomfestival.org\/es\/portfolio-item\/euforia-dance\" title=\"Euf\u00f2ria dance\" class=\"portfolio-entry-media-link\"><img class=\"portfolio-entry-img\" src=\"https:\/\/www.zoomfestival.org\/wp-content\/uploads\/2023\/11\/LOGO-EUFORIA-DANCE-2022-2-x.jpg\" data-no-retina \/><\/a><\/div><div class=\"portfolio-entry-details entry-details wpex-clr\"><h2 class=\"portfolio-entry-title entry-title\"><a href=\"https:\/\/www.zoomfestival.org\/es\/portfolio-item\/euforia-dance\" title=\"Euf\u00f2ria dance\">Euf\u00f2ria dance<\/a><\/h2><div class=\"portfolio-entry-categories entry-categories wpex-clr\"><a href=\"https:\/\/www.zoomfestival.org\/es\/portfolio-category\/entretenimiento-es-3\" title=\"Entretenimiento\" class=\"term-307\">Entretenimiento<\/a><\/div><div class=\"portfolio-entry-excerpt entry-excerpt wpex-clr\"><p>Direcci\u00f3n: Sergi Ar\u00e9valo Producci\u00f3n: 3Cat y Veranda TV Pa\u00eds: Espa\u00f1a A\u00f1o: 2022 G\u00e9nero\/subg\u00e9nero: Talent Show&hellip;<\/p><\/div><\/div><\/div><\/div><div class=\"portfolio-entry entry-has-details span_1_of_4 col col-2 post-23011 entry type-portfolio has-media cat-307 cat-303 translation_priority-256\"><div class=\"portfolio-entry-inner entry-inner wpex-clr\"><div class=\"portfolio-entry-media entry-media wpex-clr\"><a href=\"https:\/\/www.zoomfestival.org\/es\/portfolio-item\/leo-talks-t1\" title=\"Leo Talks T1\" class=\"portfolio-entry-media-link\"><img class=\"portfolio-entry-img\" src=\"https:\/\/www.zoomfestival.org\/wp-content\/uploads\/2023\/11\/Leo-Talks-Leo-Harlem-Movistar-Plus-4-scaled-1-x.jpg\" data-no-retina \/><\/a><\/div><div class=\"portfolio-entry-details entry-details wpex-clr\"><h2 class=\"portfolio-entry-title entry-title\"><a href=\"https:\/\/www.zoomfestival.org\/es\/portfolio-item\/leo-talks-t1\" title=\"Leo Talks T1\">Leo Talks T1<\/a><\/h2><div class=\"portfolio-entry-categories entry-categories wpex-clr\"><a href=\"https:\/\/www.zoomfestival.org\/es\/portfolio-category\/entretenimiento-es-3\" title=\"Entretenimiento\" class=\"term-307\">Entretenimiento<\/a><\/div><div class=\"portfolio-entry-excerpt entry-excerpt wpex-clr\"><p>Direcci\u00f3n: Miguel S\u00e1nchez \u2013 Romero Producci\u00f3n: Movistar Plus+ en colaboraci\u00f3n con Globomedia (The Mediapro Studio)&hellip;<\/p><\/div><\/div><\/div><\/div><div class=\"portfolio-entry entry-has-details span_1_of_4 col col-3 post-23127 entry type-portfolio has-media cat-307 cat-303 translation_priority-256\"><div class=\"portfolio-entry-inner entry-inner wpex-clr\"><div class=\"portfolio-entry-media entry-media wpex-clr\"><a href=\"https:\/\/www.zoomfestival.org\/es\/portfolio-item\/quanta-guerra\" title=\"Quanta Guerra!\" class=\"portfolio-entry-media-link\"><img class=\"portfolio-entry-img\" src=\"https:\/\/www.zoomfestival.org\/wp-content\/uploads\/2023\/11\/quantaguerra3-x.jpg\" data-no-retina \/><\/a><\/div><div class=\"portfolio-entry-details entry-details wpex-clr\"><h2 class=\"portfolio-entry-title entry-title\"><a href=\"https:\/\/www.zoomfestival.org\/es\/portfolio-item\/quanta-guerra\" title=\"Quanta Guerra!\">Quanta Guerra!<\/a><\/h2><div class=\"portfolio-entry-categories entry-categories wpex-clr\"><a href=\"https:\/\/www.zoomfestival.org\/es\/portfolio-category\/entretenimiento-es-3\" title=\"Entretenimiento\" class=\"term-307\">Entretenimiento<\/a><\/div><div class=\"portfolio-entry-excerpt entry-excerpt wpex-clr\"><p>Direcci\u00f3n: N\u00faria Castejon Producci\u00f3n: 3Cat con la colaboraci\u00f3n del Departament de Just\u00edcia. Memorial Democr\u00e1tico Pa\u00eds:&hellip;<\/p><\/div><\/div><\/div><\/div><div class=\"portfolio-entry entry-has-details span_1_of_4 col col-4 post-23082 entry type-portfolio has-media cat-307 cat-303 translation_priority-256\"><div class=\"portfolio-entry-inner entry-inner wpex-clr\"><div class=\"portfolio-entry-media entry-media wpex-clr\"><a href=\"https:\/\/www.zoomfestival.org\/es\/portfolio-item\/showriano-t1\" title=\"Showriano T1\" class=\"portfolio-entry-media-link\"><img class=\"portfolio-entry-img\" src=\"https:\/\/www.zoomfestival.org\/wp-content\/uploads\/2023\/11\/NDP_1138x597_SHOWRIANO_VERDE-x.jpg\" data-no-retina \/><\/a><\/div><div class=\"portfolio-entry-details entry-details wpex-clr\"><h2 class=\"portfolio-entry-title entry-title\"><a href=\"https:\/\/www.zoomfestival.org\/es\/portfolio-item\/showriano-t1\" title=\"Showriano T1\">Showriano T1<\/a><\/h2><div class=\"portfolio-entry-categories entry-categories wpex-clr\"><a href=\"https:\/\/www.zoomfestival.org\/es\/portfolio-category\/entretenimiento-es-3\" title=\"Entretenimiento\" class=\"term-307\">Entretenimiento<\/a><\/div><div class=\"portfolio-entry-excerpt entry-excerpt wpex-clr\"><p>Direcci\u00f3n: Miguel Iribar Producci\u00f3n: Movistar Plus+ en colaboraci\u00f3n con El Terrat (The Mediapro Studio) Pa\u00eds:&hellip;<\/p><\/div><\/div><\/div><\/div><div class=\"portfolio-entry entry-has-details span_1_of_4 col col-1 post-23077 entry type-portfolio has-media cat-307 cat-303 translation_priority-256\"><div class=\"portfolio-entry-inner entry-inner wpex-clr\"><div class=\"portfolio-entry-media entry-media wpex-clr\"><a href=\"https:\/\/www.zoomfestival.org\/es\/portfolio-item\/supergarcia\" title=\"Supergarc\u00eda\" class=\"portfolio-entry-media-link\"><img class=\"portfolio-entry-img\" src=\"https:\/\/www.zoomfestival.org\/wp-content\/uploads\/2023\/11\/supergarcia-stills-ep3-9-scaled-1-x.jpg\" data-no-retina \/><\/a><\/div><div class=\"portfolio-entry-details entry-details wpex-clr\"><h2 class=\"portfolio-entry-title entry-title\"><a href=\"https:\/\/www.zoomfestival.org\/es\/portfolio-item\/supergarcia\" title=\"Supergarc\u00eda\">Supergarc\u00eda<\/a><\/h2><div class=\"portfolio-entry-categories entry-categories wpex-clr\"><a href=\"https:\/\/www.zoomfestival.org\/es\/portfolio-category\/entretenimiento-es-3\" title=\"Entretenimiento\" class=\"term-307\">Entretenimiento<\/a><\/div><div class=\"portfolio-entry-excerpt entry-excerpt wpex-clr\"><p>Direcci\u00f3n: Charlie Arnaiz y Alberto Ortega Producci\u00f3n: Movistar Plus+ en colaboraci\u00f3n con Dad\u00e1 Films &&hellip;<\/p><\/div><\/div><\/div><\/div><\/div><\/div>[\/vc_column][\/vc_row][vc_row][vc_column][vc_column_text]\n<div class=\"et_pb_column et_pb_column_3_4 et_pb_column_1 et-last-child\">\n<div class=\"et_pb_text et_pb_module et_pb_bg_layout_light et_pb_text_align_left et_pb_text_0\">\n<div class=\"et_pb_text_inner\">\n<h3>Culturales<\/h3>\n<\/div>\n<\/div>\n<\/div>\n[\/vc_column_text]<div class=\"vcex-spacing\" style=\"height:30px\"><\/div><div class=\"vcex-module vcex-portfolio-grid-wrap wpex-clr\"><div class=\"wpex-row vcex-portfolio-grid wpex-clr entries gap-20\" data-transition-duration=\"0.0\"><div class=\"portfolio-entry entry-has-details span_1_of_4 col col-1 post-22882 entry type-portfolio has-media cat-305 cat-303 translation_priority-256\"><div class=\"portfolio-entry-inner entry-inner wpex-clr\"><div class=\"portfolio-entry-media entry-media wpex-clr\"><a href=\"https:\/\/www.zoomfestival.org\/es\/portfolio-item\/arxipelag-blau\" title=\"Arxip\u00e8lag blau\" class=\"portfolio-entry-media-link\"><img class=\"portfolio-entry-img\" src=\"https:\/\/www.zoomfestival.org\/wp-content\/uploads\/2023\/11\/ArxipelagBlau-2-x.jpg\" data-no-retina \/><\/a><\/div><div class=\"portfolio-entry-details entry-details wpex-clr\"><h2 class=\"portfolio-entry-title entry-title\"><a href=\"https:\/\/www.zoomfestival.org\/es\/portfolio-item\/arxipelag-blau\" title=\"Arxip\u00e8lag blau\">Arxip\u00e8lag blau<\/a><\/h2><div class=\"portfolio-entry-categories entry-categories wpex-clr\"><a href=\"https:\/\/www.zoomfestival.org\/es\/portfolio-category\/culturales\" title=\"Culturales\" class=\"term-305\">Culturales<\/a><\/div><div class=\"portfolio-entry-excerpt entry-excerpt wpex-clr\"><p>Direcci\u00f3n: Productor delegat d\u2019IB3 Carmelo Sirera i el bi\u00f2leg mar\u00ed Xisco Riera Producci\u00f3n: IB3 i&hellip;<\/p><\/div><\/div><\/div><\/div><div class=\"portfolio-entry entry-has-details span_1_of_4 col col-2 post-22895 entry type-portfolio has-media cat-305 cat-303 translation_priority-256\"><div class=\"portfolio-entry-inner entry-inner wpex-clr\"><div class=\"portfolio-entry-media entry-media wpex-clr\"><a href=\"https:\/\/www.zoomfestival.org\/es\/portfolio-item\/caixaforum-valencia-el-sueno-dentro-del-sueno\" title=\"CaixaForum Val\u00e8ncia: El sue\u00f1o dentro del sue\u00f1o\" class=\"portfolio-entry-media-link\"><img class=\"portfolio-entry-img\" src=\"https:\/\/www.zoomfestival.org\/wp-content\/uploads\/2023\/11\/cxf-2-x.png\" data-no-retina \/><\/a><\/div><div class=\"portfolio-entry-details entry-details wpex-clr\"><h2 class=\"portfolio-entry-title entry-title\"><a href=\"https:\/\/www.zoomfestival.org\/es\/portfolio-item\/caixaforum-valencia-el-sueno-dentro-del-sueno\" title=\"CaixaForum Val\u00e8ncia: El sue\u00f1o dentro del sue\u00f1o\">CaixaForum Val\u00e8ncia: El sue\u00f1o dentro del sue\u00f1o<\/a><\/h2><div class=\"portfolio-entry-categories entry-categories wpex-clr\"><a href=\"https:\/\/www.zoomfestival.org\/es\/portfolio-category\/culturales\" title=\"Culturales\" class=\"term-305\">Culturales<\/a><\/div><div class=\"portfolio-entry-excerpt entry-excerpt wpex-clr\"><p>Direcci\u00f3n: Oriol Bosch y \u00c0lex Sol\u00e0 Producci\u00f3n: LAVINIA AUDIOVISUAL Pa\u00eds: Espa\u00f1a A\u00f1o: 2022 G\u00e9nero\/subg\u00e9nero: Documental&hellip;<\/p><\/div><\/div><\/div><\/div><div class=\"portfolio-entry entry-has-details span_1_of_4 col col-3 post-22909 entry type-portfolio has-media cat-305 cat-303 translation_priority-256\"><div class=\"portfolio-entry-inner entry-inner wpex-clr\"><div class=\"portfolio-entry-media entry-media wpex-clr\"><a href=\"https:\/\/www.zoomfestival.org\/es\/portfolio-item\/come-un-fulmine-nellacqua-i-bronzi-di-san-casciano-dei-bagni\" title=\"Come un fulmine nell\u2019acqua. I bronzi di San Casciano dei Bagni\" class=\"portfolio-entry-media-link\"><img class=\"portfolio-entry-img\" src=\"https:\/\/www.zoomfestival.org\/wp-content\/uploads\/2023\/11\/Acqua-1-x.jpg\" data-no-retina \/><\/a><\/div><div class=\"portfolio-entry-details entry-details wpex-clr\"><h2 class=\"portfolio-entry-title entry-title\"><a href=\"https:\/\/www.zoomfestival.org\/es\/portfolio-item\/come-un-fulmine-nellacqua-i-bronzi-di-san-casciano-dei-bagni\" title=\"Come un fulmine nell\u2019acqua. I bronzi di San Casciano dei Bagni\">Come un fulmine nell\u2019acqua. I bronzi di San Casciano dei Bagni<\/a><\/h2><div class=\"portfolio-entry-categories entry-categories wpex-clr\"><a href=\"https:\/\/www.zoomfestival.org\/es\/portfolio-category\/culturales\" title=\"Culturales\" class=\"term-305\">Culturales<\/a><\/div><div class=\"portfolio-entry-excerpt entry-excerpt wpex-clr\"><p>Direcci\u00f3n: Eugenio Farioli Vecchioli, Brigida Gullo Producci\u00f3n: RAI Radiotelevisione Italiana Pa\u00eds: Italia A\u00f1o: 2023 G\u00e9nero\/subg\u00e9nero:&hellip;<\/p><\/div><\/div><\/div><\/div><div class=\"portfolio-entry entry-has-details span_1_of_4 col col-4 post-22893 entry type-portfolio has-media cat-305 cat-303 translation_priority-256\"><div class=\"portfolio-entry-inner entry-inner wpex-clr\"><div class=\"portfolio-entry-media entry-media wpex-clr\"><a href=\"https:\/\/www.zoomfestival.org\/es\/portfolio-item\/generacio-porno\" title=\"Generaci\u00f3 porno\" class=\"portfolio-entry-media-link\"><img class=\"portfolio-entry-img\" src=\"https:\/\/www.zoomfestival.org\/wp-content\/uploads\/2023\/11\/GENERACIO-PORNO-1-x.jpg\" data-no-retina \/><\/a><\/div><div class=\"portfolio-entry-details entry-details wpex-clr\"><h2 class=\"portfolio-entry-title entry-title\"><a href=\"https:\/\/www.zoomfestival.org\/es\/portfolio-item\/generacio-porno\" title=\"Generaci\u00f3 porno\">Generaci\u00f3 porno<\/a><\/h2><div class=\"portfolio-entry-categories entry-categories wpex-clr\"><a href=\"https:\/\/www.zoomfestival.org\/es\/portfolio-category\/culturales\" title=\"Culturales\" class=\"term-305\">Culturales<\/a><\/div><div class=\"portfolio-entry-excerpt entry-excerpt wpex-clr\"><p>Direcci\u00f3n: Oiane Sagasti Producci\u00f3n: 3cat, ETB y Shine Iberia Pa\u00eds: Espa\u00f1a A\u00f1o: 2023 G\u00e9nero\/subg\u00e9nero: Serie&hellip;<\/p><\/div><\/div><\/div><\/div><div class=\"portfolio-entry entry-has-details span_1_of_4 col col-1 post-22891 entry type-portfolio has-media cat-305 cat-303 translation_priority-256\"><div class=\"portfolio-entry-inner entry-inner wpex-clr\"><div class=\"portfolio-entry-media entry-media wpex-clr\"><a href=\"https:\/\/www.zoomfestival.org\/es\/portfolio-item\/illuminats\" title=\"Il\u00b7luminats\" class=\"portfolio-entry-media-link\"><img class=\"portfolio-entry-img\" src=\"https:\/\/www.zoomfestival.org\/wp-content\/uploads\/2023\/11\/Illuminats-per-zoom-2-x.jpg\" data-no-retina \/><\/a><\/div><div class=\"portfolio-entry-details entry-details wpex-clr\"><h2 class=\"portfolio-entry-title entry-title\"><a href=\"https:\/\/www.zoomfestival.org\/es\/portfolio-item\/illuminats\" title=\"Il\u00b7luminats\">Il\u00b7luminats<\/a><\/h2><div class=\"portfolio-entry-categories entry-categories wpex-clr\"><a href=\"https:\/\/www.zoomfestival.org\/es\/portfolio-category\/culturales\" title=\"Culturales\" class=\"term-305\">Culturales<\/a><\/div><div class=\"portfolio-entry-excerpt entry-excerpt wpex-clr\"><p>Direcci\u00f3n: Jordi Lara Producci\u00f3n: 3Cat Pa\u00eds: Espa\u00f1a A\u00f1o: 2023 G\u00e9nero\/subg\u00e9nero: Programa de entrevistas Canal de&hellip;<\/p><\/div><\/div><\/div><\/div><div class=\"portfolio-entry entry-has-details span_1_of_4 col col-2 post-23058 entry type-portfolio has-media cat-305 cat-303 translation_priority-256\"><div class=\"portfolio-entry-inner entry-inner wpex-clr\"><div class=\"portfolio-entry-media entry-media wpex-clr\"><a href=\"https:\/\/www.zoomfestival.org\/es\/portfolio-item\/la-diada-xxviii-concurs-de-castells-de-tarragona-2022\" title=\"La Diada, XXVIII Concurs de Castells de Tarragona 2022\" class=\"portfolio-entry-media-link\"><img class=\"portfolio-entry-img\" src=\"https:\/\/www.zoomfestival.org\/wp-content\/uploads\/2023\/11\/LaDiada-2-x.jpg\" data-no-retina \/><\/a><\/div><div class=\"portfolio-entry-details entry-details wpex-clr\"><h2 class=\"portfolio-entry-title entry-title\"><a href=\"https:\/\/www.zoomfestival.org\/es\/portfolio-item\/la-diada-xxviii-concurs-de-castells-de-tarragona-2022\" title=\"La Diada, XXVIII Concurs de Castells de Tarragona 2022\">La Diada, XXVIII Concurs de Castells de Tarragona 2022<\/a><\/h2><div class=\"portfolio-entry-categories entry-categories wpex-clr\"><a href=\"https:\/\/www.zoomfestival.org\/es\/portfolio-category\/culturales\" title=\"Culturales\" class=\"term-305\">Culturales<\/a><\/div><div class=\"portfolio-entry-excerpt entry-excerpt wpex-clr\"><p>Direcci\u00f3n: Xavier Abell\u00f3 Producci\u00f3n: La Xarxa y TAC12 Pa\u00eds: Espa\u00f1a A\u00f1o: 2022 G\u00e9nero\/subg\u00e9nero: Esventos en&hellip;<\/p><\/div><\/div><\/div><\/div><div class=\"portfolio-entry entry-has-details span_1_of_4 col col-3 post-23017 entry type-portfolio has-media cat-305 cat-303 translation_priority-256\"><div class=\"portfolio-entry-inner entry-inner wpex-clr\"><div class=\"portfolio-entry-media entry-media wpex-clr\"><a href=\"https:\/\/www.zoomfestival.org\/es\/portfolio-item\/mapes-mentals\" title=\"Mapes Mentals\" class=\"portfolio-entry-media-link\"><img class=\"portfolio-entry-img\" src=\"https:\/\/www.zoomfestival.org\/wp-content\/uploads\/2023\/11\/MapesMentals-1-x.jpg\" data-no-retina \/><\/a><\/div><div class=\"portfolio-entry-details entry-details wpex-clr\"><h2 class=\"portfolio-entry-title entry-title\"><a href=\"https:\/\/www.zoomfestival.org\/es\/portfolio-item\/mapes-mentals\" title=\"Mapes Mentals\">Mapes Mentals<\/a><\/h2><div class=\"portfolio-entry-categories entry-categories wpex-clr\"><a href=\"https:\/\/www.zoomfestival.org\/es\/portfolio-category\/culturales\" title=\"Culturales\" class=\"term-305\">Culturales<\/a><\/div><div class=\"portfolio-entry-excerpt entry-excerpt wpex-clr\"><p>Direcci\u00f3n: Laura Carulla Producci\u00f3n: Inc\u00eds Films Pa\u00eds: Espa\u00f1a A\u00f1o: 2023 G\u00e9nero\/subg\u00e9nero: Factual Canal de emisi\u00f3n:&hellip;<\/p><\/div><\/div><\/div><\/div><div class=\"portfolio-entry entry-has-details span_1_of_4 col col-4 post-22962 entry type-portfolio has-media cat-305 cat-303 translation_priority-256\"><div class=\"portfolio-entry-inner entry-inner wpex-clr\"><div class=\"portfolio-entry-media entry-media wpex-clr\"><a href=\"https:\/\/www.zoomfestival.org\/es\/portfolio-item\/punts-de-vista\" title=\"Punts de Vista\" class=\"portfolio-entry-media-link\"><img class=\"portfolio-entry-img\" src=\"https:\/\/www.zoomfestival.org\/wp-content\/uploads\/2023\/11\/PuntsDeVista-2-x.jpg\" data-no-retina \/><\/a><\/div><div class=\"portfolio-entry-details entry-details wpex-clr\"><h2 class=\"portfolio-entry-title entry-title\"><a href=\"https:\/\/www.zoomfestival.org\/es\/portfolio-item\/punts-de-vista\" title=\"Punts de Vista\">Punts de Vista<\/a><\/h2><div class=\"portfolio-entry-categories entry-categories wpex-clr\"><a href=\"https:\/\/www.zoomfestival.org\/es\/portfolio-category\/culturales\" title=\"Culturales\" class=\"term-305\">Culturales<\/a><\/div><div class=\"portfolio-entry-excerpt entry-excerpt wpex-clr\"><p>Direcci\u00f3n: Montse Tejera Producci\u00f3n: RTVE Catalunya Pa\u00eds: Espa\u00f1a A\u00f1o: 2019 G\u00e9nero\/subg\u00e9nero: Programa cultural Canal de&hellip;<\/p><\/div><\/div><\/div><\/div><div class=\"portfolio-entry entry-has-details span_1_of_4 col col-1 post-22985 entry type-portfolio has-media cat-305 cat-303 translation_priority-256\"><div class=\"portfolio-entry-inner entry-inner wpex-clr\"><div class=\"portfolio-entry-media entry-media wpex-clr\"><a href=\"https:\/\/www.zoomfestival.org\/es\/portfolio-item\/sagrada-familia-el-desafio-de-gaudi\" title=\"Sagrada Familia: el Desaf\u00edo de Gaud\u00ed\" class=\"portfolio-entry-media-link\"><img class=\"portfolio-entry-img\" src=\"https:\/\/www.zoomfestival.org\/wp-content\/uploads\/2023\/11\/SagradaFamilia-1-x.png\" data-no-retina \/><\/a><\/div><div class=\"portfolio-entry-details entry-details wpex-clr\"><h2 class=\"portfolio-entry-title entry-title\"><a href=\"https:\/\/www.zoomfestival.org\/es\/portfolio-item\/sagrada-familia-el-desafio-de-gaudi\" title=\"Sagrada Familia: el Desaf\u00edo de Gaud\u00ed\">Sagrada Familia: el Desaf\u00edo de Gaud\u00ed<\/a><\/h2><div class=\"portfolio-entry-categories entry-categories wpex-clr\"><a href=\"https:\/\/www.zoomfestival.org\/es\/portfolio-category\/culturales\" title=\"Culturales\" class=\"term-305\">Culturales<\/a><\/div><div class=\"portfolio-entry-excerpt entry-excerpt wpex-clr\"><p>Direcci\u00f3n: Marc Jamplosky Producci\u00f3n: Atomis Media, 3Cat, Movistar+ Pa\u00eds: Espa\u00f1a A\u00f1o: 2022 G\u00e9nero\/subg\u00e9nero: Documental Canal&hellip;<\/p><\/div><\/div><\/div><\/div><\/div><\/div>[\/vc_column][\/vc_row][vc_row][vc_column][vc_column_text]\n<div class=\"et_pb_column et_pb_column_3_4 et_pb_column_1 et-last-child\">\n<div class=\"et_pb_text et_pb_module et_pb_bg_layout_light et_pb_text_align_left et_pb_text_0\">\n<div class=\"et_pb_text_inner\">\n<h3>Informativos<\/h3>\n<\/div>\n<\/div>\n<\/div>\n[\/vc_column_text]<div class=\"vcex-spacing\" style=\"height:30px\"><\/div><div class=\"vcex-module vcex-portfolio-grid-wrap wpex-clr\"><div class=\"wpex-row vcex-portfolio-grid wpex-clr entries gap-20\" data-transition-duration=\"0.0\"><div class=\"portfolio-entry entry-has-details span_1_of_4 col col-1 post-23117 entry type-portfolio has-media cat-306 cat-303 translation_priority-256\"><div class=\"portfolio-entry-inner entry-inner wpex-clr\"><div class=\"portfolio-entry-media entry-media wpex-clr\"><a href=\"https:\/\/www.zoomfestival.org\/es\/portfolio-item\/30-minuts-les-arrels-del-narcotrafic\" title=\"30 minuts: Les arrels del Narcotr\u00e0fic\" class=\"portfolio-entry-media-link\"><img class=\"portfolio-entry-img\" src=\"https:\/\/www.zoomfestival.org\/wp-content\/uploads\/2023\/11\/30min2-x.jpg\" data-no-retina \/><\/a><\/div><div class=\"portfolio-entry-details entry-details wpex-clr\"><h2 class=\"portfolio-entry-title entry-title\"><a href=\"https:\/\/www.zoomfestival.org\/es\/portfolio-item\/30-minuts-les-arrels-del-narcotrafic\" title=\"30 minuts: Les arrels del Narcotr\u00e0fic\">30 minuts: Les arrels del Narcotr\u00e0fic<\/a><\/h2><div class=\"portfolio-entry-categories entry-categories wpex-clr\"><a href=\"https:\/\/www.zoomfestival.org\/es\/portfolio-category\/informativos-es-2\" title=\"Informativos\" class=\"term-306\">Informativos<\/a><\/div><div class=\"portfolio-entry-excerpt entry-excerpt wpex-clr\"><p>Direcci\u00f3n: F\u00e0tima Llambrich y Guillem Prieto Mar\u00edn Producci\u00f3n: 3Cat Pa\u00eds: Espa\u00f1a A\u00f1o: 2023 G\u00e9nero\/subg\u00e9nero: Reportaje&hellip;<\/p><\/div><\/div><\/div><\/div><div class=\"portfolio-entry entry-has-details span_1_of_4 col col-2 post-23125 entry type-portfolio has-media cat-306 cat-303 translation_priority-256\"><div class=\"portfolio-entry-inner entry-inner wpex-clr\"><div class=\"portfolio-entry-media entry-media wpex-clr\"><a href=\"https:\/\/www.zoomfestival.org\/es\/portfolio-item\/5-minutos\" title=\"5 Minutos\" class=\"portfolio-entry-media-link\"><img class=\"portfolio-entry-img\" src=\"https:\/\/www.zoomfestival.org\/wp-content\/uploads\/2023\/11\/5minutos-1-x.jpg\" data-no-retina \/><\/a><\/div><div class=\"portfolio-entry-details entry-details wpex-clr\"><h2 class=\"portfolio-entry-title entry-title\"><a href=\"https:\/\/www.zoomfestival.org\/es\/portfolio-item\/5-minutos\" title=\"5 Minutos\">5 Minutos<\/a><\/h2><div class=\"portfolio-entry-categories entry-categories wpex-clr\"><a href=\"https:\/\/www.zoomfestival.org\/es\/portfolio-category\/informativos-es-2\" title=\"Informativos\" class=\"term-306\">Informativos<\/a><\/div><div class=\"portfolio-entry-excerpt entry-excerpt wpex-clr\"><p>Direcci\u00f3n: Fahimeh Esmaeilpour Producci\u00f3n: HispanTV Pa\u00eds: Iran A\u00f1o: 2023 G\u00e9nero\/subg\u00e9nero: Docureportaje Canal de emisi\u00f3n: HispanTV&hellip;<\/p><\/div><\/div><\/div><\/div><div class=\"portfolio-entry entry-has-details span_1_of_4 col col-3 post-23086 entry type-portfolio has-media cat-306 cat-303 translation_priority-256\"><div class=\"portfolio-entry-inner entry-inner wpex-clr\"><div class=\"portfolio-entry-media entry-media wpex-clr\"><a href=\"https:\/\/www.zoomfestival.org\/es\/portfolio-item\/call-sign-valhalla\" title=\"Call Sign Valhalla\" class=\"portfolio-entry-media-link\"><img class=\"portfolio-entry-img\" src=\"https:\/\/www.zoomfestival.org\/wp-content\/uploads\/2023\/11\/CSV-PIERREDEMUELENAERE-STILL007-x.png\" data-no-retina \/><\/a><\/div><div class=\"portfolio-entry-details entry-details wpex-clr\"><h2 class=\"portfolio-entry-title entry-title\"><a href=\"https:\/\/www.zoomfestival.org\/es\/portfolio-item\/call-sign-valhalla\" title=\"Call Sign Valhalla\">Call Sign Valhalla<\/a><\/h2><div class=\"portfolio-entry-categories entry-categories wpex-clr\"><a href=\"https:\/\/www.zoomfestival.org\/es\/portfolio-category\/informativos-es-2\" title=\"Informativos\" class=\"term-306\">Informativos<\/a><\/div><div class=\"portfolio-entry-excerpt entry-excerpt wpex-clr\"><p>Direcci\u00f3n: Pierre De Muelenaere Producci\u00f3n: Pierre De Muelenaere Pa\u00eds: Ucrania A\u00f1o: 2023 G\u00e9nero\/subg\u00e9nero: Acci\u00f3n, arte,&hellip;<\/p><\/div><\/div><\/div><\/div><div class=\"portfolio-entry entry-has-details span_1_of_4 col col-4 post-23055 entry type-portfolio has-media cat-306 cat-303 translation_priority-256\"><div class=\"portfolio-entry-inner entry-inner wpex-clr\"><div class=\"portfolio-entry-media entry-media wpex-clr\"><a href=\"https:\/\/www.zoomfestival.org\/es\/portfolio-item\/dont-come-back\" title=\"Don&#8217;t come back\" class=\"portfolio-entry-media-link\"><img class=\"portfolio-entry-img\" src=\"https:\/\/www.zoomfestival.org\/wp-content\/uploads\/2023\/11\/DCB_2-x.jpg\" data-no-retina \/><\/a><\/div><div class=\"portfolio-entry-details entry-details wpex-clr\"><h2 class=\"portfolio-entry-title entry-title\"><a href=\"https:\/\/www.zoomfestival.org\/es\/portfolio-item\/dont-come-back\" title=\"Don&#8217;t come back\">Don&#8217;t come back<\/a><\/h2><div class=\"portfolio-entry-categories entry-categories wpex-clr\"><a href=\"https:\/\/www.zoomfestival.org\/es\/portfolio-category\/informativos-es-2\" title=\"Informativos\" class=\"term-306\">Informativos<\/a><\/div><div class=\"portfolio-entry-excerpt entry-excerpt wpex-clr\"><p>Direcci\u00f3n: Chiara Avesani y Matteo Delb\u00f2 Producci\u00f3n: RAI, Yuzu Productions, Indyca. Coproducci\u00f3n: ARTE, en asociaci\u00f3n&hellip;<\/p><\/div><\/div><\/div><\/div><div class=\"portfolio-entry entry-has-details span_1_of_4 col col-1 post-22979 entry type-portfolio has-media cat-306 cat-303 translation_priority-256\"><div class=\"portfolio-entry-inner entry-inner wpex-clr\"><div class=\"portfolio-entry-media entry-media wpex-clr\"><a href=\"https:\/\/www.zoomfestival.org\/es\/portfolio-item\/plastica-connection\" title=\"Plastica connection\" class=\"portfolio-entry-media-link\"><img class=\"portfolio-entry-img\" src=\"https:\/\/www.zoomfestival.org\/wp-content\/uploads\/2023\/11\/Photo-PLASTICA-CONNECTION-02-x.jpg\" data-no-retina \/><\/a><\/div><div class=\"portfolio-entry-details entry-details wpex-clr\"><h2 class=\"portfolio-entry-title entry-title\"><a href=\"https:\/\/www.zoomfestival.org\/es\/portfolio-item\/plastica-connection\" title=\"Plastica connection\">Plastica connection<\/a><\/h2><div class=\"portfolio-entry-categories entry-categories wpex-clr\"><a href=\"https:\/\/www.zoomfestival.org\/es\/portfolio-category\/informativos-es-2\" title=\"Informativos\" class=\"term-306\">Informativos<\/a><\/div><div class=\"portfolio-entry-excerpt entry-excerpt wpex-clr\"><p>Direcci\u00f3n: Teresa Paoli Producci\u00f3n: RAI Pa\u00eds: Italia A\u00f1o: 2023 G\u00e9nero\/subg\u00e9nero Documental Canal de emisi\u00f3n: Rai&hellip;<\/p><\/div><\/div><\/div><\/div><div class=\"portfolio-entry entry-has-details span_1_of_4 col col-2 post-22983 entry type-portfolio has-media cat-306 cat-303 translation_priority-256\"><div class=\"portfolio-entry-inner entry-inner wpex-clr\"><div class=\"portfolio-entry-media entry-media wpex-clr\"><a href=\"https:\/\/www.zoomfestival.org\/es\/portfolio-item\/sense-ficcio-bruixes-la-gran-mentida\" title=\"Sense ficci\u00f3: Bruixes, la gran mentida\" class=\"portfolio-entry-media-link\"><img class=\"portfolio-entry-img\" src=\"https:\/\/www.zoomfestival.org\/wp-content\/uploads\/2023\/11\/Carabassera_preso-x.jpg\" data-no-retina \/><\/a><\/div><div class=\"portfolio-entry-details entry-details wpex-clr\"><h2 class=\"portfolio-entry-title entry-title\"><a href=\"https:\/\/www.zoomfestival.org\/es\/portfolio-item\/sense-ficcio-bruixes-la-gran-mentida\" title=\"Sense ficci\u00f3: Bruixes, la gran mentida\">Sense ficci\u00f3: Bruixes, la gran mentida<\/a><\/h2><div class=\"portfolio-entry-categories entry-categories wpex-clr\"><a href=\"https:\/\/www.zoomfestival.org\/es\/portfolio-category\/informativos-es-2\" title=\"Informativos\" class=\"term-306\">Informativos<\/a><\/div><div class=\"portfolio-entry-excerpt entry-excerpt wpex-clr\"><p>Direcci\u00f3n: Joanna Pardos Producci\u00f3n: 3Cat y S\u00e0piens Pa\u00eds: Espa\u00f1a A\u00f1o: 2023 G\u00e9nero\/subg\u00e9nero: Documental Canal de&hellip;<\/p><\/div><\/div><\/div><\/div><div class=\"portfolio-entry entry-has-details span_1_of_4 col col-3 post-22966 entry type-portfolio has-media cat-306 cat-303 translation_priority-256\"><div class=\"portfolio-entry-inner entry-inner wpex-clr\"><div class=\"portfolio-entry-media entry-media wpex-clr\"><a href=\"https:\/\/www.zoomfestival.org\/es\/portfolio-item\/urraca-cazador-de-rojos\" title=\"Urraca cazador de rojos\" class=\"portfolio-entry-media-link\"><img class=\"portfolio-entry-img\" src=\"https:\/\/www.zoomfestival.org\/wp-content\/uploads\/2023\/11\/Urraca-Presidente-Companys-en-Hendaia-x.jpeg\" data-no-retina \/><\/a><\/div><div class=\"portfolio-entry-details entry-details wpex-clr\"><h2 class=\"portfolio-entry-title entry-title\"><a href=\"https:\/\/www.zoomfestival.org\/es\/portfolio-item\/urraca-cazador-de-rojos\" title=\"Urraca cazador de rojos\">Urraca cazador de rojos<\/a><\/h2><div class=\"portfolio-entry-categories entry-categories wpex-clr\"><a href=\"https:\/\/www.zoomfestival.org\/es\/portfolio-category\/informativos-es-2\" title=\"Informativos\" class=\"term-306\">Informativos<\/a><\/div><div class=\"portfolio-entry-excerpt entry-excerpt wpex-clr\"><p>Direcci\u00f3n: Pedro De Echave Garc\u00eda y Felip Sol\u00e9 Producci\u00f3n: Quindrop Produccions Audiovisuals SL y Segula&hellip;<\/p><\/div><\/div><\/div><\/div><\/div><\/div>[\/vc_column][\/vc_row][vc_row][vc_column][vc_column_text]\n<div class=\"et_pb_column et_pb_column_3_4 et_pb_column_1 et-last-child\">\n<div class=\"et_pb_text et_pb_module et_pb_bg_layout_light et_pb_text_align_left et_pb_text_0\">\n<div class=\"et_pb_text_inner\">\n<h3>Deportivos<\/h3>\n<\/div>\n<\/div>\n<\/div>\n[\/vc_column_text]<div class=\"vcex-spacing\" style=\"height:30px\"><\/div><div class=\"vcex-module vcex-portfolio-grid-wrap wpex-clr\"><div class=\"wpex-row vcex-portfolio-grid wpex-clr entries gap-20\" data-transition-duration=\"0.0\"><div class=\"portfolio-entry entry-has-details span_1_of_4 col col-1 post-23073 entry type-portfolio has-media cat-308 cat-303 translation_priority-256\"><div class=\"portfolio-entry-inner entry-inner wpex-clr\"><div class=\"portfolio-entry-media entry-media wpex-clr\"><a href=\"https:\/\/www.zoomfestival.org\/es\/portfolio-item\/esports-360-el-somni-europeu\" title=\"Esports 360: El somni europeu\" class=\"portfolio-entry-media-link\"><img class=\"portfolio-entry-img\" src=\"https:\/\/www.zoomfestival.org\/wp-content\/uploads\/2023\/11\/SomniEuropeu-x.jpg\" data-no-retina \/><\/a><\/div><div class=\"portfolio-entry-details entry-details wpex-clr\"><h2 class=\"portfolio-entry-title entry-title\"><a href=\"https:\/\/www.zoomfestival.org\/es\/portfolio-item\/esports-360-el-somni-europeu\" title=\"Esports 360: El somni europeu\">Esports 360: El somni europeu<\/a><\/h2><div class=\"portfolio-entry-categories entry-categories wpex-clr\"><a href=\"https:\/\/www.zoomfestival.org\/es\/portfolio-category\/deportes-es\" title=\"Deportes\" class=\"term-308\">Deportes<\/a><\/div><div class=\"portfolio-entry-excerpt entry-excerpt wpex-clr\"><p>Direcci\u00f3n: Xevi Bardolet, Jordi Bentanachs y Francesc S\u00f2ria Producci\u00f3n: 3Cat Pa\u00eds: Espa\u00f1a A\u00f1o: 2023 G\u00e9nero\/subg\u00e9nero&hellip;<\/p><\/div><\/div><\/div><\/div><div class=\"portfolio-entry entry-has-details span_1_of_4 col col-2 post-23013 entry type-portfolio has-media cat-308 cat-303 translation_priority-256\"><div class=\"portfolio-entry-inner entry-inner wpex-clr\"><div class=\"portfolio-entry-media entry-media wpex-clr\"><a href=\"https:\/\/www.zoomfestival.org\/es\/portfolio-item\/extreme-shift\" title=\"Extreme Shift\" class=\"portfolio-entry-media-link\"><img class=\"portfolio-entry-img\" src=\"https:\/\/www.zoomfestival.org\/wp-content\/uploads\/2023\/11\/photo-poster-Virage-Extreme-x.jpg\" data-no-retina \/><\/a><\/div><div class=\"portfolio-entry-details entry-details wpex-clr\"><h2 class=\"portfolio-entry-title entry-title\"><a href=\"https:\/\/www.zoomfestival.org\/es\/portfolio-item\/extreme-shift\" title=\"Extreme Shift\">Extreme Shift<\/a><\/h2><div class=\"portfolio-entry-categories entry-categories wpex-clr\"><a href=\"https:\/\/www.zoomfestival.org\/es\/portfolio-category\/deportes-es\" title=\"Deportes\" class=\"term-308\">Deportes<\/a><\/div><div class=\"portfolio-entry-excerpt entry-excerpt wpex-clr\"><p>Direcci\u00f3n: Kassandra Fradette Producci\u00f3n: Frakass Productions inc. Pa\u00eds: Canad\u00e1 A\u00f1o: 2023 G\u00e9nero\/subg\u00e9nero: Deporte docuseries Canal&hellip;<\/p><\/div><\/div><\/div><\/div><div class=\"portfolio-entry entry-has-details span_1_of_4 col col-3 post-23009 entry type-portfolio has-media cat-308 cat-303 translation_priority-256\"><div class=\"portfolio-entry-inner entry-inner wpex-clr\"><div class=\"portfolio-entry-media entry-media wpex-clr\"><a href=\"https:\/\/www.zoomfestival.org\/es\/portfolio-item\/lesport-flaix-copa-del-rei\" title=\"L\u2019Esport Flaix Copa del Rei\" class=\"portfolio-entry-media-link\"><img class=\"portfolio-entry-img\" src=\"https:\/\/www.zoomfestival.org\/wp-content\/uploads\/2023\/11\/LEsport-Flaix-3-x.jpg\" data-no-retina \/><\/a><\/div><div class=\"portfolio-entry-details entry-details wpex-clr\"><h2 class=\"portfolio-entry-title entry-title\"><a href=\"https:\/\/www.zoomfestival.org\/es\/portfolio-item\/lesport-flaix-copa-del-rei\" title=\"L\u2019Esport Flaix Copa del Rei\">L\u2019Esport Flaix Copa del Rei<\/a><\/h2><div class=\"portfolio-entry-categories entry-categories wpex-clr\"><a href=\"https:\/\/www.zoomfestival.org\/es\/portfolio-category\/deportes-es\" title=\"Deportes\" class=\"term-308\">Deportes<\/a><\/div><div class=\"portfolio-entry-excerpt entry-excerpt wpex-clr\"><p>Direcci\u00f3n: Montse L\u00f3pez Producci\u00f3n: Televisi\u00f3 de Badalona Pa\u00eds: Espa\u00f1a A\u00f1o: 2023 G\u00e9nero\/subg\u00e9nero: Programa de deportes&hellip;<\/p><\/div><\/div><\/div><\/div><div class=\"portfolio-entry entry-has-details span_1_of_4 col col-4 post-22964 entry type-portfolio has-media cat-308 cat-303 translation_priority-256\"><div class=\"portfolio-entry-inner entry-inner wpex-clr\"><div class=\"portfolio-entry-media entry-media wpex-clr\"><a href=\"https:\/\/www.zoomfestival.org\/es\/portfolio-item\/transmissio-champions-femenina\" title=\"Transmissi\u00f3 Champions femenina\" class=\"portfolio-entry-media-link\"><img class=\"portfolio-entry-img\" src=\"https:\/\/www.zoomfestival.org\/wp-content\/uploads\/2023\/11\/champions2-x.jpg\" data-no-retina \/><\/a><\/div><div class=\"portfolio-entry-details entry-details wpex-clr\"><h2 class=\"portfolio-entry-title entry-title\"><a href=\"https:\/\/www.zoomfestival.org\/es\/portfolio-item\/transmissio-champions-femenina\" title=\"Transmissi\u00f3 Champions femenina\">Transmissi\u00f3 Champions femenina<\/a><\/h2><div class=\"portfolio-entry-categories entry-categories wpex-clr\"><a href=\"https:\/\/www.zoomfestival.org\/es\/portfolio-category\/deportes-es\" title=\"Deportes\" class=\"term-308\">Deportes<\/a><\/div><div class=\"portfolio-entry-excerpt entry-excerpt wpex-clr\"><p>Direcci\u00f3n: Danae Boronat Producci\u00f3n: 3Cat Pa\u00eds: Espa\u00f1a A\u00f1o: 2023 G\u00e9nero\/subg\u00e9nero: Partido f\u00fatbol femenino Canal de&hellip;<\/p><\/div><\/div><\/div><\/div><div class=\"portfolio-entry entry-has-details span_1_of_4 col col-1 post-23045 entry type-portfolio has-media cat-308 cat-303 translation_priority-256\"><div class=\"portfolio-entry-inner entry-inner wpex-clr\"><div class=\"portfolio-entry-media entry-media wpex-clr\"><a href=\"https:\/\/www.zoomfestival.org\/es\/portfolio-item\/unzue-lultim-equip-del-juancar\" title=\"Unzu\u00e9, l&#8217;\u00faltim equip del Juancar\" class=\"portfolio-entry-media-link\"><img class=\"portfolio-entry-img\" src=\"https:\/\/www.zoomfestival.org\/wp-content\/uploads\/2023\/11\/unzue-x.jpg\" data-no-retina \/><\/a><\/div><div class=\"portfolio-entry-details entry-details wpex-clr\"><h2 class=\"portfolio-entry-title entry-title\"><a href=\"https:\/\/www.zoomfestival.org\/es\/portfolio-item\/unzue-lultim-equip-del-juancar\" title=\"Unzu\u00e9, l&#8217;\u00faltim equip del Juancar\">Unzu\u00e9, l&#8217;\u00faltim equip del Juancar<\/a><\/h2><div class=\"portfolio-entry-categories entry-categories wpex-clr\"><a href=\"https:\/\/www.zoomfestival.org\/es\/portfolio-category\/deportes-es\" title=\"Deportes\" class=\"term-308\">Deportes<\/a><\/div><div class=\"portfolio-entry-excerpt entry-excerpt wpex-clr\"><p>Direcci\u00f3n: Xavier Torres Producci\u00f3n: 3Cat y A contracorriente Films Pa\u00eds: Espa\u00f1a A\u00f1o: 2023 G\u00e9nero\/subg\u00e9nero: Documental&hellip;<\/p><\/div><\/div><\/div><\/div><\/div><\/div>[\/vc_column][\/vc_row][vc_row][vc_column][vc_raw_html]JTNDc3BhbiUyMGlkJTNEJTIycGFub3JhbWEtMjAyMSUyMiUzRSUzQyUyRnNwYW4lM0U=[\/vc_raw_html]<div class=\"vcex-spacing\" style=\"height:60px\"><\/div>[vc_column_text]\n<div class=\"et_pb_column et_pb_column_3_4 et_pb_column_1 et-last-child\">\n<div class=\"et_pb_text et_pb_module et_pb_bg_layout_light et_pb_text_align_left et_pb_text_0\">\n<div class=\"et_pb_text_inner\">\n<h1>Zoom KM0<\/h1>\n<\/div>\n<\/div>\n<\/div>\n[\/vc_column_text]<div class=\"vcex-spacing\" style=\"height:32px\"><\/div>[\/vc_column][\/vc_row][vc_row][vc_column]<div class=\"vcex-spacing\" style=\"height:30px\"><\/div><div class=\"vcex-module vcex-portfolio-grid-wrap wpex-clr\"><div class=\"wpex-row vcex-portfolio-grid wpex-clr entries gap-20\" data-transition-duration=\"0.0\"><div class=\"portfolio-entry entry-has-details span_1_of_4 col col-1 post-22879 entry type-portfolio has-media cat-302 translation_priority-256\"><div class=\"portfolio-entry-inner entry-inner wpex-clr\"><div class=\"portfolio-entry-media entry-media wpex-clr\"><a href=\"https:\/\/www.zoomfestival.org\/es\/portfolio-item\/el-viatge-delna\" title=\"El viatge de l&#8217;Elna\" class=\"portfolio-entry-media-link\"><img class=\"portfolio-entry-img\" src=\"https:\/\/www.zoomfestival.org\/wp-content\/uploads\/2023\/11\/Elna-1-x.jpg\" data-no-retina \/><\/a><\/div><div class=\"portfolio-entry-details entry-details wpex-clr\"><h2 class=\"portfolio-entry-title entry-title\"><a href=\"https:\/\/www.zoomfestival.org\/es\/portfolio-item\/el-viatge-delna\" title=\"El viatge de l&#8217;Elna\">El viatge de l&#8217;Elna<\/a><\/h2><div class=\"portfolio-entry-categories entry-categories wpex-clr\"><a href=\"https:\/\/www.zoomfestival.org\/es\/portfolio-category\/km0-2023-es\" title=\"KM0 2023\" class=\"term-302\">KM0 2023<\/a><\/div><div class=\"portfolio-entry-excerpt entry-excerpt wpex-clr\"><p>Direcci\u00f3n: Teresa Riba Producci\u00f3n: Teresa Riba Pa\u00eds: Espa\u00f1a A\u00f1o: 2022 G\u00e9nero\/subg\u00e9nero: Experiencia cultural Duraci\u00f3n: 21'<\/p><\/div><\/div><\/div><\/div><div class=\"portfolio-entry entry-has-details span_1_of_4 col col-2 post-23085 entry type-portfolio has-media cat-302 translation_priority-256\"><div class=\"portfolio-entry-inner entry-inner wpex-clr\"><div class=\"portfolio-entry-media entry-media wpex-clr\"><a href=\"https:\/\/www.zoomfestival.org\/es\/portfolio-item\/regreso-al-pais-del-olvido\" title=\"Regreso al pa\u00eds del olvido\" class=\"portfolio-entry-media-link\"><img class=\"portfolio-entry-img\" src=\"https:\/\/www.zoomfestival.org\/wp-content\/uploads\/2023\/11\/PORTAFOLIO-REGRESO-AL-PAIS-DEL-OLVIDO-1-1-x.png\" data-no-retina \/><\/a><\/div><div class=\"portfolio-entry-details entry-details wpex-clr\"><h2 class=\"portfolio-entry-title entry-title\"><a href=\"https:\/\/www.zoomfestival.org\/es\/portfolio-item\/regreso-al-pais-del-olvido\" title=\"Regreso al pa\u00eds del olvido\">Regreso al pa\u00eds del olvido<\/a><\/h2><div class=\"portfolio-entry-categories entry-categories wpex-clr\"><a href=\"https:\/\/www.zoomfestival.org\/es\/portfolio-category\/km0-2023-es\" title=\"KM0 2023\" class=\"term-302\">KM0 2023<\/a><\/div><div class=\"portfolio-entry-excerpt entry-excerpt wpex-clr\"><p>SNEAK PREVIEW Direcci\u00f3n: Jose Morales Producci\u00f3n: Aumakua Films Pa\u00eds: Guatemala, M\u00e9xico y EEUU A\u00f1o: 2023&hellip;<\/p><\/div><\/div><\/div><\/div><div class=\"portfolio-entry entry-has-details span_1_of_4 col col-3 post-23115 entry type-portfolio has-media cat-302 translation_priority-256\"><div class=\"portfolio-entry-inner entry-inner wpex-clr\"><div class=\"portfolio-entry-media entry-media wpex-clr\"><a href=\"https:\/\/www.zoomfestival.org\/es\/portfolio-item\/sang-i-salsa-de-tomaquet\" title=\"Sang i salsa de tom\u00e0quet\" class=\"portfolio-entry-media-link\"><img class=\"portfolio-entry-img\" src=\"https:\/\/www.zoomfestival.org\/wp-content\/uploads\/2023\/11\/PERUCHO-cartell-Definitiu-x.jpg\" data-no-retina \/><\/a><\/div><div class=\"portfolio-entry-details entry-details wpex-clr\"><h2 class=\"portfolio-entry-title entry-title\"><a href=\"https:\/\/www.zoomfestival.org\/es\/portfolio-item\/sang-i-salsa-de-tomaquet\" title=\"Sang i salsa de tom\u00e0quet\">Sang i salsa de tom\u00e0quet<\/a><\/h2><div class=\"portfolio-entry-categories entry-categories wpex-clr\"><a href=\"https:\/\/www.zoomfestival.org\/es\/portfolio-category\/km0-2023-es\" title=\"KM0 2023\" class=\"term-302\">KM0 2023<\/a><\/div><div class=\"portfolio-entry-excerpt entry-excerpt wpex-clr\"><p>Direcci\u00f3n: Juli\u00e0 Guillamon, Morrosko Vila-San-Juan Producci\u00f3n: La Ballesta, Jordi Comellas y CCMA, SA Pa\u00eds: Espa\u00f1a&hellip;<\/p><\/div><\/div><\/div><\/div><\/div><\/div>[\/vc_column][\/vc_row][vc_row][vc_column][vc_raw_html]JTNDc3BhbiUyMGlkJTNEJTIycGFub3JhbWEtMjAyMSUyMiUzRSUzQyUyRnNwYW4lM0U=[\/vc_raw_html]<div class=\"vcex-spacing\" style=\"height:60px\"><\/div>[vc_column_text]\n<div class=\"et_pb_column et_pb_column_3_4 et_pb_column_1 et-last-child\">\n<div class=\"et_pb_text et_pb_module et_pb_bg_layout_light et_pb_text_align_left et_pb_text_0\">\n<div class=\"et_pb_text_inner\">\n<h1>Seleccionados Premio CIMA<\/h1>\n<\/div>\n<\/div>\n<\/div>\n[\/vc_column_text]<div class=\"vcex-spacing\" style=\"height:60px\"><\/div>[\/vc_column][\/vc_row][vc_row][vc_column width=\u00bb1\/4&#8243;][vc_single_image image=\u00bb23344&#8243;][vc_column_text]\n<h3>8M<\/h3>\n<p><strong>Direcci\u00f3n:<\/strong> Vicky Calavia<br \/>\n<strong>Productora: <\/strong>CalaDoc Producciones<br \/>\n<strong>G\u00e9nero:<\/strong> Animaci\u00f3n<br \/>\n<strong>Pa\u00eds:<\/strong> Espa\u00f1a[\/vc_column_text][\/vc_column][vc_column width=\u00bb1\/4&#8243;][vc_single_image image=\u00bb23347&#8243;][vc_column_text]\n<h3>\u00cdntimo y Privado<\/h3>\n<p><strong>Direcci\u00f3n:<\/strong> Vicky Calavia<br \/>\n<strong>Productora: <\/strong>CalaDoc Producciones<br \/>\n<strong>G\u00e9nero: <\/strong>Documental<br \/>\n<strong>Pa\u00eds: <\/strong>Espa\u00f1a<br \/>\n[\/vc_column_text][\/vc_column][vc_column width=\u00bb1\/4&#8243;][vc_single_image image=\u00bb23359&#8243;][vc_column_text]\n<h3>Sex Symbols &#8211; Transg\u00e8nere<\/h3>\n<p><strong>Direcci\u00f3n:<\/strong> Paloma Mora<br \/>\n<strong>Productora: <\/strong> Admirable Films SL<br \/>\n<strong>G\u00e9nero: <\/strong>Edutainment<br \/>\n<strong>Pa\u00eds: <\/strong>Espa\u00f1a<\/p>\n[\/vc_column_text][\/vc_column][vc_column width=\u00bb1\/4&#8243;][vc_single_image image=\u00bb23353&#8243;][vc_column_text]\n<h3>Tra\u00e7 Cr\u00edtic &#8211; Faenes de Casa<\/h3>\n<p><strong>Direcci\u00f3n:<\/strong> Paloma Mora<br \/>\n<strong>Productora: <\/strong> TV ON SL<br \/>\n<strong>G\u00e9nero: <\/strong>Comedia, cr\u00edtica social<br \/>\n<strong>Pa\u00eds: <\/strong>Espa\u00f1a<\/p>\n[\/vc_column_text][\/vc_column][\/vc_row][vc_row][vc_column width=\u00bb1\/4&#8243;]<div class=\"vcex-spacing\" style=\"height:60px\"><\/div>[vc_single_image image=\u00bb22841&#8243;][vc_column_text]\n<h3>Sense ficci\u00f3: Bruixes, la gran mentida<\/h3>\n<p><strong>Productora: <\/strong>3Cat<br \/>\n<strong>G\u00e9nero:<\/strong> Documental<br \/>\n<strong>Pa\u00eds:<\/strong> Espa\u00f1a<\/p>\n[\/vc_column_text][\/vc_column][vc_column width=\u00bb1\/4&#8243;]<div class=\"vcex-spacing\" style=\"height:60px\"><\/div>[vc_single_image image=\u00bb22541&#8243;][vc_column_text]\n<h3>Generaci\u00f3 porno<\/h3>\n<p><strong>Productora: <\/strong> 3cat, ETB y Shine Iberia<br \/>\n<strong>G\u00e9nero: <\/strong>Serie documental<br \/>\n<strong>Pa\u00eds: <\/strong>Espa\u00f1a<\/p>\n[\/vc_column_text][\/vc_column][vc_column width=\u00bb1\/4&#8243;]<div class=\"vcex-spacing\" style=\"height:60px\"><\/div>[vc_single_image image=\u00bb22613&#8243;][vc_column_text]\n<h3>Transmisi\u00f3n Champions femenina<\/h3>\n<p><strong>Productora: <\/strong> 3Cat<br \/>\n<strong>G\u00e9nero: <\/strong>Deportivo<br \/>\n<strong>Pa\u00eds: <\/strong>Espa\u00f1a<\/p>\n[\/vc_column_text][\/vc_column][vc_column width=\u00bb1\/4&#8243;][\/vc_column][\/vc_row][vc_row full_width=\u00bbstretch_row_content_no_spaces\u00bb][vc_column]<div class=\"vcex-spacing\" style=\"height:30px\"><\/div>[vc_separator][vc_row_inner][vc_column_inner][\/vc_column_inner][\/vc_row_inner][\/vc_column][\/vc_row]\n","protected":false},"excerpt":{"rendered":"<p>[vc_row full_width=\u00bbstretch_row_content_no_spaces\u00bb][vc_column][rev_slider_vc alias=\u00bbHOME-SLIDE\u00bb][\/vc_column][\/vc_row][vc_row][vc_column][vc_column_text] [\/vc_column_text][\/vc_column][\/vc_row][vc_row][vc_column][vc_column_text] Secciones Zoom Festival [\/vc_column_text][\/vc_column][\/vc_row][vc_row][vc_column][vc_raw_html]JTNDc3BhbiUyMGlkJTNEJTIyc2VjY2lvLW9maWNpYWwtMjAyMCUyMiUzRSUzQyUyRnNwYW4lM0U=[\/vc_raw_html][vc_column_text] Secci\u00f3n oficial 2023 [\/vc_column_text][\/vc_column][\/vc_row][vc_row][vc_column][vc_column_text] Ficci\u00f3n [\/vc_column_text][\/vc_column][vc_column][vc_column_text] Entretenimiento [\/vc_column_text][\/vc_column][\/vc_row][vc_row][vc_column][vc_column_text] Culturales [\/vc_column_text][\/vc_column][\/vc_row][vc_row][vc_column][vc_column_text] Informativos [\/vc_column_text][\/vc_column][\/vc_row][vc_row][vc_column][vc_column_text] Deportivos [\/vc_column_text][\/vc_column][\/vc_row][vc_row][vc_column][vc_raw_html]JTNDc3BhbiUyMGlkJTNEJTIycGFub3JhbWEtMjAyMSUyMiUzRSUzQyUyRnNwYW4lM0U=[\/vc_raw_html][vc_column_text] Zoom KM0 [\/vc_column_text][\/vc_column][\/vc_row][vc_row][vc_column][\/vc_column][\/vc_row][vc_row][vc_column][vc_raw_html]JTNDc3BhbiUyMGlkJTNEJTIycGFub3JhbWEtMjAyMSUyMiUzRSUzQyUyRnNwYW4lM0U=[\/vc_raw_html][vc_column_text] Seleccionados Premio CIMA [\/vc_column_text][\/vc_column][\/vc_row][vc_row][vc_column width=\u00bb1\/4&#8243;][vc_single_image image=\u00bb23344&#8243;][vc_column_text] 8M Direcci\u00f3n: Vicky Calavia Productora: CalaDoc Producciones G\u00e9nero: Animaci\u00f3n&hellip;<\/p>\n","protected":false},"author":8,"featured_media":0,"parent":0,"menu_order":0,"comment_status":"closed","ping_status":"closed","template":"templates\/no-sidebar.php","meta":{"_mi_skip_tracking":false},"_links":{"self":[{"href":"https:\/\/www.zoomfestival.org\/es\/wp-json\/wp\/v2\/pages\/20526"}],"collection":[{"href":"https:\/\/www.zoomfestival.org\/es\/wp-json\/wp\/v2\/pages"}],"about":[{"href":"https:\/\/www.zoomfestival.org\/es\/wp-json\/wp\/v2\/types\/page"}],"author":[{"embeddable":true,"href":"https:\/\/www.zoomfestival.org\/es\/wp-json\/wp\/v2\/users\/8"}],"replies":[{"embeddable":true,"href":"https:\/\/www.zoomfestival.org\/es\/wp-json\/wp\/v2\/comments?post=20526"}],"version-history":[{"count":14,"href":"https:\/\/www.zoomfestival.org\/es\/wp-json\/wp\/v2\/pages\/20526\/revisions"}],"predecessor-version":[{"id":23465,"href":"https:\/\/www.zoomfestival.org\/es\/wp-json\/wp\/v2\/pages\/20526\/revisions\/23465"}],"wp:attachment":[{"href":"https:\/\/www.zoomfestival.org\/es\/wp-json\/wp\/v2\/media?parent=20526"}],"curies":[{"name":"wp","href":"https:\/\/api.w.org\/{rel}","templated":true}]}}