{"id":25055,"date":"2025-10-01T09:38:31","date_gmt":"2025-10-01T07:38:31","guid":{"rendered":"https:\/\/www.zoomfestival.org\/?page_id=25055"},"modified":"2025-11-03T14:33:48","modified_gmt":"2025-11-03T13:33:48","slug":"secciones-zoom-2025","status":"publish","type":"page","link":"https:\/\/www.zoomfestival.org\/es\/secciones-zoom-2025","title":{"rendered":"SECCIONES ZOOM 2025"},"content":{"rendered":"[vc_row full_width=\u00bbstretch_row_content_no_spaces\u00bb][vc_column][rev_slider_vc alias=\u00bbhome-slide-esp\u00bb][\/vc_column][\/vc_row][vc_row][vc_column][vc_column_text][\/vc_column_text][\/vc_column][\/vc_row][vc_row][vc_column]<div class=\"vcex-spacing\" style=\"height:60px\"><\/div>[vc_column_text]\n<h1 style=\"text-align: left;\">Secciones Zoom Festival<\/h1>\n[\/vc_column_text][\/vc_column][\/vc_row][vc_row][vc_column][vc_raw_html]JTNDc3BhbiUyMGlkJTNEJTIyc2VjY2lvLW9maWNpYWwtMjAyMCUyMiUzRSUzQyUyRnNwYW4lM0U=[\/vc_raw_html]<div class=\"vcex-spacing\" style=\"height:60px\"><\/div>[vc_column_text]\n<div class=\"et_pb_column et_pb_column_3_4 et_pb_column_1 et-last-child\">\n<div class=\"et_pb_text et_pb_module et_pb_bg_layout_light et_pb_text_align_left et_pb_text_0\">\n<div class=\"et_pb_text_inner\">\n<h1>Secci\u00f3n oficial 2025<\/h1>\n<\/div>\n<\/div>\n<\/div>\n[\/vc_column_text][\/vc_column][\/vc_row][vc_row][vc_column][vc_column_text]\n<div class=\"et_pb_column et_pb_column_3_4 et_pb_column_1 et-last-child\">\n<div class=\"et_pb_text et_pb_module et_pb_bg_layout_light et_pb_text_align_left et_pb_text_0\">\n<div class=\"et_pb_text_inner\">\n<h3>Ficci\u00f3n TV-Movies<\/h3>\n<\/div>\n<\/div>\n<\/div>\n[\/vc_column_text]<div class=\"vcex-spacing\" style=\"height:30px\"><\/div><div class=\"vcex-module vcex-portfolio-grid-wrap wpex-clr\"><div class=\"wpex-row vcex-portfolio-grid wpex-clr entries gap-20\" data-transition-duration=\"0.0\"><div class=\"portfolio-entry entry-has-details span_1_of_4 col col-1 post-25115 entry type-portfolio has-media cat-358 cat-348 cat-348 translation_priority-256\"><div class=\"portfolio-entry-inner entry-inner wpex-clr\"><div class=\"portfolio-entry-media entry-media wpex-clr\"><a href=\"https:\/\/www.zoomfestival.org\/es\/portfolio-item\/alone-at-sea\" title=\"Alone at sea\" class=\"portfolio-entry-media-link\"><img class=\"portfolio-entry-img\" src=\"https:\/\/www.zoomfestival.org\/wp-content\/uploads\/2025\/10\/Alone-2-e1761726511908-300x300.png\" data-no-retina width=\"300\" height=\"300\" \/><\/a><\/div><div class=\"portfolio-entry-details entry-details wpex-clr\"><h2 class=\"portfolio-entry-title entry-title\"><a href=\"https:\/\/www.zoomfestival.org\/es\/portfolio-item\/alone-at-sea\" title=\"Alone at sea\">Alone at sea<\/a><\/h2><div class=\"portfolio-entry-categories entry-categories wpex-clr\"><a href=\"https:\/\/www.zoomfestival.org\/es\/portfolio-category\/ficcion-tv-movie\" title=\"FICCI\u00d3N TV-MOVIE\" class=\"term-358\">FICCI\u00d3N TV-MOVIE<\/a>, <a href=\"https:\/\/www.zoomfestival.org\/es\/portfolio-category\/seccion-oficial-2025\" title=\"SECCI\u00d3N OFICIAL 2025\" class=\"term-348\">SECCI\u00d3N OFICIAL 2025<\/a><\/div><div class=\"portfolio-entry-excerpt entry-excerpt wpex-clr\"><p>Direcci\u00f3n: Pierre Isoard Producci\u00f3n: High Sea Pa\u00eds: Francia A\u00f1o: 2024 G\u00e9nero\/subg\u00e9nero: Aventuras Reparto: Samuel Le&hellip;<\/p><\/div><\/div><\/div><\/div><div class=\"portfolio-entry entry-has-details span_1_of_4 col col-2 post-25091 entry type-portfolio has-media cat-358 cat-348 cat-348 translation_priority-256\"><div class=\"portfolio-entry-inner entry-inner wpex-clr\"><div class=\"portfolio-entry-media entry-media wpex-clr\"><a href=\"https:\/\/www.zoomfestival.org\/es\/portfolio-item\/champagne-peppino-di-capri\" title=\"Champagne &#8211; Peppino Di Capri\" class=\"portfolio-entry-media-link\"><img class=\"portfolio-entry-img\" src=\"https:\/\/www.zoomfestival.org\/wp-content\/uploads\/2025\/10\/1536x2048_label-e1761728599512-300x300.jpg\" data-no-retina width=\"300\" height=\"300\" \/><\/a><\/div><div class=\"portfolio-entry-details entry-details wpex-clr\"><h2 class=\"portfolio-entry-title entry-title\"><a href=\"https:\/\/www.zoomfestival.org\/es\/portfolio-item\/champagne-peppino-di-capri\" title=\"Champagne &#8211; Peppino Di Capri\">Champagne &#8211; Peppino Di Capri<\/a><\/h2><div class=\"portfolio-entry-categories entry-categories wpex-clr\"><a href=\"https:\/\/www.zoomfestival.org\/es\/portfolio-category\/ficcion-tv-movie\" title=\"FICCI\u00d3N TV-MOVIE\" class=\"term-358\">FICCI\u00d3N TV-MOVIE<\/a>, <a href=\"https:\/\/www.zoomfestival.org\/es\/portfolio-category\/seccion-oficial-2025\" title=\"SECCI\u00d3N OFICIAL 2025\" class=\"term-348\">SECCI\u00d3N OFICIAL 2025<\/a><\/div><div class=\"portfolio-entry-excerpt entry-excerpt wpex-clr\"><p>Direcci\u00f3n: Cinzia TH Torrini Producci\u00f3n: Rai Radiotelevisione Italiana y O'Groove Production Pa\u00eds: Italia A\u00f1o: 2024&hellip;<\/p><\/div><\/div><\/div><\/div><div class=\"portfolio-entry entry-has-details span_1_of_4 col col-3 post-25101 entry type-portfolio has-media cat-358 cat-348 cat-348 translation_priority-256\"><div class=\"portfolio-entry-inner entry-inner wpex-clr\"><div class=\"portfolio-entry-media entry-media wpex-clr\"><a href=\"https:\/\/www.zoomfestival.org\/es\/portfolio-item\/die-nichte-des-polizisten\" title=\"Die Nichte des Polizisten\" class=\"portfolio-entry-media-link\"><img class=\"portfolio-entry-img\" src=\"https:\/\/www.zoomfestival.org\/wp-content\/uploads\/2025\/10\/10_Die_Nichte_des_Polizisten-scaled-e1761726072596-300x300.jpg\" data-no-retina width=\"300\" height=\"300\" \/><\/a><\/div><div class=\"portfolio-entry-details entry-details wpex-clr\"><h2 class=\"portfolio-entry-title entry-title\"><a href=\"https:\/\/www.zoomfestival.org\/es\/portfolio-item\/die-nichte-des-polizisten\" title=\"Die Nichte des Polizisten\">Die Nichte des Polizisten<\/a><\/h2><div class=\"portfolio-entry-categories entry-categories wpex-clr\"><a href=\"https:\/\/www.zoomfestival.org\/es\/portfolio-category\/ficcion-tv-movie\" title=\"FICCI\u00d3N TV-MOVIE\" class=\"term-358\">FICCI\u00d3N TV-MOVIE<\/a>, <a href=\"https:\/\/www.zoomfestival.org\/es\/portfolio-category\/seccion-oficial-2025\" title=\"SECCI\u00d3N OFICIAL 2025\" class=\"term-348\">SECCI\u00d3N OFICIAL 2025<\/a><\/div><div class=\"portfolio-entry-excerpt entry-excerpt wpex-clr\"><p>Direcci\u00f3n: Dustin Loose Producci\u00f3n: Wiedemann & Berg, SWR Pa\u00eds: Alemania A\u00f1o: 2025 G\u00e9nero\/subg\u00e9nero: Thriller Reparto:&hellip;<\/p><\/div><\/div><\/div><\/div><div class=\"portfolio-entry entry-has-details span_1_of_4 col col-4 post-25108 entry type-portfolio has-media cat-358 cat-348 cat-348 translation_priority-256\"><div class=\"portfolio-entry-inner entry-inner wpex-clr\"><div class=\"portfolio-entry-media entry-media wpex-clr\"><a href=\"https:\/\/www.zoomfestival.org\/es\/portfolio-item\/the-wish-swap\" title=\"The Wish Swap\" class=\"portfolio-entry-media-link\"><img class=\"portfolio-entry-img\" src=\"https:\/\/www.zoomfestival.org\/wp-content\/uploads\/2025\/10\/Emily-TennantCasey2-scaled-e1761726288776-300x300.jpg\" data-no-retina width=\"300\" height=\"300\" \/><\/a><\/div><div class=\"portfolio-entry-details entry-details wpex-clr\"><h2 class=\"portfolio-entry-title entry-title\"><a href=\"https:\/\/www.zoomfestival.org\/es\/portfolio-item\/the-wish-swap\" title=\"The Wish Swap\">The Wish Swap<\/a><\/h2><div class=\"portfolio-entry-categories entry-categories wpex-clr\"><a href=\"https:\/\/www.zoomfestival.org\/es\/portfolio-category\/ficcion-tv-movie\" title=\"FICCI\u00d3N TV-MOVIE\" class=\"term-358\">FICCI\u00d3N TV-MOVIE<\/a>, <a href=\"https:\/\/www.zoomfestival.org\/es\/portfolio-category\/seccion-oficial-2025\" title=\"SECCI\u00d3N OFICIAL 2025\" class=\"term-348\">SECCI\u00d3N OFICIAL 2025<\/a><\/div><div class=\"portfolio-entry-excerpt entry-excerpt wpex-clr\"><p>Direcci\u00f3n: David I. Strasser Producci\u00f3n: Muse Entertainment Pa\u00eds: Canad\u00e1 A\u00f1o: 2025 G\u00e9nero\/subg\u00e9nero: Romance Reparto: Emily&hellip;<\/p><\/div><\/div><\/div><\/div><div class=\"portfolio-entry entry-has-details span_1_of_4 col col-1 post-25084 entry type-portfolio has-media cat-358 cat-348 cat-348 translation_priority-256\"><div class=\"portfolio-entry-inner entry-inner wpex-clr\"><div class=\"portfolio-entry-media entry-media wpex-clr\"><a href=\"https:\/\/www.zoomfestival.org\/es\/portfolio-item\/volver-a-ver\" title=\"Volver a ver\" class=\"portfolio-entry-media-link\"><img class=\"portfolio-entry-img\" src=\"https:\/\/www.zoomfestival.org\/wp-content\/uploads\/2025\/10\/VAV_FRAME_06-1-e1761728787795-300x300.png\" data-no-retina width=\"300\" height=\"300\" \/><\/a><\/div><div class=\"portfolio-entry-details entry-details wpex-clr\"><h2 class=\"portfolio-entry-title entry-title\"><a href=\"https:\/\/www.zoomfestival.org\/es\/portfolio-item\/volver-a-ver\" title=\"Volver a ver\">Volver a ver<\/a><\/h2><div class=\"portfolio-entry-categories entry-categories wpex-clr\"><a href=\"https:\/\/www.zoomfestival.org\/es\/portfolio-category\/ficcion-tv-movie\" title=\"FICCI\u00d3N TV-MOVIE\" class=\"term-358\">FICCI\u00d3N TV-MOVIE<\/a>, <a href=\"https:\/\/www.zoomfestival.org\/es\/portfolio-category\/seccion-oficial-2025\" title=\"SECCI\u00d3N OFICIAL 2025\" class=\"term-348\">SECCI\u00d3N OFICIAL 2025<\/a><\/div><div class=\"portfolio-entry-excerpt entry-excerpt wpex-clr\"><p>Direcci\u00f3n: Dani Zarandieta Producci\u00f3n: Alex Llana Pa\u00eds: Espa\u00f1a A\u00f1o: 2024 G\u00e9nero\/subg\u00e9nero: Suspense Reparto: Carmen Baena,&hellip;<\/p><\/div><\/div><\/div><\/div><\/div><\/div>[\/vc_column][vc_column][vc_column_text]\n<div class=\"et_pb_column et_pb_column_3_4 et_pb_column_1 et-last-child\">\n<div class=\"et_pb_text et_pb_module et_pb_bg_layout_light et_pb_text_align_left et_pb_text_0\">\n<div class=\"et_pb_text_inner\">\n<h3>Ficci\u00f3n Series<\/h3>\n<\/div>\n<\/div>\n<\/div>\n[\/vc_column_text]<div class=\"vcex-spacing\" style=\"height:30px\"><\/div><div class=\"vcex-module vcex-portfolio-grid-wrap wpex-clr\"><div class=\"wpex-row vcex-portfolio-grid wpex-clr entries gap-20\" data-transition-duration=\"0.0\"><div class=\"portfolio-entry entry-has-details span_1_of_4 col col-1 post-25149 entry type-portfolio has-media cat-356 cat-348 cat-348 translation_priority-256\"><div class=\"portfolio-entry-inner entry-inner wpex-clr\"><div class=\"portfolio-entry-media entry-media wpex-clr\"><a href=\"https:\/\/www.zoomfestival.org\/es\/portfolio-item\/black-tide-island\" title=\"Black Tide Island\" class=\"portfolio-entry-media-link\"><img class=\"portfolio-entry-img\" src=\"https:\/\/www.zoomfestival.org\/wp-content\/uploads\/2025\/10\/DSC07052-e1761729871747-300x300.jpg\" data-no-retina width=\"300\" height=\"300\" \/><\/a><\/div><div class=\"portfolio-entry-details entry-details wpex-clr\"><h2 class=\"portfolio-entry-title entry-title\"><a href=\"https:\/\/www.zoomfestival.org\/es\/portfolio-item\/black-tide-island\" title=\"Black Tide Island\">Black Tide Island<\/a><\/h2><div class=\"portfolio-entry-categories entry-categories wpex-clr\"><a href=\"https:\/\/www.zoomfestival.org\/es\/portfolio-category\/ficcion-miniseries\" title=\"FICCI\u00d3N MINISERIES\" class=\"term-356\">FICCI\u00d3N MINISERIES<\/a>, <a href=\"https:\/\/www.zoomfestival.org\/es\/portfolio-category\/seccion-oficial-2025\" title=\"SECCI\u00d3N OFICIAL 2025\" class=\"term-348\">SECCI\u00d3N OFICIAL 2025<\/a><\/div><div class=\"portfolio-entry-excerpt entry-excerpt wpex-clr\"><p>Direcci\u00f3n: Jim Wang Producci\u00f3n: Hakka TV Pa\u00eds: Taiw\u00e1n A\u00f1o: 2025 G\u00e9nero\/subg\u00e9nero: Drama Reparto: Shih-Sian Wang,&hellip;<\/p><\/div><\/div><\/div><\/div><div class=\"portfolio-entry entry-has-details span_1_of_4 col col-2 post-25125 entry type-portfolio has-media cat-356 cat-348 cat-348 translation_priority-256\"><div class=\"portfolio-entry-inner entry-inner wpex-clr\"><div class=\"portfolio-entry-media entry-media wpex-clr\"><a href=\"https:\/\/www.zoomfestival.org\/es\/portfolio-item\/com-si-fos-ahir-t8\" title=\"Com si fos ahir (T8)\" class=\"portfolio-entry-media-link\"><img class=\"portfolio-entry-img\" src=\"https:\/\/www.zoomfestival.org\/wp-content\/uploads\/2025\/10\/Com-si-fos-ahir-1-300x300.png\" data-no-retina width=\"300\" height=\"300\" \/><\/a><\/div><div class=\"portfolio-entry-details entry-details wpex-clr\"><h2 class=\"portfolio-entry-title entry-title\"><a href=\"https:\/\/www.zoomfestival.org\/es\/portfolio-item\/com-si-fos-ahir-t8\" title=\"Com si fos ahir (T8)\">Com si fos ahir (T8)<\/a><\/h2><div class=\"portfolio-entry-categories entry-categories wpex-clr\"><a href=\"https:\/\/www.zoomfestival.org\/es\/portfolio-category\/ficcion-miniseries\" title=\"FICCI\u00d3N MINISERIES\" class=\"term-356\">FICCI\u00d3N MINISERIES<\/a>, <a href=\"https:\/\/www.zoomfestival.org\/es\/portfolio-category\/seccion-oficial-2025\" title=\"SECCI\u00d3N OFICIAL 2025\" class=\"term-348\">SECCI\u00d3N OFICIAL 2025<\/a><\/div><div class=\"portfolio-entry-excerpt entry-excerpt wpex-clr\"><p>Direcci\u00f3n: S\u00f2nia S\u00e1nchez Producci\u00f3n: 3Cat Pa\u00eds: Espa\u00f1a A\u00f1o: 2025 G\u00e9nero\/subg\u00e9nero: Drama Reparto: Eduard Farelo com&hellip;<\/p><\/div><\/div><\/div><\/div><div class=\"portfolio-entry entry-has-details span_1_of_4 col col-3 post-25164 entry type-portfolio has-media cat-356 cat-348 translation_priority-256\"><div class=\"portfolio-entry-inner entry-inner wpex-clr\"><div class=\"portfolio-entry-media entry-media wpex-clr\"><a href=\"https:\/\/www.zoomfestival.org\/es\/portfolio-item\/george-untamed-spirit\" title=\"George, Untamed Spirit\" class=\"portfolio-entry-media-link\"><img class=\"portfolio-entry-img\" src=\"https:\/\/www.zoomfestival.org\/wp-content\/uploads\/2025\/10\/george-\u2014-untamed-spirit-e1761726889753-300x300.jpg\" data-no-retina width=\"300\" height=\"300\" \/><\/a><\/div><div class=\"portfolio-entry-details entry-details wpex-clr\"><h2 class=\"portfolio-entry-title entry-title\"><a href=\"https:\/\/www.zoomfestival.org\/es\/portfolio-item\/george-untamed-spirit\" title=\"George, Untamed Spirit\">George, Untamed Spirit<\/a><\/h2><div class=\"portfolio-entry-categories entry-categories wpex-clr\"><a href=\"https:\/\/www.zoomfestival.org\/es\/portfolio-category\/ficcion-miniseries\" title=\"FICCI\u00d3N MINISERIES\" class=\"term-356\">FICCI\u00d3N MINISERIES<\/a><\/div><div class=\"portfolio-entry-excerpt entry-excerpt wpex-clr\"><p>Direcci\u00f3n: Rodolphe Tissot Producci\u00f3n: Si\u00e8cle Production, Umedia Pa\u00eds: Francia A\u00f1o: 2025 Reparto: Nine D\u2019Urso, Vincent&hellip;<\/p><\/div><\/div><\/div><\/div><div class=\"portfolio-entry entry-has-details span_1_of_4 col col-4 post-25140 entry type-portfolio has-media cat-356 cat-348 translation_priority-256\"><div class=\"portfolio-entry-inner entry-inner wpex-clr\"><div class=\"portfolio-entry-media entry-media wpex-clr\"><a href=\"https:\/\/www.zoomfestival.org\/es\/portfolio-item\/la-cancion\" title=\"La canci\u00f3n\" class=\"portfolio-entry-media-link\"><img class=\"portfolio-entry-img\" src=\"https:\/\/www.zoomfestival.org\/wp-content\/uploads\/2025\/10\/LaCancion_Still_Carolina-1-e1761729284139-300x300.jpg\" data-no-retina width=\"300\" height=\"300\" \/><\/a><\/div><div class=\"portfolio-entry-details entry-details wpex-clr\"><h2 class=\"portfolio-entry-title entry-title\"><a href=\"https:\/\/www.zoomfestival.org\/es\/portfolio-item\/la-cancion\" title=\"La canci\u00f3n\">La canci\u00f3n<\/a><\/h2><div class=\"portfolio-entry-categories entry-categories wpex-clr\"><a href=\"https:\/\/www.zoomfestival.org\/es\/portfolio-category\/ficcion-miniseries\" title=\"FICCI\u00d3N MINISERIES\" class=\"term-356\">FICCI\u00d3N MINISERIES<\/a><\/div><div class=\"portfolio-entry-excerpt entry-excerpt wpex-clr\"><p>Direcci\u00f3n: Alejandro Mar\u00edn Producci\u00f3n: Movistar Plus+, en colaboraci\u00f3n con Buend\u00eda Estudios Pa\u00eds: Espa\u00f1a A\u00f1o: 2025&hellip;<\/p><\/div><\/div><\/div><\/div><div class=\"portfolio-entry entry-has-details span_1_of_4 col col-1 post-25158 entry type-portfolio has-media cat-356 cat-348 translation_priority-256\"><div class=\"portfolio-entry-inner entry-inner wpex-clr\"><div class=\"portfolio-entry-media entry-media wpex-clr\"><a href=\"https:\/\/www.zoomfestival.org\/es\/portfolio-item\/los-100-dias-de-aleja\" title=\"Los 100 d\u00edas de Aleja\" class=\"portfolio-entry-media-link\"><img class=\"portfolio-entry-img\" src=\"https:\/\/www.zoomfestival.org\/wp-content\/uploads\/2025\/10\/Aleja-2-e1761730050586-300x300.jpeg\" data-no-retina width=\"300\" height=\"300\" \/><\/a><\/div><div class=\"portfolio-entry-details entry-details wpex-clr\"><h2 class=\"portfolio-entry-title entry-title\"><a href=\"https:\/\/www.zoomfestival.org\/es\/portfolio-item\/los-100-dias-de-aleja\" title=\"Los 100 d\u00edas de Aleja\">Los 100 d\u00edas de Aleja<\/a><\/h2><div class=\"portfolio-entry-categories entry-categories wpex-clr\"><a href=\"https:\/\/www.zoomfestival.org\/es\/portfolio-category\/ficcion-miniseries\" title=\"FICCI\u00d3N MINISERIES\" class=\"term-356\">FICCI\u00d3N MINISERIES<\/a><\/div><div class=\"portfolio-entry-excerpt entry-excerpt wpex-clr\"><p>Direcci\u00f3n: Diego Valencia Producci\u00f3n: Canal Trece, Torneos Colombia SAS Pa\u00eds: Colombia A\u00f1o: 2024 G\u00e9nero\/subg\u00e9nero: Drama&hellip;<\/p><\/div><\/div><\/div><\/div><div class=\"portfolio-entry entry-has-details span_1_of_4 col col-2 post-25134 entry type-portfolio has-media cat-356 cat-348 translation_priority-256\"><div class=\"portfolio-entry-inner entry-inner wpex-clr\"><div class=\"portfolio-entry-media entry-media wpex-clr\"><a href=\"https:\/\/www.zoomfestival.org\/es\/portfolio-item\/los-sin-nombre\" title=\"Los sin nombre\" class=\"portfolio-entry-media-link\"><img class=\"portfolio-entry-img\" src=\"https:\/\/www.zoomfestival.org\/wp-content\/uploads\/2025\/10\/LosSinNombre_MirenIbarguren-1-e1761729157146-300x300.jpg\" data-no-retina width=\"300\" height=\"300\" \/><\/a><\/div><div class=\"portfolio-entry-details entry-details wpex-clr\"><h2 class=\"portfolio-entry-title entry-title\"><a href=\"https:\/\/www.zoomfestival.org\/es\/portfolio-item\/los-sin-nombre\" title=\"Los sin nombre\">Los sin nombre<\/a><\/h2><div class=\"portfolio-entry-categories entry-categories wpex-clr\"><a href=\"https:\/\/www.zoomfestival.org\/es\/portfolio-category\/ficcion-miniseries\" title=\"FICCI\u00d3N MINISERIES\" class=\"term-356\">FICCI\u00d3N MINISERIES<\/a><\/div><div class=\"portfolio-entry-excerpt entry-excerpt wpex-clr\"><p>Direcci\u00f3n: Pau Freixas Producci\u00f3n: Movistar Plus+, en colaboraci\u00f3n con Filmax Pa\u00eds: Espa\u00f1a A\u00f1o: 2025 G\u00e9nero\/subg\u00e9nero:&hellip;<\/p><\/div><\/div><\/div><\/div><div class=\"portfolio-entry entry-has-details span_1_of_4 col col-3 post-25146 entry type-portfolio has-media cat-356 cat-348 translation_priority-256\"><div class=\"portfolio-entry-inner entry-inner wpex-clr\"><div class=\"portfolio-entry-media entry-media wpex-clr\"><a href=\"https:\/\/www.zoomfestival.org\/es\/portfolio-item\/spuren\" title=\"Spuren\" class=\"portfolio-entry-media-link\"><img class=\"portfolio-entry-img\" src=\"https:\/\/www.zoomfestival.org\/wp-content\/uploads\/2025\/10\/Spuren_Lailaps_LuisZenoKuhn-6282-scaled-e1761726707646-300x300.jpg\" data-no-retina width=\"300\" height=\"300\" \/><\/a><\/div><div class=\"portfolio-entry-details entry-details wpex-clr\"><h2 class=\"portfolio-entry-title entry-title\"><a href=\"https:\/\/www.zoomfestival.org\/es\/portfolio-item\/spuren\" title=\"Spuren\">Spuren<\/a><\/h2><div class=\"portfolio-entry-categories entry-categories wpex-clr\"><a href=\"https:\/\/www.zoomfestival.org\/es\/portfolio-category\/ficcion-miniseries\" title=\"FICCI\u00d3N MINISERIES\" class=\"term-356\">FICCI\u00d3N MINISERIES<\/a><\/div><div class=\"portfolio-entry-excerpt entry-excerpt wpex-clr\"><p>Direcci\u00f3n: Stefan Krohmer Producci\u00f3n: SWR, Lailaps Films GmbH Pa\u00eds: Alemania A\u00f1o: 2025 G\u00e9nero\/subg\u00e9nero: Crime Cast:&hellip;<\/p><\/div><\/div><\/div><\/div><\/div><\/div>[\/vc_column][\/vc_row][vc_row][vc_column][vc_column_text]\n<div class=\"et_pb_column et_pb_column_3_4 et_pb_column_1 et-last-child\">\n<div class=\"et_pb_text et_pb_module et_pb_bg_layout_light et_pb_text_align_left et_pb_text_0\">\n<div class=\"et_pb_text_inner\">\n<h3>Culturales<\/h3>\n<\/div>\n<\/div>\n<\/div>\n[\/vc_column_text]<div class=\"vcex-spacing\" style=\"height:30px\"><\/div><div class=\"vcex-module vcex-portfolio-grid-wrap wpex-clr\"><div class=\"wpex-row vcex-portfolio-grid wpex-clr entries gap-20\" data-transition-duration=\"0.0\"><div class=\"portfolio-entry entry-has-details span_1_of_4 col col-1 post-25256 entry type-portfolio has-media cat-350 cat-348 translation_priority-256\"><div class=\"portfolio-entry-inner entry-inner wpex-clr\"><div class=\"portfolio-entry-media entry-media wpex-clr\"><a href=\"https:\/\/www.zoomfestival.org\/es\/portfolio-item\/alhambra-el-tesoro-del-ultimo-emirato-andalusi\" title=\"Alhambra, el tesoro del \u00faltimo emirato andalus\u00ed\" class=\"portfolio-entry-media-link\"><img class=\"portfolio-entry-img\" src=\"https:\/\/www.zoomfestival.org\/wp-content\/uploads\/2025\/10\/PLAN-LARGE-DRONE-ALCAZABA-e1761736506601-300x300.png\" data-no-retina width=\"300\" height=\"300\" \/><\/a><\/div><div class=\"portfolio-entry-details entry-details wpex-clr\"><h2 class=\"portfolio-entry-title entry-title\"><a href=\"https:\/\/www.zoomfestival.org\/es\/portfolio-item\/alhambra-el-tesoro-del-ultimo-emirato-andalusi\" title=\"Alhambra, el tesoro del \u00faltimo emirato andalus\u00ed\">Alhambra, el tesoro del \u00faltimo emirato andalus\u00ed<\/a><\/h2><div class=\"portfolio-entry-categories entry-categories wpex-clr\"><a href=\"https:\/\/www.zoomfestival.org\/es\/portfolio-category\/culturales-es-2\" title=\"CULTURALES\" class=\"term-350\">CULTURALES<\/a><\/div><div class=\"portfolio-entry-excerpt entry-excerpt wpex-clr\"><p>Direcci\u00f3n: Marc Jampolsky Producci\u00f3n\/TV: FutureMarsMediaWW, RTVE and Arte France Pa\u00eds: Espa\u00f1a A\u00f1o: 2024 G\u00e9nero\/subg\u00e9nero: Documental&hellip;<\/p><\/div><\/div><\/div><\/div><div class=\"portfolio-entry entry-has-details span_1_of_4 col col-2 post-25265 entry type-portfolio has-media cat-350 cat-348 translation_priority-256\"><div class=\"portfolio-entry-inner entry-inner wpex-clr\"><div class=\"portfolio-entry-media entry-media wpex-clr\"><a href=\"https:\/\/www.zoomfestival.org\/es\/portfolio-item\/emocionari-il%c2%b7lustrat\" title=\"Emocionari il\u00b7lustrat\" class=\"portfolio-entry-media-link\"><img class=\"portfolio-entry-img\" src=\"https:\/\/www.zoomfestival.org\/wp-content\/uploads\/2025\/10\/POSTER-EMOCIONARI_ILLUSTRAT-e1761736698384-300x300.png\" data-no-retina width=\"300\" height=\"300\" \/><\/a><\/div><div class=\"portfolio-entry-details entry-details wpex-clr\"><h2 class=\"portfolio-entry-title entry-title\"><a href=\"https:\/\/www.zoomfestival.org\/es\/portfolio-item\/emocionari-il%c2%b7lustrat\" title=\"Emocionari il\u00b7lustrat\">Emocionari il\u00b7lustrat<\/a><\/h2><div class=\"portfolio-entry-categories entry-categories wpex-clr\"><a href=\"https:\/\/www.zoomfestival.org\/es\/portfolio-category\/culturales-es-2\" title=\"CULTURALES\" class=\"term-350\">CULTURALES<\/a><\/div><div class=\"portfolio-entry-excerpt entry-excerpt wpex-clr\"><p>Direcci\u00f3n: Gemma Sanz y Anna Llarch Producci\u00f3n\/TV: Teidees Audiovisuals y 3Cat Pa\u00eds: Espa\u00f1a A\u00f1o: 2025&hellip;<\/p><\/div><\/div><\/div><\/div><div class=\"portfolio-entry entry-has-details span_1_of_4 col col-3 post-25898 entry type-portfolio has-media cat-350 cat-348\"><div class=\"portfolio-entry-inner entry-inner wpex-clr\"><div class=\"portfolio-entry-media entry-media wpex-clr\"><a href=\"https:\/\/www.zoomfestival.org\/es\/portfolio-item\/from-cirque-du-soleil-to-the-great-dream-franco-dragone\" title=\"From Cirque du Soleil to the Great Dream: Franco Dragone\" class=\"portfolio-entry-media-link\"><img class=\"portfolio-entry-img\" src=\"https:\/\/www.zoomfestival.org\/wp-content\/uploads\/2025\/10\/Spettacolo-Cina-e1761737292773-300x300.png\" data-no-retina width=\"300\" height=\"300\" \/><\/a><\/div><div class=\"portfolio-entry-details entry-details wpex-clr\"><h2 class=\"portfolio-entry-title entry-title\"><a href=\"https:\/\/www.zoomfestival.org\/es\/portfolio-item\/from-cirque-du-soleil-to-the-great-dream-franco-dragone\" title=\"From Cirque du Soleil to the Great Dream: Franco Dragone\">From Cirque du Soleil to the Great Dream: Franco Dragone<\/a><\/h2><div class=\"portfolio-entry-categories entry-categories wpex-clr\"><a href=\"https:\/\/www.zoomfestival.org\/es\/portfolio-category\/culturales-es-2\" title=\"CULTURALES\" class=\"term-350\">CULTURALES<\/a><\/div><div class=\"portfolio-entry-excerpt entry-excerpt wpex-clr\"><p>Direcci\u00f3n: Salvatore Braca Producci\u00f3n\/TV: RAI Radiotelevisione Italiana Pa\u00eds: Italia A\u00f1o: 2025 G\u00e9nero\/subg\u00e9nero: Documental Canal: Rai&hellip;<\/p><\/div><\/div><\/div><\/div><div class=\"portfolio-entry entry-has-details span_1_of_4 col col-4 post-25235 entry type-portfolio has-media cat-350 cat-348 translation_priority-256\"><div class=\"portfolio-entry-inner entry-inner wpex-clr\"><div class=\"portfolio-entry-media entry-media wpex-clr\"><a href=\"https:\/\/www.zoomfestival.org\/es\/portfolio-item\/leon-de-peru\" title=\"Le\u00f3n de Per\u00fa\" class=\"portfolio-entry-media-link\"><img class=\"portfolio-entry-img\" src=\"https:\/\/www.zoomfestival.org\/wp-content\/uploads\/2025\/10\/LEON-DE-PERU-2-scaled-e1761736306815-300x300.jpg\" data-no-retina width=\"300\" height=\"300\" \/><\/a><\/div><div class=\"portfolio-entry-details entry-details wpex-clr\"><h2 class=\"portfolio-entry-title entry-title\"><a href=\"https:\/\/www.zoomfestival.org\/es\/portfolio-item\/leon-de-peru\" title=\"Le\u00f3n de Per\u00fa\">Le\u00f3n de Per\u00fa<\/a><\/h2><div class=\"portfolio-entry-categories entry-categories wpex-clr\"><a href=\"https:\/\/www.zoomfestival.org\/es\/portfolio-category\/culturales-es-2\" title=\"CULTURALES\" class=\"term-350\">CULTURALES<\/a><\/div><div class=\"portfolio-entry-excerpt entry-excerpt wpex-clr\"><p>Direcci\u00f3n: Salvatore Cernuzio, Jaime Vizca\u00edno Haro y Felipe Herrera-Espaliat Producci\u00f3n\/TV: Vatican News, Radio Vaticana y&hellip;<\/p><\/div><\/div><\/div><\/div><div class=\"portfolio-entry entry-has-details span_1_of_4 col col-1 post-25916 entry type-portfolio has-media cat-350 cat-348 translation_priority-256\"><div class=\"portfolio-entry-inner entry-inner wpex-clr\"><div class=\"portfolio-entry-media entry-media wpex-clr\"><a href=\"https:\/\/www.zoomfestival.org\/es\/portfolio-item\/les-formes-infinites-lluis-castaldo-essencia-i-existencia-dun-ceramista\" title=\"Les formes infinites. Llu\u00eds Castaldo: ess\u00e8ncia i exist\u00e8ncia d\u2019un ceramista\" class=\"portfolio-entry-media-link\"><img class=\"portfolio-entry-img\" src=\"https:\/\/www.zoomfestival.org\/wp-content\/uploads\/2025\/10\/Foto1-e1761737209955-300x300.jpg\" data-no-retina width=\"300\" height=\"300\" \/><\/a><\/div><div class=\"portfolio-entry-details entry-details wpex-clr\"><h2 class=\"portfolio-entry-title entry-title\"><a href=\"https:\/\/www.zoomfestival.org\/es\/portfolio-item\/les-formes-infinites-lluis-castaldo-essencia-i-existencia-dun-ceramista\" title=\"Les formes infinites. Llu\u00eds Castaldo: ess\u00e8ncia i exist\u00e8ncia d\u2019un ceramista\">Les formes infinites. Llu\u00eds Castaldo: ess\u00e8ncia i exist\u00e8ncia d\u2019un ceramista<\/a><\/h2><div class=\"portfolio-entry-categories entry-categories wpex-clr\"><a href=\"https:\/\/www.zoomfestival.org\/es\/portfolio-category\/culturales-es-2\" title=\"CULTURALES\" class=\"term-350\">CULTURALES<\/a><\/div><div class=\"portfolio-entry-excerpt entry-excerpt wpex-clr\"><p>Direcci\u00f3n: Guillem Dey\u00e0 Producci\u00f3n\/TV: Espiral Producciones TV SL i IB3 Pa\u00eds: Espa\u00f1a A\u00f1o: 2025 G\u00e9nero\/subg\u00e9nero:&hellip;<\/p><\/div><\/div><\/div><\/div><div class=\"portfolio-entry entry-has-details span_1_of_4 col col-2 post-25242 entry type-portfolio has-media cat-350 cat-348 translation_priority-256\"><div class=\"portfolio-entry-inner entry-inner wpex-clr\"><div class=\"portfolio-entry-media entry-media wpex-clr\"><a href=\"https:\/\/www.zoomfestival.org\/es\/portfolio-item\/maquis-a-les-muntanyes-de-prades\" title=\"Maquis a les muntanyes de Prades\" class=\"portfolio-entry-media-link\"><img class=\"portfolio-entry-img\" src=\"https:\/\/www.zoomfestival.org\/wp-content\/uploads\/2025\/10\/Logo_Maquis-e1761728439244-300x300.png\" data-no-retina width=\"300\" height=\"300\" \/><\/a><\/div><div class=\"portfolio-entry-details entry-details wpex-clr\"><h2 class=\"portfolio-entry-title entry-title\"><a href=\"https:\/\/www.zoomfestival.org\/es\/portfolio-item\/maquis-a-les-muntanyes-de-prades\" title=\"Maquis a les muntanyes de Prades\">Maquis a les muntanyes de Prades<\/a><\/h2><div class=\"portfolio-entry-categories entry-categories wpex-clr\"><a href=\"https:\/\/www.zoomfestival.org\/es\/portfolio-category\/culturales-es-2\" title=\"CULTURALES\" class=\"term-350\">CULTURALES<\/a><\/div><div class=\"portfolio-entry-excerpt entry-excerpt wpex-clr\"><p>Direcci\u00f3n: Toni Orensanz Producci\u00f3n\/TV: Canal Reus Pa\u00eds: Espa\u00f1a A\u00f1o: 2024 G\u00e9nero\/subg\u00e9nero: Serie documental Canal: Canal&hellip;<\/p><\/div><\/div><\/div><\/div><div class=\"portfolio-entry entry-has-details span_1_of_4 col col-3 post-26074 entry type-portfolio has-media cat-350 cat-348 translation_priority-256\"><div class=\"portfolio-entry-inner entry-inner wpex-clr\"><div class=\"portfolio-entry-media entry-media wpex-clr\"><a href=\"https:\/\/www.zoomfestival.org\/es\/portfolio-item\/maquis-a-les-muntanyes-de-prades-2\" title=\"Maquis a les muntanyes de Prades\" class=\"portfolio-entry-media-link\"><img class=\"portfolio-entry-img\" src=\"https:\/\/www.zoomfestival.org\/wp-content\/uploads\/2025\/10\/Logo_Maquis-e1761728439244-300x300.png\" data-no-retina width=\"300\" height=\"300\" \/><\/a><\/div><div class=\"portfolio-entry-details entry-details wpex-clr\"><h2 class=\"portfolio-entry-title entry-title\"><a href=\"https:\/\/www.zoomfestival.org\/es\/portfolio-item\/maquis-a-les-muntanyes-de-prades-2\" title=\"Maquis a les muntanyes de Prades\">Maquis a les muntanyes de Prades<\/a><\/h2><div class=\"portfolio-entry-categories entry-categories wpex-clr\"><a href=\"https:\/\/www.zoomfestival.org\/es\/portfolio-category\/culturales-es-2\" title=\"CULTURALES\" class=\"term-350\">CULTURALES<\/a><\/div><div class=\"portfolio-entry-excerpt entry-excerpt wpex-clr\"><p>Direcci\u00f3n: Toni Orensanz Producci\u00f3n\/TV: Canal Reus y La Xarxa+ Pa\u00eds: Espa\u00f1a A\u00f1o: 2024 G\u00e9nero\/subg\u00e9nero: Serie&hellip;<\/p><\/div><\/div><\/div><\/div><div class=\"portfolio-entry entry-has-details span_1_of_4 col col-4 post-25901 entry type-portfolio has-media cat-350 cat-348\"><div class=\"portfolio-entry-inner entry-inner wpex-clr\"><div class=\"portfolio-entry-media entry-media wpex-clr\"><a href=\"https:\/\/www.zoomfestival.org\/es\/portfolio-item\/plat-en-blanc\" title=\"Plat en blanc\" class=\"portfolio-entry-media-link\"><img class=\"portfolio-entry-img\" src=\"https:\/\/www.zoomfestival.org\/wp-content\/uploads\/2025\/10\/Mateu-Casan\u0303as-xef-del-Disfrutar-e1761737078966-300x300.png\" data-no-retina width=\"300\" height=\"300\" \/><\/a><\/div><div class=\"portfolio-entry-details entry-details wpex-clr\"><h2 class=\"portfolio-entry-title entry-title\"><a href=\"https:\/\/www.zoomfestival.org\/es\/portfolio-item\/plat-en-blanc\" title=\"Plat en blanc\">Plat en blanc<\/a><\/h2><div class=\"portfolio-entry-categories entry-categories wpex-clr\"><a href=\"https:\/\/www.zoomfestival.org\/es\/portfolio-category\/culturales-es-2\" title=\"CULTURALES\" class=\"term-350\">CULTURALES<\/a><\/div><div class=\"portfolio-entry-excerpt entry-excerpt wpex-clr\"><p>Direcci\u00f3n: Alan F\u00e0bregas i Ramon Pardina Producci\u00f3n\/TV: Abacus i 3Cat Pa\u00eds: Espa\u00f1a A\u00f1o: 2025 G\u00e9nero\/subg\u00e9nero:&hellip;<\/p><\/div><\/div><\/div><\/div><div class=\"portfolio-entry entry-has-details span_1_of_4 col col-1 post-25249 entry type-portfolio has-media cat-350 cat-348 translation_priority-256\"><div class=\"portfolio-entry-inner entry-inner wpex-clr\"><div class=\"portfolio-entry-media entry-media wpex-clr\"><a href=\"https:\/\/www.zoomfestival.org\/es\/portfolio-item\/programas-de-true-crime-de-carles-porta\" title=\"Programas de True Crime de Carles Porta\" class=\"portfolio-entry-media-link\"><img class=\"portfolio-entry-img\" src=\"https:\/\/www.zoomfestival.org\/wp-content\/uploads\/2025\/10\/NDP_LUZ_EN_LA_OSCURIDAD_T2_800x408-e1761736412254-300x300.jpg\" data-no-retina width=\"300\" height=\"300\" \/><\/a><\/div><div class=\"portfolio-entry-details entry-details wpex-clr\"><h2 class=\"portfolio-entry-title entry-title\"><a href=\"https:\/\/www.zoomfestival.org\/es\/portfolio-item\/programas-de-true-crime-de-carles-porta\" title=\"Programas de True Crime de Carles Porta\">Programas de True Crime de Carles Porta<\/a><\/h2><div class=\"portfolio-entry-categories entry-categories wpex-clr\"><a href=\"https:\/\/www.zoomfestival.org\/es\/portfolio-category\/culturales-es-2\" title=\"CULTURALES\" class=\"term-350\">CULTURALES<\/a><\/div><div class=\"portfolio-entry-excerpt entry-excerpt wpex-clr\"><p>Direcci\u00f3n: Carles Porta Producci\u00f3n\/TV: Movistar Plus+ en colaboraci\u00f3n con True Crime Factory y Goroka Pa\u00eds:&hellip;<\/p><\/div><\/div><\/div><\/div><\/div><\/div>[\/vc_column][\/vc_row][vc_row][vc_column][vc_column_text]\n<div class=\"et_pb_column et_pb_column_3_4 et_pb_column_1 et-last-child\">\n<div class=\"et_pb_text et_pb_module et_pb_bg_layout_light et_pb_text_align_left et_pb_text_0\">\n<div class=\"et_pb_text_inner\">\n<h3>Entretenimiento<\/h3>\n<\/div>\n<\/div>\n<\/div>\n[\/vc_column_text]<div class=\"vcex-spacing\" style=\"height:30px\"><\/div><div class=\"vcex-module vcex-portfolio-grid-wrap wpex-clr\"><div class=\"wpex-row vcex-portfolio-grid wpex-clr entries gap-20\" data-transition-duration=\"0.0\"><div class=\"portfolio-entry entry-has-details span_1_of_4 col col-1 post-25203 entry type-portfolio has-media cat-352 cat-348 translation_priority-256\"><div class=\"portfolio-entry-inner entry-inner wpex-clr\"><div class=\"portfolio-entry-media entry-media wpex-clr\"><a href=\"https:\/\/www.zoomfestival.org\/es\/portfolio-item\/al-cielo-con-ella\" title=\"Al cielo con ella\" class=\"portfolio-entry-media-link\"><img class=\"portfolio-entry-img\" src=\"https:\/\/www.zoomfestival.org\/wp-content\/uploads\/2025\/10\/alcieloconella_cartelhorizontal-1-e1761735985335-300x300.jpg\" data-no-retina width=\"300\" height=\"300\" \/><\/a><\/div><div class=\"portfolio-entry-details entry-details wpex-clr\"><h2 class=\"portfolio-entry-title entry-title\"><a href=\"https:\/\/www.zoomfestival.org\/es\/portfolio-item\/al-cielo-con-ella\" title=\"Al cielo con ella\">Al cielo con ella<\/a><\/h2><div class=\"portfolio-entry-categories entry-categories wpex-clr\"><a href=\"https:\/\/www.zoomfestival.org\/es\/portfolio-category\/entretenimiento-es-5\" title=\"ENTRETENIMIENTO\" class=\"term-352\">ENTRETENIMIENTO<\/a><\/div><div class=\"portfolio-entry-excerpt entry-excerpt wpex-clr\"><p>Direcci\u00f3n: Henar \u00c1lvarez y Javier Dur\u00e1n Producci\u00f3n\/TV: Producciones del Barrio Pa\u00eds: Espa\u00f1a A\u00f1o: 2025 G\u00e9nero\/subg\u00e9nero:&hellip;<\/p><\/div><\/div><\/div><\/div><div class=\"portfolio-entry entry-has-details span_1_of_4 col col-2 post-25213 entry type-portfolio has-media cat-352 cat-348 translation_priority-256\"><div class=\"portfolio-entry-inner entry-inner wpex-clr\"><div class=\"portfolio-entry-media entry-media wpex-clr\"><a href=\"https:\/\/www.zoomfestival.org\/es\/portfolio-item\/anatomia-de\" title=\"Anatom\u00eda de&#8230;\" class=\"portfolio-entry-media-link\"><img class=\"portfolio-entry-img\" src=\"https:\/\/www.zoomfestival.org\/wp-content\/uploads\/2025\/10\/MASTER_ANT_MAINAT_PPD-3B-1-scaled-e1761736051268-300x300.jpg\" data-no-retina width=\"300\" height=\"300\" \/><\/a><\/div><div class=\"portfolio-entry-details entry-details wpex-clr\"><h2 class=\"portfolio-entry-title entry-title\"><a href=\"https:\/\/www.zoomfestival.org\/es\/portfolio-item\/anatomia-de\" title=\"Anatom\u00eda de&#8230;\">Anatom\u00eda de&#8230;<\/a><\/h2><div class=\"portfolio-entry-categories entry-categories wpex-clr\"><a href=\"https:\/\/www.zoomfestival.org\/es\/portfolio-category\/entretenimiento-es-5\" title=\"ENTRETENIMIENTO\" class=\"term-352\">ENTRETENIMIENTO<\/a><\/div><div class=\"portfolio-entry-excerpt entry-excerpt wpex-clr\"><p>Direcci\u00f3n: Mamen Mendiz\u00e1bal y Rosa Olucha Producci\u00f3n\/TV: Producciones del Barrio Pa\u00eds: Espa\u00f1a A\u00f1o: 2025 G\u00e9nero\/subg\u00e9nero:&hellip;<\/p><\/div><\/div><\/div><\/div><div class=\"portfolio-entry entry-has-details span_1_of_4 col col-3 post-25171 entry type-portfolio has-media cat-352 cat-348 translation_priority-256\"><div class=\"portfolio-entry-inner entry-inner wpex-clr\"><div class=\"portfolio-entry-media entry-media wpex-clr\"><a href=\"https:\/\/www.zoomfestival.org\/es\/portfolio-item\/barcelona-confidencial-va-passar-aqui\" title=\"Barcelona Confidencial (Va passar aqu\u00ed)\" class=\"portfolio-entry-media-link\"><img class=\"portfolio-entry-img\" src=\"https:\/\/www.zoomfestival.org\/wp-content\/uploads\/2025\/10\/BCNconfidencial_01_beteve-2-e1761728140180-300x300.jpg\" data-no-retina width=\"300\" height=\"300\" \/><\/a><\/div><div class=\"portfolio-entry-details entry-details wpex-clr\"><h2 class=\"portfolio-entry-title entry-title\"><a href=\"https:\/\/www.zoomfestival.org\/es\/portfolio-item\/barcelona-confidencial-va-passar-aqui\" title=\"Barcelona Confidencial (Va passar aqu\u00ed)\">Barcelona Confidencial (Va passar aqu\u00ed)<\/a><\/h2><div class=\"portfolio-entry-categories entry-categories wpex-clr\"><a href=\"https:\/\/www.zoomfestival.org\/es\/portfolio-category\/entretenimiento-es-5\" title=\"ENTRETENIMIENTO\" class=\"term-352\">ENTRETENIMIENTO<\/a><\/div><div class=\"portfolio-entry-excerpt entry-excerpt wpex-clr\"><p>Direcci\u00f3n: Carles Bonmat\u00ed Producci\u00f3n\/TV: Visiona TV Pa\u00eds: Espa\u00f1a A\u00f1o: 2025 G\u00e9nero\/subg\u00e9nero: True Crime Canal: betev\u00e9&hellip;<\/p><\/div><\/div><\/div><\/div><div class=\"portfolio-entry entry-has-details span_1_of_4 col col-4 post-25220 entry type-portfolio has-media cat-352 cat-348 translation_priority-256\"><div class=\"portfolio-entry-inner entry-inner wpex-clr\"><div class=\"portfolio-entry-media entry-media wpex-clr\"><a href=\"https:\/\/www.zoomfestival.org\/es\/portfolio-item\/chefs-unexpected-landing-hakka-kitchen\" title=\"Chef\u2019s Unexpected Landing: Hakka Kitchen\" class=\"portfolio-entry-media-link\"><img class=\"portfolio-entry-img\" src=\"https:\/\/www.zoomfestival.org\/wp-content\/uploads\/2025\/10\/IMG_2695_\u4fee-scaled-e1761736135734-300x300.jpg\" data-no-retina width=\"300\" height=\"300\" \/><\/a><\/div><div class=\"portfolio-entry-details entry-details wpex-clr\"><h2 class=\"portfolio-entry-title entry-title\"><a href=\"https:\/\/www.zoomfestival.org\/es\/portfolio-item\/chefs-unexpected-landing-hakka-kitchen\" title=\"Chef\u2019s Unexpected Landing: Hakka Kitchen\">Chef\u2019s Unexpected Landing: Hakka Kitchen<\/a><\/h2><div class=\"portfolio-entry-categories entry-categories wpex-clr\"><a href=\"https:\/\/www.zoomfestival.org\/es\/portfolio-category\/entretenimiento-es-5\" title=\"ENTRETENIMIENTO\" class=\"term-352\">ENTRETENIMIENTO<\/a><\/div><div class=\"portfolio-entry-excerpt entry-excerpt wpex-clr\"><p>Direcci\u00f3n: Lee Jin-hyuk Producci\u00f3n\/TV: 3Y CORPORATION y Hakka TV Pa\u00eds: Taiw\u00e1n A\u00f1o: 2025 G\u00e9nero\/subg\u00e9nero: Reality&hellip;<\/p><\/div><\/div><\/div><\/div><div class=\"portfolio-entry entry-has-details span_1_of_4 col col-1 post-25180 entry type-portfolio has-media cat-352 cat-348 translation_priority-256\"><div class=\"portfolio-entry-inner entry-inner wpex-clr\"><div class=\"portfolio-entry-media entry-media wpex-clr\"><a href=\"https:\/\/www.zoomfestival.org\/es\/portfolio-item\/hospital-de-proximitat\" title=\"Hospital de proximitat\" class=\"portfolio-entry-media-link\"><img class=\"portfolio-entry-img\" src=\"https:\/\/www.zoomfestival.org\/wp-content\/uploads\/2025\/10\/Fotografia2_Hospital-de-proximitat-e1761730235379-300x300.jpg\" data-no-retina width=\"300\" height=\"300\" \/><\/a><\/div><div class=\"portfolio-entry-details entry-details wpex-clr\"><h2 class=\"portfolio-entry-title entry-title\"><a href=\"https:\/\/www.zoomfestival.org\/es\/portfolio-item\/hospital-de-proximitat\" title=\"Hospital de proximitat\">Hospital de proximitat<\/a><\/h2><div class=\"portfolio-entry-categories entry-categories wpex-clr\"><a href=\"https:\/\/www.zoomfestival.org\/es\/portfolio-category\/entretenimiento-es-5\" title=\"ENTRETENIMIENTO\" class=\"term-352\">ENTRETENIMIENTO<\/a><\/div><div class=\"portfolio-entry-excerpt entry-excerpt wpex-clr\"><p>Direcci\u00f3n: David Figueroa Producci\u00f3n\/TV: tvmatar\u00f3 y La Xarxa Pa\u00eds: Espa\u00f1a A\u00f1o: 2024 G\u00e9nero\/subg\u00e9nero: Docuserie Canal:&hellip;<\/p><\/div><\/div><\/div><\/div><div class=\"portfolio-entry entry-has-details span_1_of_4 col col-2 post-25229 entry type-portfolio has-media cat-352 cat-348 translation_priority-256\"><div class=\"portfolio-entry-inner entry-inner wpex-clr\"><div class=\"portfolio-entry-media entry-media wpex-clr\"><a href=\"https:\/\/www.zoomfestival.org\/es\/portfolio-item\/la-travessa-expedicio-mediterrani\" title=\"La Travessa: Expedici\u00f3 Mediterrani\" class=\"portfolio-entry-media-link\"><img class=\"portfolio-entry-img\" src=\"https:\/\/www.zoomfestival.org\/wp-content\/uploads\/2025\/10\/La-Travessa-2-e1761727519293-300x300.jpg\" data-no-retina width=\"300\" height=\"300\" \/><\/a><\/div><div class=\"portfolio-entry-details entry-details wpex-clr\"><h2 class=\"portfolio-entry-title entry-title\"><a href=\"https:\/\/www.zoomfestival.org\/es\/portfolio-item\/la-travessa-expedicio-mediterrani\" title=\"La Travessa: Expedici\u00f3 Mediterrani\">La Travessa: Expedici\u00f3 Mediterrani<\/a><\/h2><div class=\"portfolio-entry-categories entry-categories wpex-clr\"><a href=\"https:\/\/www.zoomfestival.org\/es\/portfolio-category\/entretenimiento-es-5\" title=\"ENTRETENIMIENTO\" class=\"term-352\">ENTRETENIMIENTO<\/a><\/div><div class=\"portfolio-entry-excerpt entry-excerpt wpex-clr\"><p>Direcci\u00f3n: Ruy Bala\u00f1\u00e1 Producci\u00f3n\/TV: Aguacate & Calabaza Films y 3Cat Pa\u00eds: Espa\u00f1a A\u00f1o: 2024 G\u00e9nero\/subg\u00e9nero:&hellip;<\/p><\/div><\/div><\/div><\/div><div class=\"portfolio-entry entry-has-details span_1_of_4 col col-3 post-25187 entry type-portfolio has-media cat-352 cat-348 translation_priority-256\"><div class=\"portfolio-entry-inner entry-inner wpex-clr\"><div class=\"portfolio-entry-media entry-media wpex-clr\"><a href=\"https:\/\/www.zoomfestival.org\/es\/portfolio-item\/las-berrocal\" title=\"Las Berrocal\" class=\"portfolio-entry-media-link\"><img class=\"portfolio-entry-img\" src=\"https:\/\/www.zoomfestival.org\/wp-content\/uploads\/2025\/10\/LasBerrocal_still_10-scaled-e1761735880485-300x300.jpg\" data-no-retina width=\"300\" height=\"300\" \/><\/a><\/div><div class=\"portfolio-entry-details entry-details wpex-clr\"><h2 class=\"portfolio-entry-title entry-title\"><a href=\"https:\/\/www.zoomfestival.org\/es\/portfolio-item\/las-berrocal\" title=\"Las Berrocal\">Las Berrocal<\/a><\/h2><div class=\"portfolio-entry-categories entry-categories wpex-clr\"><a href=\"https:\/\/www.zoomfestival.org\/es\/portfolio-category\/entretenimiento-es-5\" title=\"ENTRETENIMIENTO\" class=\"term-352\">ENTRETENIMIENTO<\/a><\/div><div class=\"portfolio-entry-excerpt entry-excerpt wpex-clr\"><p>Direcci\u00f3n: Txuca Pereira Producci\u00f3n\/TV: Movistar Plus+ en colaboraci\u00f3n con The Pool Pa\u00eds: Espa\u00f1a A\u00f1o: 2025&hellip;<\/p><\/div><\/div><\/div><\/div><div class=\"portfolio-entry entry-has-details span_1_of_4 col col-4 post-25193 entry type-portfolio has-media cat-352 cat-348 translation_priority-256\"><div class=\"portfolio-entry-inner entry-inner wpex-clr\"><div class=\"portfolio-entry-media entry-media wpex-clr\"><a href=\"https:\/\/www.zoomfestival.org\/es\/portfolio-item\/traitors-espana\" title=\"Traitors Espa\u00f1a\" class=\"portfolio-entry-media-link\"><img class=\"portfolio-entry-img\" src=\"https:\/\/www.zoomfestival.org\/wp-content\/uploads\/2025\/10\/Traitors-Espana-Juanra-Bonet-V-scaled-e1761727133444-300x300.jpg\" data-no-retina width=\"300\" height=\"300\" \/><\/a><\/div><div class=\"portfolio-entry-details entry-details wpex-clr\"><h2 class=\"portfolio-entry-title entry-title\"><a href=\"https:\/\/www.zoomfestival.org\/es\/portfolio-item\/traitors-espana\" title=\"Traitors Espa\u00f1a\">Traitors Espa\u00f1a<\/a><\/h2><div class=\"portfolio-entry-categories entry-categories wpex-clr\"><a href=\"https:\/\/www.zoomfestival.org\/es\/portfolio-category\/entretenimiento-es-5\" title=\"ENTRETENIMIENTO\" class=\"term-352\">ENTRETENIMIENTO<\/a><\/div><div class=\"portfolio-entry-excerpt entry-excerpt wpex-clr\"><p>Direcci\u00f3n: Nia Sanju\u00e1n Producci\u00f3n\/TV: Atresmedia Televisi\u00f3n en colaboraci\u00f3n con Gestmusic (Banijay Iberia) Pa\u00eds: Espa\u00f1a A\u00f1o:&hellip;<\/p><\/div><\/div><\/div><\/div><\/div><\/div>[\/vc_column][\/vc_row][vc_row][vc_column][vc_column_text]\n<div class=\"et_pb_column et_pb_column_3_4 et_pb_column_1 et-last-child\">\n<div class=\"et_pb_text et_pb_module et_pb_bg_layout_light et_pb_text_align_left et_pb_text_0\">\n<div class=\"et_pb_text_inner\">\n<h3>Informativos<\/h3>\n<\/div>\n<\/div>\n<\/div>\n[\/vc_column_text]<div class=\"vcex-spacing\" style=\"height:30px\"><\/div><div class=\"vcex-module vcex-portfolio-grid-wrap wpex-clr\"><div class=\"wpex-row vcex-portfolio-grid wpex-clr entries gap-20\" data-transition-duration=\"0.0\"><div class=\"portfolio-entry entry-has-details span_1_of_4 col col-1 post-25889 entry type-portfolio has-media cat-363 cat-348 cat-348\"><div class=\"portfolio-entry-inner entry-inner wpex-clr\"><div class=\"portfolio-entry-media entry-media wpex-clr\"><a href=\"https:\/\/www.zoomfestival.org\/es\/portfolio-item\/el-negre-te-nom\" title=\"El negre t\u00e9 nom\" class=\"portfolio-entry-media-link\"><img class=\"portfolio-entry-img\" src=\"https:\/\/www.zoomfestival.org\/wp-content\/uploads\/2025\/10\/ElNegreTeNom_2-e1761737582448-300x300.jpg\" data-no-retina width=\"300\" height=\"300\" \/><\/a><\/div><div class=\"portfolio-entry-details entry-details wpex-clr\"><h2 class=\"portfolio-entry-title entry-title\"><a href=\"https:\/\/www.zoomfestival.org\/es\/portfolio-item\/el-negre-te-nom\" title=\"El negre t\u00e9 nom\">El negre t\u00e9 nom<\/a><\/h2><div class=\"portfolio-entry-categories entry-categories wpex-clr\"><a href=\"https:\/\/www.zoomfestival.org\/es\/portfolio-category\/informativos-es-4\" title=\"INFORMATIVOS\" class=\"term-363\">INFORMATIVOS<\/a>, <a href=\"https:\/\/www.zoomfestival.org\/es\/portfolio-category\/seccion-oficial-2025\" title=\"SECCI\u00d3N OFICIAL 2025\" class=\"term-348\">SECCI\u00d3N OFICIAL 2025<\/a><\/div><div class=\"portfolio-entry-excerpt entry-excerpt wpex-clr\"><p>Direcci\u00f3n: F\u00e8lix Colomer Vall\u00e8s Producci\u00f3n\/TV: 3Cat en colaboraci\u00f3n con Producciones del K.O. Pa\u00eds: Espa\u00f1a A\u00f1o:&hellip;<\/p><\/div><\/div><\/div><\/div><div class=\"portfolio-entry entry-has-details span_1_of_4 col col-2 post-25995 entry type-portfolio has-media cat-333 cat-363 cat-348 translation_priority-256\"><div class=\"portfolio-entry-inner entry-inner wpex-clr\"><div class=\"portfolio-entry-media entry-media wpex-clr\"><a href=\"https:\/\/www.zoomfestival.org\/es\/portfolio-item\/et-faran-un-home\" title=\"Et faran un home\" class=\"portfolio-entry-media-link\"><img class=\"portfolio-entry-img\" src=\"https:\/\/www.zoomfestival.org\/wp-content\/uploads\/2025\/10\/ET-FARAN-UN-HOME_1-scaled-e1761737649379-300x300.jpg\" data-no-retina width=\"300\" height=\"300\" \/><\/a><\/div><div class=\"portfolio-entry-details entry-details wpex-clr\"><h2 class=\"portfolio-entry-title entry-title\"><a href=\"https:\/\/www.zoomfestival.org\/es\/portfolio-item\/et-faran-un-home\" title=\"Et faran un home\">Et faran un home<\/a><\/h2><div class=\"portfolio-entry-categories entry-categories wpex-clr\"><a href=\"https:\/\/www.zoomfestival.org\/es\/portfolio-category\/igualtat-es\" title=\"IGUALDAD\" class=\"term-333\">IGUALDAD<\/a>, <a href=\"https:\/\/www.zoomfestival.org\/es\/portfolio-category\/informativos-es-4\" title=\"INFORMATIVOS\" class=\"term-363\">INFORMATIVOS<\/a><\/div><div class=\"portfolio-entry-excerpt entry-excerpt wpex-clr\"><p>Direcci\u00f3n: Mireia Prats i Riera i Joan Torrents Puigvert Producci\u00f3n\/TV: 3Cat Pa\u00eds: Espanya A\u00f1o: 2024&hellip;<\/p><\/div><\/div><\/div><\/div><div class=\"portfolio-entry entry-has-details span_1_of_4 col col-3 post-26002 entry type-portfolio has-media cat-363 cat-348 translation_priority-256\"><div class=\"portfolio-entry-inner entry-inner wpex-clr\"><div class=\"portfolio-entry-media entry-media wpex-clr\"><a href=\"https:\/\/www.zoomfestival.org\/es\/portfolio-item\/falsos-culpables\" title=\"Falsos culpables\" class=\"portfolio-entry-media-link\"><img class=\"portfolio-entry-img\" src=\"https:\/\/www.zoomfestival.org\/wp-content\/uploads\/2025\/10\/Falsos-CULPABLES-2-1-e1761737742826-300x300.png\" data-no-retina width=\"300\" height=\"300\" \/><\/a><\/div><div class=\"portfolio-entry-details entry-details wpex-clr\"><h2 class=\"portfolio-entry-title entry-title\"><a href=\"https:\/\/www.zoomfestival.org\/es\/portfolio-item\/falsos-culpables\" title=\"Falsos culpables\">Falsos culpables<\/a><\/h2><div class=\"portfolio-entry-categories entry-categories wpex-clr\"><a href=\"https:\/\/www.zoomfestival.org\/es\/portfolio-category\/informativos-es-4\" title=\"INFORMATIVOS\" class=\"term-363\">INFORMATIVOS<\/a><\/div><div class=\"portfolio-entry-excerpt entry-excerpt wpex-clr\"><p>Direcci\u00f3n: Teresa Mart\u00edn Saez Producci\u00f3n\/TV: RTVE Pa\u00eds: Espa\u00f1a A\u00f1o: 2025 G\u00e9nero\/subg\u00e9nero: Documental Canal: LA 2&hellip;<\/p><\/div><\/div><\/div><\/div><div class=\"portfolio-entry entry-has-details span_1_of_4 col col-4 post-25998 entry type-portfolio has-media cat-363 cat-348 translation_priority-256\"><div class=\"portfolio-entry-inner entry-inner wpex-clr\"><div class=\"portfolio-entry-media entry-media wpex-clr\"><a href=\"https:\/\/www.zoomfestival.org\/es\/portfolio-item\/la-bona-mort\" title=\"La Bona Mort\" class=\"portfolio-entry-media-link\"><img class=\"portfolio-entry-img\" src=\"https:\/\/www.zoomfestival.org\/wp-content\/uploads\/2025\/10\/imatge_labonamort2-e1761737400981-300x300.jpg\" data-no-retina width=\"300\" height=\"300\" \/><\/a><\/div><div class=\"portfolio-entry-details entry-details wpex-clr\"><h2 class=\"portfolio-entry-title entry-title\"><a href=\"https:\/\/www.zoomfestival.org\/es\/portfolio-item\/la-bona-mort\" title=\"La Bona Mort\">La Bona Mort<\/a><\/h2><div class=\"portfolio-entry-categories entry-categories wpex-clr\"><a href=\"https:\/\/www.zoomfestival.org\/es\/portfolio-category\/informativos-es-4\" title=\"INFORMATIVOS\" class=\"term-363\">INFORMATIVOS<\/a><\/div><div class=\"portfolio-entry-excerpt entry-excerpt wpex-clr\"><p>Direcci\u00f3n: Bego\u00f1a Grigelmo Miguel y Xavier Brichs Producci\u00f3n\/TV: 3Cat Pa\u00eds: Espa\u00f1a A\u00f1o: 2025 G\u00e9nero\/subg\u00e9nero: Reportaje&hellip;<\/p><\/div><\/div><\/div><\/div><div class=\"portfolio-entry entry-has-details span_1_of_4 col col-1 post-26004 entry type-portfolio has-media cat-363 cat-348 translation_priority-256\"><div class=\"portfolio-entry-inner entry-inner wpex-clr\"><div class=\"portfolio-entry-media entry-media wpex-clr\"><a href=\"https:\/\/www.zoomfestival.org\/es\/portfolio-item\/lebanon-without-peace\" title=\"Lebanon without Peace\" class=\"portfolio-entry-media-link\"><img class=\"portfolio-entry-img\" src=\"https:\/\/www.zoomfestival.org\/wp-content\/uploads\/2025\/10\/LIBANO-SENZA-PACE1-e1761737813569-300x300.jpg\" data-no-retina width=\"300\" height=\"300\" \/><\/a><\/div><div class=\"portfolio-entry-details entry-details wpex-clr\"><h2 class=\"portfolio-entry-title entry-title\"><a href=\"https:\/\/www.zoomfestival.org\/es\/portfolio-item\/lebanon-without-peace\" title=\"Lebanon without Peace\">Lebanon without Peace<\/a><\/h2><div class=\"portfolio-entry-categories entry-categories wpex-clr\"><a href=\"https:\/\/www.zoomfestival.org\/es\/portfolio-category\/informativos-es-4\" title=\"INFORMATIVOS\" class=\"term-363\">INFORMATIVOS<\/a><\/div><div class=\"portfolio-entry-excerpt entry-excerpt wpex-clr\"><p>Direcci\u00f3n: Giulia Bosetti Producci\u00f3n\/TV: RAI Radiotelevisione Italiana Pa\u00eds: Italia A\u00f1o: 2025 G\u00e9nero\/subg\u00e9nero: Documental Canal: RaiPlay&hellip;<\/p><\/div><\/div><\/div><\/div><\/div><\/div>[\/vc_column][\/vc_row][vc_row][vc_column][vc_column_text]\n<div class=\"et_pb_column et_pb_column_3_4 et_pb_column_1 et-last-child\">\n<div class=\"et_pb_text et_pb_module et_pb_bg_layout_light et_pb_text_align_left et_pb_text_0\">\n<div class=\"et_pb_text_inner\">\n<h3>Deportivos<\/h3>\n<\/div>\n<\/div>\n<\/div>\n[\/vc_column_text]<div class=\"vcex-spacing\" style=\"height:30px\"><\/div><div class=\"vcex-module vcex-portfolio-grid-wrap wpex-clr\"><div class=\"wpex-row vcex-portfolio-grid wpex-clr entries gap-20\" data-transition-duration=\"0.0\"><div class=\"portfolio-entry entry-has-details span_1_of_4 col col-1 post-25919 entry type-portfolio has-media cat-354 cat-348 translation_priority-256\"><div class=\"portfolio-entry-inner entry-inner wpex-clr\"><div class=\"portfolio-entry-media entry-media wpex-clr\"><a href=\"https:\/\/www.zoomfestival.org\/es\/portfolio-item\/el-metode-fuentes\" title=\"El M\u00e8tode Fuentes\" class=\"portfolio-entry-media-link\"><img class=\"portfolio-entry-img\" src=\"https:\/\/www.zoomfestival.org\/wp-content\/uploads\/2025\/10\/elmetodefuentes3-e1762443885709.jpg\" data-no-retina width=\"252\" height=\"162\" \/><\/a><\/div><div class=\"portfolio-entry-details entry-details wpex-clr\"><h2 class=\"portfolio-entry-title entry-title\"><a href=\"https:\/\/www.zoomfestival.org\/es\/portfolio-item\/el-metode-fuentes\" title=\"El M\u00e8tode Fuentes\">El M\u00e8tode Fuentes<\/a><\/h2><div class=\"portfolio-entry-categories entry-categories wpex-clr\"><a href=\"https:\/\/www.zoomfestival.org\/es\/portfolio-category\/deportivos-es-3\" title=\"DEPORTIVOS\" class=\"term-354\">DEPORTIVOS<\/a><\/div><div class=\"portfolio-entry-excerpt entry-excerpt wpex-clr\"><p>Direcci\u00f3n: Mireia Vicente Producci\u00f3n\/TV: 3Cat Pa\u00eds: Espa\u00f1a A\u00f1o: 2025 G\u00e9nero\/subg\u00e9nero: Documental Canal: TV3 y Plataforma&hellip;<\/p><\/div><\/div><\/div><\/div><div class=\"portfolio-entry entry-has-details span_1_of_4 col col-2 post-25922 entry type-portfolio has-media cat-354 cat-348 translation_priority-256\"><div class=\"portfolio-entry-inner entry-inner wpex-clr\"><div class=\"portfolio-entry-media entry-media wpex-clr\"><a href=\"https:\/\/www.zoomfestival.org\/es\/portfolio-item\/ligualada-etern-la-llegenda-continua\" title=\"L&#8217;Igualada etern, la llegenda continua\" class=\"portfolio-entry-media-link\"><img class=\"portfolio-entry-img\" src=\"https:\/\/www.zoomfestival.org\/wp-content\/uploads\/2025\/10\/FOTO-2-e1761738162404-300x300.png\" data-no-retina width=\"300\" height=\"300\" \/><\/a><\/div><div class=\"portfolio-entry-details entry-details wpex-clr\"><h2 class=\"portfolio-entry-title entry-title\"><a href=\"https:\/\/www.zoomfestival.org\/es\/portfolio-item\/ligualada-etern-la-llegenda-continua\" title=\"L&#8217;Igualada etern, la llegenda continua\">L&#8217;Igualada etern, la llegenda continua<\/a><\/h2><div class=\"portfolio-entry-categories entry-categories wpex-clr\"><a href=\"https:\/\/www.zoomfestival.org\/es\/portfolio-category\/deportivos-es-3\" title=\"DEPORTIVOS\" class=\"term-354\">DEPORTIVOS<\/a><\/div><div class=\"portfolio-entry-excerpt entry-excerpt wpex-clr\"><p>Direcci\u00f3n: Marina Garcia Paco Producci\u00f3n\/TV: R\u00e0dio Igualada Pa\u00eds: Espa\u00f1a A\u00f1o: 2025 G\u00e9nero\/subg\u00e9nero: Documental deportivo Canal:&hellip;<\/p><\/div><\/div><\/div><\/div><div class=\"portfolio-entry entry-has-details span_1_of_4 col col-3 post-25883 entry type-portfolio has-media cat-354 cat-348 cat-348\"><div class=\"portfolio-entry-inner entry-inner wpex-clr\"><div class=\"portfolio-entry-media entry-media wpex-clr\"><a href=\"https:\/\/www.zoomfestival.org\/es\/portfolio-item\/lo-repte\" title=\"Lo Repte\" class=\"portfolio-entry-media-link\"><img class=\"portfolio-entry-img\" src=\"https:\/\/www.zoomfestival.org\/wp-content\/uploads\/2025\/10\/PVC03099-1-e1761739272603-300x300.jpeg\" data-no-retina width=\"300\" height=\"300\" \/><\/a><\/div><div class=\"portfolio-entry-details entry-details wpex-clr\"><h2 class=\"portfolio-entry-title entry-title\"><a href=\"https:\/\/www.zoomfestival.org\/es\/portfolio-item\/lo-repte\" title=\"Lo Repte\">Lo Repte<\/a><\/h2><div class=\"portfolio-entry-categories entry-categories wpex-clr\"><a href=\"https:\/\/www.zoomfestival.org\/es\/portfolio-category\/deportivos-es-3\" title=\"DEPORTIVOS\" class=\"term-354\">DEPORTIVOS<\/a>, <a href=\"https:\/\/www.zoomfestival.org\/es\/portfolio-category\/seccion-oficial-2025\" title=\"SECCI\u00d3N OFICIAL 2025\" class=\"term-348\">SECCI\u00d3N OFICIAL 2025<\/a><\/div><div class=\"portfolio-entry-excerpt entry-excerpt wpex-clr\"><p>Direcci\u00f3n: Marc Gabernet, Alba Surrall\u00e9s Producci\u00f3n\/TV: La Bombilla Media y 3Cat Pa\u00eds: Espa\u00f1a A\u00f1o: 2024&hellip;<\/p><\/div><\/div><\/div><\/div><div class=\"portfolio-entry entry-has-details span_1_of_4 col col-4 post-25927 entry type-portfolio has-media cat-354 cat-348 translation_priority-256\"><div class=\"portfolio-entry-inner entry-inner wpex-clr\"><div class=\"portfolio-entry-media entry-media wpex-clr\"><a href=\"https:\/\/www.zoomfestival.org\/es\/portfolio-item\/morata-no-saben-quien-soy\" title=\"Morata: no saben qui\u00e9n soy\" class=\"portfolio-entry-media-link\"><img class=\"portfolio-entry-img\" src=\"https:\/\/www.zoomfestival.org\/wp-content\/uploads\/2025\/10\/4016691_M-Documentales_MORATA-NO-SABEN-QUIEN-SOY2-scaled-1-e1761738043907-300x300.jpg\" data-no-retina width=\"300\" height=\"300\" \/><\/a><\/div><div class=\"portfolio-entry-details entry-details wpex-clr\"><h2 class=\"portfolio-entry-title entry-title\"><a href=\"https:\/\/www.zoomfestival.org\/es\/portfolio-item\/morata-no-saben-quien-soy\" title=\"Morata: no saben qui\u00e9n soy\">Morata: no saben qui\u00e9n soy<\/a><\/h2><div class=\"portfolio-entry-categories entry-categories wpex-clr\"><a href=\"https:\/\/www.zoomfestival.org\/es\/portfolio-category\/deportivos-es-3\" title=\"DEPORTIVOS\" class=\"term-354\">DEPORTIVOS<\/a><\/div><div class=\"portfolio-entry-excerpt entry-excerpt wpex-clr\"><p>Direcci\u00f3n: \u00c1lvaro Garc\u00eda Cuesta Producci\u00f3n\/TV: FJX Media y The City Talking Pa\u00eds: Espa\u00f1a Any: 2025&hellip;<\/p><\/div><\/div><\/div><\/div><div class=\"portfolio-entry entry-has-details span_1_of_4 col col-1 post-25932 entry type-portfolio has-media cat-354 cat-348 translation_priority-256\"><div class=\"portfolio-entry-inner entry-inner wpex-clr\"><div class=\"portfolio-entry-media entry-media wpex-clr\"><a href=\"https:\/\/www.zoomfestival.org\/es\/portfolio-item\/revolucio-304\" title=\"Revoluci\u00f3 304\" class=\"portfolio-entry-media-link\"><img class=\"portfolio-entry-img\" src=\"https:\/\/www.zoomfestival.org\/wp-content\/uploads\/2025\/10\/verticalrevolucio304-e1761737914390-x.jpg\" data-no-retina \/><\/a><\/div><div class=\"portfolio-entry-details entry-details wpex-clr\"><h2 class=\"portfolio-entry-title entry-title\"><a href=\"https:\/\/www.zoomfestival.org\/es\/portfolio-item\/revolucio-304\" title=\"Revoluci\u00f3 304\">Revoluci\u00f3 304<\/a><\/h2><div class=\"portfolio-entry-categories entry-categories wpex-clr\"><a href=\"https:\/\/www.zoomfestival.org\/es\/portfolio-category\/deportivos-es-3\" title=\"DEPORTIVOS\" class=\"term-354\">DEPORTIVOS<\/a><\/div><div class=\"portfolio-entry-excerpt entry-excerpt wpex-clr\"><p>Direcci\u00f3n: Xavi Torres, Jes\u00fas Mu\u00f1oz y Santi Padr\u00f3 Producci\u00f3n\/TV: 3Cat Pa\u00eds: Espa\u00f1a A\u00f1o: 2025 G\u00e9nero\/subg\u00e9nero:&hellip;<\/p><\/div><\/div><\/div><\/div><div class=\"portfolio-entry entry-has-details span_1_of_4 col col-2 post-25929 entry type-portfolio has-media cat-354 cat-348 translation_priority-256\"><div class=\"portfolio-entry-inner entry-inner wpex-clr\"><div class=\"portfolio-entry-media entry-media wpex-clr\"><a href=\"https:\/\/www.zoomfestival.org\/es\/portfolio-item\/sylvie-frechette-la-memoria-submergida\" title=\"Sylvie Fr\u00e9chette, la mem\u00f2ria submergida\" class=\"portfolio-entry-media-link\"><img class=\"portfolio-entry-img\" src=\"https:\/\/www.zoomfestival.org\/wp-content\/uploads\/2025\/10\/Sylvie-Frechette2-e1761737960724.jpg\" data-no-retina width=\"300\" height=\"168\" \/><\/a><\/div><div class=\"portfolio-entry-details entry-details wpex-clr\"><h2 class=\"portfolio-entry-title entry-title\"><a href=\"https:\/\/www.zoomfestival.org\/es\/portfolio-item\/sylvie-frechette-la-memoria-submergida\" title=\"Sylvie Fr\u00e9chette, la mem\u00f2ria submergida\">Sylvie Fr\u00e9chette, la mem\u00f2ria submergida<\/a><\/h2><div class=\"portfolio-entry-categories entry-categories wpex-clr\"><a href=\"https:\/\/www.zoomfestival.org\/es\/portfolio-category\/deportivos-es-3\" title=\"DEPORTIVOS\" class=\"term-354\">DEPORTIVOS<\/a><\/div><div class=\"portfolio-entry-excerpt entry-excerpt wpex-clr\"><p>Direcci\u00f3n: Marc Serra y Mireia Vicente Producci\u00f3n\/TV: 3Cat Pa\u00eds: Espa\u00f1a A\u00f1o: 2025 G\u00e9nero\/subg\u00e9nero: Reportaje Canal:&hellip;<\/p><\/div><\/div><\/div><\/div><\/div><\/div>[\/vc_column][\/vc_row][vc_row][vc_column][vc_raw_html]JTNDc3BhbiUyMGlkJTNEJTIycGFub3JhbWEtMjAyMSUyMiUzRSUzQyUyRnNwYW4lM0U=[\/vc_raw_html]<div class=\"vcex-spacing\" style=\"height:60px\"><\/div>[vc_column_text]\n<div class=\"et_pb_column et_pb_column_3_4 et_pb_column_1 et-last-child\">\n<div class=\"et_pb_text et_pb_module et_pb_bg_layout_light et_pb_text_align_left et_pb_text_0\">\n<div class=\"et_pb_text_inner\">\n<h1>Zoom KM0<\/h1>\n<\/div>\n<\/div>\n<\/div>\n[\/vc_column_text]<div class=\"vcex-spacing\" style=\"height:32px\"><\/div>[\/vc_column][\/vc_row][vc_row][vc_column]<div class=\"vcex-spacing\" style=\"height:30px\"><\/div><div class=\"vcex-module vcex-portfolio-grid-wrap wpex-clr\"><div class=\"wpex-row vcex-portfolio-grid wpex-clr entries gap-20\" data-transition-duration=\"0.0\"><div class=\"portfolio-entry entry-has-details span_1_of_4 col col-1 post-25876 entry type-portfolio has-media cat-366 cat-348 cat-348 translation_priority-256\"><div class=\"portfolio-entry-inner entry-inner wpex-clr\"><div class=\"portfolio-entry-media entry-media wpex-clr\"><a href=\"https:\/\/www.zoomfestival.org\/es\/portfolio-item\/barcelona-ciutat-del-cap-en-moto\" title=\"Barcelona &#8211; Ciutat del Cap en moto\" class=\"portfolio-entry-media-link\"><img class=\"portfolio-entry-img\" src=\"https:\/\/www.zoomfestival.org\/wp-content\/uploads\/2025\/10\/Ciutat-del-Cap-en-moto-1-300x300.jpg\" data-no-retina width=\"300\" height=\"300\" \/><\/a><\/div><div class=\"portfolio-entry-details entry-details wpex-clr\"><h2 class=\"portfolio-entry-title entry-title\"><a href=\"https:\/\/www.zoomfestival.org\/es\/portfolio-item\/barcelona-ciutat-del-cap-en-moto\" title=\"Barcelona &#8211; Ciutat del Cap en moto\">Barcelona &#8211; Ciutat del Cap en moto<\/a><\/h2><div class=\"portfolio-entry-categories entry-categories wpex-clr\"><a href=\"https:\/\/www.zoomfestival.org\/es\/portfolio-category\/km0-es-2\" title=\"KM0\" class=\"term-366\">KM0<\/a>, <a href=\"https:\/\/www.zoomfestival.org\/es\/portfolio-category\/seccion-oficial-2025\" title=\"SECCI\u00d3N OFICIAL 2025\" class=\"term-348\">SECCI\u00d3N OFICIAL 2025<\/a><\/div><div class=\"portfolio-entry-excerpt entry-excerpt wpex-clr\"><p>Direcci\u00f3n: Jaume Llansana Producci\u00f3n\/TV: Rodam\u00f3n Pa\u00eds: Espa\u00f1a A\u00f1o: 1975 G\u00e9nero\/subg\u00e9nero: Documental\/Aventura Canal: Duraci\u00f3n: 45'<\/p><\/div><\/div><\/div><\/div><div class=\"portfolio-entry entry-has-details span_1_of_4 col col-2 post-25973 entry type-portfolio has-media cat-366 cat-348 cat-348 translation_priority-256\"><div class=\"portfolio-entry-inner entry-inner wpex-clr\"><div class=\"portfolio-entry-media entry-media wpex-clr\"><a href=\"https:\/\/www.zoomfestival.org\/es\/portfolio-item\/las-guardianas-del-lago\" title=\"Las guardianas del lago\" class=\"portfolio-entry-media-link\"><img class=\"portfolio-entry-img\" src=\"https:\/\/www.zoomfestival.org\/wp-content\/uploads\/2025\/10\/Lago-300x300.png\" data-no-retina width=\"300\" height=\"300\" \/><\/a><\/div><div class=\"portfolio-entry-details entry-details wpex-clr\"><h2 class=\"portfolio-entry-title entry-title\"><a href=\"https:\/\/www.zoomfestival.org\/es\/portfolio-item\/las-guardianas-del-lago\" title=\"Las guardianas del lago\">Las guardianas del lago<\/a><\/h2><div class=\"portfolio-entry-categories entry-categories wpex-clr\"><a href=\"https:\/\/www.zoomfestival.org\/es\/portfolio-category\/km0-es-2\" title=\"KM0\" class=\"term-366\">KM0<\/a>, <a href=\"https:\/\/www.zoomfestival.org\/es\/portfolio-category\/seccion-oficial-2025\" title=\"SECCI\u00d3N OFICIAL 2025\" class=\"term-348\">SECCI\u00d3N OFICIAL 2025<\/a><\/div><div class=\"portfolio-entry-excerpt entry-excerpt wpex-clr\"><p>Direcci\u00f3n: Jose Ferulli Producci\u00f3n\/TV: Nancy Gonz\u00e1lez i Josu\u00e9 Chavajay Pa\u00eds: Espa\u00f1a A\u00f1o: 2024 G\u00e9nero\/subg\u00e9nero: Documental&hellip;<\/p><\/div><\/div><\/div><\/div><div class=\"portfolio-entry entry-has-details span_1_of_4 col col-3 post-25860 entry type-portfolio has-media cat-366 cat-348 cat-348 translation_priority-256\"><div class=\"portfolio-entry-inner entry-inner wpex-clr\"><div class=\"portfolio-entry-media entry-media wpex-clr\"><a href=\"https:\/\/www.zoomfestival.org\/es\/portfolio-item\/paral%c2%b7lels\" title=\"Paral\u00b7lels\" class=\"portfolio-entry-media-link\"><img class=\"portfolio-entry-img\" src=\"https:\/\/www.zoomfestival.org\/wp-content\/uploads\/2025\/10\/contrapla-f001957-300x300.png\" data-no-retina width=\"300\" height=\"300\" \/><\/a><\/div><div class=\"portfolio-entry-details entry-details wpex-clr\"><h2 class=\"portfolio-entry-title entry-title\"><a href=\"https:\/\/www.zoomfestival.org\/es\/portfolio-item\/paral%c2%b7lels\" title=\"Paral\u00b7lels\">Paral\u00b7lels<\/a><\/h2><div class=\"portfolio-entry-categories entry-categories wpex-clr\"><a href=\"https:\/\/www.zoomfestival.org\/es\/portfolio-category\/km0-es-2\" title=\"KM0\" class=\"term-366\">KM0<\/a>, <a href=\"https:\/\/www.zoomfestival.org\/es\/portfolio-category\/seccion-oficial-2025\" title=\"SECCI\u00d3N OFICIAL 2025\" class=\"term-348\">SECCI\u00d3N OFICIAL 2025<\/a><\/div><div class=\"portfolio-entry-excerpt entry-excerpt wpex-clr\"><p>Direcci\u00f3n: Festival Incl\u00fas y Catalunya Film Festivals con la colaboraci\u00f3n de la Diputaci\u00f3 de Barcelona&hellip;<\/p><\/div><\/div><\/div><\/div><div class=\"portfolio-entry entry-has-details span_1_of_4 col col-4 post-25858 entry type-portfolio has-media cat-366 cat-348 cat-348 translation_priority-256\"><div class=\"portfolio-entry-inner entry-inner wpex-clr\"><div class=\"portfolio-entry-media entry-media wpex-clr\"><a href=\"https:\/\/www.zoomfestival.org\/es\/portfolio-item\/un-ligue-de-emergencia\" title=\"Un ligue de emergencia\" class=\"portfolio-entry-media-link\"><img class=\"portfolio-entry-img\" src=\"https:\/\/www.zoomfestival.org\/wp-content\/uploads\/2025\/10\/Un-ligue-de-emergencia_Cartel-e1761815104132-300x300.jpg\" data-no-retina width=\"300\" height=\"300\" \/><\/a><\/div><div class=\"portfolio-entry-details entry-details wpex-clr\"><h2 class=\"portfolio-entry-title entry-title\"><a href=\"https:\/\/www.zoomfestival.org\/es\/portfolio-item\/un-ligue-de-emergencia\" title=\"Un ligue de emergencia\">Un ligue de emergencia<\/a><\/h2><div class=\"portfolio-entry-categories entry-categories wpex-clr\"><a href=\"https:\/\/www.zoomfestival.org\/es\/portfolio-category\/km0-es-2\" title=\"KM0\" class=\"term-366\">KM0<\/a>, <a href=\"https:\/\/www.zoomfestival.org\/es\/portfolio-category\/seccion-oficial-2025\" title=\"SECCI\u00d3N OFICIAL 2025\" class=\"term-348\">SECCI\u00d3N OFICIAL 2025<\/a><\/div><div class=\"portfolio-entry-excerpt entry-excerpt wpex-clr\"><p>Direcci\u00f3n: David Canto Producci\u00f3n\/TV: Patricia Romera i Claudia Gastulo Pa\u00eds: Espa\u00f1a A\u00f1o: 2025 G\u00e9nero\/subg\u00e9nero: Com\u00e8dia&hellip;<\/p><\/div><\/div><\/div><\/div><\/div><\/div>[\/vc_column][\/vc_row][vc_row][vc_column][vc_raw_html]JTNDc3BhbiUyMGlkJTNEJTIycGFub3JhbWEtMjAyMSUyMiUzRSUzQyUyRnNwYW4lM0U=[\/vc_raw_html]<div class=\"vcex-spacing\" style=\"height:60px\"><\/div>[vc_column_text]\n<div class=\"et_pb_column et_pb_column_3_4 et_pb_column_1 et-last-child\">\n<div class=\"et_pb_text et_pb_module et_pb_bg_layout_light et_pb_text_align_left et_pb_text_0\">\n<div class=\"et_pb_text_inner\">\n<h1>Seleccionados Mejor Formato por la Igualdad de G\u00e9nero<\/h1>\n<\/div>\n<\/div>\n<\/div>\n[\/vc_column_text]<div class=\"vcex-spacing\" style=\"height:60px\"><\/div><div class=\"vcex-module vcex-portfolio-grid-wrap wpex-clr\"><div class=\"wpex-row vcex-portfolio-grid wpex-clr entries gap-20\" data-transition-duration=\"0.0\"><div class=\"portfolio-entry entry-has-details span_1_of_4 col col-1 post-25894 entry type-portfolio has-media cat-360 cat-348 cat-348\"><div class=\"portfolio-entry-inner entry-inner wpex-clr\"><div class=\"portfolio-entry-media entry-media wpex-clr\"><a href=\"https:\/\/www.zoomfestival.org\/es\/portfolio-item\/dones-en-lluita\" title=\"Dones en lluita\" class=\"portfolio-entry-media-link\"><img class=\"portfolio-entry-img\" src=\"https:\/\/www.zoomfestival.org\/wp-content\/uploads\/2025\/10\/Dones-en-lluita-1poster-vertical-e1761738407946-300x300.jpg\" data-no-retina width=\"300\" height=\"300\" \/><\/a><\/div><div class=\"portfolio-entry-details entry-details wpex-clr\"><h2 class=\"portfolio-entry-title entry-title\"><a href=\"https:\/\/www.zoomfestival.org\/es\/portfolio-item\/dones-en-lluita\" title=\"Dones en lluita\">Dones en lluita<\/a><\/h2><div class=\"portfolio-entry-categories entry-categories wpex-clr\"><a href=\"https:\/\/www.zoomfestival.org\/es\/portfolio-category\/igualdad\" title=\"IGUALDAD\" class=\"term-360\">IGUALDAD<\/a>, <a href=\"https:\/\/www.zoomfestival.org\/es\/portfolio-category\/seccion-oficial-2025\" title=\"SECCI\u00d3N OFICIAL 2025\" class=\"term-348\">SECCI\u00d3N OFICIAL 2025<\/a><\/div><div class=\"portfolio-entry-excerpt entry-excerpt wpex-clr\"><p>Direcci\u00f3n: Txell Feixas Torras Producci\u00f3n\/TV: Producci\u00f3n de 3Cat, produida por The Mediapro Studio con el&hellip;<\/p><\/div><\/div><\/div><\/div><div class=\"portfolio-entry entry-has-details span_1_of_4 col col-2 post-25934 entry type-portfolio has-media cat-360 cat-348 translation_priority-256\"><div class=\"portfolio-entry-inner entry-inner wpex-clr\"><div class=\"portfolio-entry-media entry-media wpex-clr\"><a href=\"https:\/\/www.zoomfestival.org\/es\/portfolio-item\/ellas-en-la-ciudad\" title=\"Ellas en la ciudad\" class=\"portfolio-entry-media-link\"><img class=\"portfolio-entry-img\" src=\"https:\/\/www.zoomfestival.org\/wp-content\/uploads\/2025\/10\/EELC-13-09-2024_JUANI-172-e1761738278926-300x300.jpg\" data-no-retina width=\"300\" height=\"300\" \/><\/a><\/div><div class=\"portfolio-entry-details entry-details wpex-clr\"><h2 class=\"portfolio-entry-title entry-title\"><a href=\"https:\/\/www.zoomfestival.org\/es\/portfolio-item\/ellas-en-la-ciudad\" title=\"Ellas en la ciudad\">Ellas en la ciudad<\/a><\/h2><div class=\"portfolio-entry-categories entry-categories wpex-clr\"><a href=\"https:\/\/www.zoomfestival.org\/es\/portfolio-category\/igualdad\" title=\"IGUALDAD\" class=\"term-360\">IGUALDAD<\/a><\/div><div class=\"portfolio-entry-excerpt entry-excerpt wpex-clr\"><p>Direcci\u00f3n: Reyes Gallegos Producci\u00f3n\/TV: Movistar Plus+ Pa\u00eds: Espa\u00f1a A\u00f1o: 2025 G\u00e9nero\/subg\u00e9nero: Documental Canal: Movistar Plus+&hellip;<\/p><\/div><\/div><\/div><\/div><div class=\"portfolio-entry entry-has-details span_1_of_4 col col-3 post-25940 entry type-portfolio has-media cat-360 cat-348 translation_priority-256\"><div class=\"portfolio-entry-inner entry-inner wpex-clr\"><div class=\"portfolio-entry-media entry-media wpex-clr\"><a href=\"https:\/\/www.zoomfestival.org\/es\/portfolio-item\/mis-ojos-de-china-en-portada\" title=\"Mis ojos de China &#8211; En Portada\" class=\"portfolio-entry-media-link\"><img class=\"portfolio-entry-img\" src=\"https:\/\/www.zoomfestival.org\/wp-content\/uploads\/2025\/10\/MIS-OJOS-DE-CHINA-1-1-e1761738511167-300x300.png\" data-no-retina width=\"300\" height=\"300\" \/><\/a><\/div><div class=\"portfolio-entry-details entry-details wpex-clr\"><h2 class=\"portfolio-entry-title entry-title\"><a href=\"https:\/\/www.zoomfestival.org\/es\/portfolio-item\/mis-ojos-de-china-en-portada\" title=\"Mis ojos de China &#8211; En Portada\">Mis ojos de China &#8211; En Portada<\/a><\/h2><div class=\"portfolio-entry-categories entry-categories wpex-clr\"><a href=\"https:\/\/www.zoomfestival.org\/es\/portfolio-category\/igualdad\" title=\"IGUALDAD\" class=\"term-360\">IGUALDAD<\/a><\/div><div class=\"portfolio-entry-excerpt entry-excerpt wpex-clr\"><p>Direcci\u00f3n: Teresa Mart\u00edn Saez Producci\u00f3n\/TV: RTVE Pa\u00eds: Espa\u00f1a A\u00f1o: 2025 G\u00e9nero\/subg\u00e9nero: Documental Canal: LA 2&hellip;<\/p><\/div><\/div><\/div><\/div><div class=\"portfolio-entry entry-has-details span_1_of_4 col col-4 post-25948 entry type-portfolio has-media cat-360 cat-348 translation_priority-256\"><div class=\"portfolio-entry-inner entry-inner wpex-clr\"><div class=\"portfolio-entry-media entry-media wpex-clr\"><a href=\"https:\/\/www.zoomfestival.org\/es\/portfolio-item\/natividad-zaro-en-voz-alta\" title=\"Natividad Zaro. En voz alta\" class=\"portfolio-entry-media-link\"><img class=\"portfolio-entry-img\" src=\"https:\/\/www.zoomfestival.org\/wp-content\/uploads\/2025\/10\/NATIVIDAD-ZARO.-EN-VOZ-ALTA.-TITULO-e1761738616255-300x300.png\" data-no-retina width=\"300\" height=\"300\" \/><\/a><\/div><div class=\"portfolio-entry-details entry-details wpex-clr\"><h2 class=\"portfolio-entry-title entry-title\"><a href=\"https:\/\/www.zoomfestival.org\/es\/portfolio-item\/natividad-zaro-en-voz-alta\" title=\"Natividad Zaro. En voz alta\">Natividad Zaro. En voz alta<\/a><\/h2><div class=\"portfolio-entry-categories entry-categories wpex-clr\"><a href=\"https:\/\/www.zoomfestival.org\/es\/portfolio-category\/igualdad\" title=\"IGUALDAD\" class=\"term-360\">IGUALDAD<\/a><\/div><div class=\"portfolio-entry-excerpt entry-excerpt wpex-clr\"><p>Direcci\u00f3n: Vicky Calavia Producci\u00f3n\/TV: Caladoc Producciones Pa\u00eds: Espa\u00f1a A\u00f1o: 2024 G\u00e9nero\/subg\u00e9nero: Documental Canal: Festivales Duraci\u00f3n:&hellip;<\/p><\/div><\/div><\/div><\/div><div class=\"portfolio-entry entry-has-details span_1_of_4 col col-1 post-25943 entry type-portfolio has-media cat-360 cat-348 translation_priority-256\"><div class=\"portfolio-entry-inner entry-inner wpex-clr\"><div class=\"portfolio-entry-media entry-media wpex-clr\"><a href=\"https:\/\/www.zoomfestival.org\/es\/portfolio-item\/tejiendo-rebeldias-mujeres-en-lucha\" title=\"Tejiendo rebeld\u00edas. Mujeres en lucha\" class=\"portfolio-entry-media-link\"><img class=\"portfolio-entry-img\" src=\"https:\/\/www.zoomfestival.org\/wp-content\/uploads\/2025\/10\/Tejiendo-1-e1761738694258-300x300.jpg\" data-no-retina width=\"300\" height=\"300\" \/><\/a><\/div><div class=\"portfolio-entry-details entry-details wpex-clr\"><h2 class=\"portfolio-entry-title entry-title\"><a href=\"https:\/\/www.zoomfestival.org\/es\/portfolio-item\/tejiendo-rebeldias-mujeres-en-lucha\" title=\"Tejiendo rebeld\u00edas. Mujeres en lucha\">Tejiendo rebeld\u00edas. Mujeres en lucha<\/a><\/h2><div class=\"portfolio-entry-categories entry-categories wpex-clr\"><a href=\"https:\/\/www.zoomfestival.org\/es\/portfolio-category\/igualdad\" title=\"IGUALDAD\" class=\"term-360\">IGUALDAD<\/a><\/div><div class=\"portfolio-entry-excerpt entry-excerpt wpex-clr\"><p>Direcci\u00f3n: Pau Soler Domenech Producci\u00f3n\/TV: Gruxofilms Pa\u00eds: Espa\u00f1a y Colombia A\u00f1o: 2025 G\u00e9nero\/subg\u00e9nero: Documental de&hellip;<\/p><\/div><\/div><\/div><\/div><\/div><\/div>[\/vc_column][\/vc_row][vc_row][vc_column][vc_raw_html]JTNDc3BhbiUyMGlkJTNEJTIycGFub3JhbWEtMjAyMSUyMiUzRSUzQyUyRnNwYW4lM0U=[\/vc_raw_html]<div class=\"vcex-spacing\" style=\"height:60px\"><\/div>[vc_column_text]\n<div class=\"et_pb_column et_pb_column_3_4 et_pb_column_1 et-last-child\">\n<div class=\"et_pb_text et_pb_module et_pb_bg_layout_light et_pb_text_align_left et_pb_text_0\">\n<div class=\"et_pb_text_inner\">\n<h1>Showcase Short Forms<\/h1>\n<\/div>\n<\/div>\n<\/div>\n[\/vc_column_text][vc_row_inner][vc_column_inner width=\u00bb1\/4&#8243;][vc_column_text]\n<p><H3>Pol i Obe<\/h3>\n<p>Robert Abecasis<\/p>\n[\/vc_column_text][\/vc_column_inner][vc_column_inner width=\u00bb1\/4&#8243;][vc_column_text]\n<p><H3>Josemi Online Animado<\/p>\n<h3>\n<p>Josemi Online<\/p>\n[\/vc_column_text][\/vc_column_inner][vc_column_inner width=\u00bb1\/4&#8243;][vc_column_text]\n<p><H3> <3<\/h3>\n<p>Norbert Palaz\u00f3n<\/p>\n[\/vc_column_text][\/vc_column_inner][vc_column_inner width=\u00bb1\/4&#8243;][vc_column_text]\n<p><H3>Storytellings amb l&#8217;Emma<\/h3>\n<p>Emma Soler<\/p>\n[\/vc_column_text][\/vc_column_inner][\/vc_row_inner][\/vc_column][\/vc_row][vc_row full_width=\u00bbstretch_row_content_no_spaces\u00bb][vc_column]<div class=\"vcex-spacing\" style=\"height:30px\"><\/div>[vc_separator][vc_row_inner][vc_column_inner][\/vc_column_inner][\/vc_row_inner][\/vc_column][\/vc_row]\n","protected":false},"excerpt":{"rendered":"<p>[vc_row full_width=\u00bbstretch_row_content_no_spaces\u00bb][vc_column][rev_slider_vc alias=\u00bbhome-slide-esp\u00bb][\/vc_column][\/vc_row][vc_row][vc_column][vc_column_text][\/vc_column_text][\/vc_column][\/vc_row][vc_row][vc_column][vc_column_text] Secciones Zoom Festival [\/vc_column_text][\/vc_column][\/vc_row][vc_row][vc_column][vc_raw_html]JTNDc3BhbiUyMGlkJTNEJTIyc2VjY2lvLW9maWNpYWwtMjAyMCUyMiUzRSUzQyUyRnNwYW4lM0U=[\/vc_raw_html][vc_column_text] Secci\u00f3n oficial 2025 [\/vc_column_text][\/vc_column][\/vc_row][vc_row][vc_column][vc_column_text] Ficci\u00f3n TV-Movies [\/vc_column_text][\/vc_column][vc_column][vc_column_text] Ficci\u00f3n Series [\/vc_column_text][\/vc_column][\/vc_row][vc_row][vc_column][vc_column_text] Culturales [\/vc_column_text][\/vc_column][\/vc_row][vc_row][vc_column][vc_column_text] Entretenimiento [\/vc_column_text][\/vc_column][\/vc_row][vc_row][vc_column][vc_column_text] Informativos [\/vc_column_text][\/vc_column][\/vc_row][vc_row][vc_column][vc_column_text] Deportivos [\/vc_column_text][\/vc_column][\/vc_row][vc_row][vc_column][vc_raw_html]JTNDc3BhbiUyMGlkJTNEJTIycGFub3JhbWEtMjAyMSUyMiUzRSUzQyUyRnNwYW4lM0U=[\/vc_raw_html][vc_column_text] Zoom KM0 [\/vc_column_text][\/vc_column][\/vc_row][vc_row][vc_column][\/vc_column][\/vc_row][vc_row][vc_column][vc_raw_html]JTNDc3BhbiUyMGlkJTNEJTIycGFub3JhbWEtMjAyMSUyMiUzRSUzQyUyRnNwYW4lM0U=[\/vc_raw_html][vc_column_text] Seleccionados Mejor Formato por la Igualdad de G\u00e9nero [\/vc_column_text][\/vc_column][\/vc_row][vc_row][vc_column][vc_raw_html]JTNDc3BhbiUyMGlkJTNEJTIycGFub3JhbWEtMjAyMSUyMiUzRSUzQyUyRnNwYW4lM0U=[\/vc_raw_html][vc_column_text] Showcase Short Forms&hellip;<\/p>\n","protected":false},"author":8,"featured_media":0,"parent":0,"menu_order":0,"comment_status":"closed","ping_status":"closed","template":"templates\/no-sidebar.php","meta":{"_mi_skip_tracking":false},"_links":{"self":[{"href":"https:\/\/www.zoomfestival.org\/es\/wp-json\/wp\/v2\/pages\/25055"}],"collection":[{"href":"https:\/\/www.zoomfestival.org\/es\/wp-json\/wp\/v2\/pages"}],"about":[{"href":"https:\/\/www.zoomfestival.org\/es\/wp-json\/wp\/v2\/types\/page"}],"author":[{"embeddable":true,"href":"https:\/\/www.zoomfestival.org\/es\/wp-json\/wp\/v2\/users\/8"}],"replies":[{"embeddable":true,"href":"https:\/\/www.zoomfestival.org\/es\/wp-json\/wp\/v2\/comments?post=25055"}],"version-history":[{"count":12,"href":"https:\/\/www.zoomfestival.org\/es\/wp-json\/wp\/v2\/pages\/25055\/revisions"}],"predecessor-version":[{"id":26178,"href":"https:\/\/www.zoomfestival.org\/es\/wp-json\/wp\/v2\/pages\/25055\/revisions\/26178"}],"wp:attachment":[{"href":"https:\/\/www.zoomfestival.org\/es\/wp-json\/wp\/v2\/media?parent=25055"}],"curies":[{"name":"wp","href":"https:\/\/api.w.org\/{rel}","templated":true}]}}