{"id":13300,"date":"2019-11-13T16:56:54","date_gmt":"2019-11-13T15:56:54","guid":{"rendered":"https:\/\/www.zoomfestival.org\/esdeveniment\/seccio-oficial-ficcio-la-compagnia-del-cigno\/"},"modified":"2019-11-13T16:56:54","modified_gmt":"2019-11-13T15:56:54","slug":"seccio-oficial-ficcio-la-compagnia-del-cigno","status":"publish","type":"tribe_events","link":"https:\/\/www.zoomfestival.org\/es\/esdeveniment\/seccio-oficial-ficcio-la-compagnia-del-cigno","title":{"rendered":"SECCI\u00d3 OFICIAL FICCI\u00d3: \u201cLa Compagnia del Cigno\u201d"},"content":{"rendered":"<h1>SECCI\u00d3 OFICIAL FICCI\u00d3: \u201cLa Compagnia del Cigno\u201d<\/h1>\n<h4>lvan Cotroneo, It\u00e0lia, 2019. Familiar. VOSC. 2&#215;50&#8242;<\/h4>\n<p><span class=\"text-highlight\">Estrena.<\/span><\/p>\n<p>La hist\u00f2ria de set joves m\u00fasics entre 15 i 18 anys que estudien al Conservatori Giuseppe Verdi de Mil\u00e0.\u00a0 Els adolescents, que inicialment tocaven per separat, s\u00f3n escollits pel mestre i director\u00a0d\u2019orquestra Luca Marioni, conegut amb el sobrenom de \u201c bastard\u201d per la seva excessiva severitat.<\/p>\n<p>Per donar suport a Matteo, el nou alumne que s\u2019ha d\u2019incorporar a l\u2019orquestra que prov\u00e9 de la ciutat\u00a0d\u2019Amatrice, els joves fan llavors un pacte d\u2019amistat creant \u201cLa companyia del Cigne\u201d, en honor a\u00a0Giuseppe Verdi que tenia el sobrenom de \u201cel cigne de Brusseto\u201d.\u00a0Gr\u00e0cies a aquest acord, els joves compartiran problemes personals, fets familiars dif\u00edcils, hist\u00f2ries\u00a0del cor i pors profundes, creant lla\u00e7os forts entre ells.<\/p>\n<a href=\"https:\/\/ateneucinema.cat\/pelis\/la-compagnia-del-cigno\/\" title=\"Comprar entrades\" class=\"vcex-button theme-button flat black small align-left inline animate-on-hover\"><span class=\"theme-button-inner\">Comprar entrades<\/span><\/a> \n","protected":false},"excerpt":{"rendered":"<p>SECCI\u00d3 OFICIAL FICCI\u00d3: \u201cLa Compagnia del Cigno\u201d lvan Cotroneo, It\u00e0lia, 2019. Familiar. VOSC. 2&#215;50&#8242; Estrena. La hist\u00f2ria de set joves m\u00fasics entre 15 i 18 anys que estudien al Conservatori Giuseppe Verdi de Mil\u00e0.\u00a0 Els adolescents, que inicialment tocaven per&hellip;<\/p>\n","protected":false},"author":7,"featured_media":12166,"comment_status":"open","ping_status":"closed","template":"","meta":{"_mi_skip_tracking":false,"_tribe_events_status":"","_tribe_events_status_reason":""},"tags":[153],"tribe_events_cat":[],"_links":{"self":[{"href":"https:\/\/www.zoomfestival.org\/es\/wp-json\/wp\/v2\/tribe_events\/13300"}],"collection":[{"href":"https:\/\/www.zoomfestival.org\/es\/wp-json\/wp\/v2\/tribe_events"}],"about":[{"href":"https:\/\/www.zoomfestival.org\/es\/wp-json\/wp\/v2\/types\/tribe_events"}],"author":[{"embeddable":true,"href":"https:\/\/www.zoomfestival.org\/es\/wp-json\/wp\/v2\/users\/7"}],"replies":[{"embeddable":true,"href":"https:\/\/www.zoomfestival.org\/es\/wp-json\/wp\/v2\/comments?post=13300"}],"version-history":[{"count":0,"href":"https:\/\/www.zoomfestival.org\/es\/wp-json\/wp\/v2\/tribe_events\/13300\/revisions"}],"wp:featuredmedia":[{"embeddable":true,"href":"https:\/\/www.zoomfestival.org\/es\/wp-json\/wp\/v2\/media\/12166"}],"wp:attachment":[{"href":"https:\/\/www.zoomfestival.org\/es\/wp-json\/wp\/v2\/media?parent=13300"}],"wp:term":[{"taxonomy":"post_tag","embeddable":true,"href":"https:\/\/www.zoomfestival.org\/es\/wp-json\/wp\/v2\/tags?post=13300"},{"taxonomy":"tribe_events_cat","embeddable":true,"href":"https:\/\/www.zoomfestival.org\/es\/wp-json\/wp\/v2\/tribe_events_cat?post=13300"}],"curies":[{"name":"wp","href":"https:\/\/api.w.org\/{rel}","templated":true}]}}